{"id":34938,"date":"2019-03-13T14:55:29","date_gmt":"2019-03-13T13:55:29","guid":{"rendered":"https:\/\/mont-roig.cat\/?page_id=34938"},"modified":"2020-07-06T19:07:12","modified_gmt":"2020-07-06T17:07:12","slug":"info-rgpd","status":"publish","type":"page","link":"https:\/\/mont-roig.cat\/es\/info-rgpd\/","title":{"rendered":"Protecci\u00f3n de datos personales (informaci\u00f3n adicional)"},"content":{"rendered":"<style type=\"text\/css\">\n#info-rgpd td { padding:5px; border:1px solid #bbb; }<\/style>\n<p><em><strong>Textos Legales (02-2019)<\/strong><\/em><\/p>\n<table id=\"info-rgpd\">\n<tbody>\n<tr>\n<td colspan=\"4\"><strong>PROTECCI\u00d3N DE DATOS PERSONALES (Informaci\u00f3n adicional)<\/strong><\/td>\n<\/tr>\n<tr>\n<td colspan=\"2\" rowspan=\"2\"><strong>Responsable<br \/>\ndel tratamiento<\/strong><\/td>\n<td><strong>Identificaci\u00f3n y contacto del Responsable de Tratamiento. <\/strong><\/td>\n<td><strong>AJUNTAMENT DE MONT-ROIG DEL CAMP<\/strong><br \/>\nCtra. Colldejou, s\/n &#8211; 43300 MONT-ROIG DEL CAMP<br \/>\nP4309300D<br \/>\n977 83 70 05<\/td>\n<\/tr>\n<tr>\n<td><strong>Contacto del DPD<\/strong><\/td>\n<td>dpd@mont-roig.cat<\/td>\n<\/tr>\n<tr>\n<td colspan=\"2\" rowspan=\"2\"><strong>Finalidades del tratamiento<\/strong><\/td>\n<td><strong>Descripci\u00f3n del tratamiento<\/strong><\/td>\n<td>Las finalidades que quedan identificadas en las cl\u00e1usulas de consentimiento a pie de cada formulario. Siendo espec\u00edficas para la finalidad que se detalla o procedimiento administrativo y por su integraci\u00f3n en sistemas de informaci\u00f3n municipal.<\/td>\n<\/tr>\n<tr>\n<td><strong>Per\u00edodo de conservaci\u00f3n<\/strong><\/td>\n<td>La previsi\u00f3n legal que obliga a conservarlas por razones fiscales y contables, y conservarlas para tenerlas a disposici\u00f3n de una entidad p\u00fablica competente. No obstante, podr\u00e1n conservarse m\u00e1s tiempo con fines de archivo hist\u00f3rico o estad\u00edstico, a menos que se ejerza oposici\u00f3n y \/ o cancelaci\u00f3n.<\/p>\n<p>Asimismo depender\u00e1 del que especifique en cada tratamiento de datos personales, y de lo establecido en la normativa de archivos y documentaci\u00f3n.<\/td>\n<\/tr>\n<tr>\n<td colspan=\"2\" rowspan=\"6\"><strong>Destinatarios<\/strong><\/td>\n<td><strong>Destinatario de la cesi\u00f3n<\/strong><\/td>\n<td>Se prev\u00e9 como destinatarios de las cesiones los ENS municipales, patronatos, otros organismos por previsi\u00f3n legal o por el previo consentimiento del interesado.<\/td>\n<\/tr>\n<tr>\n<td><strong>Finalidad de la cesi\u00f3n<\/strong><\/td>\n<td>Se prev\u00e9n cesiones de datos con motivo de colaboraci\u00f3n con los ENS municipales y patronatos por previsi\u00f3n legal.<\/td>\n<\/tr>\n<tr>\n<td><strong>Legitimaci\u00f3n de la cesi\u00f3n<\/strong><\/td>\n<td>De conformidad a la base jur\u00eddica del tratamiento, en los casos de obligaci\u00f3n legal, inter\u00e9s p\u00fablico, la ejecuci\u00f3n de un contrato o inter\u00e9s leg\u00edtimo y del consentimiento del interesado.<\/td>\n<\/tr>\n<tr>\n<td><strong>Movimientos internacionales de datos<\/strong><\/td>\n<td>Si se producen<\/td>\n<\/tr>\n<tr>\n<td><strong>Transferencia internacional<\/strong><\/td>\n<td>No se producen.<\/td>\n<\/tr>\n<tr>\n<td><strong>Encargados de tratamiento<\/strong><\/td>\n<td>Los datos podr\u00e1n ser cedidos a proveedores con acceso a datos, con quien se formaliza las obligaciones y responsabilidades que asumen en el tratamiento de los datos, en calidad de Encargado de Tratamiento.<\/td>\n<\/tr>\n<tr>\n<td colspan=\"2\" rowspan=\"3\"><strong>Derechos de las personas interesadas<\/strong><\/td>\n<td><strong>\u00bfQu\u00e9 derechos tiene?<\/strong><\/td>\n<td>Cualquier persona tiene derecho a obtener la confirmaci\u00f3n sobre el tratamiento de sus datos.<\/p>\n<p>Los interesados \u200b\u200btienen derecho a acceder a sus datos personales, as\u00ed como a solicitar la rectificaci\u00f3n de los datos inexactos o en su caso a solo \u2022 licitar la supresi\u00f3n cuando, entre otros motivos, los datos ya no sean necesarias para los fines que fueron recogidas.<\/p>\n<p>En determinados casos, los interesados \u200b\u200bpodr\u00e1n sol \u2022 licitar la limitaci\u00f3n del tratamiento, en este caso las utilizaremos \u00fanicamente para el ejercicio o defensa de reclamaciones.<\/p>\n<p>En determinados casos y por motivos particulares, podr\u00e1 oponerse a que tratemos sus datos y dejaremos de tratarlas, salvo que motivos leg\u00edtimos imperiosos o el ejercicio o defensa de posibles reclamaciones.<\/td>\n<\/tr>\n<tr>\n<td><strong>\u00bfC\u00f3mo puede ejercitarlos?<\/strong><\/td>\n<td>Para ejercitar los derechos deber\u00e1 presentar un escrito en la direcci\u00f3n arriba se\u00f1alada o enviar un comunicado al correo electr\u00f3nico dpd@mont-roig.cat. Deber\u00e1 especificar cu\u00e1l de estos derechos solicita sea satisfecho y, a su vez, deber\u00e1 acompa\u00f1arse de la fotocopia del DNI o documento identificado equivalente. En caso de que actuara mediante representante, legal o voluntario, deber\u00e1 aportar tambi\u00e9n un documento que acredite la representaci\u00f3n y documento identificado del mismo.<\/p>\n<p>Si desea disponer de un modelo para lo cual podr\u00e1 utilizar un modelo oficial de la APDCAT: <a href=\"http:\/\/www.apdcat.cat\">http:\/\/www.apdcat.cat<\/a><\/td>\n<\/tr>\n<tr>\n<td><strong>Posibilidad de reclamar ante la APDCAT<\/strong><\/td>\n<td>Asimismo le informamos que cuando no haya obtenido satisfacci\u00f3n en el ejercicio de sus derechos o la forma de ejercerlos podr\u00e1 presentar una reclamaci\u00f3n ante la Autoridad de Control. Si desea conocer m\u00e1s informaci\u00f3n sobre este derecho y c\u00f3mo ejercerlo puede dirigirse a la apdcat: <a href=\"http:\/\/www.apdcat.cat\/\">http:\/\/www.apdcat.cat\/<\/a> Tel. 93 552 78 00 C\/ Rosell\u00f3, 214, Esc. A 1r 1A \u2013 08008 Barcelona.<\/td>\n<\/tr>\n<\/tbody>\n<\/table>\n<p>&nbsp;<\/p>\n<p><a href=\"\/wp-content\/uploads\/CERTIFICADO_RGPDUE-LOPDGDD_20.0_20210702.pdf\" target=\"_blank\" rel=\"noopener noreferrer\">Web adecuada al RGPDUE 2016\/679 y a la LOPDGDD\u00a03\/2018<\/a><\/p>\n","protected":false},"excerpt":{"rendered":"<p>Textos Legales (02-2019) PROTECCI\u00d3N DE DATOS PERSONALES (Informaci\u00f3n adicional) Responsable del tratamiento Identificaci\u00f3n y contacto del Responsable de Tratamiento. AJUNTAMENT DE MONT-ROIG DEL CAMP Ctra. Colldejou, s\/n &#8211; 43300 MONT-ROIG DEL CAMP P4309300D 977 83 70 05 Contacto del DPD dpd@mont-roig.cat Finalidades del tratamiento Descripci\u00f3n del tratamiento Las finalidades que quedan identificadas en las cl\u00e1usulas [&hellip;]<\/p>\n","protected":false},"author":4,"featured_media":0,"parent":0,"menu_order":0,"comment_status":"closed","ping_status":"closed","template":"","meta":{"inline_featured_image":false,"_monsterinsights_skip_tracking":false,"_monsterinsights_sitenote_active":false,"_monsterinsights_sitenote_note":"","_monsterinsights_sitenote_category":0,"footnotes":""},"class_list":["post-34938","page","type-page","status-publish","hentry"],"yoast_head":"<!-- This site is optimized with the Yoast SEO plugin v27.4 - https:\/\/yoast.com\/product\/yoast-seo-wordpress\/ -->\n<title>Protecci\u00f3n de datos personales (informaci\u00f3n adicional) - Ajuntament de Mont-roig del Camp<\/title>\n<meta name=\"robots\" content=\"index, follow, max-snippet:-1, max-image-preview:large, max-video-preview:-1\" \/>\n<link rel=\"canonical\" href=\"https:\/\/mont-roig.cat\/es\/info-rgpd\/\" \/>\n<meta property=\"og:locale\" content=\"es_ES\" \/>\n<meta property=\"og:type\" content=\"article\" \/>\n<meta property=\"og:title\" content=\"Protecci\u00f3n de datos personales (informaci\u00f3n adicional) - Ajuntament de Mont-roig del Camp\" \/>\n<meta property=\"og:description\" content=\"Textos Legales (02-2019) PROTECCI\u00d3N DE DATOS PERSONALES (Informaci\u00f3n adicional) Responsable del tratamiento Identificaci\u00f3n y contacto del Responsable de Tratamiento. AJUNTAMENT DE MONT-ROIG DEL CAMP Ctra. Colldejou, s\/n &#8211; 43300 MONT-ROIG DEL CAMP P4309300D 977 83 70 05 Contacto del DPD dpd@mont-roig.cat Finalidades del tratamiento Descripci\u00f3n del tratamiento Las finalidades que quedan identificadas en las cl\u00e1usulas [&hellip;]\" \/>\n<meta property=\"og:url\" content=\"https:\/\/mont-roig.cat\/es\/info-rgpd\/\" \/>\n<meta property=\"og:site_name\" content=\"Ajuntament de Mont-roig del Camp\" \/>\n<meta property=\"article:modified_time\" content=\"2020-07-06T17:07:12+00:00\" \/>\n<meta property=\"og:image\" content=\"https:\/\/mont-roig.cat\/wp-content\/uploads\/aj-mont-roig-2.jpg\" \/>\n\t<meta property=\"og:image:width\" content=\"1200\" \/>\n\t<meta property=\"og:image:height\" content=\"600\" \/>\n\t<meta property=\"og:image:type\" content=\"image\/jpeg\" \/>\n<meta name=\"twitter:card\" content=\"summary_large_image\" \/>\n<meta name=\"twitter:label1\" content=\"Tiempo de lectura\" \/>\n\t<meta name=\"twitter:data1\" content=\"3 minutos\" \/>\n<script type=\"application\/ld+json\" class=\"yoast-schema-graph\">{\"@context\":\"https:\\\/\\\/schema.org\",\"@graph\":[{\"@type\":\"WebPage\",\"@id\":\"https:\\\/\\\/mont-roig.cat\\\/es\\\/info-rgpd\\\/\",\"url\":\"https:\\\/\\\/mont-roig.cat\\\/es\\\/info-rgpd\\\/\",\"name\":\"Protecci\u00f3n de datos personales (informaci\u00f3n adicional) - Ajuntament de Mont-roig del Camp\",\"isPartOf\":{\"@id\":\"https:\\\/\\\/mont-roig.cat\\\/es\\\/#website\"},\"datePublished\":\"2019-03-13T13:55:29+00:00\",\"dateModified\":\"2020-07-06T17:07:12+00:00\",\"breadcrumb\":{\"@id\":\"https:\\\/\\\/mont-roig.cat\\\/es\\\/info-rgpd\\\/#breadcrumb\"},\"inLanguage\":\"es\",\"potentialAction\":[{\"@type\":\"ReadAction\",\"target\":[\"https:\\\/\\\/mont-roig.cat\\\/es\\\/info-rgpd\\\/\"]}]},{\"@type\":\"BreadcrumbList\",\"@id\":\"https:\\\/\\\/mont-roig.cat\\\/es\\\/info-rgpd\\\/#breadcrumb\",\"itemListElement\":[{\"@type\":\"ListItem\",\"position\":1,\"name\":\"Inici\",\"item\":\"https:\\\/\\\/mont-roig.cat\\\/es\\\/pagina-de-inicio\\\/\"},{\"@type\":\"ListItem\",\"position\":2,\"name\":\"Protecci\u00f3n de datos personales (informaci\u00f3n adicional)\"}]},{\"@type\":\"WebSite\",\"@id\":\"https:\\\/\\\/mont-roig.cat\\\/es\\\/#website\",\"url\":\"https:\\\/\\\/mont-roig.cat\\\/es\\\/\",\"name\":\"Ajuntament de Mont-roig del Camp\",\"description\":\"Tota la informaci\u00f3 sobre la instituci\u00f3, els seus \u00f2rgans de govern, actualitat, serveis i molt m\u00e9s.\",\"potentialAction\":[{\"@type\":\"SearchAction\",\"target\":{\"@type\":\"EntryPoint\",\"urlTemplate\":\"https:\\\/\\\/mont-roig.cat\\\/es\\\/?s={search_term_string}\"},\"query-input\":{\"@type\":\"PropertyValueSpecification\",\"valueRequired\":true,\"valueName\":\"search_term_string\"}}],\"inLanguage\":\"es\"}]}<\/script>\n<!-- \/ Yoast SEO plugin. -->","yoast_head_json":{"title":"Protecci\u00f3n de datos personales (informaci\u00f3n adicional) - Ajuntament de Mont-roig del Camp","robots":{"index":"index","follow":"follow","max-snippet":"max-snippet:-1","max-image-preview":"max-image-preview:large","max-video-preview":"max-video-preview:-1"},"canonical":"https:\/\/mont-roig.cat\/es\/info-rgpd\/","og_locale":"es_ES","og_type":"article","og_title":"Protecci\u00f3n de datos personales (informaci\u00f3n adicional) - Ajuntament de Mont-roig del Camp","og_description":"Textos Legales (02-2019) PROTECCI\u00d3N DE DATOS PERSONALES (Informaci\u00f3n adicional) Responsable del tratamiento Identificaci\u00f3n y contacto del Responsable de Tratamiento. AJUNTAMENT DE MONT-ROIG DEL CAMP Ctra. Colldejou, s\/n &#8211; 43300 MONT-ROIG DEL CAMP P4309300D 977 83 70 05 Contacto del DPD dpd@mont-roig.cat Finalidades del tratamiento Descripci\u00f3n del tratamiento Las finalidades que quedan identificadas en las cl\u00e1usulas [&hellip;]","og_url":"https:\/\/mont-roig.cat\/es\/info-rgpd\/","og_site_name":"Ajuntament de Mont-roig del Camp","article_modified_time":"2020-07-06T17:07:12+00:00","og_image":[{"width":1200,"height":600,"url":"https:\/\/mont-roig.cat\/wp-content\/uploads\/aj-mont-roig-2.jpg","type":"image\/jpeg"}],"twitter_card":"summary_large_image","twitter_misc":{"Tiempo de lectura":"3 minutos"},"schema":{"@context":"https:\/\/schema.org","@graph":[{"@type":"WebPage","@id":"https:\/\/mont-roig.cat\/es\/info-rgpd\/","url":"https:\/\/mont-roig.cat\/es\/info-rgpd\/","name":"Protecci\u00f3n de datos personales (informaci\u00f3n adicional) - Ajuntament de Mont-roig del Camp","isPartOf":{"@id":"https:\/\/mont-roig.cat\/es\/#website"},"datePublished":"2019-03-13T13:55:29+00:00","dateModified":"2020-07-06T17:07:12+00:00","breadcrumb":{"@id":"https:\/\/mont-roig.cat\/es\/info-rgpd\/#breadcrumb"},"inLanguage":"es","potentialAction":[{"@type":"ReadAction","target":["https:\/\/mont-roig.cat\/es\/info-rgpd\/"]}]},{"@type":"BreadcrumbList","@id":"https:\/\/mont-roig.cat\/es\/info-rgpd\/#breadcrumb","itemListElement":[{"@type":"ListItem","position":1,"name":"Inici","item":"https:\/\/mont-roig.cat\/es\/pagina-de-inicio\/"},{"@type":"ListItem","position":2,"name":"Protecci\u00f3n de datos personales (informaci\u00f3n adicional)"}]},{"@type":"WebSite","@id":"https:\/\/mont-roig.cat\/es\/#website","url":"https:\/\/mont-roig.cat\/es\/","name":"Ajuntament de Mont-roig del Camp","description":"Tota la informaci\u00f3 sobre la instituci\u00f3, els seus \u00f2rgans de govern, actualitat, serveis i molt m\u00e9s.","potentialAction":[{"@type":"SearchAction","target":{"@type":"EntryPoint","urlTemplate":"https:\/\/mont-roig.cat\/es\/?s={search_term_string}"},"query-input":{"@type":"PropertyValueSpecification","valueRequired":true,"valueName":"search_term_string"}}],"inLanguage":"es"}]}},"_links":{"self":[{"href":"https:\/\/mont-roig.cat\/es\/wp-json\/wp\/v2\/pages\/34938","targetHints":{"allow":["GET"]}}],"collection":[{"href":"https:\/\/mont-roig.cat\/es\/wp-json\/wp\/v2\/pages"}],"about":[{"href":"https:\/\/mont-roig.cat\/es\/wp-json\/wp\/v2\/types\/page"}],"author":[{"embeddable":true,"href":"https:\/\/mont-roig.cat\/es\/wp-json\/wp\/v2\/users\/4"}],"replies":[{"embeddable":true,"href":"https:\/\/mont-roig.cat\/es\/wp-json\/wp\/v2\/comments?post=34938"}],"version-history":[{"count":10,"href":"https:\/\/mont-roig.cat\/es\/wp-json\/wp\/v2\/pages\/34938\/revisions"}],"predecessor-version":[{"id":50508,"href":"https:\/\/mont-roig.cat\/es\/wp-json\/wp\/v2\/pages\/34938\/revisions\/50508"}],"wp:attachment":[{"href":"https:\/\/mont-roig.cat\/es\/wp-json\/wp\/v2\/media?parent=34938"}],"curies":[{"name":"wp","href":"https:\/\/api.w.org\/{rel}","templated":true}]}}