{"id":39936,"date":"2019-10-31T15:10:19","date_gmt":"2019-10-31T14:10:19","guid":{"rendered":"https:\/\/mont-roig.cat\/?page_id=39936"},"modified":"2026-03-03T10:10:52","modified_gmt":"2026-03-03T09:10:52","slug":"francisca-ortiz-sanchez","status":"publish","type":"page","link":"https:\/\/mont-roig.cat\/es\/francisca-ortiz-sanchez\/","title":{"rendered":"Francisca Ortiz S\u00e1nchez"},"content":{"rendered":"<div class=\"wpb-content-wrapper\">[vc_row][vc_column][vc_column_text css=&#8221;&#8221;]<a href=\"https:\/\/mont-roig.cat\/wp-content\/uploads\/Francis-Ortiz-1.jpg\"><img loading=\"lazy\" decoding=\"async\" class=\"alignright wp-image-70909\" src=\"https:\/\/mont-roig.cat\/wp-content\/uploads\/Francis-Ortiz-1-500x500.jpg\" alt=\"\" width=\"250\" height=\"250\" \/><\/a><\/p>\n<p style=\"text-align: justify;\">Francisca Ortiz S\u00e1nchez es hija del pueblo y ha vivido desde siempre, tanto en el n\u00facleo de Mont-roig como posteriormente en el de Miami, participando activamente en la vida del municipio. En cuanto a la formaci\u00f3n, es licenciada en Ciencias del Trabajo por la Universitat Rovira i Virgili, diplomada en Trabajo Social en la Escuela de Trabajo Social de Tarragona y diplomada en Turismo en la escuela Universitaria de Turismo Bettatur de Tarragona, adem\u00e1s tiene formaci\u00f3n en ingl\u00e9s y alem\u00e1n y otros cursos de reciclaje profesional. En relaci\u00f3n a la experiencia laboral, ha ejercido desde el a\u00f1o 2000 como trabajadora social y como t\u00e9cnica en la Oficina Provincial de Cruz Roja Tarragona, en diferentes programas y proyectos sociales, y tambi\u00e9n como t\u00e9cnica de empleo en el Departamento de Empleo y Formaci\u00f3n de Cruz Roja hasta la actualidad. En la pasada legislatura, se cogi\u00f3 excedencia de este \u00faltimo cargo para formar parte del equipo de gobierno y dedicarse a tiempo parcial a la Concejal\u00eda de Fiestas, Participaci\u00f3n ciudadana, Acci\u00f3n Social y Gente Mayor del Ayuntamiento de Mont-roig del Camp. Su intenci\u00f3n como cargo electo va encaminada, seg\u00fan sus propias palabras, a trabajar por el municipio, intentando aportar el m\u00e1ximo de su experiencia laboral y personal de dedicaci\u00f3n a los dem\u00e1s, \u00a0mejorar la calidad de vida de los vecinos y vecinas del municipio, as\u00ed como facilitar el entendimiento entre los dos n\u00facleos principales del municipio, que tanto le han aportado, consiguiendo bienestar emocional en el desarrollo de su tarea. Actualmente, es la cuarta teniente el alcalde del gobierno municipal y, de nuevo, concejala de las \u00e1reas de Igualdad y Feminismo, Acci\u00f3n Social y Personas Mayores y Participaci\u00f3n Ciudadana.<\/p>\n<p>&nbsp;<\/p>\n<p>Pod\u00e9is consultar el documento de declaraci\u00f3n de Actividades y Bienes de Francisca Ortiz S\u00e1nchez en este enlace:<\/p>\n<p><a href=\"https:\/\/mont-roig.cat\/wp-content\/uploads\/Declaracio-dActivitats-i-Bens-Francis-Ortiz.pdf\" target=\"_blank\" rel=\"noopener\">Declaraci\u00f3n de Actividades y Bienes-Francis Ortiz<\/a><\/p>\n<p>Retribuci\u00f3n anual: 35.000 \u20ac (dedicaci\u00f3n 100%) para la legislatura 2023-2027.[\/vc_column_text][\/vc_column][\/vc_row]\n<\/div>","protected":false},"excerpt":{"rendered":"<p>[vc_row][vc_column][vc_column_text css=&#8221;&#8221;] Francisca Ortiz S\u00e1nchez es hija del pueblo y ha vivido desde siempre, tanto en el n\u00facleo de Mont-roig como posteriormente en el de Miami, participando activamente en la vida del municipio. En cuanto a la formaci\u00f3n, es licenciada en Ciencias del Trabajo por la Universitat Rovira i Virgili, diplomada en Trabajo Social en [&hellip;]<\/p>\n","protected":false},"author":4,"featured_media":0,"parent":0,"menu_order":0,"comment_status":"closed","ping_status":"closed","template":"","meta":{"inline_featured_image":false,"_monsterinsights_skip_tracking":false,"_monsterinsights_sitenote_active":false,"_monsterinsights_sitenote_note":"","_monsterinsights_sitenote_category":0,"footnotes":""},"class_list":["post-39936","page","type-page","status-publish","hentry"],"yoast_head":"<!-- This site is optimized with the Yoast SEO plugin v27.4 - https:\/\/yoast.com\/product\/yoast-seo-wordpress\/ -->\n<title>Francisca Ortiz S\u00e1nchez - Ajuntament de Mont-roig del Camp<\/title>\n<meta name=\"robots\" content=\"index, follow, max-snippet:-1, max-image-preview:large, max-video-preview:-1\" \/>\n<link rel=\"canonical\" href=\"https:\/\/mont-roig.cat\/es\/francisca-ortiz-sanchez\/\" \/>\n<meta property=\"og:locale\" content=\"es_ES\" \/>\n<meta property=\"og:type\" content=\"article\" \/>\n<meta property=\"og:title\" content=\"Francisca Ortiz S\u00e1nchez - Ajuntament de Mont-roig del Camp\" \/>\n<meta property=\"og:description\" content=\"[vc_row][vc_column][vc_column_text css=&#8221;&#8221;] Francisca Ortiz S\u00e1nchez es hija del pueblo y ha vivido desde siempre, tanto en el n\u00facleo de Mont-roig como posteriormente en el de Miami, participando activamente en la vida del municipio. En cuanto a la formaci\u00f3n, es licenciada en Ciencias del Trabajo por la Universitat Rovira i Virgili, diplomada en Trabajo Social en [&hellip;]\" \/>\n<meta property=\"og:url\" content=\"https:\/\/mont-roig.cat\/es\/francisca-ortiz-sanchez\/\" \/>\n<meta property=\"og:site_name\" content=\"Ajuntament de Mont-roig del Camp\" \/>\n<meta property=\"article:modified_time\" content=\"2026-03-03T09:10:52+00:00\" \/>\n<meta property=\"og:image\" content=\"https:\/\/mont-roig.cat\/wp-content\/uploads\/aj-mont-roig-2.jpg\" \/>\n\t<meta property=\"og:image:width\" content=\"1200\" \/>\n\t<meta property=\"og:image:height\" content=\"600\" \/>\n\t<meta property=\"og:image:type\" content=\"image\/jpeg\" \/>\n<meta name=\"twitter:card\" content=\"summary_large_image\" \/>\n<meta name=\"twitter:label1\" content=\"Tiempo de lectura\" \/>\n\t<meta name=\"twitter:data1\" content=\"2 minutos\" \/>\n<script type=\"application\/ld+json\" class=\"yoast-schema-graph\">{\"@context\":\"https:\\\/\\\/schema.org\",\"@graph\":[{\"@type\":\"WebPage\",\"@id\":\"https:\\\/\\\/mont-roig.cat\\\/es\\\/francisca-ortiz-sanchez\\\/\",\"url\":\"https:\\\/\\\/mont-roig.cat\\\/es\\\/francisca-ortiz-sanchez\\\/\",\"name\":\"Francisca Ortiz S\u00e1nchez - Ajuntament de Mont-roig del Camp\",\"isPartOf\":{\"@id\":\"https:\\\/\\\/mont-roig.cat\\\/es\\\/#website\"},\"primaryImageOfPage\":{\"@id\":\"https:\\\/\\\/mont-roig.cat\\\/es\\\/francisca-ortiz-sanchez\\\/#primaryimage\"},\"image\":{\"@id\":\"https:\\\/\\\/mont-roig.cat\\\/es\\\/francisca-ortiz-sanchez\\\/#primaryimage\"},\"thumbnailUrl\":\"https:\\\/\\\/mont-roig.cat\\\/wp-content\\\/uploads\\\/Francis-Ortiz-1-500x500.jpg\",\"datePublished\":\"2019-10-31T14:10:19+00:00\",\"dateModified\":\"2026-03-03T09:10:52+00:00\",\"breadcrumb\":{\"@id\":\"https:\\\/\\\/mont-roig.cat\\\/es\\\/francisca-ortiz-sanchez\\\/#breadcrumb\"},\"inLanguage\":\"es\",\"potentialAction\":[{\"@type\":\"ReadAction\",\"target\":[\"https:\\\/\\\/mont-roig.cat\\\/es\\\/francisca-ortiz-sanchez\\\/\"]}]},{\"@type\":\"ImageObject\",\"inLanguage\":\"es\",\"@id\":\"https:\\\/\\\/mont-roig.cat\\\/es\\\/francisca-ortiz-sanchez\\\/#primaryimage\",\"url\":\"https:\\\/\\\/mont-roig.cat\\\/wp-content\\\/uploads\\\/Francis-Ortiz-1-500x500.jpg\",\"contentUrl\":\"https:\\\/\\\/mont-roig.cat\\\/wp-content\\\/uploads\\\/Francis-Ortiz-1-500x500.jpg\"},{\"@type\":\"BreadcrumbList\",\"@id\":\"https:\\\/\\\/mont-roig.cat\\\/es\\\/francisca-ortiz-sanchez\\\/#breadcrumb\",\"itemListElement\":[{\"@type\":\"ListItem\",\"position\":1,\"name\":\"Inici\",\"item\":\"https:\\\/\\\/mont-roig.cat\\\/es\\\/pagina-de-inicio\\\/\"},{\"@type\":\"ListItem\",\"position\":2,\"name\":\"Francisca Ortiz S\u00e1nchez\"}]},{\"@type\":\"WebSite\",\"@id\":\"https:\\\/\\\/mont-roig.cat\\\/es\\\/#website\",\"url\":\"https:\\\/\\\/mont-roig.cat\\\/es\\\/\",\"name\":\"Ajuntament de Mont-roig del Camp\",\"description\":\"Tota la informaci\u00f3 sobre la instituci\u00f3, els seus \u00f2rgans de govern, actualitat, serveis i molt m\u00e9s.\",\"potentialAction\":[{\"@type\":\"SearchAction\",\"target\":{\"@type\":\"EntryPoint\",\"urlTemplate\":\"https:\\\/\\\/mont-roig.cat\\\/es\\\/?s={search_term_string}\"},\"query-input\":{\"@type\":\"PropertyValueSpecification\",\"valueRequired\":true,\"valueName\":\"search_term_string\"}}],\"inLanguage\":\"es\"}]}<\/script>\n<!-- \/ Yoast SEO plugin. -->","yoast_head_json":{"title":"Francisca Ortiz S\u00e1nchez - Ajuntament de Mont-roig del Camp","robots":{"index":"index","follow":"follow","max-snippet":"max-snippet:-1","max-image-preview":"max-image-preview:large","max-video-preview":"max-video-preview:-1"},"canonical":"https:\/\/mont-roig.cat\/es\/francisca-ortiz-sanchez\/","og_locale":"es_ES","og_type":"article","og_title":"Francisca Ortiz S\u00e1nchez - Ajuntament de Mont-roig del Camp","og_description":"[vc_row][vc_column][vc_column_text css=&#8221;&#8221;] Francisca Ortiz S\u00e1nchez es hija del pueblo y ha vivido desde siempre, tanto en el n\u00facleo de Mont-roig como posteriormente en el de Miami, participando activamente en la vida del municipio. En cuanto a la formaci\u00f3n, es licenciada en Ciencias del Trabajo por la Universitat Rovira i Virgili, diplomada en Trabajo Social en [&hellip;]","og_url":"https:\/\/mont-roig.cat\/es\/francisca-ortiz-sanchez\/","og_site_name":"Ajuntament de Mont-roig del Camp","article_modified_time":"2026-03-03T09:10:52+00:00","og_image":[{"width":1200,"height":600,"url":"https:\/\/mont-roig.cat\/wp-content\/uploads\/aj-mont-roig-2.jpg","type":"image\/jpeg"}],"twitter_card":"summary_large_image","twitter_misc":{"Tiempo de lectura":"2 minutos"},"schema":{"@context":"https:\/\/schema.org","@graph":[{"@type":"WebPage","@id":"https:\/\/mont-roig.cat\/es\/francisca-ortiz-sanchez\/","url":"https:\/\/mont-roig.cat\/es\/francisca-ortiz-sanchez\/","name":"Francisca Ortiz S\u00e1nchez - Ajuntament de Mont-roig del Camp","isPartOf":{"@id":"https:\/\/mont-roig.cat\/es\/#website"},"primaryImageOfPage":{"@id":"https:\/\/mont-roig.cat\/es\/francisca-ortiz-sanchez\/#primaryimage"},"image":{"@id":"https:\/\/mont-roig.cat\/es\/francisca-ortiz-sanchez\/#primaryimage"},"thumbnailUrl":"https:\/\/mont-roig.cat\/wp-content\/uploads\/Francis-Ortiz-1-500x500.jpg","datePublished":"2019-10-31T14:10:19+00:00","dateModified":"2026-03-03T09:10:52+00:00","breadcrumb":{"@id":"https:\/\/mont-roig.cat\/es\/francisca-ortiz-sanchez\/#breadcrumb"},"inLanguage":"es","potentialAction":[{"@type":"ReadAction","target":["https:\/\/mont-roig.cat\/es\/francisca-ortiz-sanchez\/"]}]},{"@type":"ImageObject","inLanguage":"es","@id":"https:\/\/mont-roig.cat\/es\/francisca-ortiz-sanchez\/#primaryimage","url":"https:\/\/mont-roig.cat\/wp-content\/uploads\/Francis-Ortiz-1-500x500.jpg","contentUrl":"https:\/\/mont-roig.cat\/wp-content\/uploads\/Francis-Ortiz-1-500x500.jpg"},{"@type":"BreadcrumbList","@id":"https:\/\/mont-roig.cat\/es\/francisca-ortiz-sanchez\/#breadcrumb","itemListElement":[{"@type":"ListItem","position":1,"name":"Inici","item":"https:\/\/mont-roig.cat\/es\/pagina-de-inicio\/"},{"@type":"ListItem","position":2,"name":"Francisca Ortiz S\u00e1nchez"}]},{"@type":"WebSite","@id":"https:\/\/mont-roig.cat\/es\/#website","url":"https:\/\/mont-roig.cat\/es\/","name":"Ajuntament de Mont-roig del Camp","description":"Tota la informaci\u00f3 sobre la instituci\u00f3, els seus \u00f2rgans de govern, actualitat, serveis i molt m\u00e9s.","potentialAction":[{"@type":"SearchAction","target":{"@type":"EntryPoint","urlTemplate":"https:\/\/mont-roig.cat\/es\/?s={search_term_string}"},"query-input":{"@type":"PropertyValueSpecification","valueRequired":true,"valueName":"search_term_string"}}],"inLanguage":"es"}]}},"_links":{"self":[{"href":"https:\/\/mont-roig.cat\/es\/wp-json\/wp\/v2\/pages\/39936","targetHints":{"allow":["GET"]}}],"collection":[{"href":"https:\/\/mont-roig.cat\/es\/wp-json\/wp\/v2\/pages"}],"about":[{"href":"https:\/\/mont-roig.cat\/es\/wp-json\/wp\/v2\/types\/page"}],"author":[{"embeddable":true,"href":"https:\/\/mont-roig.cat\/es\/wp-json\/wp\/v2\/users\/4"}],"replies":[{"embeddable":true,"href":"https:\/\/mont-roig.cat\/es\/wp-json\/wp\/v2\/comments?post=39936"}],"version-history":[{"count":16,"href":"https:\/\/mont-roig.cat\/es\/wp-json\/wp\/v2\/pages\/39936\/revisions"}],"predecessor-version":[{"id":89728,"href":"https:\/\/mont-roig.cat\/es\/wp-json\/wp\/v2\/pages\/39936\/revisions\/89728"}],"wp:attachment":[{"href":"https:\/\/mont-roig.cat\/es\/wp-json\/wp\/v2\/media?parent=39936"}],"curies":[{"name":"wp","href":"https:\/\/api.w.org\/{rel}","templated":true}]}}