{"id":4251,"date":"2015-03-10T12:28:59","date_gmt":"2015-03-10T12:28:59","guid":{"rendered":""},"modified":"2024-08-12T14:40:25","modified_gmt":"2024-08-12T12:40:25","slug":"junta-de-gobierno-local","status":"publish","type":"page","link":"https:\/\/mont-roig.cat\/es\/ayuntamiento\/organs-de-representacio\/junta-de-gobierno-local\/","title":{"rendered":"Junta de Gobierno Local"},"content":{"rendered":"<div class=\"wpb-content-wrapper\">[vc_row][vc_column][vc_column_text]\n<div class=\"body\">\n<div>\n<p>La <strong>Junta de Gobierno Local<\/strong> es un \u00f3rgano colegiado necesario del gobierno municipal que, bajo la presidencia del alcalde, est\u00e1 integrada por un n\u00famero de concejales no superior al tercio del n\u00famero legal de los miembros corporativos. Los miembros estar\u00e1n nombrados y separados libremente por el Alcalde que dar\u00e1 cuenta al Pleno.<\/p>\n<p>El alcalde determinar\u00e1, mediante decreto, el n\u00famero de miembros de la Junta de Gobierno Local, as\u00ed como los concejales que deban poseer tal condici\u00f3n. La condici\u00f3n de miembro de la Junta de Gobierno Local es de car\u00e1cter voluntario.<\/p>\n<p>Corresponden a la Junta de Gobierno Local, como \u00f3rgano ejecutivo, las siguientes competencias:<\/p>\n<p>1. La asistencia al alcalde en el ejercicio de sus atribuciones.<br \/>\n2. Las atribuciones que el Pleno le delegue.<br \/>\n3. Las atribuciones que el alcalde le delegue.<br \/>\n4. Las atribuciones que, directamente, le atribuyan las leyes estatales o auton\u00f3micas.<\/p>\n<p>El r\u00e9gimen de las sesiones ordinarias de la Junta de Gobierno Local ser\u00e1 todos los mi\u00e9rcoles no festivos, a las 09.45 h<\/p>\n<h5>MIEMBROS DE LA JUNTA DE GOBIERNO LOCAL<\/h5>\n<ul>\n<li style=\"box-sizing: border-box; line-height: 24px;\">Sr. Fran Morancho L\u00f3pez <span style=\"line-height: 24px;\">\u2013\u00a0<\/span>\u00a0alcalde, presidente<\/li>\n<li style=\"box-sizing: border-box; line-height: 24px;\">Sra. Yolanda P\u00e9rez D\u00edaz\u00a0 1\u00aa\u00a0 teniente de alcalde<\/li>\n<li style=\"box-sizing: border-box; line-height: 24px;\">Sr. Vicente P\u00e9rez Mula \u2013 2\u00ba teniente de alcalde<\/li>\n<li style=\"box-sizing: border-box; line-height: 24px;\">Sr. Cristina Llorens Pardo \u2013 3\u00aa teniente de alcalde<\/li>\n<li>Sra. Francis Ortiz S\u00e1nchez &#8211; 4\u00aa teniente de alcalde<\/li>\n<li>Sr. Jordi Alemany Ardit &#8211; 5\u00ba teniente de alcalde<\/li>\n<\/ul>\n<\/div>\n<\/div>\n[\/vc_column_text][\/vc_column][\/vc_row][vc_row][vc_column][vc_btn title=&#8221;Actas de las JdGL&#8221; style=&#8221;custom&#8221; custom_background=&#8221;#95243c&#8221; custom_text=&#8221;#ffffff&#8221; align=&#8221;left&#8221; link=&#8221;url:http%3A%2F%2Fmont-roig.cat%2Fes%2Fayuntamiento%2Forgans-de-representacio%2Fjunta-de-gobierno-local%2Factas-juntas-gobierno-local%2F||target:%20_blank&#8221;][\/vc_column][\/vc_row]\n<\/div>","protected":false},"excerpt":{"rendered":"<p>[vc_row][vc_column][vc_column_text] La Junta de Gobierno Local es un \u00f3rgano colegiado necesario del gobierno municipal que, bajo la presidencia del alcalde, est\u00e1 integrada por un n\u00famero de concejales no superior al tercio del n\u00famero legal de los miembros corporativos. Los miembros estar\u00e1n nombrados y separados libremente por el Alcalde que dar\u00e1 cuenta al Pleno. El alcalde [&hellip;]<\/p>\n","protected":false},"author":4,"featured_media":0,"parent":9287,"menu_order":0,"comment_status":"closed","ping_status":"closed","template":"","meta":{"inline_featured_image":false,"_monsterinsights_skip_tracking":false,"_monsterinsights_sitenote_active":false,"_monsterinsights_sitenote_note":"","_monsterinsights_sitenote_category":0,"footnotes":""},"class_list":["post-4251","page","type-page","status-publish","hentry"],"yoast_head":"<!-- This site is optimized with the Yoast SEO plugin v27.4 - https:\/\/yoast.com\/product\/yoast-seo-wordpress\/ -->\n<title>Junta de Gobierno Local - Ajuntament de Mont-roig del Camp<\/title>\n<meta name=\"robots\" content=\"index, follow, max-snippet:-1, max-image-preview:large, max-video-preview:-1\" \/>\n<link rel=\"canonical\" href=\"https:\/\/mont-roig.cat\/es\/ayuntamiento\/organs-de-representacio\/junta-de-gobierno-local\/\" \/>\n<meta property=\"og:locale\" content=\"es_ES\" \/>\n<meta property=\"og:type\" content=\"article\" \/>\n<meta property=\"og:title\" content=\"Junta de Gobierno Local - Ajuntament de Mont-roig del Camp\" \/>\n<meta property=\"og:description\" content=\"[vc_row][vc_column][vc_column_text] La Junta de Gobierno Local es un \u00f3rgano colegiado necesario del gobierno municipal que, bajo la presidencia del alcalde, est\u00e1 integrada por un n\u00famero de concejales no superior al tercio del n\u00famero legal de los miembros corporativos. Los miembros estar\u00e1n nombrados y separados libremente por el Alcalde que dar\u00e1 cuenta al Pleno. El alcalde [&hellip;]\" \/>\n<meta property=\"og:url\" content=\"https:\/\/mont-roig.cat\/es\/ayuntamiento\/organs-de-representacio\/junta-de-gobierno-local\/\" \/>\n<meta property=\"og:site_name\" content=\"Ajuntament de Mont-roig del Camp\" \/>\n<meta property=\"article:modified_time\" content=\"2024-08-12T12:40:25+00:00\" \/>\n<meta property=\"og:image\" content=\"https:\/\/mont-roig.cat\/wp-content\/uploads\/aj-mont-roig-2.jpg\" \/>\n\t<meta property=\"og:image:width\" content=\"1200\" \/>\n\t<meta property=\"og:image:height\" content=\"600\" \/>\n\t<meta property=\"og:image:type\" content=\"image\/jpeg\" \/>\n<meta name=\"twitter:card\" content=\"summary_large_image\" \/>\n<meta name=\"twitter:label1\" content=\"Tiempo de lectura\" \/>\n\t<meta name=\"twitter:data1\" content=\"2 minutos\" \/>\n<script type=\"application\/ld+json\" class=\"yoast-schema-graph\">{\"@context\":\"https:\\\/\\\/schema.org\",\"@graph\":[{\"@type\":\"WebPage\",\"@id\":\"https:\\\/\\\/mont-roig.cat\\\/es\\\/ayuntamiento\\\/organs-de-representacio\\\/junta-de-gobierno-local\\\/\",\"url\":\"https:\\\/\\\/mont-roig.cat\\\/es\\\/ayuntamiento\\\/organs-de-representacio\\\/junta-de-gobierno-local\\\/\",\"name\":\"Junta de Gobierno Local - Ajuntament de Mont-roig del Camp\",\"isPartOf\":{\"@id\":\"https:\\\/\\\/mont-roig.cat\\\/es\\\/#website\"},\"datePublished\":\"2015-03-10T12:28:59+00:00\",\"dateModified\":\"2024-08-12T12:40:25+00:00\",\"breadcrumb\":{\"@id\":\"https:\\\/\\\/mont-roig.cat\\\/es\\\/ayuntamiento\\\/organs-de-representacio\\\/junta-de-gobierno-local\\\/#breadcrumb\"},\"inLanguage\":\"es\",\"potentialAction\":[{\"@type\":\"ReadAction\",\"target\":[\"https:\\\/\\\/mont-roig.cat\\\/es\\\/ayuntamiento\\\/organs-de-representacio\\\/junta-de-gobierno-local\\\/\"]}]},{\"@type\":\"BreadcrumbList\",\"@id\":\"https:\\\/\\\/mont-roig.cat\\\/es\\\/ayuntamiento\\\/organs-de-representacio\\\/junta-de-gobierno-local\\\/#breadcrumb\",\"itemListElement\":[{\"@type\":\"ListItem\",\"position\":1,\"name\":\"Inici\",\"item\":\"https:\\\/\\\/mont-roig.cat\\\/es\\\/pagina-de-inicio\\\/\"},{\"@type\":\"ListItem\",\"position\":2,\"name\":\"Ayuntamiento\",\"item\":\"https:\\\/\\\/mont-roig.cat\\\/es\\\/ayuntamiento\\\/\"},{\"@type\":\"ListItem\",\"position\":3,\"name\":\"\u00d3rganos de representaci\u00f3n\",\"item\":\"https:\\\/\\\/mont-roig.cat\\\/es\\\/ayuntamiento\\\/organs-de-representacio\\\/\"},{\"@type\":\"ListItem\",\"position\":4,\"name\":\"Junta de Gobierno Local\"}]},{\"@type\":\"WebSite\",\"@id\":\"https:\\\/\\\/mont-roig.cat\\\/es\\\/#website\",\"url\":\"https:\\\/\\\/mont-roig.cat\\\/es\\\/\",\"name\":\"Ajuntament de Mont-roig del Camp\",\"description\":\"Tota la informaci\u00f3 sobre la instituci\u00f3, els seus \u00f2rgans de govern, actualitat, serveis i molt m\u00e9s.\",\"potentialAction\":[{\"@type\":\"SearchAction\",\"target\":{\"@type\":\"EntryPoint\",\"urlTemplate\":\"https:\\\/\\\/mont-roig.cat\\\/es\\\/?s={search_term_string}\"},\"query-input\":{\"@type\":\"PropertyValueSpecification\",\"valueRequired\":true,\"valueName\":\"search_term_string\"}}],\"inLanguage\":\"es\"}]}<\/script>\n<!-- \/ Yoast SEO plugin. -->","yoast_head_json":{"title":"Junta de Gobierno Local - Ajuntament de Mont-roig del Camp","robots":{"index":"index","follow":"follow","max-snippet":"max-snippet:-1","max-image-preview":"max-image-preview:large","max-video-preview":"max-video-preview:-1"},"canonical":"https:\/\/mont-roig.cat\/es\/ayuntamiento\/organs-de-representacio\/junta-de-gobierno-local\/","og_locale":"es_ES","og_type":"article","og_title":"Junta de Gobierno Local - Ajuntament de Mont-roig del Camp","og_description":"[vc_row][vc_column][vc_column_text] La Junta de Gobierno Local es un \u00f3rgano colegiado necesario del gobierno municipal que, bajo la presidencia del alcalde, est\u00e1 integrada por un n\u00famero de concejales no superior al tercio del n\u00famero legal de los miembros corporativos. Los miembros estar\u00e1n nombrados y separados libremente por el Alcalde que dar\u00e1 cuenta al Pleno. El alcalde [&hellip;]","og_url":"https:\/\/mont-roig.cat\/es\/ayuntamiento\/organs-de-representacio\/junta-de-gobierno-local\/","og_site_name":"Ajuntament de Mont-roig del Camp","article_modified_time":"2024-08-12T12:40:25+00:00","og_image":[{"width":1200,"height":600,"url":"https:\/\/mont-roig.cat\/wp-content\/uploads\/aj-mont-roig-2.jpg","type":"image\/jpeg"}],"twitter_card":"summary_large_image","twitter_misc":{"Tiempo de lectura":"2 minutos"},"schema":{"@context":"https:\/\/schema.org","@graph":[{"@type":"WebPage","@id":"https:\/\/mont-roig.cat\/es\/ayuntamiento\/organs-de-representacio\/junta-de-gobierno-local\/","url":"https:\/\/mont-roig.cat\/es\/ayuntamiento\/organs-de-representacio\/junta-de-gobierno-local\/","name":"Junta de Gobierno Local - Ajuntament de Mont-roig del Camp","isPartOf":{"@id":"https:\/\/mont-roig.cat\/es\/#website"},"datePublished":"2015-03-10T12:28:59+00:00","dateModified":"2024-08-12T12:40:25+00:00","breadcrumb":{"@id":"https:\/\/mont-roig.cat\/es\/ayuntamiento\/organs-de-representacio\/junta-de-gobierno-local\/#breadcrumb"},"inLanguage":"es","potentialAction":[{"@type":"ReadAction","target":["https:\/\/mont-roig.cat\/es\/ayuntamiento\/organs-de-representacio\/junta-de-gobierno-local\/"]}]},{"@type":"BreadcrumbList","@id":"https:\/\/mont-roig.cat\/es\/ayuntamiento\/organs-de-representacio\/junta-de-gobierno-local\/#breadcrumb","itemListElement":[{"@type":"ListItem","position":1,"name":"Inici","item":"https:\/\/mont-roig.cat\/es\/pagina-de-inicio\/"},{"@type":"ListItem","position":2,"name":"Ayuntamiento","item":"https:\/\/mont-roig.cat\/es\/ayuntamiento\/"},{"@type":"ListItem","position":3,"name":"\u00d3rganos de representaci\u00f3n","item":"https:\/\/mont-roig.cat\/es\/ayuntamiento\/organs-de-representacio\/"},{"@type":"ListItem","position":4,"name":"Junta de Gobierno Local"}]},{"@type":"WebSite","@id":"https:\/\/mont-roig.cat\/es\/#website","url":"https:\/\/mont-roig.cat\/es\/","name":"Ajuntament de Mont-roig del Camp","description":"Tota la informaci\u00f3 sobre la instituci\u00f3, els seus \u00f2rgans de govern, actualitat, serveis i molt m\u00e9s.","potentialAction":[{"@type":"SearchAction","target":{"@type":"EntryPoint","urlTemplate":"https:\/\/mont-roig.cat\/es\/?s={search_term_string}"},"query-input":{"@type":"PropertyValueSpecification","valueRequired":true,"valueName":"search_term_string"}}],"inLanguage":"es"}]}},"_links":{"self":[{"href":"https:\/\/mont-roig.cat\/es\/wp-json\/wp\/v2\/pages\/4251","targetHints":{"allow":["GET"]}}],"collection":[{"href":"https:\/\/mont-roig.cat\/es\/wp-json\/wp\/v2\/pages"}],"about":[{"href":"https:\/\/mont-roig.cat\/es\/wp-json\/wp\/v2\/types\/page"}],"author":[{"embeddable":true,"href":"https:\/\/mont-roig.cat\/es\/wp-json\/wp\/v2\/users\/4"}],"replies":[{"embeddable":true,"href":"https:\/\/mont-roig.cat\/es\/wp-json\/wp\/v2\/comments?post=4251"}],"version-history":[{"count":7,"href":"https:\/\/mont-roig.cat\/es\/wp-json\/wp\/v2\/pages\/4251\/revisions"}],"predecessor-version":[{"id":71023,"href":"https:\/\/mont-roig.cat\/es\/wp-json\/wp\/v2\/pages\/4251\/revisions\/71023"}],"up":[{"embeddable":true,"href":"https:\/\/mont-roig.cat\/es\/wp-json\/wp\/v2\/pages\/9287"}],"wp:attachment":[{"href":"https:\/\/mont-roig.cat\/es\/wp-json\/wp\/v2\/media?parent=4251"}],"curies":[{"name":"wp","href":"https:\/\/api.w.org\/{rel}","templated":true}]}}