{"id":4308,"date":"2015-02-02T20:52:08","date_gmt":"2015-02-02T20:52:08","guid":{"rendered":""},"modified":"2026-02-10T13:10:20","modified_gmt":"2026-02-10T12:10:20","slug":"deportes","status":"publish","type":"page","link":"https:\/\/mont-roig.cat\/es\/ayuntamiento\/areas\/deportes\/","title":{"rendered":"Deportes"},"content":{"rendered":"<div class=\"wpb-content-wrapper\">[vc_row][vc_column][vc_column_text css=&#8221;&#8221;]\n<div class=\"body\">\n<h4><a href=\"https:\/\/mont-roig.cat\/wp-content\/uploads\/MM_esports_tardor25_1x1.png\"><img loading=\"lazy\" decoding=\"async\" class=\"alignleft wp-image-85225\" src=\"https:\/\/mont-roig.cat\/wp-content\/uploads\/MM_esports_tardor25_1x1-500x500.png\" alt=\"\" width=\"250\" height=\"250\" \/><\/a>&#8220;El amor por el deporte es el amor por la salud&#8221;<\/h4>\n<div class=\"body\">\n<p style=\"text-align: justify;\">El deporte, tambi\u00e9n entendido como elemento vertebrador y dinamizador social, es sin\u00f3nimo de salud y bienestar. Desde el \u00c1rea de Deportes ponemos al alcance de la ciudadan\u00eda un amplio abanico de actividades deportivas y los espacios adecuados para fomentar esta pr\u00e1ctica saludable entre la poblaci\u00f3n.<\/p>\n<p style=\"text-align: justify;\">Pilates, gl\u00fateos, abdominales y piernas, aer\u00f3bic, tonificaci\u00f3n muscular, gimnasia de mantenimiento y para gente mayor o el ciclo indoor, conforman la amplia oferta de actividades dirigidas que se pueden realizar esta temporada en los polideportivos municipales.<\/p>\n<\/div>\n<p>&nbsp;<\/p>\n<\/div>\n<div class=\"body\">\n<p><a href=\"https:\/\/mont-roig.cat\/wp-content\/uploads\/MM_esports_tardor25_activitats_web-ok-.pdf\" target=\"_blank\" rel=\"noopener\">Consulta el programa de actividades deportivas 2025-2026<\/a><\/p>\n<p><a href=\"https:\/\/mont-roig.cat\/wp-content\/uploads\/MM_esports_tardor25_preus_REV02_OK-.pdf\" target=\"_blank\" rel=\"noopener\">Listado de precios<\/a><\/p>\n<p>DOCUMENTACI\u00d3N INSCRIPCIONES:<\/p>\n<ul>\n<li><a href=\"https:\/\/mont-roig.reservaplay.cat\/view\/reserves\/actividades\" target=\"_blank\" rel=\"noopener\">Inscripci\u00f3n actividades deportivas<\/a><\/li>\n<li><a href=\"https:\/\/mont-roig.cat\/wp-content\/uploads\/FULL_BAIXA_ESPORTS_2023.pdf\" target=\"_blank\" rel=\"noopener\">Hoja baja actividades deportivas<\/a><\/li>\n<\/ul>\n<h4>\u00bfD\u00f3nde puedes encontrarnos?<\/h4>\n<p>Por correo electr\u00f3nico en <span style=\"color: #666666; font-family: Arial, Helvetica, sans-serif; font-size: 15.1999998092651px; line-height: 21.2799987792969px; text-align: justify;\"><a href=\"mailto:esports@nostreserveis.cat\">esports@nostreserveis.cat<\/a><\/span><\/p>\n<table style=\"width: 100%;\" border=\"0\" cellspacing=\"0\" cellpadding=\"0\">\n<tbody>\n<tr>\n<td style=\"width: 289px;\"><img decoding=\"async\" class=\"requadre\" style=\"width: 250px; height: 188px; margin: 10px; float: left;\" title=\"Poliesportiu Mont-roig \" src=\"http:\/\/mont-roig.cat\/wp-content\/uploads\/2015_03_11 009.jpg\" alt=\"Poliesportiu Mont-roig \" \/><\/td>\n<td style=\"width: 537px;\"><strong>Polideportivo Mont-roig\u00a0<\/strong><br \/>\nC. Aureli Maria Escarr\u00e9, 3<br \/>\nTel. 977 83.76.11<br \/>\n<strong>Horario<\/strong><br \/>\nLunes a viernes 8h \u2013 22h<\/td>\n<\/tr>\n<tr>\n<td style=\"width: 289px;\"><img loading=\"lazy\" decoding=\"async\" class=\"requadre alignnone wp-image-15741 \" src=\"http:\/\/mont-roig.cat\/wp-content\/uploads\/20170202_095601-500x281.jpg\" alt=\"\" width=\"266\" height=\"153\" \/><\/td>\n<td style=\"width: 537px;\"><strong>Polideportivo Miami Platja<\/strong><br \/>\nC. Badajoz, 4<br \/>\nTel. 977 17.05.72<br \/>\n<strong>Horario<\/strong><br \/>\nLunes a viernes 8h \u2013 22h<\/td>\n<\/tr>\n<\/tbody>\n<\/table>\n<\/div>\n<div class=\"field_page_fitxers\"><\/div>\n[\/vc_column_text][\/vc_column][\/vc_row]\n<\/div>","protected":false},"excerpt":{"rendered":"<p>[vc_row][vc_column][vc_column_text css=&#8221;&#8221;] &#8220;El amor por el deporte es el amor por la salud&#8221; El deporte, tambi\u00e9n entendido como elemento vertebrador y dinamizador social, es sin\u00f3nimo de salud y bienestar. Desde el \u00c1rea de Deportes ponemos al alcance de la ciudadan\u00eda un amplio abanico de actividades deportivas y los espacios adecuados para fomentar esta pr\u00e1ctica saludable [&hellip;]<\/p>\n","protected":false},"author":4,"featured_media":0,"parent":4248,"menu_order":0,"comment_status":"closed","ping_status":"closed","template":"","meta":{"inline_featured_image":false,"_monsterinsights_skip_tracking":false,"_monsterinsights_sitenote_active":false,"_monsterinsights_sitenote_note":"","_monsterinsights_sitenote_category":0,"footnotes":""},"class_list":["post-4308","page","type-page","status-publish","hentry"],"yoast_head":"<!-- This site is optimized with the Yoast SEO plugin v27.4 - https:\/\/yoast.com\/product\/yoast-seo-wordpress\/ -->\n<title>Deportes - Ajuntament de Mont-roig del Camp<\/title>\n<meta name=\"robots\" content=\"index, follow, max-snippet:-1, max-image-preview:large, max-video-preview:-1\" \/>\n<link rel=\"canonical\" href=\"https:\/\/mont-roig.cat\/es\/ayuntamiento\/areas\/deportes\/\" \/>\n<meta property=\"og:locale\" content=\"es_ES\" \/>\n<meta property=\"og:type\" content=\"article\" \/>\n<meta property=\"og:title\" content=\"Deportes - Ajuntament de Mont-roig del Camp\" \/>\n<meta property=\"og:description\" content=\"[vc_row][vc_column][vc_column_text css=&#8221;&#8221;] &#8220;El amor por el deporte es el amor por la salud&#8221; El deporte, tambi\u00e9n entendido como elemento vertebrador y dinamizador social, es sin\u00f3nimo de salud y bienestar. Desde el \u00c1rea de Deportes ponemos al alcance de la ciudadan\u00eda un amplio abanico de actividades deportivas y los espacios adecuados para fomentar esta pr\u00e1ctica saludable [&hellip;]\" \/>\n<meta property=\"og:url\" content=\"https:\/\/mont-roig.cat\/es\/ayuntamiento\/areas\/deportes\/\" \/>\n<meta property=\"og:site_name\" content=\"Ajuntament de Mont-roig del Camp\" \/>\n<meta property=\"article:modified_time\" content=\"2026-02-10T12:10:20+00:00\" \/>\n<meta property=\"og:image\" content=\"https:\/\/mont-roig.cat\/wp-content\/uploads\/aj-mont-roig-2.jpg\" \/>\n\t<meta property=\"og:image:width\" content=\"1200\" \/>\n\t<meta property=\"og:image:height\" content=\"600\" \/>\n\t<meta property=\"og:image:type\" content=\"image\/jpeg\" \/>\n<meta name=\"twitter:card\" content=\"summary_large_image\" \/>\n<meta name=\"twitter:label1\" content=\"Tiempo de lectura\" \/>\n\t<meta name=\"twitter:data1\" content=\"2 minutos\" \/>\n<script type=\"application\/ld+json\" class=\"yoast-schema-graph\">{\"@context\":\"https:\\\/\\\/schema.org\",\"@graph\":[{\"@type\":\"WebPage\",\"@id\":\"https:\\\/\\\/mont-roig.cat\\\/es\\\/ayuntamiento\\\/areas\\\/deportes\\\/\",\"url\":\"https:\\\/\\\/mont-roig.cat\\\/es\\\/ayuntamiento\\\/areas\\\/deportes\\\/\",\"name\":\"Deportes - Ajuntament de Mont-roig del Camp\",\"isPartOf\":{\"@id\":\"https:\\\/\\\/mont-roig.cat\\\/es\\\/#website\"},\"primaryImageOfPage\":{\"@id\":\"https:\\\/\\\/mont-roig.cat\\\/es\\\/ayuntamiento\\\/areas\\\/deportes\\\/#primaryimage\"},\"image\":{\"@id\":\"https:\\\/\\\/mont-roig.cat\\\/es\\\/ayuntamiento\\\/areas\\\/deportes\\\/#primaryimage\"},\"thumbnailUrl\":\"https:\\\/\\\/mont-roig.cat\\\/wp-content\\\/uploads\\\/MM_esports_tardor25_1x1-500x500.png\",\"datePublished\":\"2015-02-02T20:52:08+00:00\",\"dateModified\":\"2026-02-10T12:10:20+00:00\",\"breadcrumb\":{\"@id\":\"https:\\\/\\\/mont-roig.cat\\\/es\\\/ayuntamiento\\\/areas\\\/deportes\\\/#breadcrumb\"},\"inLanguage\":\"es\",\"potentialAction\":[{\"@type\":\"ReadAction\",\"target\":[\"https:\\\/\\\/mont-roig.cat\\\/es\\\/ayuntamiento\\\/areas\\\/deportes\\\/\"]}]},{\"@type\":\"ImageObject\",\"inLanguage\":\"es\",\"@id\":\"https:\\\/\\\/mont-roig.cat\\\/es\\\/ayuntamiento\\\/areas\\\/deportes\\\/#primaryimage\",\"url\":\"https:\\\/\\\/mont-roig.cat\\\/wp-content\\\/uploads\\\/MM_esports_tardor25_1x1-500x500.png\",\"contentUrl\":\"https:\\\/\\\/mont-roig.cat\\\/wp-content\\\/uploads\\\/MM_esports_tardor25_1x1-500x500.png\"},{\"@type\":\"BreadcrumbList\",\"@id\":\"https:\\\/\\\/mont-roig.cat\\\/es\\\/ayuntamiento\\\/areas\\\/deportes\\\/#breadcrumb\",\"itemListElement\":[{\"@type\":\"ListItem\",\"position\":1,\"name\":\"Inici\",\"item\":\"https:\\\/\\\/mont-roig.cat\\\/es\\\/pagina-de-inicio\\\/\"},{\"@type\":\"ListItem\",\"position\":2,\"name\":\"Ayuntamiento\",\"item\":\"https:\\\/\\\/mont-roig.cat\\\/es\\\/ayuntamiento\\\/\"},{\"@type\":\"ListItem\",\"position\":3,\"name\":\"\u00c1reas\",\"item\":\"https:\\\/\\\/mont-roig.cat\\\/es\\\/ayuntamiento\\\/areas\\\/\"},{\"@type\":\"ListItem\",\"position\":4,\"name\":\"Deportes\"}]},{\"@type\":\"WebSite\",\"@id\":\"https:\\\/\\\/mont-roig.cat\\\/es\\\/#website\",\"url\":\"https:\\\/\\\/mont-roig.cat\\\/es\\\/\",\"name\":\"Ajuntament de Mont-roig del Camp\",\"description\":\"Tota la informaci\u00f3 sobre la instituci\u00f3, els seus \u00f2rgans de govern, actualitat, serveis i molt m\u00e9s.\",\"potentialAction\":[{\"@type\":\"SearchAction\",\"target\":{\"@type\":\"EntryPoint\",\"urlTemplate\":\"https:\\\/\\\/mont-roig.cat\\\/es\\\/?s={search_term_string}\"},\"query-input\":{\"@type\":\"PropertyValueSpecification\",\"valueRequired\":true,\"valueName\":\"search_term_string\"}}],\"inLanguage\":\"es\"}]}<\/script>\n<!-- \/ Yoast SEO plugin. -->","yoast_head_json":{"title":"Deportes - Ajuntament de Mont-roig del Camp","robots":{"index":"index","follow":"follow","max-snippet":"max-snippet:-1","max-image-preview":"max-image-preview:large","max-video-preview":"max-video-preview:-1"},"canonical":"https:\/\/mont-roig.cat\/es\/ayuntamiento\/areas\/deportes\/","og_locale":"es_ES","og_type":"article","og_title":"Deportes - Ajuntament de Mont-roig del Camp","og_description":"[vc_row][vc_column][vc_column_text css=&#8221;&#8221;] &#8220;El amor por el deporte es el amor por la salud&#8221; El deporte, tambi\u00e9n entendido como elemento vertebrador y dinamizador social, es sin\u00f3nimo de salud y bienestar. Desde el \u00c1rea de Deportes ponemos al alcance de la ciudadan\u00eda un amplio abanico de actividades deportivas y los espacios adecuados para fomentar esta pr\u00e1ctica saludable [&hellip;]","og_url":"https:\/\/mont-roig.cat\/es\/ayuntamiento\/areas\/deportes\/","og_site_name":"Ajuntament de Mont-roig del Camp","article_modified_time":"2026-02-10T12:10:20+00:00","og_image":[{"width":1200,"height":600,"url":"https:\/\/mont-roig.cat\/wp-content\/uploads\/aj-mont-roig-2.jpg","type":"image\/jpeg"}],"twitter_card":"summary_large_image","twitter_misc":{"Tiempo de lectura":"2 minutos"},"schema":{"@context":"https:\/\/schema.org","@graph":[{"@type":"WebPage","@id":"https:\/\/mont-roig.cat\/es\/ayuntamiento\/areas\/deportes\/","url":"https:\/\/mont-roig.cat\/es\/ayuntamiento\/areas\/deportes\/","name":"Deportes - Ajuntament de Mont-roig del Camp","isPartOf":{"@id":"https:\/\/mont-roig.cat\/es\/#website"},"primaryImageOfPage":{"@id":"https:\/\/mont-roig.cat\/es\/ayuntamiento\/areas\/deportes\/#primaryimage"},"image":{"@id":"https:\/\/mont-roig.cat\/es\/ayuntamiento\/areas\/deportes\/#primaryimage"},"thumbnailUrl":"https:\/\/mont-roig.cat\/wp-content\/uploads\/MM_esports_tardor25_1x1-500x500.png","datePublished":"2015-02-02T20:52:08+00:00","dateModified":"2026-02-10T12:10:20+00:00","breadcrumb":{"@id":"https:\/\/mont-roig.cat\/es\/ayuntamiento\/areas\/deportes\/#breadcrumb"},"inLanguage":"es","potentialAction":[{"@type":"ReadAction","target":["https:\/\/mont-roig.cat\/es\/ayuntamiento\/areas\/deportes\/"]}]},{"@type":"ImageObject","inLanguage":"es","@id":"https:\/\/mont-roig.cat\/es\/ayuntamiento\/areas\/deportes\/#primaryimage","url":"https:\/\/mont-roig.cat\/wp-content\/uploads\/MM_esports_tardor25_1x1-500x500.png","contentUrl":"https:\/\/mont-roig.cat\/wp-content\/uploads\/MM_esports_tardor25_1x1-500x500.png"},{"@type":"BreadcrumbList","@id":"https:\/\/mont-roig.cat\/es\/ayuntamiento\/areas\/deportes\/#breadcrumb","itemListElement":[{"@type":"ListItem","position":1,"name":"Inici","item":"https:\/\/mont-roig.cat\/es\/pagina-de-inicio\/"},{"@type":"ListItem","position":2,"name":"Ayuntamiento","item":"https:\/\/mont-roig.cat\/es\/ayuntamiento\/"},{"@type":"ListItem","position":3,"name":"\u00c1reas","item":"https:\/\/mont-roig.cat\/es\/ayuntamiento\/areas\/"},{"@type":"ListItem","position":4,"name":"Deportes"}]},{"@type":"WebSite","@id":"https:\/\/mont-roig.cat\/es\/#website","url":"https:\/\/mont-roig.cat\/es\/","name":"Ajuntament de Mont-roig del Camp","description":"Tota la informaci\u00f3 sobre la instituci\u00f3, els seus \u00f2rgans de govern, actualitat, serveis i molt m\u00e9s.","potentialAction":[{"@type":"SearchAction","target":{"@type":"EntryPoint","urlTemplate":"https:\/\/mont-roig.cat\/es\/?s={search_term_string}"},"query-input":{"@type":"PropertyValueSpecification","valueRequired":true,"valueName":"search_term_string"}}],"inLanguage":"es"}]}},"_links":{"self":[{"href":"https:\/\/mont-roig.cat\/es\/wp-json\/wp\/v2\/pages\/4308","targetHints":{"allow":["GET"]}}],"collection":[{"href":"https:\/\/mont-roig.cat\/es\/wp-json\/wp\/v2\/pages"}],"about":[{"href":"https:\/\/mont-roig.cat\/es\/wp-json\/wp\/v2\/types\/page"}],"author":[{"embeddable":true,"href":"https:\/\/mont-roig.cat\/es\/wp-json\/wp\/v2\/users\/4"}],"replies":[{"embeddable":true,"href":"https:\/\/mont-roig.cat\/es\/wp-json\/wp\/v2\/comments?post=4308"}],"version-history":[{"count":30,"href":"https:\/\/mont-roig.cat\/es\/wp-json\/wp\/v2\/pages\/4308\/revisions"}],"predecessor-version":[{"id":88840,"href":"https:\/\/mont-roig.cat\/es\/wp-json\/wp\/v2\/pages\/4308\/revisions\/88840"}],"up":[{"embeddable":true,"href":"https:\/\/mont-roig.cat\/es\/wp-json\/wp\/v2\/pages\/4248"}],"wp:attachment":[{"href":"https:\/\/mont-roig.cat\/es\/wp-json\/wp\/v2\/media?parent=4308"}],"curies":[{"name":"wp","href":"https:\/\/api.w.org\/{rel}","templated":true}]}}