{"id":4314,"date":"2015-02-20T12:09:39","date_gmt":"2015-02-20T12:09:39","guid":{"rendered":""},"modified":"2022-08-05T09:04:35","modified_gmt":"2022-08-05T07:04:35","slug":"tokl2","status":"publish","type":"page","link":"https:\/\/mont-roig.cat\/es\/ayuntamiento\/areas\/juventud\/tokl2\/","title":{"rendered":"Tok&#8217;l2"},"content":{"rendered":"<div class=\"wpb-content-wrapper\"><div class=\"body\">\n<div class=\"body\">\n<h4><strong><u>Programa de salidas Tok&#8217;l2<a href=\"https:\/\/mont-roig.cat\/wp-content\/uploads\/LOGO-TOKL2.jpg\"><img loading=\"lazy\" decoding=\"async\" class=\"alignright wp-image-5469\" src=\"https:\/\/mont-roig.cat\/wp-content\/uploads\/LOGO-TOKL2.jpg\" alt=\"\" width=\"208\" height=\"186\" \/><\/a><\/u><\/strong><\/h4>\n<h4><\/h4>\n<p style=\"text-align: justify;\">El Tok&#8217;l2 es el programa de actividades organizadas conjuntamente entre los Ayuntamientos de Mont-roig del Camp y Vandell\u00f2s &#8211; l&#8217;Hospitalet de l&#8217;Infant, a trav\u00e9s del cual se realizan salidas, viajes, cursos, etc. fuera del municipio.<\/p>\n<\/div>\n[vc_separator][vc_column_text]\n<h5><u>SALIDAS<\/u><\/h5>\n<ul>\n<li>Salidas a museos, teatro, cine, skating, salting, paintball, etc.<\/li>\n<\/ul>\n[\/vc_column_text][vc_separator][vc_column_text]\n<h5><u>VIAJES<\/u><\/h5>\n<ul>\n<li>Esquiada, Madrid, Granada, Pa\u00eds Vasco, Eurodisney, etc.<\/li>\n<\/ul>\n[\/vc_column_text][vc_column_text]\n\n\t\t<style type=\"text\/css\">\n\t\t\t#gallery-1 {\n\t\t\t\tmargin: auto;\n\t\t\t}\n\t\t\t#gallery-1 .gallery-item {\n\t\t\t\tfloat: left;\n\t\t\t\tmargin-top: 10px;\n\t\t\t\ttext-align: center;\n\t\t\t\twidth: 33%;\n\t\t\t}\n\t\t\t#gallery-1 img {\n\t\t\t\tborder: 2px solid #cfcfcf;\n\t\t\t}\n\t\t\t#gallery-1 .gallery-caption {\n\t\t\t\tmargin-left: 0;\n\t\t\t}\n\t\t\t\/* see gallery_shortcode() in wp-includes\/media.php *\/\n\t\t<\/style>\n\t\t<div id='gallery-1' class='gallery galleryid-4314 gallery-columns-3 gallery-size-medium'><dl class='gallery-item'>\n\t\t\t<dt class='gallery-icon landscape'>\n\t\t\t\t<a href='https:\/\/mont-roig.cat\/wp-content\/uploads\/Aquopolis-19.jpg'><img loading=\"lazy\" decoding=\"async\" width=\"500\" height=\"497\" src=\"https:\/\/mont-roig.cat\/wp-content\/uploads\/Aquopolis-19-500x497.jpg\" class=\"attachment-medium size-medium\" alt=\"\" aria-describedby=\"gallery-1-64272\" srcset=\"https:\/\/mont-roig.cat\/wp-content\/uploads\/Aquopolis-19-500x497.jpg 500w, https:\/\/mont-roig.cat\/wp-content\/uploads\/Aquopolis-19-1024x1017.jpg 1024w, https:\/\/mont-roig.cat\/wp-content\/uploads\/Aquopolis-19-50x50.jpg 50w, https:\/\/mont-roig.cat\/wp-content\/uploads\/Aquopolis-19-768x763.jpg 768w, https:\/\/mont-roig.cat\/wp-content\/uploads\/Aquopolis-19-85x85.jpg 85w, https:\/\/mont-roig.cat\/wp-content\/uploads\/Aquopolis-19-45x45.jpg 45w, https:\/\/mont-roig.cat\/wp-content\/uploads\/Aquopolis-19.jpg 1080w\" sizes=\"auto, (max-width: 500px) 100vw, 500px\" \/><\/a>\n\t\t\t<\/dt>\n\t\t\t\t<dd class='wp-caption-text gallery-caption' id='gallery-1-64272'>\n\t\t\t\tAquopolis\n\t\t\t\t<\/dd><\/dl><dl class='gallery-item'>\n\t\t\t<dt class='gallery-icon portrait'>\n\t\t\t\t<a href='https:\/\/mont-roig.cat\/wp-content\/uploads\/Tokl2-2.jpeg'><img loading=\"lazy\" decoding=\"async\" width=\"375\" height=\"500\" src=\"https:\/\/mont-roig.cat\/wp-content\/uploads\/Tokl2-2-375x500.jpeg\" class=\"attachment-medium size-medium\" alt=\"\" aria-describedby=\"gallery-1-64412\" srcset=\"https:\/\/mont-roig.cat\/wp-content\/uploads\/Tokl2-2-375x500.jpeg 375w, https:\/\/mont-roig.cat\/wp-content\/uploads\/Tokl2-2-768x1024.jpeg 768w, https:\/\/mont-roig.cat\/wp-content\/uploads\/Tokl2-2-1152x1536.jpeg 1152w, https:\/\/mont-roig.cat\/wp-content\/uploads\/Tokl2-2.jpeg 1536w\" sizes=\"auto, (max-width: 375px) 100vw, 375px\" \/><\/a>\n\t\t\t<\/dt>\n\t\t\t\t<dd class='wp-caption-text gallery-caption' id='gallery-1-64412'>\n\t\t\t\tPatinaje\n\t\t\t\t<\/dd><\/dl><dl class='gallery-item'>\n\t\t\t<dt class='gallery-icon landscape'>\n\t\t\t\t<a href='https:\/\/mont-roig.cat\/wp-content\/uploads\/esquiada-2019.jpg'><img loading=\"lazy\" decoding=\"async\" width=\"500\" height=\"429\" src=\"https:\/\/mont-roig.cat\/wp-content\/uploads\/esquiada-2019-500x429.jpg\" class=\"attachment-medium size-medium\" alt=\"\" aria-describedby=\"gallery-1-64302\" srcset=\"https:\/\/mont-roig.cat\/wp-content\/uploads\/esquiada-2019-500x429.jpg 500w, https:\/\/mont-roig.cat\/wp-content\/uploads\/esquiada-2019-1024x878.jpg 1024w, https:\/\/mont-roig.cat\/wp-content\/uploads\/esquiada-2019-768x658.jpg 768w, https:\/\/mont-roig.cat\/wp-content\/uploads\/esquiada-2019.jpg 1080w\" sizes=\"auto, (max-width: 500px) 100vw, 500px\" \/><\/a>\n\t\t\t<\/dt>\n\t\t\t\t<dd class='wp-caption-text gallery-caption' id='gallery-1-64302'>\n\t\t\t\tActividades\n\t\t\t\t<\/dd><\/dl><br style=\"clear: both\" \/><dl class='gallery-item'>\n\t\t\t<dt class='gallery-icon landscape'>\n\t\t\t\t<a href='https:\/\/mont-roig.cat\/wp-content\/uploads\/bolera-i-cine-19.jpg'><img loading=\"lazy\" decoding=\"async\" width=\"500\" height=\"434\" src=\"https:\/\/mont-roig.cat\/wp-content\/uploads\/bolera-i-cine-19-500x434.jpg\" class=\"attachment-medium size-medium\" alt=\"\" aria-describedby=\"gallery-1-64274\" srcset=\"https:\/\/mont-roig.cat\/wp-content\/uploads\/bolera-i-cine-19-500x434.jpg 500w, https:\/\/mont-roig.cat\/wp-content\/uploads\/bolera-i-cine-19-1024x889.jpg 1024w, https:\/\/mont-roig.cat\/wp-content\/uploads\/bolera-i-cine-19-768x667.jpg 768w, https:\/\/mont-roig.cat\/wp-content\/uploads\/bolera-i-cine-19.jpg 1080w\" sizes=\"auto, (max-width: 500px) 100vw, 500px\" \/><\/a>\n\t\t\t<\/dt>\n\t\t\t\t<dd class='wp-caption-text gallery-caption' id='gallery-1-64274'>\n\t\t\t\tBolera y Cine\n\t\t\t\t<\/dd><\/dl><dl class='gallery-item'>\n\t\t\t<dt class='gallery-icon portrait'>\n\t\t\t\t<a href='https:\/\/mont-roig.cat\/wp-content\/uploads\/Tokl2-PA.jpeg'><img loading=\"lazy\" decoding=\"async\" width=\"375\" height=\"500\" src=\"https:\/\/mont-roig.cat\/wp-content\/uploads\/Tokl2-PA-375x500.jpeg\" class=\"attachment-medium size-medium\" alt=\"\" aria-describedby=\"gallery-1-64422\" srcset=\"https:\/\/mont-roig.cat\/wp-content\/uploads\/Tokl2-PA-375x500.jpeg 375w, https:\/\/mont-roig.cat\/wp-content\/uploads\/Tokl2-PA-768x1024.jpeg 768w, https:\/\/mont-roig.cat\/wp-content\/uploads\/Tokl2-PA-1152x1536.jpeg 1152w, https:\/\/mont-roig.cat\/wp-content\/uploads\/Tokl2-PA.jpeg 1536w\" sizes=\"auto, (max-width: 375px) 100vw, 375px\" \/><\/a>\n\t\t\t<\/dt>\n\t\t\t\t<dd class='wp-caption-text gallery-caption' id='gallery-1-64422'>\n\t\t\t\tNavidad\n\t\t\t\t<\/dd><\/dl><dl class='gallery-item'>\n\t\t\t<dt class='gallery-icon landscape'>\n\t\t\t\t<a href='https:\/\/mont-roig.cat\/wp-content\/uploads\/Tok2-Frida.jpeg'><img loading=\"lazy\" decoding=\"async\" width=\"500\" height=\"375\" src=\"https:\/\/mont-roig.cat\/wp-content\/uploads\/Tok2-Frida-500x375.jpeg\" class=\"attachment-medium size-medium\" alt=\"\" aria-describedby=\"gallery-1-64410\" srcset=\"https:\/\/mont-roig.cat\/wp-content\/uploads\/Tok2-Frida-500x375.jpeg 500w, https:\/\/mont-roig.cat\/wp-content\/uploads\/Tok2-Frida-1024x768.jpeg 1024w, https:\/\/mont-roig.cat\/wp-content\/uploads\/Tok2-Frida-768x576.jpeg 768w, https:\/\/mont-roig.cat\/wp-content\/uploads\/Tok2-Frida-1536x1152.jpeg 1536w, https:\/\/mont-roig.cat\/wp-content\/uploads\/Tok2-Frida-463x348.jpeg 463w, https:\/\/mont-roig.cat\/wp-content\/uploads\/Tok2-Frida.jpeg 2048w\" sizes=\"auto, (max-width: 500px) 100vw, 500px\" \/><\/a>\n\t\t\t<\/dt>\n\t\t\t\t<dd class='wp-caption-text gallery-caption' id='gallery-1-64410'>\n\t\t\t\tFrida\n\t\t\t\t<\/dd><\/dl><br style=\"clear: both\" \/><dl class='gallery-item'>\n\t\t\t<dt class='gallery-icon landscape'>\n\t\t\t\t<a href='https:\/\/mont-roig.cat\/wp-content\/uploads\/Tokl2-grup.jpeg'><img loading=\"lazy\" decoding=\"async\" width=\"500\" height=\"375\" src=\"https:\/\/mont-roig.cat\/wp-content\/uploads\/Tokl2-grup-500x375.jpeg\" class=\"attachment-medium size-medium\" alt=\"\" aria-describedby=\"gallery-1-64418\" srcset=\"https:\/\/mont-roig.cat\/wp-content\/uploads\/Tokl2-grup-500x375.jpeg 500w, https:\/\/mont-roig.cat\/wp-content\/uploads\/Tokl2-grup-1024x768.jpeg 1024w, https:\/\/mont-roig.cat\/wp-content\/uploads\/Tokl2-grup-768x576.jpeg 768w, https:\/\/mont-roig.cat\/wp-content\/uploads\/Tokl2-grup-1536x1152.jpeg 1536w, https:\/\/mont-roig.cat\/wp-content\/uploads\/Tokl2-grup-463x348.jpeg 463w, https:\/\/mont-roig.cat\/wp-content\/uploads\/Tokl2-grup.jpeg 2048w\" sizes=\"auto, (max-width: 500px) 100vw, 500px\" \/><\/a>\n\t\t\t<\/dt>\n\t\t\t\t<dd class='wp-caption-text gallery-caption' id='gallery-1-64418'>\n\t\t\t\tFrida\n\t\t\t\t<\/dd><\/dl><dl class='gallery-item'>\n\t\t\t<dt class='gallery-icon portrait'>\n\t\t\t\t<a href='https:\/\/mont-roig.cat\/wp-content\/uploads\/Tokl2-PA-2.jpeg'><img loading=\"lazy\" decoding=\"async\" width=\"375\" height=\"500\" src=\"https:\/\/mont-roig.cat\/wp-content\/uploads\/Tokl2-PA-2-375x500.jpeg\" class=\"attachment-medium size-medium\" alt=\"\" aria-describedby=\"gallery-1-64420\" srcset=\"https:\/\/mont-roig.cat\/wp-content\/uploads\/Tokl2-PA-2-375x500.jpeg 375w, https:\/\/mont-roig.cat\/wp-content\/uploads\/Tokl2-PA-2-768x1024.jpeg 768w, https:\/\/mont-roig.cat\/wp-content\/uploads\/Tokl2-PA-2-1152x1536.jpeg 1152w, https:\/\/mont-roig.cat\/wp-content\/uploads\/Tokl2-PA-2.jpeg 1536w\" sizes=\"auto, (max-width: 375px) 100vw, 375px\" \/><\/a>\n\t\t\t<\/dt>\n\t\t\t\t<dd class='wp-caption-text gallery-caption' id='gallery-1-64420'>\n\t\t\t\tTok&#8217;l2\n\t\t\t\t<\/dd><\/dl><dl class='gallery-item'>\n\t\t\t<dt class='gallery-icon landscape'>\n\t\t\t\t<a href='https:\/\/mont-roig.cat\/wp-content\/uploads\/Tokl2-PAgrup.jpg'><img loading=\"lazy\" decoding=\"async\" width=\"500\" height=\"281\" src=\"https:\/\/mont-roig.cat\/wp-content\/uploads\/Tokl2-PAgrup-500x281.jpg\" class=\"attachment-medium size-medium\" alt=\"\" aria-describedby=\"gallery-1-64424\" srcset=\"https:\/\/mont-roig.cat\/wp-content\/uploads\/Tokl2-PAgrup-500x281.jpg 500w, https:\/\/mont-roig.cat\/wp-content\/uploads\/Tokl2-PAgrup-1024x576.jpg 1024w, https:\/\/mont-roig.cat\/wp-content\/uploads\/Tokl2-PAgrup-768x432.jpg 768w, https:\/\/mont-roig.cat\/wp-content\/uploads\/Tokl2-PAgrup-1536x864.jpg 1536w, https:\/\/mont-roig.cat\/wp-content\/uploads\/Tokl2-PAgrup.jpg 1600w\" sizes=\"auto, (max-width: 500px) 100vw, 500px\" \/><\/a>\n\t\t\t<\/dt>\n\t\t\t\t<dd class='wp-caption-text gallery-caption' id='gallery-1-64424'>\n\t\t\t\tPortaventura\n\t\t\t\t<\/dd><\/dl><br style=\"clear: both\" \/>\n\t\t<\/div>\n\n[\/vc_column_text][vc_row][vc_column][vc_message message_box_color=&#8221;warning&#8221;]Puedes consultar las salidas que se proponen a trav\u00e9s de las redes sociales\u00a0 @jovesmontroigmiami y en la agenda de actividades de la web del Ayuntamiento de Mont-roig del Camp.<\/p>\n<p><em>*Las inscripciones a las actividades de Tok\u2019l2 y Kdat se realizan a trav\u00e9s de <a href=\"https:\/\/www.eagora.app\/es\/\"><strong>l\u2019APP eAgora<\/strong><\/a> que encontrar\u00e9is en la<\/em><em> Play Store de Google y a trav\u00e9s de la cual <\/em><em>podr\u00e9is <\/em><em>estar al d\u00eda de toda la oferta de actividades propuestas desde el Departamento de Juventud as\u00ed como descargaros las hojas de inscripci\u00f3n necesarias.<\/em>[\/vc_message][\/vc_column][\/vc_row]\n<\/div>\n<div><\/div>\n<\/div>","protected":false},"excerpt":{"rendered":"<p>Programa de salidas Tok&#8217;l2 El Tok&#8217;l2 es el programa de actividades organizadas conjuntamente entre los Ayuntamientos de Mont-roig del Camp y Vandell\u00f2s &#8211; l&#8217;Hospitalet de l&#8217;Infant, a trav\u00e9s del cual se realizan salidas, viajes, cursos, etc. fuera del municipio. [vc_separator][vc_column_text] SALIDAS Salidas a museos, teatro, cine, skating, salting, paintball, etc. [\/vc_column_text][vc_separator][vc_column_text] VIAJES Esquiada, Madrid, Granada, [&hellip;]<\/p>\n","protected":false},"author":4,"featured_media":0,"parent":4311,"menu_order":0,"comment_status":"closed","ping_status":"closed","template":"","meta":{"inline_featured_image":false,"_monsterinsights_skip_tracking":false,"_monsterinsights_sitenote_active":false,"_monsterinsights_sitenote_note":"","_monsterinsights_sitenote_category":0,"footnotes":""},"class_list":["post-4314","page","type-page","status-publish","hentry"],"yoast_head":"<!-- This site is optimized with the Yoast SEO plugin v27.4 - https:\/\/yoast.com\/product\/yoast-seo-wordpress\/ -->\n<title>Tok&#039;l2 - Ajuntament de Mont-roig del Camp<\/title>\n<meta name=\"robots\" content=\"index, follow, max-snippet:-1, max-image-preview:large, max-video-preview:-1\" \/>\n<link rel=\"canonical\" href=\"https:\/\/mont-roig.cat\/es\/ayuntamiento\/areas\/juventud\/tokl2\/\" \/>\n<meta property=\"og:locale\" content=\"es_ES\" \/>\n<meta property=\"og:type\" content=\"article\" \/>\n<meta property=\"og:title\" content=\"Tok&#039;l2 - Ajuntament de Mont-roig del Camp\" \/>\n<meta property=\"og:description\" content=\"Programa de salidas Tok&#8217;l2 El Tok&#8217;l2 es el programa de actividades organizadas conjuntamente entre los Ayuntamientos de Mont-roig del Camp y Vandell\u00f2s &#8211; l&#8217;Hospitalet de l&#8217;Infant, a trav\u00e9s del cual se realizan salidas, viajes, cursos, etc. fuera del municipio. [vc_separator][vc_column_text] SALIDAS Salidas a museos, teatro, cine, skating, salting, paintball, etc. [\/vc_column_text][vc_separator][vc_column_text] VIAJES Esquiada, Madrid, Granada, [&hellip;]\" \/>\n<meta property=\"og:url\" content=\"https:\/\/mont-roig.cat\/es\/ayuntamiento\/areas\/juventud\/tokl2\/\" \/>\n<meta property=\"og:site_name\" content=\"Ajuntament de Mont-roig del Camp\" \/>\n<meta property=\"article:modified_time\" content=\"2022-08-05T07:04:35+00:00\" \/>\n<meta property=\"og:image\" content=\"https:\/\/mont-roig.cat\/wp-content\/uploads\/Aquopolis-19-500x497.jpg\" \/>\n<meta name=\"twitter:card\" content=\"summary_large_image\" \/>\n<meta name=\"twitter:label1\" content=\"Tiempo de lectura\" \/>\n\t<meta name=\"twitter:data1\" content=\"2 minutos\" \/>\n<script type=\"application\/ld+json\" class=\"yoast-schema-graph\">{\"@context\":\"https:\\\/\\\/schema.org\",\"@graph\":[{\"@type\":\"WebPage\",\"@id\":\"https:\\\/\\\/mont-roig.cat\\\/es\\\/ayuntamiento\\\/areas\\\/juventud\\\/tokl2\\\/\",\"url\":\"https:\\\/\\\/mont-roig.cat\\\/es\\\/ayuntamiento\\\/areas\\\/juventud\\\/tokl2\\\/\",\"name\":\"Tok'l2 - Ajuntament de Mont-roig del Camp\",\"isPartOf\":{\"@id\":\"https:\\\/\\\/mont-roig.cat\\\/es\\\/#website\"},\"primaryImageOfPage\":{\"@id\":\"https:\\\/\\\/mont-roig.cat\\\/es\\\/ayuntamiento\\\/areas\\\/juventud\\\/tokl2\\\/#primaryimage\"},\"image\":{\"@id\":\"https:\\\/\\\/mont-roig.cat\\\/es\\\/ayuntamiento\\\/areas\\\/juventud\\\/tokl2\\\/#primaryimage\"},\"thumbnailUrl\":\"https:\\\/\\\/mont-roig.cat\\\/wp-content\\\/uploads\\\/LOGO-TOKL2.jpg\",\"datePublished\":\"2015-02-20T12:09:39+00:00\",\"dateModified\":\"2022-08-05T07:04:35+00:00\",\"breadcrumb\":{\"@id\":\"https:\\\/\\\/mont-roig.cat\\\/es\\\/ayuntamiento\\\/areas\\\/juventud\\\/tokl2\\\/#breadcrumb\"},\"inLanguage\":\"es\",\"potentialAction\":[{\"@type\":\"ReadAction\",\"target\":[\"https:\\\/\\\/mont-roig.cat\\\/es\\\/ayuntamiento\\\/areas\\\/juventud\\\/tokl2\\\/\"]}]},{\"@type\":\"ImageObject\",\"inLanguage\":\"es\",\"@id\":\"https:\\\/\\\/mont-roig.cat\\\/es\\\/ayuntamiento\\\/areas\\\/juventud\\\/tokl2\\\/#primaryimage\",\"url\":\"https:\\\/\\\/mont-roig.cat\\\/wp-content\\\/uploads\\\/LOGO-TOKL2.jpg\",\"contentUrl\":\"https:\\\/\\\/mont-roig.cat\\\/wp-content\\\/uploads\\\/LOGO-TOKL2.jpg\"},{\"@type\":\"BreadcrumbList\",\"@id\":\"https:\\\/\\\/mont-roig.cat\\\/es\\\/ayuntamiento\\\/areas\\\/juventud\\\/tokl2\\\/#breadcrumb\",\"itemListElement\":[{\"@type\":\"ListItem\",\"position\":1,\"name\":\"Inici\",\"item\":\"https:\\\/\\\/mont-roig.cat\\\/es\\\/pagina-de-inicio\\\/\"},{\"@type\":\"ListItem\",\"position\":2,\"name\":\"Ayuntamiento\",\"item\":\"https:\\\/\\\/mont-roig.cat\\\/es\\\/ayuntamiento\\\/\"},{\"@type\":\"ListItem\",\"position\":3,\"name\":\"\u00c1reas\",\"item\":\"https:\\\/\\\/mont-roig.cat\\\/es\\\/ayuntamiento\\\/areas\\\/\"},{\"@type\":\"ListItem\",\"position\":4,\"name\":\"Juventud\",\"item\":\"https:\\\/\\\/mont-roig.cat\\\/es\\\/ayuntamiento\\\/areas\\\/juventud\\\/\"},{\"@type\":\"ListItem\",\"position\":5,\"name\":\"Tok&#8217;l2\"}]},{\"@type\":\"WebSite\",\"@id\":\"https:\\\/\\\/mont-roig.cat\\\/es\\\/#website\",\"url\":\"https:\\\/\\\/mont-roig.cat\\\/es\\\/\",\"name\":\"Ajuntament de Mont-roig del Camp\",\"description\":\"Tota la informaci\u00f3 sobre la instituci\u00f3, els seus \u00f2rgans de govern, actualitat, serveis i molt m\u00e9s.\",\"potentialAction\":[{\"@type\":\"SearchAction\",\"target\":{\"@type\":\"EntryPoint\",\"urlTemplate\":\"https:\\\/\\\/mont-roig.cat\\\/es\\\/?s={search_term_string}\"},\"query-input\":{\"@type\":\"PropertyValueSpecification\",\"valueRequired\":true,\"valueName\":\"search_term_string\"}}],\"inLanguage\":\"es\"}]}<\/script>\n<!-- \/ Yoast SEO plugin. -->","yoast_head_json":{"title":"Tok'l2 - Ajuntament de Mont-roig del Camp","robots":{"index":"index","follow":"follow","max-snippet":"max-snippet:-1","max-image-preview":"max-image-preview:large","max-video-preview":"max-video-preview:-1"},"canonical":"https:\/\/mont-roig.cat\/es\/ayuntamiento\/areas\/juventud\/tokl2\/","og_locale":"es_ES","og_type":"article","og_title":"Tok'l2 - Ajuntament de Mont-roig del Camp","og_description":"Programa de salidas Tok&#8217;l2 El Tok&#8217;l2 es el programa de actividades organizadas conjuntamente entre los Ayuntamientos de Mont-roig del Camp y Vandell\u00f2s &#8211; l&#8217;Hospitalet de l&#8217;Infant, a trav\u00e9s del cual se realizan salidas, viajes, cursos, etc. fuera del municipio. [vc_separator][vc_column_text] SALIDAS Salidas a museos, teatro, cine, skating, salting, paintball, etc. [\/vc_column_text][vc_separator][vc_column_text] VIAJES Esquiada, Madrid, Granada, [&hellip;]","og_url":"https:\/\/mont-roig.cat\/es\/ayuntamiento\/areas\/juventud\/tokl2\/","og_site_name":"Ajuntament de Mont-roig del Camp","article_modified_time":"2022-08-05T07:04:35+00:00","og_image":[{"url":"https:\/\/mont-roig.cat\/wp-content\/uploads\/Aquopolis-19-500x497.jpg","type":"","width":"","height":""}],"twitter_card":"summary_large_image","twitter_misc":{"Tiempo de lectura":"2 minutos"},"schema":{"@context":"https:\/\/schema.org","@graph":[{"@type":"WebPage","@id":"https:\/\/mont-roig.cat\/es\/ayuntamiento\/areas\/juventud\/tokl2\/","url":"https:\/\/mont-roig.cat\/es\/ayuntamiento\/areas\/juventud\/tokl2\/","name":"Tok'l2 - Ajuntament de Mont-roig del Camp","isPartOf":{"@id":"https:\/\/mont-roig.cat\/es\/#website"},"primaryImageOfPage":{"@id":"https:\/\/mont-roig.cat\/es\/ayuntamiento\/areas\/juventud\/tokl2\/#primaryimage"},"image":{"@id":"https:\/\/mont-roig.cat\/es\/ayuntamiento\/areas\/juventud\/tokl2\/#primaryimage"},"thumbnailUrl":"https:\/\/mont-roig.cat\/wp-content\/uploads\/LOGO-TOKL2.jpg","datePublished":"2015-02-20T12:09:39+00:00","dateModified":"2022-08-05T07:04:35+00:00","breadcrumb":{"@id":"https:\/\/mont-roig.cat\/es\/ayuntamiento\/areas\/juventud\/tokl2\/#breadcrumb"},"inLanguage":"es","potentialAction":[{"@type":"ReadAction","target":["https:\/\/mont-roig.cat\/es\/ayuntamiento\/areas\/juventud\/tokl2\/"]}]},{"@type":"ImageObject","inLanguage":"es","@id":"https:\/\/mont-roig.cat\/es\/ayuntamiento\/areas\/juventud\/tokl2\/#primaryimage","url":"https:\/\/mont-roig.cat\/wp-content\/uploads\/LOGO-TOKL2.jpg","contentUrl":"https:\/\/mont-roig.cat\/wp-content\/uploads\/LOGO-TOKL2.jpg"},{"@type":"BreadcrumbList","@id":"https:\/\/mont-roig.cat\/es\/ayuntamiento\/areas\/juventud\/tokl2\/#breadcrumb","itemListElement":[{"@type":"ListItem","position":1,"name":"Inici","item":"https:\/\/mont-roig.cat\/es\/pagina-de-inicio\/"},{"@type":"ListItem","position":2,"name":"Ayuntamiento","item":"https:\/\/mont-roig.cat\/es\/ayuntamiento\/"},{"@type":"ListItem","position":3,"name":"\u00c1reas","item":"https:\/\/mont-roig.cat\/es\/ayuntamiento\/areas\/"},{"@type":"ListItem","position":4,"name":"Juventud","item":"https:\/\/mont-roig.cat\/es\/ayuntamiento\/areas\/juventud\/"},{"@type":"ListItem","position":5,"name":"Tok&#8217;l2"}]},{"@type":"WebSite","@id":"https:\/\/mont-roig.cat\/es\/#website","url":"https:\/\/mont-roig.cat\/es\/","name":"Ajuntament de Mont-roig del Camp","description":"Tota la informaci\u00f3 sobre la instituci\u00f3, els seus \u00f2rgans de govern, actualitat, serveis i molt m\u00e9s.","potentialAction":[{"@type":"SearchAction","target":{"@type":"EntryPoint","urlTemplate":"https:\/\/mont-roig.cat\/es\/?s={search_term_string}"},"query-input":{"@type":"PropertyValueSpecification","valueRequired":true,"valueName":"search_term_string"}}],"inLanguage":"es"}]}},"_links":{"self":[{"href":"https:\/\/mont-roig.cat\/es\/wp-json\/wp\/v2\/pages\/4314","targetHints":{"allow":["GET"]}}],"collection":[{"href":"https:\/\/mont-roig.cat\/es\/wp-json\/wp\/v2\/pages"}],"about":[{"href":"https:\/\/mont-roig.cat\/es\/wp-json\/wp\/v2\/types\/page"}],"author":[{"embeddable":true,"href":"https:\/\/mont-roig.cat\/es\/wp-json\/wp\/v2\/users\/4"}],"replies":[{"embeddable":true,"href":"https:\/\/mont-roig.cat\/es\/wp-json\/wp\/v2\/comments?post=4314"}],"version-history":[{"count":15,"href":"https:\/\/mont-roig.cat\/es\/wp-json\/wp\/v2\/pages\/4314\/revisions"}],"predecessor-version":[{"id":64571,"href":"https:\/\/mont-roig.cat\/es\/wp-json\/wp\/v2\/pages\/4314\/revisions\/64571"}],"up":[{"embeddable":true,"href":"https:\/\/mont-roig.cat\/es\/wp-json\/wp\/v2\/pages\/4311"}],"wp:attachment":[{"href":"https:\/\/mont-roig.cat\/es\/wp-json\/wp\/v2\/media?parent=4314"}],"curies":[{"name":"wp","href":"https:\/\/api.w.org\/{rel}","templated":true}]}}