{"id":4324,"date":"2015-02-17T10:24:37","date_gmt":"2015-02-17T10:24:37","guid":{"rendered":""},"modified":"2025-05-20T12:55:34","modified_gmt":"2025-05-20T10:55:34","slug":"programa-incorpora","status":"publish","type":"page","link":"https:\/\/mont-roig.cat\/es\/ayuntamiento\/areas\/impulso-economico-y-ocupacion\/programa-incorpora\/","title":{"rendered":"Programa Incorpora"},"content":{"rendered":"<p>La Concejal\u00eda de Impulso Econ\u00f3mico y Empleo del Ayuntamiento de Mont-roig del Camp y el Taller Baix Camp ofrecen el servicio gratuito de intermediaci\u00f3n laboral de personas en situaci\u00f3n de riesgo de exclusi\u00f3n social enmarcado dentro del Programa INCORPORA de la Fundaci\u00f3 La Caixa.<\/p>\n<p>El Taller Baix Camp es una entidad sin \u00e1nimo de lucro cuya misi\u00f3n es mejorar la calidad de vida de las personas con discapacidad intelectual. En el \u00e1mbito de la inserci\u00f3n laboral, la entidad forma parte del Programa Incorpora de la Fundaci\u00f3 La Caixa, un servicio que hace de nexo entre las personas que est\u00e1n en b\u00fasqueda de empleo y las empresas que buscan trabajadores\/as. El colectivo prioritario son las personas con discapacidad, ampliando la intermediaci\u00f3n laboral hacia otros colectivos con riesgo de exclusi\u00f3n social.<\/p>\n<ul>\n<li><strong>Servicios para las personas:<\/strong><\/li>\n<\/ul>\n<p>-Servicio gratuito de intermediaci\u00f3n laboral de personas en situaci\u00f3n de riesgo de exclusi\u00f3n social<\/p>\n<ul>\n<li><strong>Servicios para las empresas:<\/strong><\/li>\n<\/ul>\n<p>-Informaci\u00f3n sobre el cumplimiento de la legislaci\u00f3n vigente<br \/>\n-Preselecci\u00f3n de personal<br \/>\n-Asesoramiento<br \/>\n-Acompa\u00f1amiento durante todo el proceso, entre otros<\/p>\n<p>&nbsp;<\/p>\n<p><a href=\"https:\/\/mont-roig.cat\/wp-content\/uploads\/TallerBCconstrium_Positiu_Color.jpg\"><img loading=\"lazy\" decoding=\"async\" class=\"alignnone wp-image-62329\" src=\"https:\/\/mont-roig.cat\/wp-content\/uploads\/TallerBCconstrium_Positiu_Color-500x276.jpg\" alt=\"\" width=\"252\" height=\"139\" srcset=\"https:\/\/mont-roig.cat\/wp-content\/uploads\/TallerBCconstrium_Positiu_Color-500x276.jpg 500w, https:\/\/mont-roig.cat\/wp-content\/uploads\/TallerBCconstrium_Positiu_Color-768x425.jpg 768w, https:\/\/mont-roig.cat\/wp-content\/uploads\/TallerBCconstrium_Positiu_Color.jpg 1024w\" sizes=\"auto, (max-width: 252px) 100vw, 252px\" \/><\/a><a href=\"https:\/\/mont-roig.cat\/wp-content\/uploads\/FLC-Cat-Color-Pos.jpg\"><img loading=\"lazy\" decoding=\"async\" class=\"alignnone wp-image-62325\" src=\"https:\/\/mont-roig.cat\/wp-content\/uploads\/FLC-Cat-Color-Pos-500x333.jpg\" alt=\"\" width=\"197\" height=\"131\" srcset=\"https:\/\/mont-roig.cat\/wp-content\/uploads\/FLC-Cat-Color-Pos-500x333.jpg 500w, https:\/\/mont-roig.cat\/wp-content\/uploads\/FLC-Cat-Color-Pos.jpg 709w\" sizes=\"auto, (max-width: 197px) 100vw, 197px\" \/><\/a><a href=\"https:\/\/mont-roig.cat\/wp-content\/uploads\/flc-incorpora-logo-01.png\"><img loading=\"lazy\" decoding=\"async\" class=\"alignnone wp-image-62327\" src=\"https:\/\/mont-roig.cat\/wp-content\/uploads\/flc-incorpora-logo-01-500x143.png\" alt=\"\" width=\"283\" height=\"81\" srcset=\"https:\/\/mont-roig.cat\/wp-content\/uploads\/flc-incorpora-logo-01-500x143.png 500w, https:\/\/mont-roig.cat\/wp-content\/uploads\/flc-incorpora-logo-01-1024x293.png 1024w, https:\/\/mont-roig.cat\/wp-content\/uploads\/flc-incorpora-logo-01-768x219.png 768w, https:\/\/mont-roig.cat\/wp-content\/uploads\/flc-incorpora-logo-01-1536x439.png 1536w, https:\/\/mont-roig.cat\/wp-content\/uploads\/flc-incorpora-logo-01-2048x585.png 2048w\" sizes=\"auto, (max-width: 283px) 100vw, 283px\" \/><\/a><\/p>\n<p><iframe loading=\"lazy\" title=\"Explicaci\u00f3 en versi\u00f3 Motion Graphics | IncorporaFundlaCaixa\" width=\"900\" height=\"506\" src=\"https:\/\/www.youtube.com\/embed\/zJ5xpE6mbfY?feature=oembed\" frameborder=\"0\" allow=\"accelerometer; autoplay; clipboard-write; encrypted-media; gyroscope; picture-in-picture; web-share\" referrerpolicy=\"strict-origin-when-cross-origin\" allowfullscreen><\/iframe><\/p>\n<p><strong>M\u00e1s informaci\u00f3n:<\/strong><\/p>\n<p>\u00c1REA DE IMPULSO ECON\u00d3MICO Y EMPLEO \u2013 Ayuntamiento de Mont-roig del Camp<br \/>\nECOESPAI<br \/>\nPlaza de Gerona, s\/n<br \/>\n43892 Miami Playa<br \/>\nTel 977 17 25 27 \u2013 promocio@mont-roig.cat<br \/>\nHorario de atenci\u00f3n: De lunes a viernes, de 9 a 14 h<\/p>\n","protected":false},"excerpt":{"rendered":"<p>La Concejal\u00eda de Impulso Econ\u00f3mico y Empleo del Ayuntamiento de Mont-roig del Camp y el Taller Baix Camp ofrecen el servicio gratuito de intermediaci\u00f3n laboral de personas en situaci\u00f3n de riesgo de exclusi\u00f3n social enmarcado dentro del Programa INCORPORA de la Fundaci\u00f3 La Caixa. El Taller Baix Camp es una entidad sin \u00e1nimo de lucro [&hellip;]<\/p>\n","protected":false},"author":4,"featured_media":0,"parent":4320,"menu_order":0,"comment_status":"closed","ping_status":"closed","template":"","meta":{"inline_featured_image":false,"_monsterinsights_skip_tracking":false,"_monsterinsights_sitenote_active":false,"_monsterinsights_sitenote_note":"","_monsterinsights_sitenote_category":0,"footnotes":""},"class_list":["post-4324","page","type-page","status-publish","hentry"],"yoast_head":"<!-- This site is optimized with the Yoast SEO plugin v27.4 - https:\/\/yoast.com\/product\/yoast-seo-wordpress\/ -->\n<title>Programa Incorpora - Ajuntament de Mont-roig del Camp<\/title>\n<meta name=\"robots\" content=\"index, follow, max-snippet:-1, max-image-preview:large, max-video-preview:-1\" \/>\n<link rel=\"canonical\" href=\"https:\/\/mont-roig.cat\/es\/ayuntamiento\/areas\/impulso-economico-y-ocupacion\/programa-incorpora\/\" \/>\n<meta property=\"og:locale\" content=\"es_ES\" \/>\n<meta property=\"og:type\" content=\"article\" \/>\n<meta property=\"og:title\" content=\"Programa Incorpora - Ajuntament de Mont-roig del Camp\" \/>\n<meta property=\"og:description\" content=\"La Concejal\u00eda de Impulso Econ\u00f3mico y Empleo del Ayuntamiento de Mont-roig del Camp y el Taller Baix Camp ofrecen el servicio gratuito de intermediaci\u00f3n laboral de personas en situaci\u00f3n de riesgo de exclusi\u00f3n social enmarcado dentro del Programa INCORPORA de la Fundaci\u00f3 La Caixa. El Taller Baix Camp es una entidad sin \u00e1nimo de lucro [&hellip;]\" \/>\n<meta property=\"og:url\" content=\"https:\/\/mont-roig.cat\/es\/ayuntamiento\/areas\/impulso-economico-y-ocupacion\/programa-incorpora\/\" \/>\n<meta property=\"og:site_name\" content=\"Ajuntament de Mont-roig del Camp\" \/>\n<meta property=\"article:modified_time\" content=\"2025-05-20T10:55:34+00:00\" \/>\n<meta property=\"og:image\" content=\"https:\/\/mont-roig.cat\/wp-content\/uploads\/TallerBCconstrium_Positiu_Color.jpg\" \/>\n\t<meta property=\"og:image:width\" content=\"1024\" \/>\n\t<meta property=\"og:image:height\" content=\"566\" \/>\n\t<meta property=\"og:image:type\" content=\"image\/jpeg\" \/>\n<meta name=\"twitter:card\" content=\"summary_large_image\" \/>\n<meta name=\"twitter:label1\" content=\"Tiempo de lectura\" \/>\n\t<meta name=\"twitter:data1\" content=\"2 minutos\" \/>\n<script type=\"application\/ld+json\" class=\"yoast-schema-graph\">{\"@context\":\"https:\\\/\\\/schema.org\",\"@graph\":[{\"@type\":\"WebPage\",\"@id\":\"https:\\\/\\\/mont-roig.cat\\\/es\\\/ayuntamiento\\\/areas\\\/impulso-economico-y-ocupacion\\\/programa-incorpora\\\/\",\"url\":\"https:\\\/\\\/mont-roig.cat\\\/es\\\/ayuntamiento\\\/areas\\\/impulso-economico-y-ocupacion\\\/programa-incorpora\\\/\",\"name\":\"Programa Incorpora - Ajuntament de Mont-roig del Camp\",\"isPartOf\":{\"@id\":\"https:\\\/\\\/mont-roig.cat\\\/es\\\/#website\"},\"primaryImageOfPage\":{\"@id\":\"https:\\\/\\\/mont-roig.cat\\\/es\\\/ayuntamiento\\\/areas\\\/impulso-economico-y-ocupacion\\\/programa-incorpora\\\/#primaryimage\"},\"image\":{\"@id\":\"https:\\\/\\\/mont-roig.cat\\\/es\\\/ayuntamiento\\\/areas\\\/impulso-economico-y-ocupacion\\\/programa-incorpora\\\/#primaryimage\"},\"thumbnailUrl\":\"https:\\\/\\\/mont-roig.cat\\\/wp-content\\\/uploads\\\/TallerBCconstrium_Positiu_Color-500x276.jpg\",\"datePublished\":\"2015-02-17T10:24:37+00:00\",\"dateModified\":\"2025-05-20T10:55:34+00:00\",\"breadcrumb\":{\"@id\":\"https:\\\/\\\/mont-roig.cat\\\/es\\\/ayuntamiento\\\/areas\\\/impulso-economico-y-ocupacion\\\/programa-incorpora\\\/#breadcrumb\"},\"inLanguage\":\"es\",\"potentialAction\":[{\"@type\":\"ReadAction\",\"target\":[\"https:\\\/\\\/mont-roig.cat\\\/es\\\/ayuntamiento\\\/areas\\\/impulso-economico-y-ocupacion\\\/programa-incorpora\\\/\"]}]},{\"@type\":\"ImageObject\",\"inLanguage\":\"es\",\"@id\":\"https:\\\/\\\/mont-roig.cat\\\/es\\\/ayuntamiento\\\/areas\\\/impulso-economico-y-ocupacion\\\/programa-incorpora\\\/#primaryimage\",\"url\":\"https:\\\/\\\/mont-roig.cat\\\/wp-content\\\/uploads\\\/TallerBCconstrium_Positiu_Color-500x276.jpg\",\"contentUrl\":\"https:\\\/\\\/mont-roig.cat\\\/wp-content\\\/uploads\\\/TallerBCconstrium_Positiu_Color-500x276.jpg\"},{\"@type\":\"BreadcrumbList\",\"@id\":\"https:\\\/\\\/mont-roig.cat\\\/es\\\/ayuntamiento\\\/areas\\\/impulso-economico-y-ocupacion\\\/programa-incorpora\\\/#breadcrumb\",\"itemListElement\":[{\"@type\":\"ListItem\",\"position\":1,\"name\":\"Inici\",\"item\":\"https:\\\/\\\/mont-roig.cat\\\/es\\\/pagina-de-inicio\\\/\"},{\"@type\":\"ListItem\",\"position\":2,\"name\":\"Ayuntamiento\",\"item\":\"https:\\\/\\\/mont-roig.cat\\\/es\\\/ayuntamiento\\\/\"},{\"@type\":\"ListItem\",\"position\":3,\"name\":\"\u00c1reas\",\"item\":\"https:\\\/\\\/mont-roig.cat\\\/es\\\/ayuntamiento\\\/areas\\\/\"},{\"@type\":\"ListItem\",\"position\":4,\"name\":\"Impulso Econ\u00f3mico y Ocupaci\u00f3n\",\"item\":\"https:\\\/\\\/mont-roig.cat\\\/es\\\/ayuntamiento\\\/areas\\\/impulso-economico-y-ocupacion\\\/\"},{\"@type\":\"ListItem\",\"position\":5,\"name\":\"Programa Incorpora\"}]},{\"@type\":\"WebSite\",\"@id\":\"https:\\\/\\\/mont-roig.cat\\\/es\\\/#website\",\"url\":\"https:\\\/\\\/mont-roig.cat\\\/es\\\/\",\"name\":\"Ajuntament de Mont-roig del Camp\",\"description\":\"Tota la informaci\u00f3 sobre la instituci\u00f3, els seus \u00f2rgans de govern, actualitat, serveis i molt m\u00e9s.\",\"potentialAction\":[{\"@type\":\"SearchAction\",\"target\":{\"@type\":\"EntryPoint\",\"urlTemplate\":\"https:\\\/\\\/mont-roig.cat\\\/es\\\/?s={search_term_string}\"},\"query-input\":{\"@type\":\"PropertyValueSpecification\",\"valueRequired\":true,\"valueName\":\"search_term_string\"}}],\"inLanguage\":\"es\"}]}<\/script>\n<!-- \/ Yoast SEO plugin. -->","yoast_head_json":{"title":"Programa Incorpora - Ajuntament de Mont-roig del Camp","robots":{"index":"index","follow":"follow","max-snippet":"max-snippet:-1","max-image-preview":"max-image-preview:large","max-video-preview":"max-video-preview:-1"},"canonical":"https:\/\/mont-roig.cat\/es\/ayuntamiento\/areas\/impulso-economico-y-ocupacion\/programa-incorpora\/","og_locale":"es_ES","og_type":"article","og_title":"Programa Incorpora - Ajuntament de Mont-roig del Camp","og_description":"La Concejal\u00eda de Impulso Econ\u00f3mico y Empleo del Ayuntamiento de Mont-roig del Camp y el Taller Baix Camp ofrecen el servicio gratuito de intermediaci\u00f3n laboral de personas en situaci\u00f3n de riesgo de exclusi\u00f3n social enmarcado dentro del Programa INCORPORA de la Fundaci\u00f3 La Caixa. El Taller Baix Camp es una entidad sin \u00e1nimo de lucro [&hellip;]","og_url":"https:\/\/mont-roig.cat\/es\/ayuntamiento\/areas\/impulso-economico-y-ocupacion\/programa-incorpora\/","og_site_name":"Ajuntament de Mont-roig del Camp","article_modified_time":"2025-05-20T10:55:34+00:00","og_image":[{"width":1024,"height":566,"url":"https:\/\/mont-roig.cat\/wp-content\/uploads\/TallerBCconstrium_Positiu_Color.jpg","type":"image\/jpeg"}],"twitter_card":"summary_large_image","twitter_misc":{"Tiempo de lectura":"2 minutos"},"schema":{"@context":"https:\/\/schema.org","@graph":[{"@type":"WebPage","@id":"https:\/\/mont-roig.cat\/es\/ayuntamiento\/areas\/impulso-economico-y-ocupacion\/programa-incorpora\/","url":"https:\/\/mont-roig.cat\/es\/ayuntamiento\/areas\/impulso-economico-y-ocupacion\/programa-incorpora\/","name":"Programa Incorpora - Ajuntament de Mont-roig del Camp","isPartOf":{"@id":"https:\/\/mont-roig.cat\/es\/#website"},"primaryImageOfPage":{"@id":"https:\/\/mont-roig.cat\/es\/ayuntamiento\/areas\/impulso-economico-y-ocupacion\/programa-incorpora\/#primaryimage"},"image":{"@id":"https:\/\/mont-roig.cat\/es\/ayuntamiento\/areas\/impulso-economico-y-ocupacion\/programa-incorpora\/#primaryimage"},"thumbnailUrl":"https:\/\/mont-roig.cat\/wp-content\/uploads\/TallerBCconstrium_Positiu_Color-500x276.jpg","datePublished":"2015-02-17T10:24:37+00:00","dateModified":"2025-05-20T10:55:34+00:00","breadcrumb":{"@id":"https:\/\/mont-roig.cat\/es\/ayuntamiento\/areas\/impulso-economico-y-ocupacion\/programa-incorpora\/#breadcrumb"},"inLanguage":"es","potentialAction":[{"@type":"ReadAction","target":["https:\/\/mont-roig.cat\/es\/ayuntamiento\/areas\/impulso-economico-y-ocupacion\/programa-incorpora\/"]}]},{"@type":"ImageObject","inLanguage":"es","@id":"https:\/\/mont-roig.cat\/es\/ayuntamiento\/areas\/impulso-economico-y-ocupacion\/programa-incorpora\/#primaryimage","url":"https:\/\/mont-roig.cat\/wp-content\/uploads\/TallerBCconstrium_Positiu_Color-500x276.jpg","contentUrl":"https:\/\/mont-roig.cat\/wp-content\/uploads\/TallerBCconstrium_Positiu_Color-500x276.jpg"},{"@type":"BreadcrumbList","@id":"https:\/\/mont-roig.cat\/es\/ayuntamiento\/areas\/impulso-economico-y-ocupacion\/programa-incorpora\/#breadcrumb","itemListElement":[{"@type":"ListItem","position":1,"name":"Inici","item":"https:\/\/mont-roig.cat\/es\/pagina-de-inicio\/"},{"@type":"ListItem","position":2,"name":"Ayuntamiento","item":"https:\/\/mont-roig.cat\/es\/ayuntamiento\/"},{"@type":"ListItem","position":3,"name":"\u00c1reas","item":"https:\/\/mont-roig.cat\/es\/ayuntamiento\/areas\/"},{"@type":"ListItem","position":4,"name":"Impulso Econ\u00f3mico y Ocupaci\u00f3n","item":"https:\/\/mont-roig.cat\/es\/ayuntamiento\/areas\/impulso-economico-y-ocupacion\/"},{"@type":"ListItem","position":5,"name":"Programa Incorpora"}]},{"@type":"WebSite","@id":"https:\/\/mont-roig.cat\/es\/#website","url":"https:\/\/mont-roig.cat\/es\/","name":"Ajuntament de Mont-roig del Camp","description":"Tota la informaci\u00f3 sobre la instituci\u00f3, els seus \u00f2rgans de govern, actualitat, serveis i molt m\u00e9s.","potentialAction":[{"@type":"SearchAction","target":{"@type":"EntryPoint","urlTemplate":"https:\/\/mont-roig.cat\/es\/?s={search_term_string}"},"query-input":{"@type":"PropertyValueSpecification","valueRequired":true,"valueName":"search_term_string"}}],"inLanguage":"es"}]}},"_links":{"self":[{"href":"https:\/\/mont-roig.cat\/es\/wp-json\/wp\/v2\/pages\/4324","targetHints":{"allow":["GET"]}}],"collection":[{"href":"https:\/\/mont-roig.cat\/es\/wp-json\/wp\/v2\/pages"}],"about":[{"href":"https:\/\/mont-roig.cat\/es\/wp-json\/wp\/v2\/types\/page"}],"author":[{"embeddable":true,"href":"https:\/\/mont-roig.cat\/es\/wp-json\/wp\/v2\/users\/4"}],"replies":[{"embeddable":true,"href":"https:\/\/mont-roig.cat\/es\/wp-json\/wp\/v2\/comments?post=4324"}],"version-history":[{"count":4,"href":"https:\/\/mont-roig.cat\/es\/wp-json\/wp\/v2\/pages\/4324\/revisions"}],"predecessor-version":[{"id":83218,"href":"https:\/\/mont-roig.cat\/es\/wp-json\/wp\/v2\/pages\/4324\/revisions\/83218"}],"up":[{"embeddable":true,"href":"https:\/\/mont-roig.cat\/es\/wp-json\/wp\/v2\/pages\/4320"}],"wp:attachment":[{"href":"https:\/\/mont-roig.cat\/es\/wp-json\/wp\/v2\/media?parent=4324"}],"curies":[{"name":"wp","href":"https:\/\/api.w.org\/{rel}","templated":true}]}}