{"id":4345,"date":"2015-03-18T08:40:53","date_gmt":"2015-03-18T08:40:53","guid":{"rendered":""},"modified":"2026-03-17T09:17:54","modified_gmt":"2026-03-17T08:17:54","slug":"volumenes","status":"publish","type":"page","link":"https:\/\/mont-roig.cat\/es\/ayuntamiento\/areas\/urbanismo-y-territorio\/ordenacion-urbanistica-del-municipio\/documentos-vigentes\/poum\/volumenes\/","title":{"rendered":"Vol\u00famenes"},"content":{"rendered":"<div class=\"wpb-content-wrapper\">[vc_row][vc_column][vc_column_text css=&#8221;&#8221;]\n<div class=\"body\">\n<p>El presente plan de ordenaci\u00f3n urban\u00edstica municipal est\u00e1 integrado por los siguientes documentos:<\/p>\n<ul class=\"llista\">\n<li><a href=\"https:\/\/mont-roig.cat\/wp-content\/uploads\/01-VOLUM-I-Diagnosi-urbanistica-primera-part.pdf\" target=\"_blank\" rel=\"noopener\" data-wpel-link=\"internal\">Volum I. Diagnosi urban\u00edstica. Primera part: An\u00e0lisi del planejament.<\/a><\/li>\n<li><a href=\"http:\/\/mont-roig.cat\/wp-content\/uploads\/II.pdf\" target=\"_blank\" rel=\"noopener\">Volum II. Diagnosi urban\u00edstica. Segona part: Altres reflexions sectorials i criteris generals <\/a><\/li>\n<li><a href=\"http:\/\/mont-roig.cat\/wp-content\/uploads\/III.pdf\" target=\"_blank\" rel=\"noopener\">Volum III. Annex informatiu: Els equipaments. La Carta Arqueol\u00f2gica i les fitxes de l&#8217;inventari Arquitect\u00f2nic del Departament de Cultura de la Generalitat de Catalunya. <\/a><\/li>\n<li><a href=\"http:\/\/mont-roig.cat\/wp-content\/uploads\/IV.pdf\" target=\"_blank\" rel=\"noopener\">Volum IV. Mem\u00f2ria descriptiva i justificativa. <\/a><\/li>\n<li><a href=\"http:\/\/mont-roig.cat\/wp-content\/uploads\/V.pdf\" target=\"_blank\" rel=\"noopener\">Volum V. Mem\u00f2ria social.<\/a><\/li>\n<li><a href=\"http:\/\/mont-roig.cat\/wp-content\/uploads\/VI.pdf\" target=\"_blank\" rel=\"noopener\">Volum VI. Agenda i avaluaci\u00f3 econ\u00f2mica i financera de les actuacions a desenvolupar. <\/a><\/li>\n<li><a href=\"http:\/\/mont-roig.cat\/wp-content\/uploads\/VII.pdf\" target=\"_blank\" rel=\"noopener\">Volum VII. Normativa urban\u00edstica i ordenances d&#8217;edificaci\u00f3. <\/a><\/li>\n<li><a href=\"http:\/\/mont-roig.cat\/wp-content\/uploads\/VIII.pdf\" target=\"_blank\" rel=\"noopener\">Volum VIII. Annex normatiu l. Instruments de planejament.<\/a><\/li>\n<li><a href=\"http:\/\/mont-roig.cat\/wp-content\/uploads\/IX.pdf\" target=\"_blank\" rel=\"noopener\">Volum IX. Cat\u00e0leg de b\u00e9ns protegits i de masies en s\u00f2l no urbanitzable. <\/a><\/li>\n<li><a href=\"http:\/\/mont-roig.cat\/\/serveis\/urbanisme\/poum\/volum-x\">Volum X. Convenis urban\u00edstics relacionats amb el nou pla d&#8217;ordenaci\u00f3 urban\u00edstica municipal.<\/a><\/li>\n<li><a href=\"http:\/\/mont-roig.cat\/wp-content\/uploads\/XI.pdf\" target=\"_blank\" rel=\"noopener\">Volum XI. Annex justificatiu de les zones inundables contig\u00fces a les rieres afectes a s\u00f2l urb\u00e0 o urbanitzable. <\/a><\/li>\n<li><a href=\"http:\/\/mont-roig.cat\/wp-content\/uploads\/XII.pdf\" target=\"_blank\" rel=\"noopener\">Volum XII. Informe de les al\u00b7legacions. <\/a><\/li>\n<\/ul>\n<p>DOCUMENTACI\u00d3N COMPLEMENTARIA<\/p>\n<ul class=\"llista\">\n<li><a href=\"http:\/\/mont-roig.cat\/wp-content\/uploads\/informe.pdf\" target=\"_blank\" rel=\"noopener\">1. Informe mediambiental<\/a><\/li>\n<\/ul>\n<\/div>\n[\/vc_column_text][\/vc_column][\/vc_row]\n<\/div>","protected":false},"excerpt":{"rendered":"<p>[vc_row][vc_column][vc_column_text css=&#8221;&#8221;] El presente plan de ordenaci\u00f3n urban\u00edstica municipal est\u00e1 integrado por los siguientes documentos: Volum I. Diagnosi urban\u00edstica. Primera part: An\u00e0lisi del planejament. Volum II. Diagnosi urban\u00edstica. Segona part: Altres reflexions sectorials i criteris generals Volum III. Annex informatiu: Els equipaments. La Carta Arqueol\u00f2gica i les fitxes de l&#8217;inventari Arquitect\u00f2nic del Departament de Cultura [&hellip;]<\/p>\n","protected":false},"author":4,"featured_media":0,"parent":7607,"menu_order":0,"comment_status":"closed","ping_status":"closed","template":"","meta":{"inline_featured_image":false,"_monsterinsights_skip_tracking":false,"_monsterinsights_sitenote_active":false,"_monsterinsights_sitenote_note":"","_monsterinsights_sitenote_category":0,"footnotes":""},"class_list":["post-4345","page","type-page","status-publish","hentry"],"yoast_head":"<!-- This site is optimized with the Yoast SEO plugin v27.4 - https:\/\/yoast.com\/product\/yoast-seo-wordpress\/ -->\n<title>Vol\u00famenes - Ajuntament de Mont-roig del Camp<\/title>\n<meta name=\"robots\" content=\"index, follow, max-snippet:-1, max-image-preview:large, max-video-preview:-1\" \/>\n<link rel=\"canonical\" href=\"https:\/\/mont-roig.cat\/es\/ayuntamiento\/areas\/urbanismo-y-territorio\/ordenacion-urbanistica-del-municipio\/documentos-vigentes\/poum\/volumenes\/\" \/>\n<meta property=\"og:locale\" content=\"es_ES\" \/>\n<meta property=\"og:type\" content=\"article\" \/>\n<meta property=\"og:title\" content=\"Vol\u00famenes - Ajuntament de Mont-roig del Camp\" \/>\n<meta property=\"og:description\" content=\"[vc_row][vc_column][vc_column_text css=&#8221;&#8221;] El presente plan de ordenaci\u00f3n urban\u00edstica municipal est\u00e1 integrado por los siguientes documentos: Volum I. Diagnosi urban\u00edstica. Primera part: An\u00e0lisi del planejament. Volum II. Diagnosi urban\u00edstica. Segona part: Altres reflexions sectorials i criteris generals Volum III. Annex informatiu: Els equipaments. La Carta Arqueol\u00f2gica i les fitxes de l&#8217;inventari Arquitect\u00f2nic del Departament de Cultura [&hellip;]\" \/>\n<meta property=\"og:url\" content=\"https:\/\/mont-roig.cat\/es\/ayuntamiento\/areas\/urbanismo-y-territorio\/ordenacion-urbanistica-del-municipio\/documentos-vigentes\/poum\/volumenes\/\" \/>\n<meta property=\"og:site_name\" content=\"Ajuntament de Mont-roig del Camp\" \/>\n<meta property=\"article:modified_time\" content=\"2026-03-17T08:17:54+00:00\" \/>\n<meta property=\"og:image\" content=\"https:\/\/mont-roig.cat\/wp-content\/uploads\/aj-mont-roig-2.jpg\" \/>\n\t<meta property=\"og:image:width\" content=\"1200\" \/>\n\t<meta property=\"og:image:height\" content=\"600\" \/>\n\t<meta property=\"og:image:type\" content=\"image\/jpeg\" \/>\n<meta name=\"twitter:card\" content=\"summary_large_image\" \/>\n<meta name=\"twitter:label1\" content=\"Tiempo de lectura\" \/>\n\t<meta name=\"twitter:data1\" content=\"1 minuto\" \/>\n<script type=\"application\/ld+json\" class=\"yoast-schema-graph\">{\"@context\":\"https:\\\/\\\/schema.org\",\"@graph\":[{\"@type\":\"WebPage\",\"@id\":\"https:\\\/\\\/mont-roig.cat\\\/es\\\/ayuntamiento\\\/areas\\\/urbanismo-y-territorio\\\/ordenacion-urbanistica-del-municipio\\\/documentos-vigentes\\\/poum\\\/volumenes\\\/\",\"url\":\"https:\\\/\\\/mont-roig.cat\\\/es\\\/ayuntamiento\\\/areas\\\/urbanismo-y-territorio\\\/ordenacion-urbanistica-del-municipio\\\/documentos-vigentes\\\/poum\\\/volumenes\\\/\",\"name\":\"Vol\u00famenes - Ajuntament de Mont-roig del Camp\",\"isPartOf\":{\"@id\":\"https:\\\/\\\/mont-roig.cat\\\/es\\\/#website\"},\"datePublished\":\"2015-03-18T08:40:53+00:00\",\"dateModified\":\"2026-03-17T08:17:54+00:00\",\"breadcrumb\":{\"@id\":\"https:\\\/\\\/mont-roig.cat\\\/es\\\/ayuntamiento\\\/areas\\\/urbanismo-y-territorio\\\/ordenacion-urbanistica-del-municipio\\\/documentos-vigentes\\\/poum\\\/volumenes\\\/#breadcrumb\"},\"inLanguage\":\"es\",\"potentialAction\":[{\"@type\":\"ReadAction\",\"target\":[\"https:\\\/\\\/mont-roig.cat\\\/es\\\/ayuntamiento\\\/areas\\\/urbanismo-y-territorio\\\/ordenacion-urbanistica-del-municipio\\\/documentos-vigentes\\\/poum\\\/volumenes\\\/\"]}]},{\"@type\":\"BreadcrumbList\",\"@id\":\"https:\\\/\\\/mont-roig.cat\\\/es\\\/ayuntamiento\\\/areas\\\/urbanismo-y-territorio\\\/ordenacion-urbanistica-del-municipio\\\/documentos-vigentes\\\/poum\\\/volumenes\\\/#breadcrumb\",\"itemListElement\":[{\"@type\":\"ListItem\",\"position\":1,\"name\":\"Inici\",\"item\":\"https:\\\/\\\/mont-roig.cat\\\/es\\\/pagina-de-inicio\\\/\"},{\"@type\":\"ListItem\",\"position\":2,\"name\":\"Ayuntamiento\",\"item\":\"https:\\\/\\\/mont-roig.cat\\\/es\\\/ayuntamiento\\\/\"},{\"@type\":\"ListItem\",\"position\":3,\"name\":\"\u00c1reas\",\"item\":\"https:\\\/\\\/mont-roig.cat\\\/es\\\/ayuntamiento\\\/areas\\\/\"},{\"@type\":\"ListItem\",\"position\":4,\"name\":\"Urbanismo y territorio\",\"item\":\"https:\\\/\\\/mont-roig.cat\\\/es\\\/ayuntamiento\\\/areas\\\/urbanismo-y-territorio\\\/\"},{\"@type\":\"ListItem\",\"position\":5,\"name\":\"Ordenaci\u00f3n urban\u00edstica del municipio\",\"item\":\"https:\\\/\\\/mont-roig.cat\\\/es\\\/ayuntamiento\\\/areas\\\/urbanismo-y-territorio\\\/ordenacion-urbanistica-del-municipio\\\/\"},{\"@type\":\"ListItem\",\"position\":6,\"name\":\"Documentos vigentes\",\"item\":\"https:\\\/\\\/mont-roig.cat\\\/es\\\/ayuntamiento\\\/areas\\\/urbanismo-y-territorio\\\/ordenacion-urbanistica-del-municipio\\\/documentos-vigentes\\\/\"},{\"@type\":\"ListItem\",\"position\":7,\"name\":\"POUM\",\"item\":\"https:\\\/\\\/mont-roig.cat\\\/es\\\/ayuntamiento\\\/areas\\\/urbanismo-y-territorio\\\/ordenacion-urbanistica-del-municipio\\\/documentos-vigentes\\\/poum\\\/\"},{\"@type\":\"ListItem\",\"position\":8,\"name\":\"Vol\u00famenes\"}]},{\"@type\":\"WebSite\",\"@id\":\"https:\\\/\\\/mont-roig.cat\\\/es\\\/#website\",\"url\":\"https:\\\/\\\/mont-roig.cat\\\/es\\\/\",\"name\":\"Ajuntament de Mont-roig del Camp\",\"description\":\"Tota la informaci\u00f3 sobre la instituci\u00f3, els seus \u00f2rgans de govern, actualitat, serveis i molt m\u00e9s.\",\"potentialAction\":[{\"@type\":\"SearchAction\",\"target\":{\"@type\":\"EntryPoint\",\"urlTemplate\":\"https:\\\/\\\/mont-roig.cat\\\/es\\\/?s={search_term_string}\"},\"query-input\":{\"@type\":\"PropertyValueSpecification\",\"valueRequired\":true,\"valueName\":\"search_term_string\"}}],\"inLanguage\":\"es\"}]}<\/script>\n<!-- \/ Yoast SEO plugin. -->","yoast_head_json":{"title":"Vol\u00famenes - Ajuntament de Mont-roig del Camp","robots":{"index":"index","follow":"follow","max-snippet":"max-snippet:-1","max-image-preview":"max-image-preview:large","max-video-preview":"max-video-preview:-1"},"canonical":"https:\/\/mont-roig.cat\/es\/ayuntamiento\/areas\/urbanismo-y-territorio\/ordenacion-urbanistica-del-municipio\/documentos-vigentes\/poum\/volumenes\/","og_locale":"es_ES","og_type":"article","og_title":"Vol\u00famenes - Ajuntament de Mont-roig del Camp","og_description":"[vc_row][vc_column][vc_column_text css=&#8221;&#8221;] El presente plan de ordenaci\u00f3n urban\u00edstica municipal est\u00e1 integrado por los siguientes documentos: Volum I. Diagnosi urban\u00edstica. Primera part: An\u00e0lisi del planejament. Volum II. Diagnosi urban\u00edstica. Segona part: Altres reflexions sectorials i criteris generals Volum III. Annex informatiu: Els equipaments. La Carta Arqueol\u00f2gica i les fitxes de l&#8217;inventari Arquitect\u00f2nic del Departament de Cultura [&hellip;]","og_url":"https:\/\/mont-roig.cat\/es\/ayuntamiento\/areas\/urbanismo-y-territorio\/ordenacion-urbanistica-del-municipio\/documentos-vigentes\/poum\/volumenes\/","og_site_name":"Ajuntament de Mont-roig del Camp","article_modified_time":"2026-03-17T08:17:54+00:00","og_image":[{"width":1200,"height":600,"url":"https:\/\/mont-roig.cat\/wp-content\/uploads\/aj-mont-roig-2.jpg","type":"image\/jpeg"}],"twitter_card":"summary_large_image","twitter_misc":{"Tiempo de lectura":"1 minuto"},"schema":{"@context":"https:\/\/schema.org","@graph":[{"@type":"WebPage","@id":"https:\/\/mont-roig.cat\/es\/ayuntamiento\/areas\/urbanismo-y-territorio\/ordenacion-urbanistica-del-municipio\/documentos-vigentes\/poum\/volumenes\/","url":"https:\/\/mont-roig.cat\/es\/ayuntamiento\/areas\/urbanismo-y-territorio\/ordenacion-urbanistica-del-municipio\/documentos-vigentes\/poum\/volumenes\/","name":"Vol\u00famenes - Ajuntament de Mont-roig del Camp","isPartOf":{"@id":"https:\/\/mont-roig.cat\/es\/#website"},"datePublished":"2015-03-18T08:40:53+00:00","dateModified":"2026-03-17T08:17:54+00:00","breadcrumb":{"@id":"https:\/\/mont-roig.cat\/es\/ayuntamiento\/areas\/urbanismo-y-territorio\/ordenacion-urbanistica-del-municipio\/documentos-vigentes\/poum\/volumenes\/#breadcrumb"},"inLanguage":"es","potentialAction":[{"@type":"ReadAction","target":["https:\/\/mont-roig.cat\/es\/ayuntamiento\/areas\/urbanismo-y-territorio\/ordenacion-urbanistica-del-municipio\/documentos-vigentes\/poum\/volumenes\/"]}]},{"@type":"BreadcrumbList","@id":"https:\/\/mont-roig.cat\/es\/ayuntamiento\/areas\/urbanismo-y-territorio\/ordenacion-urbanistica-del-municipio\/documentos-vigentes\/poum\/volumenes\/#breadcrumb","itemListElement":[{"@type":"ListItem","position":1,"name":"Inici","item":"https:\/\/mont-roig.cat\/es\/pagina-de-inicio\/"},{"@type":"ListItem","position":2,"name":"Ayuntamiento","item":"https:\/\/mont-roig.cat\/es\/ayuntamiento\/"},{"@type":"ListItem","position":3,"name":"\u00c1reas","item":"https:\/\/mont-roig.cat\/es\/ayuntamiento\/areas\/"},{"@type":"ListItem","position":4,"name":"Urbanismo y territorio","item":"https:\/\/mont-roig.cat\/es\/ayuntamiento\/areas\/urbanismo-y-territorio\/"},{"@type":"ListItem","position":5,"name":"Ordenaci\u00f3n urban\u00edstica del municipio","item":"https:\/\/mont-roig.cat\/es\/ayuntamiento\/areas\/urbanismo-y-territorio\/ordenacion-urbanistica-del-municipio\/"},{"@type":"ListItem","position":6,"name":"Documentos vigentes","item":"https:\/\/mont-roig.cat\/es\/ayuntamiento\/areas\/urbanismo-y-territorio\/ordenacion-urbanistica-del-municipio\/documentos-vigentes\/"},{"@type":"ListItem","position":7,"name":"POUM","item":"https:\/\/mont-roig.cat\/es\/ayuntamiento\/areas\/urbanismo-y-territorio\/ordenacion-urbanistica-del-municipio\/documentos-vigentes\/poum\/"},{"@type":"ListItem","position":8,"name":"Vol\u00famenes"}]},{"@type":"WebSite","@id":"https:\/\/mont-roig.cat\/es\/#website","url":"https:\/\/mont-roig.cat\/es\/","name":"Ajuntament de Mont-roig del Camp","description":"Tota la informaci\u00f3 sobre la instituci\u00f3, els seus \u00f2rgans de govern, actualitat, serveis i molt m\u00e9s.","potentialAction":[{"@type":"SearchAction","target":{"@type":"EntryPoint","urlTemplate":"https:\/\/mont-roig.cat\/es\/?s={search_term_string}"},"query-input":{"@type":"PropertyValueSpecification","valueRequired":true,"valueName":"search_term_string"}}],"inLanguage":"es"}]}},"_links":{"self":[{"href":"https:\/\/mont-roig.cat\/es\/wp-json\/wp\/v2\/pages\/4345","targetHints":{"allow":["GET"]}}],"collection":[{"href":"https:\/\/mont-roig.cat\/es\/wp-json\/wp\/v2\/pages"}],"about":[{"href":"https:\/\/mont-roig.cat\/es\/wp-json\/wp\/v2\/types\/page"}],"author":[{"embeddable":true,"href":"https:\/\/mont-roig.cat\/es\/wp-json\/wp\/v2\/users\/4"}],"replies":[{"embeddable":true,"href":"https:\/\/mont-roig.cat\/es\/wp-json\/wp\/v2\/comments?post=4345"}],"version-history":[{"count":1,"href":"https:\/\/mont-roig.cat\/es\/wp-json\/wp\/v2\/pages\/4345\/revisions"}],"predecessor-version":[{"id":90145,"href":"https:\/\/mont-roig.cat\/es\/wp-json\/wp\/v2\/pages\/4345\/revisions\/90145"}],"up":[{"embeddable":true,"href":"https:\/\/mont-roig.cat\/es\/wp-json\/wp\/v2\/pages\/7607"}],"wp:attachment":[{"href":"https:\/\/mont-roig.cat\/es\/wp-json\/wp\/v2\/media?parent=4345"}],"curies":[{"name":"wp","href":"https:\/\/api.w.org\/{rel}","templated":true}]}}