{"id":4473,"date":"2015-05-27T09:59:01","date_gmt":"2015-05-27T09:59:01","guid":{"rendered":""},"modified":"2026-01-09T13:35:01","modified_gmt":"2026-01-09T12:35:01","slug":"empresarios-y-comerciantes","status":"publish","type":"page","link":"https:\/\/mont-roig.cat\/es\/ayuntamiento\/areas\/impulso-economico-y-ocupacion\/empresarios-y-comerciantes\/","title":{"rendered":"Empresarios y comerciantes"},"content":{"rendered":"<div class=\"wpb-content-wrapper\">[vc_row][vc_column][vc_column_text]\n<p style=\"text-align: justify;\">[\/vc_column_text][\/vc_column][\/vc_row][vc_row][vc_column][vc_column_text css=&#8221;&#8221;]\n<p data-start=\"91\" data-end=\"794\"><strong data-start=\"91\" data-end=\"150\">HORARIOS COMERCIALES Y CALENDARIO DE FESTIVOS PARA 2026<\/strong><br data-start=\"150\" data-end=\"153\" \/>Aprovechamos este espacio para informarles sobre los horarios comerciales y el calendario de festivos para el a\u00f1o 2026.<br data-start=\"272\" data-end=\"275\" \/>Adem\u00e1s, en 2021 Mont-roig del Camp fue declarado municipio tur\u00edstico durante todo el a\u00f1o, lo que permite la apertura de los establecimientos de la localidad en d\u00edas festivos, limitando el horario de apertura al p\u00fablico de los establecimientos comerciales entre las 7 h y las 22 h. Esto es aplicable a todos aquellos establecimientos comerciales que no formen parte de las excepciones al horario comercial general previstas en los art\u00edculos 36.5 y 37 de la Ley 18\/2017, de 1 de agosto, de comercio, servicios y ferias.<\/p>\n<p data-start=\"796\" data-end=\"1135\"><strong data-start=\"796\" data-end=\"853\">CALENDARIO OFICIAL DE FESTIVOS LABORALES EN CATALU\u00d1A:<\/strong><br data-start=\"853\" data-end=\"856\" \/>Orden del Departamento de Empresa y Trabajo de la Generalitat de Catalunya EMT\/66\/2025, de 30 de abril, por la cual se establece el calendario oficial de festivos laborales en Catalu\u00f1a para el a\u00f1o 2026.<br data-start=\"1058\" data-end=\"1061\" \/>Ser\u00e1n festivos laborales en Catalu\u00f1a durante el a\u00f1o 2026 los siguientes:<\/p>\n<div class=\"TyagGW_tableContainer\">\n<div class=\"group TyagGW_tableWrapper flex flex-col-reverse w-fit\" tabindex=\"-1\">\n<table class=\"w-fit min-w-(--thread-content-width)\" data-start=\"1137\" data-end=\"1415\">\n<thead data-start=\"1137\" data-end=\"1155\">\n<tr data-start=\"1137\" data-end=\"1155\">\n<th data-start=\"1137\" data-end=\"1155\" data-col-size=\"sm\">Fecha<\/th>\n<\/tr>\n<\/thead>\n<tbody data-start=\"1175\" data-end=\"1415\">\n<tr data-start=\"1175\" data-end=\"1193\">\n<td data-start=\"1175\" data-end=\"1193\" data-col-size=\"sm\">1 de enero<\/td>\n<\/tr>\n<tr data-start=\"1194\" data-end=\"1212\">\n<td data-start=\"1194\" data-end=\"1212\" data-col-size=\"sm\">6 de enero<\/td>\n<\/tr>\n<tr data-start=\"1213\" data-end=\"1231\">\n<td data-start=\"1213\" data-end=\"1231\" data-col-size=\"sm\">3 de abril<\/td>\n<\/tr>\n<tr data-start=\"1232\" data-end=\"1250\">\n<td data-start=\"1232\" data-end=\"1250\" data-col-size=\"sm\">6 de abril<\/td>\n<\/tr>\n<tr data-start=\"1251\" data-end=\"1269\">\n<td data-start=\"1251\" data-end=\"1269\" data-col-size=\"sm\">1 de mayo<\/td>\n<\/tr>\n<tr data-start=\"1270\" data-end=\"1288\">\n<td data-start=\"1270\" data-end=\"1288\" data-col-size=\"sm\">24 de junio<\/td>\n<\/tr>\n<tr data-start=\"1289\" data-end=\"1307\">\n<td data-start=\"1289\" data-end=\"1307\" data-col-size=\"sm\">15 de agosto<\/td>\n<\/tr>\n<tr data-start=\"1308\" data-end=\"1330\">\n<td data-start=\"1308\" data-end=\"1330\" data-col-size=\"sm\">11 de septiembre<\/td>\n<\/tr>\n<tr data-start=\"1331\" data-end=\"1350\">\n<td data-start=\"1331\" data-end=\"1350\" data-col-size=\"sm\">12 de octubre<\/td>\n<\/tr>\n<tr data-start=\"1351\" data-end=\"1371\">\n<td data-start=\"1351\" data-end=\"1371\" data-col-size=\"sm\">8 de diciembre<\/td>\n<\/tr>\n<tr data-start=\"1372\" data-end=\"1393\">\n<td data-start=\"1372\" data-end=\"1393\" data-col-size=\"sm\">25 de diciembre<\/td>\n<\/tr>\n<tr data-start=\"1394\" data-end=\"1415\">\n<td data-start=\"1394\" data-end=\"1415\" data-col-size=\"sm\">26 de diciembre<\/td>\n<\/tr>\n<\/tbody>\n<\/table>\n<\/div>\n<\/div>\n<p data-start=\"1417\" data-end=\"1716\"><strong data-start=\"1417\" data-end=\"1476\">CALENDARIO DE APERTURA DE ESTABLECIMIENTOS COMERCIALES:<\/strong><br data-start=\"1476\" data-end=\"1479\" \/>La orden del Departamento de Empresa y Conocimiento de la Generalitat de Catalunya EMT\/77\/2025, de 22 de mayo, establece el calendario de apertura en Catalu\u00f1a de los establecimientos comerciales en domingos y festivos para el a\u00f1o 2026:<\/p>\n<ul data-start=\"1717\" data-end=\"1818\">\n<li data-start=\"1717\" data-end=\"1731\">\n<p data-start=\"1719\" data-end=\"1731\">4 de enero<\/p>\n<\/li>\n<li data-start=\"1732\" data-end=\"1748\">\n<p data-start=\"1734\" data-end=\"1748\">15 de agosto<\/p>\n<\/li>\n<li data-start=\"1749\" data-end=\"1766\">\n<p data-start=\"1751\" data-end=\"1766\">12 de octubre<\/p>\n<\/li>\n<li data-start=\"1767\" data-end=\"1786\">\n<p data-start=\"1769\" data-end=\"1786\">29 de noviembre<\/p>\n<\/li>\n<li data-start=\"1787\" data-end=\"1818\">\n<p data-start=\"1789\" data-end=\"1818\">6, 13, 20 y 27 de diciembre<\/p>\n<\/li>\n<\/ul>\n<p data-start=\"1820\" data-end=\"2010\"><strong data-start=\"1820\" data-end=\"1841\">FESTIVOS LOCALES:<\/strong><br data-start=\"1841\" data-end=\"1844\" \/>Tambi\u00e9n aprovechamos para comunicarles que el calendario de festivos locales 2026, aprobado por el Pleno del Ayuntamiento en sesi\u00f3n del 14\/07\/2025, es el siguiente:<\/p>\n<div class=\"TyagGW_tableContainer\">\n<div class=\"group TyagGW_tableWrapper flex flex-col-reverse w-fit\" tabindex=\"-1\">\n<table class=\"w-fit min-w-(--thread-content-width)\" data-start=\"2012\" data-end=\"2374\">\n<thead data-start=\"2012\" data-end=\"2089\">\n<tr data-start=\"2012\" data-end=\"2089\">\n<th data-start=\"2012\" data-end=\"2034\" data-col-size=\"sm\">N\u00facleo de Mont-roig<\/th>\n<th data-start=\"2034\" data-end=\"2042\" data-col-size=\"sm\">Fecha<\/th>\n<th data-start=\"2042\" data-end=\"2051\" data-col-size=\"sm\">Motivo<\/th>\n<th data-start=\"2051\" data-end=\"2069\" data-col-size=\"sm\">N\u00facleo de Miami<\/th>\n<th data-start=\"2069\" data-end=\"2077\" data-col-size=\"sm\">Fecha<\/th>\n<th data-start=\"2077\" data-end=\"2089\" data-col-size=\"sm\">Motivo<\/th>\n<\/tr>\n<\/thead>\n<tbody data-start=\"2166\" data-end=\"2374\">\n<tr data-start=\"2166\" data-end=\"2275\">\n<td data-start=\"2166\" data-end=\"2187\" data-col-size=\"sm\"><\/td>\n<td data-start=\"2187\" data-end=\"2205\" data-col-size=\"sm\">8 de septiembre<\/td>\n<td data-start=\"2205\" data-end=\"2230\" data-col-size=\"sm\">Mare de D\u00e9u de la Roca<\/td>\n<td data-start=\"2230\" data-end=\"2247\" data-col-size=\"sm\"><\/td>\n<td data-start=\"2247\" data-end=\"2261\" data-col-size=\"sm\">19 de marzo<\/td>\n<td data-start=\"2261\" data-end=\"2275\" data-col-size=\"sm\">Sant Josep<\/td>\n<\/tr>\n<tr data-start=\"2276\" data-end=\"2374\">\n<td data-start=\"2276\" data-end=\"2297\" data-col-size=\"sm\"><\/td>\n<td data-start=\"2297\" data-end=\"2316\" data-col-size=\"sm\">29 de septiembre<\/td>\n<td data-start=\"2316\" data-end=\"2329\" data-col-size=\"sm\">Sant Miquel<\/td>\n<td data-start=\"2329\" data-end=\"2346\" data-col-size=\"sm\"><\/td>\n<td data-start=\"2346\" data-end=\"2360\" data-col-size=\"sm\">27 de julio<\/td>\n<td data-start=\"2360\" data-end=\"2374\" data-col-size=\"sm\">Sant Jaume<\/td>\n<\/tr>\n<\/tbody>\n<\/table>\n<\/div>\n<\/div>\n<p data-start=\"2376\" data-end=\"2489\">A continuaci\u00f3n encontrar\u00e1n las \u00f3rdenes mencionadas anteriormente, para que puedan consultarlas con m\u00e1s detalle.<\/p>\n<div>\n<p style=\"text-align: justify;\">Documentos adjuntos:<\/p>\n<\/div>\n<ul>\n<li style=\"list-style-type: none;\"><\/li>\n<li style=\"text-align: justify;\"><a href=\"https:\/\/mont-roig.cat\/wp-content\/uploads\/Ordre-EMT_77_2025_Calendari-obertura-comercos-2026.pdf\" target=\"_blank\" rel=\"noopener\">Orden EMT_77_2025_Calendario apertura comercios 2026<\/a><\/li>\n<li style=\"text-align: justify;\"><a href=\"https:\/\/mont-roig.cat\/wp-content\/uploads\/OrdreEMT_66_2025_Calendari-festes-laborals-2026.pdf\" target=\"_blank\" rel=\"noopener\">Orden EMT_66_2025_Calendario fiestas laborales 2026<\/a><\/li>\n<\/ul>\n<h4 style=\"text-align: justify;\">NORMATIVA SOBRE LENGUA Y COMERCIO<\/h4>\n<p style=\"text-align: justify;\">La Ley org\u00e1nica 6\/2006, de reforma del Estatuto de Autonom\u00eda de Catalu\u00f1a; la Ley 1\/1998, de 7 de enero, de pol\u00edtica ling\u00edstica; la Ley 22\/2010, de 20 de julio del C\u00f3digo de consumo de Catalu\u00f1a, y la Ley 18\/2017, de 1 de agosto, de comercio, servicios y ferias regulan la normativa ling\u00fc\u00edstica aplicable a los comercios, entre otros establecimientos.<\/p>\n<p style=\"text-align: justify;\">B\u00e1sicamente, establecen que deben disponer del r\u00f3tulo exterior y la carteler\u00eda fija en el interior, como m\u00ednimo, en catal\u00e1n, adem\u00e1s de otra documentaci\u00f3n como las invitaciones a comprar, por ejemplo.<\/p>\n<p style=\"text-align: justify;\">En cuanto al uso oral de la lengua, establecen el derecho de los consumidores a ser atendidos oralmente y por escrito en la lengua oficial que elijan. La expresi\u00f3n \u201cser atendido\u201d significa la obligaci\u00f3n de entender, al menos, a cualquier persona consumidora que se exprese en las dos lenguas, sin que se vea obligada a dejar de hablar en la lengua que ha escogido.<\/p>\n<p style=\"text-align: justify;\">De hecho, tambi\u00e9n disponen que las personas que acceden a la actividad comercial ya la prestaci\u00f3n de servicios deben estar en condiciones de poder atender a los consumidores cuando se expresen en cualquiera de las dos lenguas.<\/p>\n<p><strong>Legislaci\u00f3n ling\u00fc\u00edstica b\u00e1sica de aplicaci\u00f3n al comercio<\/strong><\/p>\n<p><strong>Ley org\u00e1nica 6\/2006, de reforma del Estatuto de Autonom\u00eda de Catalu\u00f1a<\/strong><\/p>\n<p>Art\u00edculo 34. Derechos ling\u00fc\u00edsticos de los consumidores y usuarios<br \/>\nTodas las personas tienen derecho a ser atendidas oralmente y por escrito en la lengua oficial que elijan en su condici\u00f3n de usuarias o consumidoras de bienes, productos y servicios. Las entidades, empresas y establecimientos abiertos al p\u00fablico en Catalu\u00f1a est\u00e1n sujetos al deber de disponibilidad ling\u00fc\u00edstica en los t\u00e9rminos que establecen las leyes.<\/p>\n<p><strong>Ley 1\/1998, de 7 de enero, de pol\u00edtica ling\u00fc\u00edstica<\/strong><\/p>\n<p>Art\u00edculo 32 La atenci\u00f3n al p\u00fablico<\/p>\n<p>1. Las empresas y los establecimientos dedicados a la venta de productos oa la prestaci\u00f3n de servicios que desarrollan su actividad en Catalu\u00f1a deben estar en condiciones de poder atender a los consumidores y consumidoras cuando se expresen en cualquiera de las lenguas oficiales en Catalu\u00f1a. [&#8230;]\n3. La se\u00f1alizaci\u00f3n y los carteles de informaci\u00f3n general de car\u00e1cter fijo y los documentos de oferta de servicios para las personas usuarias y consumidoras de los establecimientos abiertos al p\u00fablico deben ser redactados, al menos, en catal\u00e1n. Esta norma no se aplica a las marcas, nombres comerciales y r\u00f3tulos amparados por la legislaci\u00f3n de la propiedad industrial.<\/p>\n<p><strong>Ley 22\/2010, de 20 de julio, del C\u00f3digo de consumo de Catalu\u00f1a<\/strong><\/p>\n<p>Art\u00edculo 128-1. Derechos ling\u00fc\u00edsticos de las personas consumidoras<\/p>\n<p>1. Las personas consumidoras, en sus relaciones de consumo, tienen derecho, de acuerdo con lo que establecen el Estatuto de autonom\u00eda y la legislaci\u00f3n aplicable en materia ling\u00fc\u00edstica, a ser atendidas oralmente y por escrito en la lengua oficial que elijan.<br \/>\n2. Las personas consumidoras, sin perjuicio del pleno respeto al deber de disponibilidad ling\u00fc\u00edstica, tienen derecho a recibir en catal\u00e1n: a) Las invitaciones a comprar, la informaci\u00f3n de car\u00e1cter fijo, la documentaci\u00f3n contractual, los presupuestos, los resguardos de dep\u00f3sito, las facturas y los dem\u00e1s documentos que hagan referencia a ellos o que se deriven.<\/p>\n<p><strong>Ley 18\/2017, de 1 de agosto, de comercio, servicios y ferias<\/strong><\/p>\n<p>Art\u00edculo 8 Ejercicio de la actividad comercial y de la prestaci\u00f3n de servicios [&#8230;]\n3. Las personas que accedan a la actividad comercial ya la prestaci\u00f3n de servicios, incluso aquellas que lo hagan en calidad de trabajadores asalariados, deben conocer las condiciones del ejercicio de la actividad comercial y de la prestaci\u00f3n de servicios en Catalu\u00f1a y deben estar en condiciones de poder atender a los consumidores cuando se expresen en cualquiera de las lenguas oficiales en Catalu\u00f1a.<\/p>\n<p><strong>M\u00e1s informaci\u00f3n:<\/strong><\/p>\n<p>Servicio Comarcal de Catal\u00e1n del Baix Camp<br \/>\nC. del \u00c1guila de Reus, 1<br \/>\n43205 Reus<br \/>\nbaixcamp@cpnl.cat<br \/>\nwww.cpnl.cat\/reus<br \/>\nTel. 677 320449 &#8211; 977 128861[\/vc_column_text][\/vc_column][\/vc_row]\n<\/div>","protected":false},"excerpt":{"rendered":"<p>[vc_row][vc_column][vc_column_text] [\/vc_column_text][\/vc_column][\/vc_row][vc_row][vc_column][vc_column_text css=&#8221;&#8221;] HORARIOS COMERCIALES Y CALENDARIO DE FESTIVOS PARA 2026Aprovechamos este espacio para informarles sobre los horarios comerciales y el calendario de festivos para el a\u00f1o 2026.Adem\u00e1s, en 2021 Mont-roig del Camp fue declarado municipio tur\u00edstico durante todo el a\u00f1o, lo que permite la apertura de los establecimientos de la localidad en d\u00edas festivos, [&hellip;]<\/p>\n","protected":false},"author":4,"featured_media":0,"parent":4320,"menu_order":0,"comment_status":"closed","ping_status":"closed","template":"","meta":{"inline_featured_image":false,"_monsterinsights_skip_tracking":false,"_monsterinsights_sitenote_active":false,"_monsterinsights_sitenote_note":"","_monsterinsights_sitenote_category":0,"footnotes":""},"class_list":["post-4473","page","type-page","status-publish","hentry"],"yoast_head":"<!-- This site is optimized with the Yoast SEO plugin v27.4 - https:\/\/yoast.com\/product\/yoast-seo-wordpress\/ -->\n<title>Empresarios y comerciantes - Ajuntament de Mont-roig del Camp<\/title>\n<meta name=\"robots\" content=\"index, follow, max-snippet:-1, max-image-preview:large, max-video-preview:-1\" \/>\n<link rel=\"canonical\" href=\"https:\/\/mont-roig.cat\/es\/ayuntamiento\/areas\/impulso-economico-y-ocupacion\/empresarios-y-comerciantes\/\" \/>\n<meta property=\"og:locale\" content=\"es_ES\" \/>\n<meta property=\"og:type\" content=\"article\" \/>\n<meta property=\"og:title\" content=\"Empresarios y comerciantes - Ajuntament de Mont-roig del Camp\" \/>\n<meta property=\"og:description\" content=\"[vc_row][vc_column][vc_column_text] [\/vc_column_text][\/vc_column][\/vc_row][vc_row][vc_column][vc_column_text css=&#8221;&#8221;] HORARIOS COMERCIALES Y CALENDARIO DE FESTIVOS PARA 2026Aprovechamos este espacio para informarles sobre los horarios comerciales y el calendario de festivos para el a\u00f1o 2026.Adem\u00e1s, en 2021 Mont-roig del Camp fue declarado municipio tur\u00edstico durante todo el a\u00f1o, lo que permite la apertura de los establecimientos de la localidad en d\u00edas festivos, [&hellip;]\" \/>\n<meta property=\"og:url\" content=\"https:\/\/mont-roig.cat\/es\/ayuntamiento\/areas\/impulso-economico-y-ocupacion\/empresarios-y-comerciantes\/\" \/>\n<meta property=\"og:site_name\" content=\"Ajuntament de Mont-roig del Camp\" \/>\n<meta property=\"article:modified_time\" content=\"2026-01-09T12:35:01+00:00\" \/>\n<meta property=\"og:image\" content=\"https:\/\/mont-roig.cat\/wp-content\/uploads\/aj-mont-roig-2.jpg\" \/>\n\t<meta property=\"og:image:width\" content=\"1200\" \/>\n\t<meta property=\"og:image:height\" content=\"600\" \/>\n\t<meta property=\"og:image:type\" content=\"image\/jpeg\" \/>\n<meta name=\"twitter:card\" content=\"summary_large_image\" \/>\n<meta name=\"twitter:label1\" content=\"Tiempo de lectura\" \/>\n\t<meta name=\"twitter:data1\" content=\"6 minutos\" \/>\n<script type=\"application\/ld+json\" class=\"yoast-schema-graph\">{\"@context\":\"https:\\\/\\\/schema.org\",\"@graph\":[{\"@type\":\"WebPage\",\"@id\":\"https:\\\/\\\/mont-roig.cat\\\/es\\\/ayuntamiento\\\/areas\\\/impulso-economico-y-ocupacion\\\/empresarios-y-comerciantes\\\/\",\"url\":\"https:\\\/\\\/mont-roig.cat\\\/es\\\/ayuntamiento\\\/areas\\\/impulso-economico-y-ocupacion\\\/empresarios-y-comerciantes\\\/\",\"name\":\"Empresarios y comerciantes - Ajuntament de Mont-roig del Camp\",\"isPartOf\":{\"@id\":\"https:\\\/\\\/mont-roig.cat\\\/es\\\/#website\"},\"datePublished\":\"2015-05-27T09:59:01+00:00\",\"dateModified\":\"2026-01-09T12:35:01+00:00\",\"breadcrumb\":{\"@id\":\"https:\\\/\\\/mont-roig.cat\\\/es\\\/ayuntamiento\\\/areas\\\/impulso-economico-y-ocupacion\\\/empresarios-y-comerciantes\\\/#breadcrumb\"},\"inLanguage\":\"es\",\"potentialAction\":[{\"@type\":\"ReadAction\",\"target\":[\"https:\\\/\\\/mont-roig.cat\\\/es\\\/ayuntamiento\\\/areas\\\/impulso-economico-y-ocupacion\\\/empresarios-y-comerciantes\\\/\"]}]},{\"@type\":\"BreadcrumbList\",\"@id\":\"https:\\\/\\\/mont-roig.cat\\\/es\\\/ayuntamiento\\\/areas\\\/impulso-economico-y-ocupacion\\\/empresarios-y-comerciantes\\\/#breadcrumb\",\"itemListElement\":[{\"@type\":\"ListItem\",\"position\":1,\"name\":\"Inici\",\"item\":\"https:\\\/\\\/mont-roig.cat\\\/es\\\/pagina-de-inicio\\\/\"},{\"@type\":\"ListItem\",\"position\":2,\"name\":\"Ayuntamiento\",\"item\":\"https:\\\/\\\/mont-roig.cat\\\/es\\\/ayuntamiento\\\/\"},{\"@type\":\"ListItem\",\"position\":3,\"name\":\"\u00c1reas\",\"item\":\"https:\\\/\\\/mont-roig.cat\\\/es\\\/ayuntamiento\\\/areas\\\/\"},{\"@type\":\"ListItem\",\"position\":4,\"name\":\"Impulso Econ\u00f3mico y Ocupaci\u00f3n\",\"item\":\"https:\\\/\\\/mont-roig.cat\\\/es\\\/ayuntamiento\\\/areas\\\/impulso-economico-y-ocupacion\\\/\"},{\"@type\":\"ListItem\",\"position\":5,\"name\":\"Empresarios y comerciantes\"}]},{\"@type\":\"WebSite\",\"@id\":\"https:\\\/\\\/mont-roig.cat\\\/es\\\/#website\",\"url\":\"https:\\\/\\\/mont-roig.cat\\\/es\\\/\",\"name\":\"Ajuntament de Mont-roig del Camp\",\"description\":\"Tota la informaci\u00f3 sobre la instituci\u00f3, els seus \u00f2rgans de govern, actualitat, serveis i molt m\u00e9s.\",\"potentialAction\":[{\"@type\":\"SearchAction\",\"target\":{\"@type\":\"EntryPoint\",\"urlTemplate\":\"https:\\\/\\\/mont-roig.cat\\\/es\\\/?s={search_term_string}\"},\"query-input\":{\"@type\":\"PropertyValueSpecification\",\"valueRequired\":true,\"valueName\":\"search_term_string\"}}],\"inLanguage\":\"es\"}]}<\/script>\n<!-- \/ Yoast SEO plugin. -->","yoast_head_json":{"title":"Empresarios y comerciantes - Ajuntament de Mont-roig del Camp","robots":{"index":"index","follow":"follow","max-snippet":"max-snippet:-1","max-image-preview":"max-image-preview:large","max-video-preview":"max-video-preview:-1"},"canonical":"https:\/\/mont-roig.cat\/es\/ayuntamiento\/areas\/impulso-economico-y-ocupacion\/empresarios-y-comerciantes\/","og_locale":"es_ES","og_type":"article","og_title":"Empresarios y comerciantes - Ajuntament de Mont-roig del Camp","og_description":"[vc_row][vc_column][vc_column_text] [\/vc_column_text][\/vc_column][\/vc_row][vc_row][vc_column][vc_column_text css=&#8221;&#8221;] HORARIOS COMERCIALES Y CALENDARIO DE FESTIVOS PARA 2026Aprovechamos este espacio para informarles sobre los horarios comerciales y el calendario de festivos para el a\u00f1o 2026.Adem\u00e1s, en 2021 Mont-roig del Camp fue declarado municipio tur\u00edstico durante todo el a\u00f1o, lo que permite la apertura de los establecimientos de la localidad en d\u00edas festivos, [&hellip;]","og_url":"https:\/\/mont-roig.cat\/es\/ayuntamiento\/areas\/impulso-economico-y-ocupacion\/empresarios-y-comerciantes\/","og_site_name":"Ajuntament de Mont-roig del Camp","article_modified_time":"2026-01-09T12:35:01+00:00","og_image":[{"width":1200,"height":600,"url":"https:\/\/mont-roig.cat\/wp-content\/uploads\/aj-mont-roig-2.jpg","type":"image\/jpeg"}],"twitter_card":"summary_large_image","twitter_misc":{"Tiempo de lectura":"6 minutos"},"schema":{"@context":"https:\/\/schema.org","@graph":[{"@type":"WebPage","@id":"https:\/\/mont-roig.cat\/es\/ayuntamiento\/areas\/impulso-economico-y-ocupacion\/empresarios-y-comerciantes\/","url":"https:\/\/mont-roig.cat\/es\/ayuntamiento\/areas\/impulso-economico-y-ocupacion\/empresarios-y-comerciantes\/","name":"Empresarios y comerciantes - Ajuntament de Mont-roig del Camp","isPartOf":{"@id":"https:\/\/mont-roig.cat\/es\/#website"},"datePublished":"2015-05-27T09:59:01+00:00","dateModified":"2026-01-09T12:35:01+00:00","breadcrumb":{"@id":"https:\/\/mont-roig.cat\/es\/ayuntamiento\/areas\/impulso-economico-y-ocupacion\/empresarios-y-comerciantes\/#breadcrumb"},"inLanguage":"es","potentialAction":[{"@type":"ReadAction","target":["https:\/\/mont-roig.cat\/es\/ayuntamiento\/areas\/impulso-economico-y-ocupacion\/empresarios-y-comerciantes\/"]}]},{"@type":"BreadcrumbList","@id":"https:\/\/mont-roig.cat\/es\/ayuntamiento\/areas\/impulso-economico-y-ocupacion\/empresarios-y-comerciantes\/#breadcrumb","itemListElement":[{"@type":"ListItem","position":1,"name":"Inici","item":"https:\/\/mont-roig.cat\/es\/pagina-de-inicio\/"},{"@type":"ListItem","position":2,"name":"Ayuntamiento","item":"https:\/\/mont-roig.cat\/es\/ayuntamiento\/"},{"@type":"ListItem","position":3,"name":"\u00c1reas","item":"https:\/\/mont-roig.cat\/es\/ayuntamiento\/areas\/"},{"@type":"ListItem","position":4,"name":"Impulso Econ\u00f3mico y Ocupaci\u00f3n","item":"https:\/\/mont-roig.cat\/es\/ayuntamiento\/areas\/impulso-economico-y-ocupacion\/"},{"@type":"ListItem","position":5,"name":"Empresarios y comerciantes"}]},{"@type":"WebSite","@id":"https:\/\/mont-roig.cat\/es\/#website","url":"https:\/\/mont-roig.cat\/es\/","name":"Ajuntament de Mont-roig del Camp","description":"Tota la informaci\u00f3 sobre la instituci\u00f3, els seus \u00f2rgans de govern, actualitat, serveis i molt m\u00e9s.","potentialAction":[{"@type":"SearchAction","target":{"@type":"EntryPoint","urlTemplate":"https:\/\/mont-roig.cat\/es\/?s={search_term_string}"},"query-input":{"@type":"PropertyValueSpecification","valueRequired":true,"valueName":"search_term_string"}}],"inLanguage":"es"}]}},"_links":{"self":[{"href":"https:\/\/mont-roig.cat\/es\/wp-json\/wp\/v2\/pages\/4473","targetHints":{"allow":["GET"]}}],"collection":[{"href":"https:\/\/mont-roig.cat\/es\/wp-json\/wp\/v2\/pages"}],"about":[{"href":"https:\/\/mont-roig.cat\/es\/wp-json\/wp\/v2\/types\/page"}],"author":[{"embeddable":true,"href":"https:\/\/mont-roig.cat\/es\/wp-json\/wp\/v2\/users\/4"}],"replies":[{"embeddable":true,"href":"https:\/\/mont-roig.cat\/es\/wp-json\/wp\/v2\/comments?post=4473"}],"version-history":[{"count":50,"href":"https:\/\/mont-roig.cat\/es\/wp-json\/wp\/v2\/pages\/4473\/revisions"}],"predecessor-version":[{"id":87958,"href":"https:\/\/mont-roig.cat\/es\/wp-json\/wp\/v2\/pages\/4473\/revisions\/87958"}],"up":[{"embeddable":true,"href":"https:\/\/mont-roig.cat\/es\/wp-json\/wp\/v2\/pages\/4320"}],"wp:attachment":[{"href":"https:\/\/mont-roig.cat\/es\/wp-json\/wp\/v2\/media?parent=4473"}],"curies":[{"name":"wp","href":"https:\/\/api.w.org\/{rel}","templated":true}]}}