{"id":4477,"date":"2015-05-28T09:13:30","date_gmt":"2015-05-28T09:13:30","guid":{"rendered":""},"modified":"2019-06-06T13:05:08","modified_gmt":"2019-06-06T11:05:08","slug":"biblioteca","status":"publish","type":"page","link":"https:\/\/mont-roig.cat\/es\/ayuntamiento\/areas\/cultura\/biblioteca\/","title":{"rendered":"Biblioteca"},"content":{"rendered":"<div class=\"wpb-content-wrapper\">[vc_row][vc_column][vc_column_text]\n<div class=\"body\">\n<h4>Actividades organitzadas por la Biblioteca<\/h4>\n<p>Las <strong>Bibliotecas Municipales de Mont-roig y Miami Platja<\/strong>, como bibliotecas p\u00fablicas, son un punto de acceso libre a la cultura y al conocimiento. Ofrecen los instrumentos que ayudan a satisfacer las necesidades de informaci\u00f3n, educaci\u00f3n e integraci\u00f3n de la comunidad, tanto de manera individual como colectiva. Son un canal de acceso a las nuevas tecnolog\u00edas y se constituyen como punto de encuentro y espacio de integraci\u00f3n social.<\/p>\n<p>Durante el a\u00f1o hacen una serie de actividades: presentaciones de libros, charlas, cuentacuentos, talleres, exposiciones, visitas guiadas. Tambi\u00e9n tienen dos clubes de lectura muy activos, uno en Mont-roig y el otro en Miami Platja.<\/p>\n<p>Ofrecen, entre otros servicios, el de pr\u00e9stamo de documentos: libros, revistas, DVD s, Cd s, Dvd &#8216;s y el pr\u00e9stamo interbibliotecario. Tambi\u00e9n disponen de Internet y espacio Wi-fi. Gu\u00edas peri\u00f3dicas de novedades y prensa diaria.<\/p>\n<h4>D\u00f3nde las encontrar\u00e1s?<\/h4>\n<table style=\"width: 100%;\" border=\"0\" cellspacing=\"0\" cellpadding=\"0\">\n<tbody>\n<tr>\n<td><strong>Biblioteca Miramar Miami Platja <\/strong><br \/>\nC\/S\u00f2ria, 18<br \/>\nCentre Polivalent<br \/>\n43892 Miami Platja<br \/>\nTel. 977-172562<br \/>\n<a href=\"mailto:biblioteca.miami@mont-roig.cat\">biblioteca.miami@mont-roig.cat<\/a><a href=\"https:\/\/mont-roig.cat\/wp-content\/uploads\/Logo_BiblioMiramar_OK.jpg\"><img loading=\"lazy\" decoding=\"async\" class=\"alignnone wp-image-34178\" src=\"https:\/\/mont-roig.cat\/wp-content\/uploads\/Logo_BiblioMiramar_OK.jpg\" alt=\"\" width=\"150\" height=\"106\" srcset=\"https:\/\/mont-roig.cat\/wp-content\/uploads\/Logo_BiblioMiramar_OK.jpg 1920w, https:\/\/mont-roig.cat\/wp-content\/uploads\/Logo_BiblioMiramar_OK-500x353.jpg 500w, https:\/\/mont-roig.cat\/wp-content\/uploads\/Logo_BiblioMiramar_OK-768x543.jpg 768w, https:\/\/mont-roig.cat\/wp-content\/uploads\/Logo_BiblioMiramar_OK-1024x724.jpg 1024w\" sizes=\"auto, (max-width: 150px) 100vw, 150px\" \/><\/a><\/td>\n<td><a href=\"https:\/\/mont-roig.cat\/wp-content\/uploads\/biblio-miami.jpg\"><br \/>\n<\/a><a href=\"https:\/\/mont-roig.cat\/wp-content\/uploads\/Miami-1.jpg\"><img loading=\"lazy\" decoding=\"async\" class=\"alignright wp-image-34195\" src=\"https:\/\/mont-roig.cat\/wp-content\/uploads\/Biblio-Miami2-1.jpg\" alt=\"\" width=\"200\" height=\"113\" srcset=\"https:\/\/mont-roig.cat\/wp-content\/uploads\/Biblio-Miami2-1.jpg 1920w, https:\/\/mont-roig.cat\/wp-content\/uploads\/Biblio-Miami2-1-500x281.jpg 500w, https:\/\/mont-roig.cat\/wp-content\/uploads\/Biblio-Miami2-1-768x432.jpg 768w, https:\/\/mont-roig.cat\/wp-content\/uploads\/Biblio-Miami2-1-1024x576.jpg 1024w\" sizes=\"auto, (max-width: 200px) 100vw, 200px\" \/><\/a><img loading=\"lazy\" decoding=\"async\" class=\"alignright wp-image-34216 size-full\" src=\"https:\/\/mont-roig.cat\/wp-content\/uploads\/miami1.jpg\" alt=\"\" width=\"200\" height=\"113\" \/><\/td>\n<\/tr>\n<tr>\n<td><\/td>\n<td><\/td>\n<\/tr>\n<tr>\n<td><strong>Biblioteca Joan Mir\u00f3 Mont-roig<\/strong><br \/>\nC\/ Mare de D\u00e9u de la Roca, 5<br \/>\n43300 Mont-roig del Camp<br \/>\nTel. i Fax: 977-837512<br \/>\n<a href=\"mailto:biblioteca.miami@mont-roig.cat\">biblioteca@mont-roig.cat<\/a><a href=\"https:\/\/mont-roig.cat\/wp-content\/uploads\/Logo_BiblioJoanMiro_OK.jpg\"><img loading=\"lazy\" decoding=\"async\" class=\"alignnone wp-image-34182\" src=\"https:\/\/mont-roig.cat\/wp-content\/uploads\/Logo_BiblioJoanMiro_OK.jpg\" alt=\"\" width=\"150\" height=\"106\" srcset=\"https:\/\/mont-roig.cat\/wp-content\/uploads\/Logo_BiblioJoanMiro_OK.jpg 1920w, https:\/\/mont-roig.cat\/wp-content\/uploads\/Logo_BiblioJoanMiro_OK-500x353.jpg 500w, https:\/\/mont-roig.cat\/wp-content\/uploads\/Logo_BiblioJoanMiro_OK-768x543.jpg 768w, https:\/\/mont-roig.cat\/wp-content\/uploads\/Logo_BiblioJoanMiro_OK-1024x724.jpg 1024w\" sizes=\"auto, (max-width: 150px) 100vw, 150px\" \/><\/a><\/td>\n<td><a href=\"https:\/\/mont-roig.cat\/wp-content\/uploads\/Mont-roig-1\u00aa-planta2-1.jpg\"><img loading=\"lazy\" decoding=\"async\" class=\"alignright wp-image-34207\" src=\"https:\/\/mont-roig.cat\/wp-content\/uploads\/Mont-roig-planta-baixa2-1.jpg\" alt=\"\" width=\"200\" height=\"150\" srcset=\"https:\/\/mont-roig.cat\/wp-content\/uploads\/Mont-roig-planta-baixa2-1.jpg 1920w, https:\/\/mont-roig.cat\/wp-content\/uploads\/Mont-roig-planta-baixa2-1-500x375.jpg 500w, https:\/\/mont-roig.cat\/wp-content\/uploads\/Mont-roig-planta-baixa2-1-768x576.jpg 768w, https:\/\/mont-roig.cat\/wp-content\/uploads\/Mont-roig-planta-baixa2-1-1024x768.jpg 1024w, https:\/\/mont-roig.cat\/wp-content\/uploads\/Mont-roig-planta-baixa2-1-463x348.jpg 463w\" sizes=\"auto, (max-width: 200px) 100vw, 200px\" \/><img loading=\"lazy\" decoding=\"async\" class=\"alignright wp-image-34199\" src=\"https:\/\/mont-roig.cat\/wp-content\/uploads\/Mont-roig-1\u00aa-planta2-1.jpg\" alt=\"\" width=\"200\" height=\"150\" srcset=\"https:\/\/mont-roig.cat\/wp-content\/uploads\/Mont-roig-1\u00aa-planta2-1.jpg 1920w, https:\/\/mont-roig.cat\/wp-content\/uploads\/Mont-roig-1\u00aa-planta2-1-500x375.jpg 500w, https:\/\/mont-roig.cat\/wp-content\/uploads\/Mont-roig-1\u00aa-planta2-1-768x576.jpg 768w, https:\/\/mont-roig.cat\/wp-content\/uploads\/Mont-roig-1\u00aa-planta2-1-1024x768.jpg 1024w, https:\/\/mont-roig.cat\/wp-content\/uploads\/Mont-roig-1\u00aa-planta2-1-463x348.jpg 463w\" sizes=\"auto, (max-width: 200px) 100vw, 200px\" \/><\/a><\/td>\n<\/tr>\n<\/tbody>\n<\/table>\n<p><em><strong>\u00a0<\/strong><\/em><\/p>\n<p><em><strong>Puedes encontrar toda esta informaci\u00f3n ampliada consultando nuestro blog y nuestro Facebook!<\/strong><\/em><\/p>\n<p><a class=\"btn btn-primary\" style=\"margin-right: 10px;\" href=\"http:\/\/bibliotecajoanmiro.blogspot.com.es\/\" target=\"_blank\" rel=\"noopener noreferrer\">Blog Bibliotecas Joan Mir\u00f3-Miramar<\/a><a href=\"https:\/\/www.facebook.com\/bibliotecaJoanMiroMR\/\" target=\"_blank\" rel=\"noopener noreferrer\"><img loading=\"lazy\" decoding=\"async\" class=\"alignnone\" style=\"width: 28px; height: 28px;\" src=\"http:\/\/mont-roig.cat\/wp-content\/uploads\/ico-facebook.png\" alt=\"Facebook Biblioteca Joan Mir\u00f3\" width=\"40\" height=\"40\" \/><\/a><\/p>\n<\/div>\n[\/vc_column_text][\/vc_column][\/vc_row][vc_row][vc_column css=&#8221;.vc_custom_1476307483869{margin-top: 50px !important;}&#8221;][vc_widget_sidebar title=&#8221;Pr\u00f3ximos actos&#8221; sidebar_id=&#8221;porto-custom-sidebar-biblioteca&#8221;][\/vc_column][\/vc_row][vc_row][vc_column][vc_column_text]\n<div class=\"field_page_imatge\">\n\n\t\t<style type=\"text\/css\">\n\t\t\t#gallery-1 {\n\t\t\t\tmargin: auto;\n\t\t\t}\n\t\t\t#gallery-1 .gallery-item {\n\t\t\t\tfloat: left;\n\t\t\t\tmargin-top: 10px;\n\t\t\t\ttext-align: center;\n\t\t\t\twidth: 33%;\n\t\t\t}\n\t\t\t#gallery-1 img {\n\t\t\t\tborder: 2px solid #cfcfcf;\n\t\t\t}\n\t\t\t#gallery-1 .gallery-caption {\n\t\t\t\tmargin-left: 0;\n\t\t\t}\n\t\t\t\/* see gallery_shortcode() in wp-includes\/media.php *\/\n\t\t<\/style>\n\t\t<div id='gallery-1' class='gallery galleryid-4477 gallery-columns-3 gallery-size-medium'><dl class='gallery-item'>\n\t\t\t<dt class='gallery-icon landscape'>\n\t\t\t\t<a href='https:\/\/mont-roig.cat\/wp-content\/uploads\/club_lectura_miami_amb_lescriptora_silvia_soler.jpg'><img loading=\"lazy\" decoding=\"async\" width=\"500\" height=\"375\" src=\"https:\/\/mont-roig.cat\/wp-content\/uploads\/club_lectura_miami_amb_lescriptora_silvia_soler.jpg\" class=\"attachment-medium size-medium\" alt=\"\" \/><\/a>\n\t\t\t<\/dt><\/dl><dl class='gallery-item'>\n\t\t\t<dt class='gallery-icon landscape'>\n\t\t\t\t<a href='https:\/\/mont-roig.cat\/wp-content\/uploads\/contes_dadvent_013.jpg'><img loading=\"lazy\" decoding=\"async\" width=\"500\" height=\"375\" src=\"https:\/\/mont-roig.cat\/wp-content\/uploads\/contes_dadvent_013.jpg\" class=\"attachment-medium size-medium\" alt=\"\" \/><\/a>\n\t\t\t<\/dt><\/dl><dl class='gallery-item'>\n\t\t\t<dt class='gallery-icon landscape'>\n\t\t\t\t<a href='https:\/\/mont-roig.cat\/wp-content\/uploads\/decoracio_biblio.jpg'><img loading=\"lazy\" decoding=\"async\" width=\"500\" height=\"375\" src=\"https:\/\/mont-roig.cat\/wp-content\/uploads\/decoracio_biblio.jpg\" class=\"attachment-medium size-medium\" alt=\"\" \/><\/a>\n\t\t\t<\/dt><\/dl><br style=\"clear: both\" \/><dl class='gallery-item'>\n\t\t\t<dt class='gallery-icon landscape'>\n\t\t\t\t<a href='https:\/\/mont-roig.cat\/wp-content\/uploads\/club_lectura_mont-roig.jpg'><img loading=\"lazy\" decoding=\"async\" width=\"500\" height=\"375\" src=\"https:\/\/mont-roig.cat\/wp-content\/uploads\/club_lectura_mont-roig.jpg\" class=\"attachment-medium size-medium\" alt=\"\" \/><\/a>\n\t\t\t<\/dt><\/dl><dl class='gallery-item'>\n\t\t\t<dt class='gallery-icon landscape'>\n\t\t\t\t<a href='https:\/\/mont-roig.cat\/wp-content\/uploads\/pict0013.jpg'><img loading=\"lazy\" decoding=\"async\" width=\"500\" height=\"375\" src=\"https:\/\/mont-roig.cat\/wp-content\/uploads\/pict0013.jpg\" class=\"attachment-medium size-medium\" alt=\"\" \/><\/a>\n\t\t\t<\/dt><\/dl><dl class='gallery-item'>\n\t\t\t<dt class='gallery-icon landscape'>\n\t\t\t\t<a href='https:\/\/mont-roig.cat\/wp-content\/uploads\/20140605_121856.jpg'><img loading=\"lazy\" decoding=\"async\" width=\"500\" height=\"375\" src=\"https:\/\/mont-roig.cat\/wp-content\/uploads\/20140605_121856.jpg\" class=\"attachment-medium size-medium\" alt=\"\" \/><\/a>\n\t\t\t<\/dt><\/dl><br style=\"clear: both\" \/>\n\t\t<\/div>\n\n<\/div>\n[\/vc_column_text][\/vc_column][\/vc_row]\n<\/div>","protected":false},"excerpt":{"rendered":"<p>[vc_row][vc_column][vc_column_text] Actividades organitzadas por la Biblioteca Las Bibliotecas Municipales de Mont-roig y Miami Platja, como bibliotecas p\u00fablicas, son un punto de acceso libre a la cultura y al conocimiento. Ofrecen los instrumentos que ayudan a satisfacer las necesidades de informaci\u00f3n, educaci\u00f3n e integraci\u00f3n de la comunidad, tanto de manera individual como colectiva. Son un canal [&hellip;]<\/p>\n","protected":false},"author":4,"featured_media":0,"parent":4282,"menu_order":0,"comment_status":"closed","ping_status":"closed","template":"","meta":{"inline_featured_image":false,"_monsterinsights_skip_tracking":false,"_monsterinsights_sitenote_active":false,"_monsterinsights_sitenote_note":"","_monsterinsights_sitenote_category":0,"footnotes":""},"class_list":["post-4477","page","type-page","status-publish","hentry"],"yoast_head":"<!-- This site is optimized with the Yoast SEO plugin v27.4 - https:\/\/yoast.com\/product\/yoast-seo-wordpress\/ -->\n<title>Biblioteca - Ajuntament de Mont-roig del Camp<\/title>\n<meta name=\"robots\" content=\"index, follow, max-snippet:-1, max-image-preview:large, max-video-preview:-1\" \/>\n<link rel=\"canonical\" href=\"https:\/\/mont-roig.cat\/es\/ayuntamiento\/areas\/cultura\/biblioteca\/\" \/>\n<meta property=\"og:locale\" content=\"es_ES\" \/>\n<meta property=\"og:type\" content=\"article\" \/>\n<meta property=\"og:title\" content=\"Biblioteca - Ajuntament de Mont-roig del Camp\" \/>\n<meta property=\"og:description\" content=\"[vc_row][vc_column][vc_column_text] Actividades organitzadas por la Biblioteca Las Bibliotecas Municipales de Mont-roig y Miami Platja, como bibliotecas p\u00fablicas, son un punto de acceso libre a la cultura y al conocimiento. Ofrecen los instrumentos que ayudan a satisfacer las necesidades de informaci\u00f3n, educaci\u00f3n e integraci\u00f3n de la comunidad, tanto de manera individual como colectiva. Son un canal [&hellip;]\" \/>\n<meta property=\"og:url\" content=\"https:\/\/mont-roig.cat\/es\/ayuntamiento\/areas\/cultura\/biblioteca\/\" \/>\n<meta property=\"og:site_name\" content=\"Ajuntament de Mont-roig del Camp\" \/>\n<meta property=\"article:modified_time\" content=\"2019-06-06T11:05:08+00:00\" \/>\n<meta property=\"og:image\" content=\"https:\/\/mont-roig.cat\/wp-content\/uploads\/Logo_BiblioMiramar_OK.jpg\" \/>\n<meta name=\"twitter:card\" content=\"summary_large_image\" \/>\n<meta name=\"twitter:label1\" content=\"Tiempo de lectura\" \/>\n\t<meta name=\"twitter:data1\" content=\"1 minuto\" \/>\n<script type=\"application\/ld+json\" class=\"yoast-schema-graph\">{\"@context\":\"https:\\\/\\\/schema.org\",\"@graph\":[{\"@type\":\"WebPage\",\"@id\":\"https:\\\/\\\/mont-roig.cat\\\/es\\\/ayuntamiento\\\/areas\\\/cultura\\\/biblioteca\\\/\",\"url\":\"https:\\\/\\\/mont-roig.cat\\\/es\\\/ayuntamiento\\\/areas\\\/cultura\\\/biblioteca\\\/\",\"name\":\"Biblioteca - Ajuntament de Mont-roig del Camp\",\"isPartOf\":{\"@id\":\"https:\\\/\\\/mont-roig.cat\\\/es\\\/#website\"},\"primaryImageOfPage\":{\"@id\":\"https:\\\/\\\/mont-roig.cat\\\/es\\\/ayuntamiento\\\/areas\\\/cultura\\\/biblioteca\\\/#primaryimage\"},\"image\":{\"@id\":\"https:\\\/\\\/mont-roig.cat\\\/es\\\/ayuntamiento\\\/areas\\\/cultura\\\/biblioteca\\\/#primaryimage\"},\"thumbnailUrl\":\"https:\\\/\\\/mont-roig.cat\\\/wp-content\\\/uploads\\\/Logo_BiblioMiramar_OK.jpg\",\"datePublished\":\"2015-05-28T09:13:30+00:00\",\"dateModified\":\"2019-06-06T11:05:08+00:00\",\"breadcrumb\":{\"@id\":\"https:\\\/\\\/mont-roig.cat\\\/es\\\/ayuntamiento\\\/areas\\\/cultura\\\/biblioteca\\\/#breadcrumb\"},\"inLanguage\":\"es\",\"potentialAction\":[{\"@type\":\"ReadAction\",\"target\":[\"https:\\\/\\\/mont-roig.cat\\\/es\\\/ayuntamiento\\\/areas\\\/cultura\\\/biblioteca\\\/\"]}]},{\"@type\":\"ImageObject\",\"inLanguage\":\"es\",\"@id\":\"https:\\\/\\\/mont-roig.cat\\\/es\\\/ayuntamiento\\\/areas\\\/cultura\\\/biblioteca\\\/#primaryimage\",\"url\":\"https:\\\/\\\/mont-roig.cat\\\/wp-content\\\/uploads\\\/Logo_BiblioMiramar_OK.jpg\",\"contentUrl\":\"https:\\\/\\\/mont-roig.cat\\\/wp-content\\\/uploads\\\/Logo_BiblioMiramar_OK.jpg\"},{\"@type\":\"BreadcrumbList\",\"@id\":\"https:\\\/\\\/mont-roig.cat\\\/es\\\/ayuntamiento\\\/areas\\\/cultura\\\/biblioteca\\\/#breadcrumb\",\"itemListElement\":[{\"@type\":\"ListItem\",\"position\":1,\"name\":\"Inici\",\"item\":\"https:\\\/\\\/mont-roig.cat\\\/es\\\/pagina-de-inicio\\\/\"},{\"@type\":\"ListItem\",\"position\":2,\"name\":\"Ayuntamiento\",\"item\":\"https:\\\/\\\/mont-roig.cat\\\/es\\\/ayuntamiento\\\/\"},{\"@type\":\"ListItem\",\"position\":3,\"name\":\"\u00c1reas\",\"item\":\"https:\\\/\\\/mont-roig.cat\\\/es\\\/ayuntamiento\\\/areas\\\/\"},{\"@type\":\"ListItem\",\"position\":4,\"name\":\"Cultura\",\"item\":\"https:\\\/\\\/mont-roig.cat\\\/es\\\/ayuntamiento\\\/areas\\\/cultura\\\/\"},{\"@type\":\"ListItem\",\"position\":5,\"name\":\"Biblioteca\"}]},{\"@type\":\"WebSite\",\"@id\":\"https:\\\/\\\/mont-roig.cat\\\/es\\\/#website\",\"url\":\"https:\\\/\\\/mont-roig.cat\\\/es\\\/\",\"name\":\"Ajuntament de Mont-roig del Camp\",\"description\":\"Tota la informaci\u00f3 sobre la instituci\u00f3, els seus \u00f2rgans de govern, actualitat, serveis i molt m\u00e9s.\",\"potentialAction\":[{\"@type\":\"SearchAction\",\"target\":{\"@type\":\"EntryPoint\",\"urlTemplate\":\"https:\\\/\\\/mont-roig.cat\\\/es\\\/?s={search_term_string}\"},\"query-input\":{\"@type\":\"PropertyValueSpecification\",\"valueRequired\":true,\"valueName\":\"search_term_string\"}}],\"inLanguage\":\"es\"}]}<\/script>\n<!-- \/ Yoast SEO plugin. -->","yoast_head_json":{"title":"Biblioteca - Ajuntament de Mont-roig del Camp","robots":{"index":"index","follow":"follow","max-snippet":"max-snippet:-1","max-image-preview":"max-image-preview:large","max-video-preview":"max-video-preview:-1"},"canonical":"https:\/\/mont-roig.cat\/es\/ayuntamiento\/areas\/cultura\/biblioteca\/","og_locale":"es_ES","og_type":"article","og_title":"Biblioteca - Ajuntament de Mont-roig del Camp","og_description":"[vc_row][vc_column][vc_column_text] Actividades organitzadas por la Biblioteca Las Bibliotecas Municipales de Mont-roig y Miami Platja, como bibliotecas p\u00fablicas, son un punto de acceso libre a la cultura y al conocimiento. Ofrecen los instrumentos que ayudan a satisfacer las necesidades de informaci\u00f3n, educaci\u00f3n e integraci\u00f3n de la comunidad, tanto de manera individual como colectiva. Son un canal [&hellip;]","og_url":"https:\/\/mont-roig.cat\/es\/ayuntamiento\/areas\/cultura\/biblioteca\/","og_site_name":"Ajuntament de Mont-roig del Camp","article_modified_time":"2019-06-06T11:05:08+00:00","og_image":[{"url":"https:\/\/mont-roig.cat\/wp-content\/uploads\/Logo_BiblioMiramar_OK.jpg","type":"","width":"","height":""}],"twitter_card":"summary_large_image","twitter_misc":{"Tiempo de lectura":"1 minuto"},"schema":{"@context":"https:\/\/schema.org","@graph":[{"@type":"WebPage","@id":"https:\/\/mont-roig.cat\/es\/ayuntamiento\/areas\/cultura\/biblioteca\/","url":"https:\/\/mont-roig.cat\/es\/ayuntamiento\/areas\/cultura\/biblioteca\/","name":"Biblioteca - Ajuntament de Mont-roig del Camp","isPartOf":{"@id":"https:\/\/mont-roig.cat\/es\/#website"},"primaryImageOfPage":{"@id":"https:\/\/mont-roig.cat\/es\/ayuntamiento\/areas\/cultura\/biblioteca\/#primaryimage"},"image":{"@id":"https:\/\/mont-roig.cat\/es\/ayuntamiento\/areas\/cultura\/biblioteca\/#primaryimage"},"thumbnailUrl":"https:\/\/mont-roig.cat\/wp-content\/uploads\/Logo_BiblioMiramar_OK.jpg","datePublished":"2015-05-28T09:13:30+00:00","dateModified":"2019-06-06T11:05:08+00:00","breadcrumb":{"@id":"https:\/\/mont-roig.cat\/es\/ayuntamiento\/areas\/cultura\/biblioteca\/#breadcrumb"},"inLanguage":"es","potentialAction":[{"@type":"ReadAction","target":["https:\/\/mont-roig.cat\/es\/ayuntamiento\/areas\/cultura\/biblioteca\/"]}]},{"@type":"ImageObject","inLanguage":"es","@id":"https:\/\/mont-roig.cat\/es\/ayuntamiento\/areas\/cultura\/biblioteca\/#primaryimage","url":"https:\/\/mont-roig.cat\/wp-content\/uploads\/Logo_BiblioMiramar_OK.jpg","contentUrl":"https:\/\/mont-roig.cat\/wp-content\/uploads\/Logo_BiblioMiramar_OK.jpg"},{"@type":"BreadcrumbList","@id":"https:\/\/mont-roig.cat\/es\/ayuntamiento\/areas\/cultura\/biblioteca\/#breadcrumb","itemListElement":[{"@type":"ListItem","position":1,"name":"Inici","item":"https:\/\/mont-roig.cat\/es\/pagina-de-inicio\/"},{"@type":"ListItem","position":2,"name":"Ayuntamiento","item":"https:\/\/mont-roig.cat\/es\/ayuntamiento\/"},{"@type":"ListItem","position":3,"name":"\u00c1reas","item":"https:\/\/mont-roig.cat\/es\/ayuntamiento\/areas\/"},{"@type":"ListItem","position":4,"name":"Cultura","item":"https:\/\/mont-roig.cat\/es\/ayuntamiento\/areas\/cultura\/"},{"@type":"ListItem","position":5,"name":"Biblioteca"}]},{"@type":"WebSite","@id":"https:\/\/mont-roig.cat\/es\/#website","url":"https:\/\/mont-roig.cat\/es\/","name":"Ajuntament de Mont-roig del Camp","description":"Tota la informaci\u00f3 sobre la instituci\u00f3, els seus \u00f2rgans de govern, actualitat, serveis i molt m\u00e9s.","potentialAction":[{"@type":"SearchAction","target":{"@type":"EntryPoint","urlTemplate":"https:\/\/mont-roig.cat\/es\/?s={search_term_string}"},"query-input":{"@type":"PropertyValueSpecification","valueRequired":true,"valueName":"search_term_string"}}],"inLanguage":"es"}]}},"_links":{"self":[{"href":"https:\/\/mont-roig.cat\/es\/wp-json\/wp\/v2\/pages\/4477","targetHints":{"allow":["GET"]}}],"collection":[{"href":"https:\/\/mont-roig.cat\/es\/wp-json\/wp\/v2\/pages"}],"about":[{"href":"https:\/\/mont-roig.cat\/es\/wp-json\/wp\/v2\/types\/page"}],"author":[{"embeddable":true,"href":"https:\/\/mont-roig.cat\/es\/wp-json\/wp\/v2\/users\/4"}],"replies":[{"embeddable":true,"href":"https:\/\/mont-roig.cat\/es\/wp-json\/wp\/v2\/comments?post=4477"}],"version-history":[{"count":4,"href":"https:\/\/mont-roig.cat\/es\/wp-json\/wp\/v2\/pages\/4477\/revisions"}],"predecessor-version":[{"id":36889,"href":"https:\/\/mont-roig.cat\/es\/wp-json\/wp\/v2\/pages\/4477\/revisions\/36889"}],"up":[{"embeddable":true,"href":"https:\/\/mont-roig.cat\/es\/wp-json\/wp\/v2\/pages\/4282"}],"wp:attachment":[{"href":"https:\/\/mont-roig.cat\/es\/wp-json\/wp\/v2\/media?parent=4477"}],"curies":[{"name":"wp","href":"https:\/\/api.w.org\/{rel}","templated":true}]}}