{"id":4529,"date":"2015-06-16T12:27:08","date_gmt":"2015-06-16T12:27:08","guid":{"rendered":""},"modified":"2015-06-16T12:27:08","modified_gmt":"2015-06-16T12:27:08","slug":"junta-de-gobierno-local-0","status":"publish","type":"page","link":"https:\/\/mont-roig.cat\/es\/junta-de-gobierno-local-0\/","title":{"rendered":"Junta de Gobierno Local"},"content":{"rendered":"<div class=\"body\">\n<div>\n<p>La <strong>Junta de Gobierno Local<\/strong> es un \u00f3rgano colegiado necesario del gobierno municipal que, bajo la presidencia del alcalde, est\u00e1 integrada por un n\u00famero de concejales no superior al tercio del n\u00famero legal de los miembros corporativos. Los miembros estar\u00e1n nombrados y separados libremente por el Alcalde que dar\u00e1 cuenta al Pleno.&nbsp;<\/p>\n<p>El alcalde determinar\u00e1, mediante decreto, el n\u00famero de miembros de la Junta de Gobierno Local, as\u00ed como los concejales que deban poseer tal condici\u00f3n. La condici\u00f3n de miembro de la Junta de Gobierno Local es de car\u00e1cter voluntario.&nbsp;<\/p>\n<p>Corresponden a la Junta de Gobierno Local, como \u00f3rgano ejecutivo, las siguientes competencias:&nbsp;<br \/>\n1. La asistencia al alcalde en el ejercicio de sus atribuciones.&nbsp;<br \/>\n2. Las atribuciones que el Pleno le delegue.&nbsp;<br \/>\n3. Las atribuciones que el alcalde le delegue.&nbsp;<br \/>\n4. Las atribuciones que, directamente, le atribuyan las leyes estatales o auton\u00f3micas.&nbsp;<\/p>\n<p>El r\u00e9gimen de las sesiones ordinarias de la Junta de Gobierno Local ser\u00e1 todos los mi\u00e9rcoles no festivos, a las 12:00h.&nbsp;<\/p>\n<h5 style=\"box-sizing: border-box;\">MIEMBROS DE LA JUNTA DE GOBIERNO LOCAL<\/h5>\n<ul>\n<li style=\"box-sizing: border-box; line-height: 24px;\">Sr. Fran Morancho L\u00f3pez <span style=\"line-height: 24px;\">\u2013&nbsp;<\/span>&nbsp;alcalde, presidente<\/li>\n<li style=\"box-sizing: border-box; line-height: 24px;\">Sr. Ferran Pellicer Roca \u2013 1\u00ba teniente de alcalde<\/li>\n<li style=\"box-sizing: border-box; line-height: 24px;\">Sr. Juan Gallardo Alguer\u00f3 \u2013 2\u00ba&nbsp;<span style=\"line-height: 24px;\">teniente de alcalde<\/span><\/li>\n<li style=\"box-sizing: border-box; line-height: 24px;\">Sr. Enrique L\u00f3pez Gonz\u00e1lez \u2013 3\u00ba&nbsp;<span style=\"line-height: 24px;\">teniente de alcalde<\/span><\/li>\n<li>Sr. \u00c1ngel Redondo Ruizaguirre &#8211; 4\u00ba&nbsp;<span style=\"line-height: 24px;\">teniente de alcalde<\/span><\/li>\n<\/ul>\n<\/div>\n<\/div>\n","protected":false},"excerpt":{"rendered":"<p>La Junta de Gobierno Local es un \u00f3rgano colegiado necesario del gobierno municipal que, bajo la presidencia del alcalde, est\u00e1 integrada por un n\u00famero de concejales no superior al tercio del n\u00famero legal de los miembros corporativos. Los miembros estar\u00e1n nombrados y separados libremente por el Alcalde que dar\u00e1 cuenta al Pleno.&nbsp; El alcalde determinar\u00e1, [&hellip;]<\/p>\n","protected":false},"author":4,"featured_media":0,"parent":0,"menu_order":0,"comment_status":"open","ping_status":"open","template":"","meta":{"inline_featured_image":false,"_monsterinsights_skip_tracking":false,"_monsterinsights_sitenote_active":false,"_monsterinsights_sitenote_note":"","_monsterinsights_sitenote_category":0,"footnotes":""},"class_list":["post-4529","page","type-page","status-publish","hentry"],"yoast_head":"<!-- This site is optimized with the Yoast SEO plugin v27.4 - https:\/\/yoast.com\/product\/yoast-seo-wordpress\/ -->\n<title>Junta de Gobierno Local - Ajuntament de Mont-roig del Camp<\/title>\n<meta name=\"robots\" content=\"index, follow, max-snippet:-1, max-image-preview:large, max-video-preview:-1\" \/>\n<link rel=\"canonical\" href=\"https:\/\/mont-roig.cat\/es\/junta-de-gobierno-local-0\/\" \/>\n<meta property=\"og:locale\" content=\"es_ES\" \/>\n<meta property=\"og:type\" content=\"article\" \/>\n<meta property=\"og:title\" content=\"Junta de Gobierno Local - Ajuntament de Mont-roig del Camp\" \/>\n<meta property=\"og:description\" content=\"La Junta de Gobierno Local es un \u00f3rgano colegiado necesario del gobierno municipal que, bajo la presidencia del alcalde, est\u00e1 integrada por un n\u00famero de concejales no superior al tercio del n\u00famero legal de los miembros corporativos. Los miembros estar\u00e1n nombrados y separados libremente por el Alcalde que dar\u00e1 cuenta al Pleno.&nbsp; El alcalde determinar\u00e1, [&hellip;]\" \/>\n<meta property=\"og:url\" content=\"https:\/\/mont-roig.cat\/es\/junta-de-gobierno-local-0\/\" \/>\n<meta property=\"og:site_name\" content=\"Ajuntament de Mont-roig del Camp\" \/>\n<meta property=\"og:image\" content=\"https:\/\/mont-roig.cat\/wp-content\/uploads\/aj-mont-roig-2.jpg\" \/>\n\t<meta property=\"og:image:width\" content=\"1200\" \/>\n\t<meta property=\"og:image:height\" content=\"600\" \/>\n\t<meta property=\"og:image:type\" content=\"image\/jpeg\" \/>\n<meta name=\"twitter:card\" content=\"summary_large_image\" \/>\n<meta name=\"twitter:label1\" content=\"Tiempo de lectura\" \/>\n\t<meta name=\"twitter:data1\" content=\"1 minuto\" \/>\n<script type=\"application\/ld+json\" class=\"yoast-schema-graph\">{\"@context\":\"https:\\\/\\\/schema.org\",\"@graph\":[{\"@type\":\"WebPage\",\"@id\":\"https:\\\/\\\/mont-roig.cat\\\/es\\\/junta-de-gobierno-local-0\\\/\",\"url\":\"https:\\\/\\\/mont-roig.cat\\\/es\\\/junta-de-gobierno-local-0\\\/\",\"name\":\"Junta de Gobierno Local - Ajuntament de Mont-roig del Camp\",\"isPartOf\":{\"@id\":\"https:\\\/\\\/mont-roig.cat\\\/es\\\/#website\"},\"datePublished\":\"2015-06-16T12:27:08+00:00\",\"breadcrumb\":{\"@id\":\"https:\\\/\\\/mont-roig.cat\\\/es\\\/junta-de-gobierno-local-0\\\/#breadcrumb\"},\"inLanguage\":\"es\",\"potentialAction\":[{\"@type\":\"ReadAction\",\"target\":[\"https:\\\/\\\/mont-roig.cat\\\/es\\\/junta-de-gobierno-local-0\\\/\"]}]},{\"@type\":\"BreadcrumbList\",\"@id\":\"https:\\\/\\\/mont-roig.cat\\\/es\\\/junta-de-gobierno-local-0\\\/#breadcrumb\",\"itemListElement\":[{\"@type\":\"ListItem\",\"position\":1,\"name\":\"Inici\",\"item\":\"https:\\\/\\\/mont-roig.cat\\\/es\\\/pagina-de-inicio\\\/\"},{\"@type\":\"ListItem\",\"position\":2,\"name\":\"Junta de Gobierno Local\"}]},{\"@type\":\"WebSite\",\"@id\":\"https:\\\/\\\/mont-roig.cat\\\/es\\\/#website\",\"url\":\"https:\\\/\\\/mont-roig.cat\\\/es\\\/\",\"name\":\"Ajuntament de Mont-roig del Camp\",\"description\":\"Tota la informaci\u00f3 sobre la instituci\u00f3, els seus \u00f2rgans de govern, actualitat, serveis i molt m\u00e9s.\",\"potentialAction\":[{\"@type\":\"SearchAction\",\"target\":{\"@type\":\"EntryPoint\",\"urlTemplate\":\"https:\\\/\\\/mont-roig.cat\\\/es\\\/?s={search_term_string}\"},\"query-input\":{\"@type\":\"PropertyValueSpecification\",\"valueRequired\":true,\"valueName\":\"search_term_string\"}}],\"inLanguage\":\"es\"}]}<\/script>\n<!-- \/ Yoast SEO plugin. -->","yoast_head_json":{"title":"Junta de Gobierno Local - Ajuntament de Mont-roig del Camp","robots":{"index":"index","follow":"follow","max-snippet":"max-snippet:-1","max-image-preview":"max-image-preview:large","max-video-preview":"max-video-preview:-1"},"canonical":"https:\/\/mont-roig.cat\/es\/junta-de-gobierno-local-0\/","og_locale":"es_ES","og_type":"article","og_title":"Junta de Gobierno Local - Ajuntament de Mont-roig del Camp","og_description":"La Junta de Gobierno Local es un \u00f3rgano colegiado necesario del gobierno municipal que, bajo la presidencia del alcalde, est\u00e1 integrada por un n\u00famero de concejales no superior al tercio del n\u00famero legal de los miembros corporativos. Los miembros estar\u00e1n nombrados y separados libremente por el Alcalde que dar\u00e1 cuenta al Pleno.&nbsp; El alcalde determinar\u00e1, [&hellip;]","og_url":"https:\/\/mont-roig.cat\/es\/junta-de-gobierno-local-0\/","og_site_name":"Ajuntament de Mont-roig del Camp","og_image":[{"width":1200,"height":600,"url":"https:\/\/mont-roig.cat\/wp-content\/uploads\/aj-mont-roig-2.jpg","type":"image\/jpeg"}],"twitter_card":"summary_large_image","twitter_misc":{"Tiempo de lectura":"1 minuto"},"schema":{"@context":"https:\/\/schema.org","@graph":[{"@type":"WebPage","@id":"https:\/\/mont-roig.cat\/es\/junta-de-gobierno-local-0\/","url":"https:\/\/mont-roig.cat\/es\/junta-de-gobierno-local-0\/","name":"Junta de Gobierno Local - Ajuntament de Mont-roig del Camp","isPartOf":{"@id":"https:\/\/mont-roig.cat\/es\/#website"},"datePublished":"2015-06-16T12:27:08+00:00","breadcrumb":{"@id":"https:\/\/mont-roig.cat\/es\/junta-de-gobierno-local-0\/#breadcrumb"},"inLanguage":"es","potentialAction":[{"@type":"ReadAction","target":["https:\/\/mont-roig.cat\/es\/junta-de-gobierno-local-0\/"]}]},{"@type":"BreadcrumbList","@id":"https:\/\/mont-roig.cat\/es\/junta-de-gobierno-local-0\/#breadcrumb","itemListElement":[{"@type":"ListItem","position":1,"name":"Inici","item":"https:\/\/mont-roig.cat\/es\/pagina-de-inicio\/"},{"@type":"ListItem","position":2,"name":"Junta de Gobierno Local"}]},{"@type":"WebSite","@id":"https:\/\/mont-roig.cat\/es\/#website","url":"https:\/\/mont-roig.cat\/es\/","name":"Ajuntament de Mont-roig del Camp","description":"Tota la informaci\u00f3 sobre la instituci\u00f3, els seus \u00f2rgans de govern, actualitat, serveis i molt m\u00e9s.","potentialAction":[{"@type":"SearchAction","target":{"@type":"EntryPoint","urlTemplate":"https:\/\/mont-roig.cat\/es\/?s={search_term_string}"},"query-input":{"@type":"PropertyValueSpecification","valueRequired":true,"valueName":"search_term_string"}}],"inLanguage":"es"}]}},"_links":{"self":[{"href":"https:\/\/mont-roig.cat\/es\/wp-json\/wp\/v2\/pages\/4529","targetHints":{"allow":["GET"]}}],"collection":[{"href":"https:\/\/mont-roig.cat\/es\/wp-json\/wp\/v2\/pages"}],"about":[{"href":"https:\/\/mont-roig.cat\/es\/wp-json\/wp\/v2\/types\/page"}],"author":[{"embeddable":true,"href":"https:\/\/mont-roig.cat\/es\/wp-json\/wp\/v2\/users\/4"}],"replies":[{"embeddable":true,"href":"https:\/\/mont-roig.cat\/es\/wp-json\/wp\/v2\/comments?post=4529"}],"version-history":[{"count":0,"href":"https:\/\/mont-roig.cat\/es\/wp-json\/wp\/v2\/pages\/4529\/revisions"}],"wp:attachment":[{"href":"https:\/\/mont-roig.cat\/es\/wp-json\/wp\/v2\/media?parent=4529"}],"curies":[{"name":"wp","href":"https:\/\/api.w.org\/{rel}","templated":true}]}}