{"id":4531,"date":"2015-06-23T12:31:18","date_gmt":"2015-06-23T10:31:18","guid":{"rendered":""},"modified":"2026-02-27T09:16:48","modified_gmt":"2026-02-27T08:16:48","slug":"composicion-del-pleno","status":"publish","type":"page","link":"https:\/\/mont-roig.cat\/es\/ayuntamiento\/organs-de-representacio\/pleno\/composicion-del-pleno\/","title":{"rendered":"Composici\u00f3n del Pleno"},"content":{"rendered":"<div class=\"wpb-content-wrapper\">[vc_row][vc_column][vc_column_text]El Ayuntamiento de Mont-roig del Camp queda representado con los concejales y los grupos municipales siguientes, una vez celebrado el Pleno de constituci\u00f3n de la Corporaci\u00f3n Municipal, el 17 de junio de 2023:<\/p>\n<h4>Partit dels Socialistes de Catalunya \u2013Candidatura de Progr\u00e9s (PSC-CP)<\/h4>\n<ul>\n<li>\n<h4><a href=\"https:\/\/gmpsc.mont-roig.cat\/\" target=\"_blank\" rel=\"noopener noreferrer\">Blog del grupo municipal PSC-CP<\/a><\/h4>\n<\/li>\n<\/ul>\n<p><a href=\"https:\/\/mont-roig.cat\/wp-content\/uploads\/Fran-Morancho-1.jpg\"><img loading=\"lazy\" decoding=\"async\" class=\"requadre alignleft wp-image-70904\" src=\"https:\/\/mont-roig.cat\/wp-content\/uploads\/Fran-Morancho-1-500x500.jpg\" alt=\"\" width=\"100\" height=\"100\" srcset=\"https:\/\/mont-roig.cat\/wp-content\/uploads\/Fran-Morancho-1-500x500.jpg 500w, https:\/\/mont-roig.cat\/wp-content\/uploads\/Fran-Morancho-1-50x50.jpg 50w, https:\/\/mont-roig.cat\/wp-content\/uploads\/Fran-Morancho-1-768x767.jpg 768w, https:\/\/mont-roig.cat\/wp-content\/uploads\/Fran-Morancho-1-560x560.jpg 560w, https:\/\/mont-roig.cat\/wp-content\/uploads\/Fran-Morancho-1-367x367.jpg 367w, https:\/\/mont-roig.cat\/wp-content\/uploads\/Fran-Morancho-1-450x450.jpg 450w, https:\/\/mont-roig.cat\/wp-content\/uploads\/Fran-Morancho-1-85x85.jpg 85w, https:\/\/mont-roig.cat\/wp-content\/uploads\/Fran-Morancho-1-45x45.jpg 45w, https:\/\/mont-roig.cat\/wp-content\/uploads\/Fran-Morancho-1.jpg 1005w\" sizes=\"auto, (max-width: 100px) 100vw, 100px\" \/><\/a><a href=\"https:\/\/mont-roig.cat\/es\/ayuntamiento\/organs-de-representacio\/alcalde\/\" target=\"_blank\" rel=\"noopener\">Sr. Fran Morancho L\u00f3pez<\/a><\/p>\n<p><a href=\"mailto:alcaldia@mont-roig.cat\" target=\"_blank\" rel=\"noopener noreferrer\">alcaldia@mont-roig.cat<\/a><\/p>\n<p>&nbsp;<\/p>\n<p><a href=\"https:\/\/mont-roig.cat\/wp-content\/uploads\/Yolanda-Perez.jpg\"><img loading=\"lazy\" decoding=\"async\" class=\"requadre wp-image-70906 alignleft\" src=\"https:\/\/mont-roig.cat\/wp-content\/uploads\/Yolanda-Perez-500x500.jpg\" alt=\"\" width=\"100\" height=\"100\" srcset=\"https:\/\/mont-roig.cat\/wp-content\/uploads\/Yolanda-Perez-500x500.jpg 500w, https:\/\/mont-roig.cat\/wp-content\/uploads\/Yolanda-Perez-50x50.jpg 50w, https:\/\/mont-roig.cat\/wp-content\/uploads\/Yolanda-Perez-768x769.jpg 768w, https:\/\/mont-roig.cat\/wp-content\/uploads\/Yolanda-Perez-560x560.jpg 560w, https:\/\/mont-roig.cat\/wp-content\/uploads\/Yolanda-Perez-367x367.jpg 367w, https:\/\/mont-roig.cat\/wp-content\/uploads\/Yolanda-Perez-450x450.jpg 450w, https:\/\/mont-roig.cat\/wp-content\/uploads\/Yolanda-Perez-85x85.jpg 85w, https:\/\/mont-roig.cat\/wp-content\/uploads\/Yolanda-Perez-45x45.jpg 45w, https:\/\/mont-roig.cat\/wp-content\/uploads\/Yolanda-Perez.jpg 835w\" sizes=\"auto, (max-width: 100px) 100vw, 100px\" \/><\/a><a href=\"https:\/\/mont-roig.cat\/es\/yolanda-perez-diaz\/\" target=\"_blank\" rel=\"noopener\">Sra. Yolanda P\u00e9rez D\u00edaz<\/a><\/p>\n<p><a href=\"mailto:yperez@mont-roig.cat\" target=\"_blank\" rel=\"noopener\">yperez@mont-roig.cat<\/a><\/p>\n<p>&nbsp;<\/p>\n<p><a href=\"https:\/\/mont-roig.cat\/wp-content\/uploads\/Cristina-Llorens-1.jpg\"><img loading=\"lazy\" decoding=\"async\" class=\"requadre wp-image-70910 alignleft\" src=\"https:\/\/mont-roig.cat\/wp-content\/uploads\/Cristina-Llorens-1-500x500.jpg\" alt=\"\" width=\"100\" height=\"100\" srcset=\"https:\/\/mont-roig.cat\/wp-content\/uploads\/Cristina-Llorens-1-500x500.jpg 500w, https:\/\/mont-roig.cat\/wp-content\/uploads\/Cristina-Llorens-1-50x50.jpg 50w, https:\/\/mont-roig.cat\/wp-content\/uploads\/Cristina-Llorens-1-768x768.jpg 768w, https:\/\/mont-roig.cat\/wp-content\/uploads\/Cristina-Llorens-1-560x560.jpg 560w, https:\/\/mont-roig.cat\/wp-content\/uploads\/Cristina-Llorens-1-367x367.jpg 367w, https:\/\/mont-roig.cat\/wp-content\/uploads\/Cristina-Llorens-1-450x450.jpg 450w, https:\/\/mont-roig.cat\/wp-content\/uploads\/Cristina-Llorens-1-85x85.jpg 85w, https:\/\/mont-roig.cat\/wp-content\/uploads\/Cristina-Llorens-1-45x45.jpg 45w, https:\/\/mont-roig.cat\/wp-content\/uploads\/Cristina-Llorens-1.jpg 822w\" sizes=\"auto, (max-width: 100px) 100vw, 100px\" \/><\/a><a href=\"https:\/\/mont-roig.cat\/es\/cristina-llorens-pardo\/\" target=\"_blank\" rel=\"noopener\">Sra. Cristina Llorens Pardo<\/a><\/p>\n<p><a href=\"mailto:cllorens@mont-roig.cat\" target=\"_blank\" rel=\"noopener\">cllorens@mont-roig.cat<\/a><\/p>\n<p>&nbsp;<\/p>\n<p><a href=\"https:\/\/mont-roig.cat\/wp-content\/uploads\/Francis-Ortiz-1.jpg\"><img loading=\"lazy\" decoding=\"async\" class=\"requadre alignleft wp-image-70908\" src=\"https:\/\/mont-roig.cat\/wp-content\/uploads\/Francis-Ortiz-1-500x500.jpg\" alt=\"\" width=\"100\" height=\"100\" srcset=\"https:\/\/mont-roig.cat\/wp-content\/uploads\/Francis-Ortiz-1-500x500.jpg 500w, https:\/\/mont-roig.cat\/wp-content\/uploads\/Francis-Ortiz-1-50x50.jpg 50w, https:\/\/mont-roig.cat\/wp-content\/uploads\/Francis-Ortiz-1-560x560.jpg 560w, https:\/\/mont-roig.cat\/wp-content\/uploads\/Francis-Ortiz-1-367x367.jpg 367w, https:\/\/mont-roig.cat\/wp-content\/uploads\/Francis-Ortiz-1-450x450.jpg 450w, https:\/\/mont-roig.cat\/wp-content\/uploads\/Francis-Ortiz-1-85x85.jpg 85w, https:\/\/mont-roig.cat\/wp-content\/uploads\/Francis-Ortiz-1-45x45.jpg 45w, https:\/\/mont-roig.cat\/wp-content\/uploads\/Francis-Ortiz-1.jpg 740w\" sizes=\"auto, (max-width: 100px) 100vw, 100px\" \/><\/a><a href=\"https:\/\/mont-roig.cat\/es\/francisca-ortiz-sanchez\/\" target=\"_blank\" rel=\"noopener\">Sra. Francisca Ortiz S\u00e1nchez<\/a><\/p>\n<p><a href=\"mailto:fortiz@mont-roig.cat\" target=\"_blank\" rel=\"noopener\">fortiz@mont-roig.cat<\/a><\/p>\n<p>&nbsp;<\/p>\n<p><a href=\"https:\/\/mont-roig.cat\/es\/jordi-alemany-ardit\/\" target=\"_blank\" rel=\"noopener\">Sr. Jordi Alemany Ardit<\/a><a href=\"https:\/\/mont-roig.cat\/wp-content\/uploads\/Jordi-Alemany-2.jpg\"><img loading=\"lazy\" decoding=\"async\" class=\"requadre wp-image-70912 alignleft\" src=\"https:\/\/mont-roig.cat\/wp-content\/uploads\/Jordi-Alemany-2-500x500.jpg\" alt=\"\" width=\"100\" height=\"100\" srcset=\"https:\/\/mont-roig.cat\/wp-content\/uploads\/Jordi-Alemany-2-500x500.jpg 500w, https:\/\/mont-roig.cat\/wp-content\/uploads\/Jordi-Alemany-2-50x50.jpg 50w, https:\/\/mont-roig.cat\/wp-content\/uploads\/Jordi-Alemany-2-768x768.jpg 768w, https:\/\/mont-roig.cat\/wp-content\/uploads\/Jordi-Alemany-2-560x560.jpg 560w, https:\/\/mont-roig.cat\/wp-content\/uploads\/Jordi-Alemany-2-367x367.jpg 367w, https:\/\/mont-roig.cat\/wp-content\/uploads\/Jordi-Alemany-2-450x450.jpg 450w, https:\/\/mont-roig.cat\/wp-content\/uploads\/Jordi-Alemany-2-85x85.jpg 85w, https:\/\/mont-roig.cat\/wp-content\/uploads\/Jordi-Alemany-2-45x45.jpg 45w, https:\/\/mont-roig.cat\/wp-content\/uploads\/Jordi-Alemany-2.jpg 985w\" sizes=\"auto, (max-width: 100px) 100vw, 100px\" \/><\/a><\/p>\n<p><a href=\"mailto:jalemany@mont-roig.cat\" target=\"_blank\" rel=\"noopener\">jalemany@mont-roig.cat<\/a><\/p>\n<p>&nbsp;<\/p>\n<p><a href=\"https:\/\/mont-roig.cat\/wp-content\/uploads\/Miguel-del-Viso.jpg\"><img loading=\"lazy\" decoding=\"async\" class=\"requadre alignleft wp-image-70935\" src=\"https:\/\/mont-roig.cat\/wp-content\/uploads\/Miguel-del-Viso-500x500.jpg\" alt=\"\" width=\"100\" height=\"100\" srcset=\"https:\/\/mont-roig.cat\/wp-content\/uploads\/Miguel-del-Viso-500x500.jpg 500w, https:\/\/mont-roig.cat\/wp-content\/uploads\/Miguel-del-Viso-50x50.jpg 50w, https:\/\/mont-roig.cat\/wp-content\/uploads\/Miguel-del-Viso-768x768.jpg 768w, https:\/\/mont-roig.cat\/wp-content\/uploads\/Miguel-del-Viso-560x560.jpg 560w, https:\/\/mont-roig.cat\/wp-content\/uploads\/Miguel-del-Viso-367x367.jpg 367w, https:\/\/mont-roig.cat\/wp-content\/uploads\/Miguel-del-Viso-450x450.jpg 450w, https:\/\/mont-roig.cat\/wp-content\/uploads\/Miguel-del-Viso-85x85.jpg 85w, https:\/\/mont-roig.cat\/wp-content\/uploads\/Miguel-del-Viso-45x45.jpg 45w, https:\/\/mont-roig.cat\/wp-content\/uploads\/Miguel-del-Viso.jpg 821w\" sizes=\"auto, (max-width: 100px) 100vw, 100px\" \/><\/a><\/p>\n<p><a href=\"https:\/\/mont-roig.cat\/es\/miguel-del-viso-romanos\/\" target=\"_blank\" rel=\"noopener\">Sr. Miguel del Viso Romanos<\/a><\/p>\n<p><a href=\"mailto:mdelviso@mont-roig.cat\" target=\"_blank\" rel=\"noopener\">mdelviso@mont-roig.cat<\/a><\/p>\n<p>&nbsp;<\/p>\n<p><a href=\"https:\/\/mont-roig.cat\/wp-content\/uploads\/Mar-Urisel.jpg\"><img loading=\"lazy\" decoding=\"async\" class=\"requadre alignleft wp-image-70920\" src=\"https:\/\/mont-roig.cat\/wp-content\/uploads\/Mar-Urisel-500x500.jpg\" alt=\"\" width=\"100\" height=\"100\" srcset=\"https:\/\/mont-roig.cat\/wp-content\/uploads\/Mar-Urisel-500x500.jpg 500w, https:\/\/mont-roig.cat\/wp-content\/uploads\/Mar-Urisel-50x50.jpg 50w, https:\/\/mont-roig.cat\/wp-content\/uploads\/Mar-Urisel-768x768.jpg 768w, https:\/\/mont-roig.cat\/wp-content\/uploads\/Mar-Urisel-560x560.jpg 560w, https:\/\/mont-roig.cat\/wp-content\/uploads\/Mar-Urisel-367x367.jpg 367w, https:\/\/mont-roig.cat\/wp-content\/uploads\/Mar-Urisel-450x450.jpg 450w, https:\/\/mont-roig.cat\/wp-content\/uploads\/Mar-Urisel-85x85.jpg 85w, https:\/\/mont-roig.cat\/wp-content\/uploads\/Mar-Urisel-45x45.jpg 45w, https:\/\/mont-roig.cat\/wp-content\/uploads\/Mar-Urisel.jpg 795w\" sizes=\"auto, (max-width: 100px) 100vw, 100px\" \/><\/a><\/p>\n<p><a href=\"https:\/\/mont-roig.cat\/es\/mari-mar-urisel-roca\/\" target=\"_blank\" rel=\"noopener\">Sra. M. Mar Urisel Roca<\/a><\/p>\n<p><a href=\"mailto:murisel@mont-roig.cat\" target=\"_blank\" rel=\"noopener\">murisel@mont-roig.cat<\/a><\/p>\n<h4><\/h4>\n<h4><\/h4>\n<h4>Junts per Mont-roig del Camp- Comprom\u00eds Municipal (CM)<\/h4>\n<ul>\n<li>\n<h4><a href=\"https:\/\/gmjxmm.mont-roig.cat\/\" target=\"_blank\" rel=\"noopener noreferrer\">Blog del grupo municipal de Junts<\/a><\/h4>\n<\/li>\n<\/ul>\n<p><a href=\"https:\/\/mont-roig.cat\/wp-content\/uploads\/Simo-Gras.jpg\"><img loading=\"lazy\" decoding=\"async\" class=\"requadre wp-image-70914 alignleft\" src=\"https:\/\/mont-roig.cat\/wp-content\/uploads\/Simo-Gras-500x500.jpg\" alt=\"\" width=\"100\" height=\"100\" srcset=\"https:\/\/mont-roig.cat\/wp-content\/uploads\/Simo-Gras-500x500.jpg 500w, https:\/\/mont-roig.cat\/wp-content\/uploads\/Simo-Gras-50x50.jpg 50w, https:\/\/mont-roig.cat\/wp-content\/uploads\/Simo-Gras-768x768.jpg 768w, https:\/\/mont-roig.cat\/wp-content\/uploads\/Simo-Gras-560x560.jpg 560w, https:\/\/mont-roig.cat\/wp-content\/uploads\/Simo-Gras-367x367.jpg 367w, https:\/\/mont-roig.cat\/wp-content\/uploads\/Simo-Gras-450x450.jpg 450w, https:\/\/mont-roig.cat\/wp-content\/uploads\/Simo-Gras-85x85.jpg 85w, https:\/\/mont-roig.cat\/wp-content\/uploads\/Simo-Gras-45x45.jpg 45w, https:\/\/mont-roig.cat\/wp-content\/uploads\/Simo-Gras.jpg 832w\" sizes=\"auto, (max-width: 100px) 100vw, 100px\" \/><\/a><a href=\"https:\/\/mont-roig.cat\/es\/simo-gras-sole\/\" target=\"_blank\" rel=\"noopener\">Sr. Sim\u00f3 Gras Sol\u00e9<\/a><\/p>\n<p><a href=\"mailto:sgras@mont-roig.cat\" target=\"_blank\" rel=\"noopener\">sgras@mont-roig.cat<\/a><\/p>\n<p>&nbsp;<\/p>\n<p><a href=\"https:\/\/mont-roig.cat\/wp-content\/uploads\/Annabel-Garcia.jpg\"><img loading=\"lazy\" decoding=\"async\" class=\"requadre alignleft wp-image-70916\" src=\"https:\/\/mont-roig.cat\/wp-content\/uploads\/Annabel-Garcia-500x500.jpg\" alt=\"\" width=\"100\" height=\"100\" srcset=\"https:\/\/mont-roig.cat\/wp-content\/uploads\/Annabel-Garcia-500x500.jpg 500w, https:\/\/mont-roig.cat\/wp-content\/uploads\/Annabel-Garcia-50x50.jpg 50w, https:\/\/mont-roig.cat\/wp-content\/uploads\/Annabel-Garcia-768x769.jpg 768w, https:\/\/mont-roig.cat\/wp-content\/uploads\/Annabel-Garcia-560x560.jpg 560w, https:\/\/mont-roig.cat\/wp-content\/uploads\/Annabel-Garcia-367x367.jpg 367w, https:\/\/mont-roig.cat\/wp-content\/uploads\/Annabel-Garcia-450x450.jpg 450w, https:\/\/mont-roig.cat\/wp-content\/uploads\/Annabel-Garcia-85x85.jpg 85w, https:\/\/mont-roig.cat\/wp-content\/uploads\/Annabel-Garcia-45x45.jpg 45w, https:\/\/mont-roig.cat\/wp-content\/uploads\/Annabel-Garcia.jpg 1003w\" sizes=\"auto, (max-width: 100px) 100vw, 100px\" \/><\/a><\/p>\n<p><a href=\"https:\/\/mont-roig.cat\/es\/annabel-garcia-echevarria\/\" target=\"_blank\" rel=\"noopener\">Sra. Annabel Garcia Echevarria<\/a><\/p>\n<p><a href=\"mailto:agarcia@mont-roig.cat\" target=\"_blank\" rel=\"noopener\">agarcia@mont-roig.cat<\/a><\/p>\n<p>&nbsp;<\/p>\n<p><a href=\"https:\/\/mont-roig.cat\/wp-content\/uploads\/Serena-Gispert.jpg\"><img loading=\"lazy\" decoding=\"async\" class=\"requadre alignleft wp-image-70918\" src=\"https:\/\/mont-roig.cat\/wp-content\/uploads\/Serena-Gispert-500x500.jpg\" alt=\"\" width=\"100\" height=\"100\" srcset=\"https:\/\/mont-roig.cat\/wp-content\/uploads\/Serena-Gispert-500x500.jpg 500w, https:\/\/mont-roig.cat\/wp-content\/uploads\/Serena-Gispert-50x50.jpg 50w, https:\/\/mont-roig.cat\/wp-content\/uploads\/Serena-Gispert-768x769.jpg 768w, https:\/\/mont-roig.cat\/wp-content\/uploads\/Serena-Gispert-560x560.jpg 560w, https:\/\/mont-roig.cat\/wp-content\/uploads\/Serena-Gispert-367x367.jpg 367w, https:\/\/mont-roig.cat\/wp-content\/uploads\/Serena-Gispert-450x450.jpg 450w, https:\/\/mont-roig.cat\/wp-content\/uploads\/Serena-Gispert-85x85.jpg 85w, https:\/\/mont-roig.cat\/wp-content\/uploads\/Serena-Gispert-45x45.jpg 45w, https:\/\/mont-roig.cat\/wp-content\/uploads\/Serena-Gispert.jpg 959w\" sizes=\"auto, (max-width: 100px) 100vw, 100px\" \/><\/a><\/p>\n<p><a href=\"https:\/\/mont-roig.cat\/es\/serena-gispert-gimenez\/\" target=\"_blank\" rel=\"noopener\">Sra. Serena Gispert Gim\u00e9nez<\/a><\/p>\n<p><a href=\"mailto:sgispert@mont-roig.cat\" target=\"_blank\" rel=\"noopener\">sgispert@mont-roig.cat<\/a><\/p>\n<p>&nbsp;<\/p>\n<p><a href=\"https:\/\/mont-roig.cat\/wp-content\/uploads\/Josep-Rovira.jpg\"><img loading=\"lazy\" decoding=\"async\" class=\"requadre alignleft wp-image-70922\" src=\"https:\/\/mont-roig.cat\/wp-content\/uploads\/Josep-Rovira-500x500.jpg\" alt=\"\" width=\"100\" height=\"100\" srcset=\"https:\/\/mont-roig.cat\/wp-content\/uploads\/Josep-Rovira-500x500.jpg 500w, https:\/\/mont-roig.cat\/wp-content\/uploads\/Josep-Rovira-50x50.jpg 50w, https:\/\/mont-roig.cat\/wp-content\/uploads\/Josep-Rovira-768x768.jpg 768w, https:\/\/mont-roig.cat\/wp-content\/uploads\/Josep-Rovira-560x560.jpg 560w, https:\/\/mont-roig.cat\/wp-content\/uploads\/Josep-Rovira-367x367.jpg 367w, https:\/\/mont-roig.cat\/wp-content\/uploads\/Josep-Rovira-450x450.jpg 450w, https:\/\/mont-roig.cat\/wp-content\/uploads\/Josep-Rovira-85x85.jpg 85w, https:\/\/mont-roig.cat\/wp-content\/uploads\/Josep-Rovira-45x45.jpg 45w, https:\/\/mont-roig.cat\/wp-content\/uploads\/Josep-Rovira.jpg 1020w\" sizes=\"auto, (max-width: 100px) 100vw, 100px\" \/><\/a><\/p>\n<p><a href=\"https:\/\/mont-roig.cat\/es\/josep-rovira-pujol\/\" target=\"_blank\" rel=\"noopener\">Sr. Josep Rovira Pujol<\/a><\/p>\n<p><a href=\"mailto:jrovira@mont-roig.cat\" target=\"_blank\" rel=\"noopener\">jrovira@mont-roig.cat<\/a><\/p>\n<p>&nbsp;<\/p>\n<p><a href=\"https:\/\/mont-roig.cat\/wp-content\/uploads\/M.-Am\u00e8lia-Bargall\u00f3.jpg\"><img loading=\"lazy\" decoding=\"async\" class=\"requadre alignleft wp-image-38395\" src=\"https:\/\/mont-roig.cat\/wp-content\/uploads\/M.-Am\u00e8lia-Bargall\u00f3-500x500.jpg\" alt=\"\" width=\"100\" height=\"100\" srcset=\"https:\/\/mont-roig.cat\/wp-content\/uploads\/M.-Am\u00e8lia-Bargall\u00f3-500x500.jpg 500w, https:\/\/mont-roig.cat\/wp-content\/uploads\/M.-Am\u00e8lia-Bargall\u00f3-50x50.jpg 50w, https:\/\/mont-roig.cat\/wp-content\/uploads\/M.-Am\u00e8lia-Bargall\u00f3-768x768.jpg 768w, https:\/\/mont-roig.cat\/wp-content\/uploads\/M.-Am\u00e8lia-Bargall\u00f3-1024x1024.jpg 1024w, https:\/\/mont-roig.cat\/wp-content\/uploads\/M.-Am\u00e8lia-Bargall\u00f3-560x560.jpg 560w, https:\/\/mont-roig.cat\/wp-content\/uploads\/M.-Am\u00e8lia-Bargall\u00f3-367x367.jpg 367w, https:\/\/mont-roig.cat\/wp-content\/uploads\/M.-Am\u00e8lia-Bargall\u00f3-450x450.jpg 450w, https:\/\/mont-roig.cat\/wp-content\/uploads\/M.-Am\u00e8lia-Bargall\u00f3-85x85.jpg 85w, https:\/\/mont-roig.cat\/wp-content\/uploads\/M.-Am\u00e8lia-Bargall\u00f3-45x45.jpg 45w, https:\/\/mont-roig.cat\/wp-content\/uploads\/M.-Am\u00e8lia-Bargall\u00f3.jpg 1920w\" sizes=\"auto, (max-width: 100px) 100vw, 100px\" \/><\/a><a href=\"https:\/\/mont-roig.cat\/es\/m-amelia-bargallo-castellnou\/\" target=\"_blank\" rel=\"noopener\">Sra. M. Am\u00e8lia Bargall\u00f3 Castellnou<\/a><\/p>\n<p><a href=\"mailto:abargallo@mont-roig.cat\" target=\"_blank\" rel=\"noopener\">abargallo@mont-roig.cat<\/a><\/p>\n<p>&nbsp;<\/p>\n<h4>Esquerra Republicana de Catalunya \u2013\u00a0 Acord Municipal<\/h4>\n<ul>\n<li>\n<h4><a href=\"https:\/\/gmerc-am.mont-roig.cat\/\" target=\"_blank\" rel=\"noopener noreferrer\">Blog del grupo municipal d&#8217;ERC-AM<\/a><\/h4>\n<\/li>\n<\/ul>\n<p><a href=\"https:\/\/mont-roig.cat\/wp-content\/uploads\/Irene-Aragones.jpg\"><img loading=\"lazy\" decoding=\"async\" class=\"requadre alignleft wp-image-70924\" src=\"https:\/\/mont-roig.cat\/wp-content\/uploads\/Irene-Aragones-500x500.jpg\" alt=\"\" width=\"100\" height=\"100\" srcset=\"https:\/\/mont-roig.cat\/wp-content\/uploads\/Irene-Aragones-500x500.jpg 500w, https:\/\/mont-roig.cat\/wp-content\/uploads\/Irene-Aragones-50x50.jpg 50w, https:\/\/mont-roig.cat\/wp-content\/uploads\/Irene-Aragones-560x560.jpg 560w, https:\/\/mont-roig.cat\/wp-content\/uploads\/Irene-Aragones-367x367.jpg 367w, https:\/\/mont-roig.cat\/wp-content\/uploads\/Irene-Aragones-450x450.jpg 450w, https:\/\/mont-roig.cat\/wp-content\/uploads\/Irene-Aragones-85x85.jpg 85w, https:\/\/mont-roig.cat\/wp-content\/uploads\/Irene-Aragones-45x45.jpg 45w, https:\/\/mont-roig.cat\/wp-content\/uploads\/Irene-Aragones.jpg 745w\" sizes=\"auto, (max-width: 100px) 100vw, 100px\" \/><\/a><a href=\"https:\/\/mont-roig.cat\/es\/irene-aragones-gracia\/\" target=\"_blank\" rel=\"noopener\">Sra. Irene Aragon\u00e8s Gr\u00e0cia<\/a><\/p>\n<p><a href=\"mailto:iaragones@mont-roig.cat\" target=\"_blank\" rel=\"noopener\">iaragones@mont-roig.cat<\/a><\/p>\n<p>&nbsp;<\/p>\n<p><a href=\"https:\/\/mont-roig.cat\/wp-content\/uploads\/Manel-Vilajosana-2.jpg\"><img loading=\"lazy\" decoding=\"async\" class=\"requadre alignleft wp-image-70926\" src=\"https:\/\/mont-roig.cat\/wp-content\/uploads\/Manel-Vilajosana-2-500x500.jpg\" alt=\"\" width=\"100\" height=\"100\" srcset=\"https:\/\/mont-roig.cat\/wp-content\/uploads\/Manel-Vilajosana-2-500x500.jpg 500w, https:\/\/mont-roig.cat\/wp-content\/uploads\/Manel-Vilajosana-2-50x50.jpg 50w, https:\/\/mont-roig.cat\/wp-content\/uploads\/Manel-Vilajosana-2-768x769.jpg 768w, https:\/\/mont-roig.cat\/wp-content\/uploads\/Manel-Vilajosana-2-560x560.jpg 560w, https:\/\/mont-roig.cat\/wp-content\/uploads\/Manel-Vilajosana-2-367x367.jpg 367w, https:\/\/mont-roig.cat\/wp-content\/uploads\/Manel-Vilajosana-2-450x450.jpg 450w, https:\/\/mont-roig.cat\/wp-content\/uploads\/Manel-Vilajosana-2-85x85.jpg 85w, https:\/\/mont-roig.cat\/wp-content\/uploads\/Manel-Vilajosana-2-45x45.jpg 45w, https:\/\/mont-roig.cat\/wp-content\/uploads\/Manel-Vilajosana-2.jpg 1003w\" sizes=\"auto, (max-width: 100px) 100vw, 100px\" \/><\/a><a href=\"https:\/\/mont-roig.cat\/es\/manel-vilajosana-ferrandiz\/\" target=\"_blank\" rel=\"noopener\">Sr. Manel Vilajosana Ferr\u00e0ndiz<\/a><\/p>\n<p><a href=\"mailto:mvilajosana@mont-roig.cat\" target=\"_blank\" rel=\"noopener\">mvilajosana@mont-roig.cat<\/a><\/p>\n<p>&nbsp;<\/p>\n<h4>Plataforma Impulso Miami Mont-roig<\/h4>\n<ul>\n<li>\n<h4><a href=\"https:\/\/gmimm.mont-roig.cat\/\" target=\"_blank\" rel=\"noopener noreferrer\">Blog del grupo municipal d&#8217;IMM<\/a><\/h4>\n<\/li>\n<\/ul>\n<p><a href=\"https:\/\/mont-roig.cat\/es\/vicente-perez-mula\/\" target=\"_blank\" rel=\"noopener\"><img loading=\"lazy\" decoding=\"async\" class=\"requadre wp-image-70928 alignleft\" src=\"https:\/\/mont-roig.cat\/wp-content\/uploads\/Vicente-Perez-1-500x500.jpg\" alt=\"\" width=\"100\" height=\"100\" srcset=\"https:\/\/mont-roig.cat\/wp-content\/uploads\/Vicente-Perez-1-500x500.jpg 500w, https:\/\/mont-roig.cat\/wp-content\/uploads\/Vicente-Perez-1-50x50.jpg 50w, https:\/\/mont-roig.cat\/wp-content\/uploads\/Vicente-Perez-1-768x768.jpg 768w, https:\/\/mont-roig.cat\/wp-content\/uploads\/Vicente-Perez-1-560x560.jpg 560w, https:\/\/mont-roig.cat\/wp-content\/uploads\/Vicente-Perez-1-367x367.jpg 367w, https:\/\/mont-roig.cat\/wp-content\/uploads\/Vicente-Perez-1-450x450.jpg 450w, https:\/\/mont-roig.cat\/wp-content\/uploads\/Vicente-Perez-1-85x85.jpg 85w, https:\/\/mont-roig.cat\/wp-content\/uploads\/Vicente-Perez-1-45x45.jpg 45w, https:\/\/mont-roig.cat\/wp-content\/uploads\/Vicente-Perez-1.jpg 806w\" sizes=\"auto, (max-width: 100px) 100vw, 100px\" \/><\/a><a href=\"https:\/\/mont-roig.cat\/es\/vicente-perez-mula\/\" target=\"_blank\" rel=\"noopener\">Sr. Vicente P\u00e9rez Mula<\/a><\/p>\n<p><a href=\"mailto:vperez@mont-roig.cat\" target=\"_blank\" rel=\"noopener\">vperez@mont-roig.cat<\/a><\/p>\n<p>&nbsp;<\/p>\n<p><a href=\"https:\/\/mont-roig.cat\/wp-content\/uploads\/Elvira-Montagud.jpg\"><img loading=\"lazy\" decoding=\"async\" class=\"requadre wp-image-70930 alignleft\" src=\"https:\/\/mont-roig.cat\/wp-content\/uploads\/Elvira-Montagud-500x500.jpg\" alt=\"\" width=\"100\" height=\"100\" srcset=\"https:\/\/mont-roig.cat\/wp-content\/uploads\/Elvira-Montagud-500x500.jpg 500w, https:\/\/mont-roig.cat\/wp-content\/uploads\/Elvira-Montagud-50x50.jpg 50w, https:\/\/mont-roig.cat\/wp-content\/uploads\/Elvira-Montagud-768x768.jpg 768w, https:\/\/mont-roig.cat\/wp-content\/uploads\/Elvira-Montagud-560x560.jpg 560w, https:\/\/mont-roig.cat\/wp-content\/uploads\/Elvira-Montagud-367x367.jpg 367w, https:\/\/mont-roig.cat\/wp-content\/uploads\/Elvira-Montagud-450x450.jpg 450w, https:\/\/mont-roig.cat\/wp-content\/uploads\/Elvira-Montagud-85x85.jpg 85w, https:\/\/mont-roig.cat\/wp-content\/uploads\/Elvira-Montagud-45x45.jpg 45w, https:\/\/mont-roig.cat\/wp-content\/uploads\/Elvira-Montagud.jpg 897w\" sizes=\"auto, (max-width: 100px) 100vw, 100px\" \/><\/a><a href=\"https:\/\/mont-roig.cat\/es\/elvira-montagud-perez\/\" target=\"_blank\" rel=\"noopener\">Sra. Elvira Montagud P\u00e9rez<\/a><\/p>\n<p><a href=\"mailto:emontagud@mont-roig.cat\" target=\"_blank\" rel=\"noopener\">emontagud@mont-roig.cat<\/a><\/p>\n<h4><\/h4>\n<h4>VOX<\/h4>\n<p><a href=\"https:\/\/mont-roig.cat\/wp-content\/uploads\/Juan-Miguel-Jareno.jpg\"><img loading=\"lazy\" decoding=\"async\" class=\"requadre wp-image-70932 alignleft\" src=\"https:\/\/mont-roig.cat\/wp-content\/uploads\/Juan-Miguel-Jareno-500x500.jpg\" alt=\"\" width=\"100\" height=\"100\" srcset=\"https:\/\/mont-roig.cat\/wp-content\/uploads\/Juan-Miguel-Jareno-500x500.jpg 500w, https:\/\/mont-roig.cat\/wp-content\/uploads\/Juan-Miguel-Jareno-50x50.jpg 50w, https:\/\/mont-roig.cat\/wp-content\/uploads\/Juan-Miguel-Jareno-768x768.jpg 768w, https:\/\/mont-roig.cat\/wp-content\/uploads\/Juan-Miguel-Jareno-560x560.jpg 560w, https:\/\/mont-roig.cat\/wp-content\/uploads\/Juan-Miguel-Jareno-367x367.jpg 367w, https:\/\/mont-roig.cat\/wp-content\/uploads\/Juan-Miguel-Jareno-450x450.jpg 450w, https:\/\/mont-roig.cat\/wp-content\/uploads\/Juan-Miguel-Jareno-85x85.jpg 85w, https:\/\/mont-roig.cat\/wp-content\/uploads\/Juan-Miguel-Jareno-45x45.jpg 45w, https:\/\/mont-roig.cat\/wp-content\/uploads\/Juan-Miguel-Jareno.jpg 829w\" sizes=\"auto, (max-width: 100px) 100vw, 100px\" \/><\/a><a href=\"https:\/\/mont-roig.cat\/es\/juan-miguel-jareno\/\" target=\"_blank\" rel=\"noopener\">Sr. Juan Miguel Jare\u00f1o<\/a><\/p>\n<p>jmjareno@mont-roig.cat[\/vc_column_text][\/vc_column][\/vc_row]\n<\/div>","protected":false},"excerpt":{"rendered":"<p>[vc_row][vc_column][vc_column_text]El Ayuntamiento de Mont-roig del Camp queda representado con los concejales y los grupos municipales siguientes, una vez celebrado el Pleno de constituci\u00f3n de la Corporaci\u00f3n Municipal, el 17 de junio de 2023: Partit dels Socialistes de Catalunya \u2013Candidatura de Progr\u00e9s (PSC-CP) Blog del grupo municipal PSC-CP Sr. Fran Morancho L\u00f3pez alcaldia@mont-roig.cat &nbsp; Sra. Yolanda [&hellip;]<\/p>\n","protected":false},"author":4,"featured_media":0,"parent":4247,"menu_order":0,"comment_status":"closed","ping_status":"closed","template":"","meta":{"inline_featured_image":false,"_monsterinsights_skip_tracking":false,"_monsterinsights_sitenote_active":false,"_monsterinsights_sitenote_note":"","_monsterinsights_sitenote_category":0,"footnotes":""},"class_list":["post-4531","page","type-page","status-publish","hentry"],"yoast_head":"<!-- This site is optimized with the Yoast SEO plugin v27.4 - https:\/\/yoast.com\/product\/yoast-seo-wordpress\/ -->\n<title>Composici\u00f3n del Pleno - Ajuntament de Mont-roig del Camp<\/title>\n<meta name=\"robots\" content=\"index, follow, max-snippet:-1, max-image-preview:large, max-video-preview:-1\" \/>\n<link rel=\"canonical\" href=\"https:\/\/mont-roig.cat\/es\/ayuntamiento\/organs-de-representacio\/pleno\/composicion-del-pleno\/\" \/>\n<meta property=\"og:locale\" content=\"es_ES\" \/>\n<meta property=\"og:type\" content=\"article\" \/>\n<meta property=\"og:title\" content=\"Composici\u00f3n del Pleno - Ajuntament de Mont-roig del Camp\" \/>\n<meta property=\"og:description\" content=\"[vc_row][vc_column][vc_column_text]El Ayuntamiento de Mont-roig del Camp queda representado con los concejales y los grupos municipales siguientes, una vez celebrado el Pleno de constituci\u00f3n de la Corporaci\u00f3n Municipal, el 17 de junio de 2023: Partit dels Socialistes de Catalunya \u2013Candidatura de Progr\u00e9s (PSC-CP) Blog del grupo municipal PSC-CP Sr. Fran Morancho L\u00f3pez alcaldia@mont-roig.cat &nbsp; Sra. Yolanda [&hellip;]\" \/>\n<meta property=\"og:url\" content=\"https:\/\/mont-roig.cat\/es\/ayuntamiento\/organs-de-representacio\/pleno\/composicion-del-pleno\/\" \/>\n<meta property=\"og:site_name\" content=\"Ajuntament de Mont-roig del Camp\" \/>\n<meta property=\"article:modified_time\" content=\"2026-02-27T08:16:48+00:00\" \/>\n<meta property=\"og:image\" content=\"https:\/\/mont-roig.cat\/wp-content\/uploads\/Fran-Morancho-1.jpg\" \/>\n\t<meta property=\"og:image:width\" content=\"1005\" \/>\n\t<meta property=\"og:image:height\" content=\"1004\" \/>\n\t<meta property=\"og:image:type\" content=\"image\/jpeg\" \/>\n<meta name=\"twitter:card\" content=\"summary_large_image\" \/>\n<meta name=\"twitter:label1\" content=\"Tiempo de lectura\" \/>\n\t<meta name=\"twitter:data1\" content=\"5 minutos\" \/>\n<script type=\"application\/ld+json\" class=\"yoast-schema-graph\">{\"@context\":\"https:\\\/\\\/schema.org\",\"@graph\":[{\"@type\":\"WebPage\",\"@id\":\"https:\\\/\\\/mont-roig.cat\\\/es\\\/ayuntamiento\\\/organs-de-representacio\\\/pleno\\\/composicion-del-pleno\\\/\",\"url\":\"https:\\\/\\\/mont-roig.cat\\\/es\\\/ayuntamiento\\\/organs-de-representacio\\\/pleno\\\/composicion-del-pleno\\\/\",\"name\":\"Composici\u00f3n del Pleno - Ajuntament de Mont-roig del Camp\",\"isPartOf\":{\"@id\":\"https:\\\/\\\/mont-roig.cat\\\/es\\\/#website\"},\"primaryImageOfPage\":{\"@id\":\"https:\\\/\\\/mont-roig.cat\\\/es\\\/ayuntamiento\\\/organs-de-representacio\\\/pleno\\\/composicion-del-pleno\\\/#primaryimage\"},\"image\":{\"@id\":\"https:\\\/\\\/mont-roig.cat\\\/es\\\/ayuntamiento\\\/organs-de-representacio\\\/pleno\\\/composicion-del-pleno\\\/#primaryimage\"},\"thumbnailUrl\":\"https:\\\/\\\/mont-roig.cat\\\/wp-content\\\/uploads\\\/Fran-Morancho-1-500x500.jpg\",\"datePublished\":\"2015-06-23T10:31:18+00:00\",\"dateModified\":\"2026-02-27T08:16:48+00:00\",\"breadcrumb\":{\"@id\":\"https:\\\/\\\/mont-roig.cat\\\/es\\\/ayuntamiento\\\/organs-de-representacio\\\/pleno\\\/composicion-del-pleno\\\/#breadcrumb\"},\"inLanguage\":\"es\",\"potentialAction\":[{\"@type\":\"ReadAction\",\"target\":[\"https:\\\/\\\/mont-roig.cat\\\/es\\\/ayuntamiento\\\/organs-de-representacio\\\/pleno\\\/composicion-del-pleno\\\/\"]}]},{\"@type\":\"ImageObject\",\"inLanguage\":\"es\",\"@id\":\"https:\\\/\\\/mont-roig.cat\\\/es\\\/ayuntamiento\\\/organs-de-representacio\\\/pleno\\\/composicion-del-pleno\\\/#primaryimage\",\"url\":\"https:\\\/\\\/mont-roig.cat\\\/wp-content\\\/uploads\\\/Fran-Morancho-1-500x500.jpg\",\"contentUrl\":\"https:\\\/\\\/mont-roig.cat\\\/wp-content\\\/uploads\\\/Fran-Morancho-1-500x500.jpg\"},{\"@type\":\"BreadcrumbList\",\"@id\":\"https:\\\/\\\/mont-roig.cat\\\/es\\\/ayuntamiento\\\/organs-de-representacio\\\/pleno\\\/composicion-del-pleno\\\/#breadcrumb\",\"itemListElement\":[{\"@type\":\"ListItem\",\"position\":1,\"name\":\"Inici\",\"item\":\"https:\\\/\\\/mont-roig.cat\\\/es\\\/pagina-de-inicio\\\/\"},{\"@type\":\"ListItem\",\"position\":2,\"name\":\"Ayuntamiento\",\"item\":\"https:\\\/\\\/mont-roig.cat\\\/es\\\/ayuntamiento\\\/\"},{\"@type\":\"ListItem\",\"position\":3,\"name\":\"\u00d3rganos de representaci\u00f3n\",\"item\":\"https:\\\/\\\/mont-roig.cat\\\/es\\\/ayuntamiento\\\/organs-de-representacio\\\/\"},{\"@type\":\"ListItem\",\"position\":4,\"name\":\"Pleno\",\"item\":\"https:\\\/\\\/mont-roig.cat\\\/es\\\/ayuntamiento\\\/organs-de-representacio\\\/pleno\\\/\"},{\"@type\":\"ListItem\",\"position\":5,\"name\":\"Composici\u00f3n del Pleno\"}]},{\"@type\":\"WebSite\",\"@id\":\"https:\\\/\\\/mont-roig.cat\\\/es\\\/#website\",\"url\":\"https:\\\/\\\/mont-roig.cat\\\/es\\\/\",\"name\":\"Ajuntament de Mont-roig del Camp\",\"description\":\"Tota la informaci\u00f3 sobre la instituci\u00f3, els seus \u00f2rgans de govern, actualitat, serveis i molt m\u00e9s.\",\"potentialAction\":[{\"@type\":\"SearchAction\",\"target\":{\"@type\":\"EntryPoint\",\"urlTemplate\":\"https:\\\/\\\/mont-roig.cat\\\/es\\\/?s={search_term_string}\"},\"query-input\":{\"@type\":\"PropertyValueSpecification\",\"valueRequired\":true,\"valueName\":\"search_term_string\"}}],\"inLanguage\":\"es\"}]}<\/script>\n<!-- \/ Yoast SEO plugin. -->","yoast_head_json":{"title":"Composici\u00f3n del Pleno - Ajuntament de Mont-roig del Camp","robots":{"index":"index","follow":"follow","max-snippet":"max-snippet:-1","max-image-preview":"max-image-preview:large","max-video-preview":"max-video-preview:-1"},"canonical":"https:\/\/mont-roig.cat\/es\/ayuntamiento\/organs-de-representacio\/pleno\/composicion-del-pleno\/","og_locale":"es_ES","og_type":"article","og_title":"Composici\u00f3n del Pleno - Ajuntament de Mont-roig del Camp","og_description":"[vc_row][vc_column][vc_column_text]El Ayuntamiento de Mont-roig del Camp queda representado con los concejales y los grupos municipales siguientes, una vez celebrado el Pleno de constituci\u00f3n de la Corporaci\u00f3n Municipal, el 17 de junio de 2023: Partit dels Socialistes de Catalunya \u2013Candidatura de Progr\u00e9s (PSC-CP) Blog del grupo municipal PSC-CP Sr. Fran Morancho L\u00f3pez alcaldia@mont-roig.cat &nbsp; Sra. Yolanda [&hellip;]","og_url":"https:\/\/mont-roig.cat\/es\/ayuntamiento\/organs-de-representacio\/pleno\/composicion-del-pleno\/","og_site_name":"Ajuntament de Mont-roig del Camp","article_modified_time":"2026-02-27T08:16:48+00:00","og_image":[{"width":1005,"height":1004,"url":"https:\/\/mont-roig.cat\/wp-content\/uploads\/Fran-Morancho-1.jpg","type":"image\/jpeg"}],"twitter_card":"summary_large_image","twitter_misc":{"Tiempo de lectura":"5 minutos"},"schema":{"@context":"https:\/\/schema.org","@graph":[{"@type":"WebPage","@id":"https:\/\/mont-roig.cat\/es\/ayuntamiento\/organs-de-representacio\/pleno\/composicion-del-pleno\/","url":"https:\/\/mont-roig.cat\/es\/ayuntamiento\/organs-de-representacio\/pleno\/composicion-del-pleno\/","name":"Composici\u00f3n del Pleno - Ajuntament de Mont-roig del Camp","isPartOf":{"@id":"https:\/\/mont-roig.cat\/es\/#website"},"primaryImageOfPage":{"@id":"https:\/\/mont-roig.cat\/es\/ayuntamiento\/organs-de-representacio\/pleno\/composicion-del-pleno\/#primaryimage"},"image":{"@id":"https:\/\/mont-roig.cat\/es\/ayuntamiento\/organs-de-representacio\/pleno\/composicion-del-pleno\/#primaryimage"},"thumbnailUrl":"https:\/\/mont-roig.cat\/wp-content\/uploads\/Fran-Morancho-1-500x500.jpg","datePublished":"2015-06-23T10:31:18+00:00","dateModified":"2026-02-27T08:16:48+00:00","breadcrumb":{"@id":"https:\/\/mont-roig.cat\/es\/ayuntamiento\/organs-de-representacio\/pleno\/composicion-del-pleno\/#breadcrumb"},"inLanguage":"es","potentialAction":[{"@type":"ReadAction","target":["https:\/\/mont-roig.cat\/es\/ayuntamiento\/organs-de-representacio\/pleno\/composicion-del-pleno\/"]}]},{"@type":"ImageObject","inLanguage":"es","@id":"https:\/\/mont-roig.cat\/es\/ayuntamiento\/organs-de-representacio\/pleno\/composicion-del-pleno\/#primaryimage","url":"https:\/\/mont-roig.cat\/wp-content\/uploads\/Fran-Morancho-1-500x500.jpg","contentUrl":"https:\/\/mont-roig.cat\/wp-content\/uploads\/Fran-Morancho-1-500x500.jpg"},{"@type":"BreadcrumbList","@id":"https:\/\/mont-roig.cat\/es\/ayuntamiento\/organs-de-representacio\/pleno\/composicion-del-pleno\/#breadcrumb","itemListElement":[{"@type":"ListItem","position":1,"name":"Inici","item":"https:\/\/mont-roig.cat\/es\/pagina-de-inicio\/"},{"@type":"ListItem","position":2,"name":"Ayuntamiento","item":"https:\/\/mont-roig.cat\/es\/ayuntamiento\/"},{"@type":"ListItem","position":3,"name":"\u00d3rganos de representaci\u00f3n","item":"https:\/\/mont-roig.cat\/es\/ayuntamiento\/organs-de-representacio\/"},{"@type":"ListItem","position":4,"name":"Pleno","item":"https:\/\/mont-roig.cat\/es\/ayuntamiento\/organs-de-representacio\/pleno\/"},{"@type":"ListItem","position":5,"name":"Composici\u00f3n del Pleno"}]},{"@type":"WebSite","@id":"https:\/\/mont-roig.cat\/es\/#website","url":"https:\/\/mont-roig.cat\/es\/","name":"Ajuntament de Mont-roig del Camp","description":"Tota la informaci\u00f3 sobre la instituci\u00f3, els seus \u00f2rgans de govern, actualitat, serveis i molt m\u00e9s.","potentialAction":[{"@type":"SearchAction","target":{"@type":"EntryPoint","urlTemplate":"https:\/\/mont-roig.cat\/es\/?s={search_term_string}"},"query-input":{"@type":"PropertyValueSpecification","valueRequired":true,"valueName":"search_term_string"}}],"inLanguage":"es"}]}},"_links":{"self":[{"href":"https:\/\/mont-roig.cat\/es\/wp-json\/wp\/v2\/pages\/4531","targetHints":{"allow":["GET"]}}],"collection":[{"href":"https:\/\/mont-roig.cat\/es\/wp-json\/wp\/v2\/pages"}],"about":[{"href":"https:\/\/mont-roig.cat\/es\/wp-json\/wp\/v2\/types\/page"}],"author":[{"embeddable":true,"href":"https:\/\/mont-roig.cat\/es\/wp-json\/wp\/v2\/users\/4"}],"replies":[{"embeddable":true,"href":"https:\/\/mont-roig.cat\/es\/wp-json\/wp\/v2\/comments?post=4531"}],"version-history":[{"count":38,"href":"https:\/\/mont-roig.cat\/es\/wp-json\/wp\/v2\/pages\/4531\/revisions"}],"predecessor-version":[{"id":89405,"href":"https:\/\/mont-roig.cat\/es\/wp-json\/wp\/v2\/pages\/4531\/revisions\/89405"}],"up":[{"embeddable":true,"href":"https:\/\/mont-roig.cat\/es\/wp-json\/wp\/v2\/pages\/4247"}],"wp:attachment":[{"href":"https:\/\/mont-roig.cat\/es\/wp-json\/wp\/v2\/media?parent=4531"}],"curies":[{"name":"wp","href":"https:\/\/api.w.org\/{rel}","templated":true}]}}