{"id":53249,"date":"2021-01-19T17:51:46","date_gmt":"2021-01-19T16:51:46","guid":{"rendered":"https:\/\/mont-roig.cat\/?page_id=53249"},"modified":"2021-04-28T12:38:40","modified_gmt":"2021-04-28T10:38:40","slug":"parque-lili-alvarez","status":"publish","type":"page","link":"https:\/\/mont-roig.cat\/es\/parque-lili-alvarez\/","title":{"rendered":"Parque Deportivo LILI\u0301 A\u0301LVAREZ"},"content":{"rendered":"<div class=\"wpb-content-wrapper\">[vc_row css=&#8221;.vc_custom_1611140209567{margin-right: 8% !important;}&#8221;][vc_column][vc_single_image image=&#8221;53756&#8243; img_size=&#8221;full&#8221; alignment=&#8221;center&#8221;][vc_column_text]\n<blockquote><p><em>\u201cEntendi\u0301 siempre el deporte, y en general todo lo fi\u0301sico, como base, como fundamento para una vida ma\u0301s rica y ma\u0301s llena en todos los sentidos\u201d<\/em> (A\u0301lvarez, L. 1946. Plenitud. p.33. Epesa. Madrid, citada en Rian\u0303o, C. 2004).<\/p><\/blockquote>\n<p><a href=\"https:\/\/mont-roig.cat\/wp-content\/uploads\/foto-05.jpg\"><img loading=\"lazy\" decoding=\"async\" class=\"alignright wp-image-54697\" src=\"https:\/\/mont-roig.cat\/wp-content\/uploads\/foto-05-500x332.jpg\" alt=\"\" width=\"300\" height=\"199\" srcset=\"https:\/\/mont-roig.cat\/wp-content\/uploads\/foto-05-500x332.jpg 500w, https:\/\/mont-roig.cat\/wp-content\/uploads\/foto-05-768x511.jpg 768w, https:\/\/mont-roig.cat\/wp-content\/uploads\/foto-05.jpg 919w\" sizes=\"auto, (max-width: 300px) 100vw, 300px\" \/><\/a>En el barrio de La Florida de Miami Platja, entre la Avenida Zaragoza y las calles Diputacio\u0301n y Gran Canaria, se situ\u0301a el parque deportivo Lili\u0301 A\u0301lvarez. Se trata de un equipamiento dinamizador al aire libre con una extensio\u0301n de <strong>ma\u0301s de 6.000 m2<\/strong>. Estas instalaciones inauguradas en el 2020 esta\u0301n dirigidas a fomentar un estilo de vida activo y saludable entre los diferentes segmentos de la poblacio\u0301n.<\/p>\n<p>El municipio de Mont-roig del Camp apuesta por acoger todo tipo de deporte. Cabe destacar que los nu\u0301cleos de Mont-roig y Miami Platja disponen cada uno de un pabello\u0301n totalmente equipado para la pra\u0301ctica de clases dirigidas y actividades de equipo. Sin embargo, dado el aumento progresivo de la pra\u0301ctica de deportes urbanos en la localidad, se ha adecuado este espacio pu\u0301blico al aire libre con el fin de abrir el abanico de posibilidades a la actividad deportiva del municipio. De esta manera, los usuarios pueden practicar ejercicio de forma gratuita y disfrutar del tiempo libre en unos espacios indicados y disen\u0303ados especialmente para los deportes urbanos.<\/p>\n<p>Aparte de las a\u0301reas de juego, el parque deportivo Lili\u0301 A\u0301lvarez se ha acomodado con mobiliario urbano propio de plazas y otros espacios de reposo, como bancos, mesas, gradas, etc., pensadas para el descanso y el ocio. <strong>El objetivo es, a su vez, crear un espacio social de reunio\u0301n abierto a todos aquellos que practiquen actividades y a todos los peatones.<\/strong> Entre las diferentes a\u0301reas que se encuentran en el parque, segmentadas segu\u0301n el perfil de edad recomendado, hay:<\/p>\n<ul>\n<li>Espacios <strong>para disfrutar en familia<\/strong>. Los menores de 6 a\u00f1os deben ir acompa\u00f1ados por un adulto.\n<ul>\n<li>Espacio de aventura<\/li>\n<li>\u00c1rea de descanso<\/li>\n<\/ul>\n<\/li>\n<\/ul>\n<p><a href=\"https:\/\/mont-roig.cat\/wp-content\/uploads\/foto-03.jpg\"><img loading=\"lazy\" decoding=\"async\" class=\"alignnone wp-image-54693\" src=\"https:\/\/mont-roig.cat\/wp-content\/uploads\/foto-03-500x335.jpg\" alt=\"\" width=\"200\" height=\"134\" srcset=\"https:\/\/mont-roig.cat\/wp-content\/uploads\/foto-03-500x335.jpg 500w, https:\/\/mont-roig.cat\/wp-content\/uploads\/foto-03-768x515.jpg 768w, https:\/\/mont-roig.cat\/wp-content\/uploads\/foto-03.jpg 913w\" sizes=\"auto, (max-width: 200px) 100vw, 200px\" \/><\/a>\u00a0 \u00a0 <a href=\"https:\/\/mont-roig.cat\/wp-content\/uploads\/foto-04.jpg\"><img loading=\"lazy\" decoding=\"async\" class=\"alignnone wp-image-54695\" src=\"https:\/\/mont-roig.cat\/wp-content\/uploads\/foto-04-500x334.jpg\" alt=\"\" width=\"200\" height=\"134\" srcset=\"https:\/\/mont-roig.cat\/wp-content\/uploads\/foto-04-500x334.jpg 500w, https:\/\/mont-roig.cat\/wp-content\/uploads\/foto-04-768x513.jpg 768w, https:\/\/mont-roig.cat\/wp-content\/uploads\/foto-04.jpg 920w\" sizes=\"auto, (max-width: 200px) 100vw, 200px\" \/><\/a>\u00a0 \u00a0 <a href=\"https:\/\/mont-roig.cat\/wp-content\/uploads\/foto-01-1.jpg\"><img loading=\"lazy\" decoding=\"async\" class=\"alignnone wp-image-54689\" src=\"https:\/\/mont-roig.cat\/wp-content\/uploads\/foto-01-1-500x334.jpg\" alt=\"\" width=\"200\" height=\"133\" srcset=\"https:\/\/mont-roig.cat\/wp-content\/uploads\/foto-01-1-500x334.jpg 500w, https:\/\/mont-roig.cat\/wp-content\/uploads\/foto-01-1-768x513.jpg 768w, https:\/\/mont-roig.cat\/wp-content\/uploads\/foto-01-1.jpg 920w\" sizes=\"auto, (max-width: 200px) 100vw, 200px\" \/><\/a><\/p>\n<ul>\n<li>Edad recomendada <strong>a partir de 10 a\u00f1os<\/strong>\n<ul>\n<li>Pista multideportiva<\/li>\n<li>Pistas de <em>streetball<\/em><\/li>\n<li>Zona de tirolina<\/li>\n<li>Mini pista multideportiva<\/li>\n<\/ul>\n<\/li>\n<\/ul>\n<p><a href=\"https:\/\/mont-roig.cat\/wp-content\/uploads\/foto-07.jpg\"><img loading=\"lazy\" decoding=\"async\" class=\"alignnone wp-image-54701\" src=\"https:\/\/mont-roig.cat\/wp-content\/uploads\/foto-07-500x332.jpg\" alt=\"\" width=\"200\" height=\"133\" srcset=\"https:\/\/mont-roig.cat\/wp-content\/uploads\/foto-07-500x332.jpg 500w, https:\/\/mont-roig.cat\/wp-content\/uploads\/foto-07-768x511.jpg 768w, https:\/\/mont-roig.cat\/wp-content\/uploads\/foto-07.jpg 919w\" sizes=\"auto, (max-width: 200px) 100vw, 200px\" \/><\/a>\u00a0 \u00a0 <a href=\"https:\/\/mont-roig.cat\/wp-content\/uploads\/foto-08.jpg\"><img loading=\"lazy\" decoding=\"async\" class=\"alignnone wp-image-54703\" src=\"https:\/\/mont-roig.cat\/wp-content\/uploads\/foto-08-500x332.jpg\" alt=\"\" width=\"200\" height=\"133\" srcset=\"https:\/\/mont-roig.cat\/wp-content\/uploads\/foto-08-500x332.jpg 500w, https:\/\/mont-roig.cat\/wp-content\/uploads\/foto-08-768x510.jpg 768w, https:\/\/mont-roig.cat\/wp-content\/uploads\/foto-08.jpg 923w\" sizes=\"auto, (max-width: 200px) 100vw, 200px\" \/><\/a>\u00a0 \u00a0 <a href=\"https:\/\/mont-roig.cat\/wp-content\/uploads\/foto-06.jpg\"><img loading=\"lazy\" decoding=\"async\" class=\"alignnone wp-image-54699\" src=\"https:\/\/mont-roig.cat\/wp-content\/uploads\/foto-06-500x333.jpg\" alt=\"\" width=\"200\" height=\"133\" srcset=\"https:\/\/mont-roig.cat\/wp-content\/uploads\/foto-06-500x333.jpg 500w, https:\/\/mont-roig.cat\/wp-content\/uploads\/foto-06-768x511.jpg 768w, https:\/\/mont-roig.cat\/wp-content\/uploads\/foto-06.jpg 916w\" sizes=\"auto, (max-width: 200px) 100vw, 200px\" \/><\/a><\/p>\n<ul>\n<li>Edad recomendada<strong> a partir de 14 a\u00f1os<\/strong>\n<ul>\n<li>Zona de calistenia<\/li>\n<li><em>Skatepark<\/em><\/li>\n<\/ul>\n<\/li>\n<\/ul>\n<p><strong><a href=\"https:\/\/mont-roig.cat\/wp-content\/uploads\/foto-010.jpg\"><img loading=\"lazy\" decoding=\"async\" class=\"alignnone wp-image-54707\" src=\"https:\/\/mont-roig.cat\/wp-content\/uploads\/foto-010-500x332.jpg\" alt=\"\" width=\"200\" height=\"133\" srcset=\"https:\/\/mont-roig.cat\/wp-content\/uploads\/foto-010-500x332.jpg 500w, https:\/\/mont-roig.cat\/wp-content\/uploads\/foto-010-768x510.jpg 768w, https:\/\/mont-roig.cat\/wp-content\/uploads\/foto-010.jpg 922w\" sizes=\"auto, (max-width: 200px) 100vw, 200px\" \/><\/a>\u00a0 \u00a0 <a href=\"https:\/\/mont-roig.cat\/wp-content\/uploads\/foto-09.jpg\"><img loading=\"lazy\" decoding=\"async\" class=\"alignnone wp-image-54705\" src=\"https:\/\/mont-roig.cat\/wp-content\/uploads\/foto-09-500x332.jpg\" alt=\"\" width=\"200\" height=\"133\" srcset=\"https:\/\/mont-roig.cat\/wp-content\/uploads\/foto-09-500x332.jpg 500w, https:\/\/mont-roig.cat\/wp-content\/uploads\/foto-09-768x511.jpg 768w, https:\/\/mont-roig.cat\/wp-content\/uploads\/foto-09.jpg 922w\" sizes=\"auto, (max-width: 200px) 100vw, 200px\" \/><\/a>\u00a0 \u00a0 <a href=\"https:\/\/mont-roig.cat\/wp-content\/uploads\/foto-12.jpg\"><img loading=\"lazy\" decoding=\"async\" class=\"alignnone wp-image-54711\" src=\"https:\/\/mont-roig.cat\/wp-content\/uploads\/foto-12-500x333.jpg\" alt=\"\" width=\"200\" height=\"133\" srcset=\"https:\/\/mont-roig.cat\/wp-content\/uploads\/foto-12-500x333.jpg 500w, https:\/\/mont-roig.cat\/wp-content\/uploads\/foto-12-1024x682.jpg 1024w, https:\/\/mont-roig.cat\/wp-content\/uploads\/foto-12-768x512.jpg 768w, https:\/\/mont-roig.cat\/wp-content\/uploads\/foto-12.jpg 1306w\" sizes=\"auto, (max-width: 200px) 100vw, 200px\" \/><\/a><\/strong><\/p>\n<p><strong>El punto de encuentro de los ciudadanos<\/strong><\/p>\n<p>El deporte es un dinamizador social, sino\u0301nimo de salud y bienestar, que se ha convertido en un estilo de vida para los ciudadanos. El aumento de servicios y actividades deportivas dirigidas a todos los pu\u0301blicos \u2013nin\u0303os, jo\u0301venes y adultos\u2013 estos u\u0301ltimos an\u0303os, favorece el arraigo de la poblacio\u0301n en los nu\u0301cleos. Disponer de instalaciones de calidad al aire libre para practicar actividades deportivas incide positivamente en el desarrollo social, creando lazos entre los vecinos de la localidad y turistas, asi\u0301 como en la proyeccio\u0301n externa construyendo una imagen atractiva como municipio dina\u0301mico saludable.<\/p>\n<p><strong>Un parque cardioprotegido<\/strong><\/p>\n<p><a href=\"https:\/\/mont-roig.cat\/wp-content\/uploads\/foto-13.jpg\"><img loading=\"lazy\" decoding=\"async\" class=\"alignright wp-image-54722\" src=\"https:\/\/mont-roig.cat\/wp-content\/uploads\/foto-13-500x333.jpg\" alt=\"\" width=\"200\" height=\"133\" srcset=\"https:\/\/mont-roig.cat\/wp-content\/uploads\/foto-13-500x333.jpg 500w, https:\/\/mont-roig.cat\/wp-content\/uploads\/foto-13-1024x682.jpg 1024w, https:\/\/mont-roig.cat\/wp-content\/uploads\/foto-13-768x511.jpg 768w, https:\/\/mont-roig.cat\/wp-content\/uploads\/foto-13.jpg 1310w\" sizes=\"auto, (max-width: 200px) 100vw, 200px\" \/><\/a>El parque deportivo Lil\u00ed \u00c1lvarez cuenta con un desfibrilador que permite dar asistencia a los usuarios y usuarias que puedan sufrir una posible parada cardiorrespiratoria. Este, a parte de ser un espacio donde se practica el deporte, es un lugar c\u00e9ntrico con gran concurrencia. Es por este motivo que el hecho de disponer de un DEA se hace totalmente necesario.<\/p>\n<p>Los DEA son unos dispositivos m\u00e9dicos que identifican las arritmias que requieren desfibrilaci\u00f3n y administran una descarga el\u00e9ctrica cuando est\u00e1 indicada. Estos aparatos permiten una primera actuaci\u00f3n que, por su inmediatez, puede mejorar las posibilidades de supervivencia de las personas afectadas. Son, pues, una herramienta eficaz antes de la llegada de los servicios de emergencia. Concretamente, este desfibrilador se caracteriza por su facilidad de uso, que garantiza, a pesar de la situaci\u00f3n de estr\u00e9s del momento, que cualquier persona pueda dar esta primera asistencia tan vital.<\/p>\n<p><strong><a href=\"https:\/\/mont-roig.cat\/wp-content\/uploads\/foto-14.jpg\"><img loading=\"lazy\" decoding=\"async\" class=\"wp-image-54724 alignright\" src=\"https:\/\/mont-roig.cat\/wp-content\/uploads\/foto-14-500x333.jpg\" alt=\"\" width=\"200\" height=\"133\" srcset=\"https:\/\/mont-roig.cat\/wp-content\/uploads\/foto-14-500x333.jpg 500w, https:\/\/mont-roig.cat\/wp-content\/uploads\/foto-14-1024x683.jpg 1024w, https:\/\/mont-roig.cat\/wp-content\/uploads\/foto-14-768x512.jpg 768w, https:\/\/mont-roig.cat\/wp-content\/uploads\/foto-14.jpg 1306w\" sizes=\"auto, (max-width: 200px) 100vw, 200px\" \/><\/a>\u00a1Compartimos para disfrutar! Comportamiento responsable en el parque<\/strong><\/p>\n<p>Para garantizar un buen estado de las instalaciones para su uso y disfrute, se debe tener un comportamiento responsable y seguir un conjunto de normas c\u00edvicas que permitan a todos los usuarios disponer de un equipamiento de calidad referente, abierto y de acceso libre todos los d\u00edas del a\u00f1o. Esta es la normativa que debes tener en cuenta a la hora de hacer uso de las instalaciones:<\/p>\n<ul>\n<li>En caso de emergencia, llama al 112.<\/li>\n<li>Espacio sin humo.<\/li>\n<li>No se permite introducir bebidas alcoho\u0301licas en el recinto.<\/li>\n<li>No tires residuos y recicla.<\/li>\n<li>Los perros deben ir atados.<\/li>\n<li>Respeta el recreo de otras personas.<\/li>\n<li>Cuida las instalaciones.<\/li>\n<li>Tele\u0301fono de la polici\u0301a local: 977 838 873<\/li>\n<li>Tele\u0301fono de mantenimiento: 977 837 005<\/li>\n<li>Zona videovigilada: el incumplimiento de cualquier norma regulada en la ordenanza municipal de la vi\u0301a pu\u0301blica sera\u0301 considerado infraccio\u0301n y estara\u0301 sujeto a sanciones.<\/li>\n<\/ul>\n<p>&nbsp;<\/p>\n<div style=\"font-size: .9em;\">\n<p>Fuentes de referencia:<\/p>\n<ul>\n<li>Rian\u0303o Gonza\u0301lez, C. (2004).<em> Historia cultural del deporte y la mujer en la Espan\u0303a de la primera mitad del siglo XX a trave\u0301s de la vida y obra de Elia Mari\u0301a Gonza\u0301lez A\u0301lvarez y Lo\u0301pez Chicheri \u201cLili\u0301 A\u0301lvarez\u201d<\/em>. Madrid, Consejo Superior de Deportes. Ministerio de Educacio\u0301n y Ciencia.<\/li>\n<\/ul>\n<\/div>\n[\/vc_column_text][\/vc_column][\/vc_row]\n<\/div>","protected":false},"excerpt":{"rendered":"<p>[vc_row css=&#8221;.vc_custom_1611140209567{margin-right: 8% !important;}&#8221;][vc_column][vc_single_image image=&#8221;53756&#8243; img_size=&#8221;full&#8221; alignment=&#8221;center&#8221;][vc_column_text] \u201cEntendi\u0301 siempre el deporte, y en general todo lo fi\u0301sico, como base, como fundamento para una vida ma\u0301s rica y ma\u0301s llena en todos los sentidos\u201d (A\u0301lvarez, L. 1946. Plenitud. p.33. Epesa. Madrid, citada en Rian\u0303o, C. 2004). En el barrio de La Florida de Miami Platja, entre [&hellip;]<\/p>\n","protected":false},"author":4,"featured_media":0,"parent":0,"menu_order":0,"comment_status":"closed","ping_status":"closed","template":"","meta":{"inline_featured_image":false,"_monsterinsights_skip_tracking":false,"_monsterinsights_sitenote_active":false,"_monsterinsights_sitenote_note":"","_monsterinsights_sitenote_category":0,"footnotes":""},"class_list":["post-53249","page","type-page","status-publish","hentry"],"yoast_head":"<!-- This site is optimized with the Yoast SEO plugin v27.4 - https:\/\/yoast.com\/product\/yoast-seo-wordpress\/ -->\n<title>Parque Deportivo LILI\u0301 A\u0301LVAREZ - Ajuntament de Mont-roig del Camp<\/title>\n<meta name=\"robots\" content=\"index, follow, max-snippet:-1, max-image-preview:large, max-video-preview:-1\" \/>\n<link rel=\"canonical\" href=\"https:\/\/mont-roig.cat\/es\/parque-lili-alvarez\/\" \/>\n<meta property=\"og:locale\" content=\"es_ES\" \/>\n<meta property=\"og:type\" content=\"article\" \/>\n<meta property=\"og:title\" content=\"Parque Deportivo LILI\u0301 A\u0301LVAREZ - Ajuntament de Mont-roig del Camp\" \/>\n<meta property=\"og:description\" content=\"[vc_row css=&#8221;.vc_custom_1611140209567{margin-right: 8% !important;}&#8221;][vc_column][vc_single_image image=&#8221;53756&#8243; img_size=&#8221;full&#8221; alignment=&#8221;center&#8221;][vc_column_text] \u201cEntendi\u0301 siempre el deporte, y en general todo lo fi\u0301sico, como base, como fundamento para una vida ma\u0301s rica y ma\u0301s llena en todos los sentidos\u201d (A\u0301lvarez, L. 1946. Plenitud. p.33. Epesa. Madrid, citada en Rian\u0303o, C. 2004). En el barrio de La Florida de Miami Platja, entre [&hellip;]\" \/>\n<meta property=\"og:url\" content=\"https:\/\/mont-roig.cat\/es\/parque-lili-alvarez\/\" \/>\n<meta property=\"og:site_name\" content=\"Ajuntament de Mont-roig del Camp\" \/>\n<meta property=\"article:modified_time\" content=\"2021-04-28T10:38:40+00:00\" \/>\n<meta property=\"og:image\" content=\"https:\/\/mont-roig.cat\/wp-content\/uploads\/foto-05-500x332.jpg\" \/>\n<meta name=\"twitter:card\" content=\"summary_large_image\" \/>\n<meta name=\"twitter:label1\" content=\"Tiempo de lectura\" \/>\n\t<meta name=\"twitter:data1\" content=\"6 minutos\" \/>\n<script type=\"application\/ld+json\" class=\"yoast-schema-graph\">{\"@context\":\"https:\\\/\\\/schema.org\",\"@graph\":[{\"@type\":\"WebPage\",\"@id\":\"https:\\\/\\\/mont-roig.cat\\\/es\\\/parque-lili-alvarez\\\/\",\"url\":\"https:\\\/\\\/mont-roig.cat\\\/es\\\/parque-lili-alvarez\\\/\",\"name\":\"Parque Deportivo LILI\u0301 A\u0301LVAREZ - Ajuntament de Mont-roig del Camp\",\"isPartOf\":{\"@id\":\"https:\\\/\\\/mont-roig.cat\\\/es\\\/#website\"},\"primaryImageOfPage\":{\"@id\":\"https:\\\/\\\/mont-roig.cat\\\/es\\\/parque-lili-alvarez\\\/#primaryimage\"},\"image\":{\"@id\":\"https:\\\/\\\/mont-roig.cat\\\/es\\\/parque-lili-alvarez\\\/#primaryimage\"},\"thumbnailUrl\":\"https:\\\/\\\/mont-roig.cat\\\/wp-content\\\/uploads\\\/foto-05-500x332.jpg\",\"datePublished\":\"2021-01-19T16:51:46+00:00\",\"dateModified\":\"2021-04-28T10:38:40+00:00\",\"breadcrumb\":{\"@id\":\"https:\\\/\\\/mont-roig.cat\\\/es\\\/parque-lili-alvarez\\\/#breadcrumb\"},\"inLanguage\":\"es\",\"potentialAction\":[{\"@type\":\"ReadAction\",\"target\":[\"https:\\\/\\\/mont-roig.cat\\\/es\\\/parque-lili-alvarez\\\/\"]}]},{\"@type\":\"ImageObject\",\"inLanguage\":\"es\",\"@id\":\"https:\\\/\\\/mont-roig.cat\\\/es\\\/parque-lili-alvarez\\\/#primaryimage\",\"url\":\"https:\\\/\\\/mont-roig.cat\\\/wp-content\\\/uploads\\\/foto-05-500x332.jpg\",\"contentUrl\":\"https:\\\/\\\/mont-roig.cat\\\/wp-content\\\/uploads\\\/foto-05-500x332.jpg\"},{\"@type\":\"BreadcrumbList\",\"@id\":\"https:\\\/\\\/mont-roig.cat\\\/es\\\/parque-lili-alvarez\\\/#breadcrumb\",\"itemListElement\":[{\"@type\":\"ListItem\",\"position\":1,\"name\":\"Inici\",\"item\":\"https:\\\/\\\/mont-roig.cat\\\/es\\\/pagina-de-inicio\\\/\"},{\"@type\":\"ListItem\",\"position\":2,\"name\":\"Parque Deportivo LILI\u0301 A\u0301LVAREZ\"}]},{\"@type\":\"WebSite\",\"@id\":\"https:\\\/\\\/mont-roig.cat\\\/es\\\/#website\",\"url\":\"https:\\\/\\\/mont-roig.cat\\\/es\\\/\",\"name\":\"Ajuntament de Mont-roig del Camp\",\"description\":\"Tota la informaci\u00f3 sobre la instituci\u00f3, els seus \u00f2rgans de govern, actualitat, serveis i molt m\u00e9s.\",\"potentialAction\":[{\"@type\":\"SearchAction\",\"target\":{\"@type\":\"EntryPoint\",\"urlTemplate\":\"https:\\\/\\\/mont-roig.cat\\\/es\\\/?s={search_term_string}\"},\"query-input\":{\"@type\":\"PropertyValueSpecification\",\"valueRequired\":true,\"valueName\":\"search_term_string\"}}],\"inLanguage\":\"es\"}]}<\/script>\n<!-- \/ Yoast SEO plugin. -->","yoast_head_json":{"title":"Parque Deportivo LILI\u0301 A\u0301LVAREZ - Ajuntament de Mont-roig del Camp","robots":{"index":"index","follow":"follow","max-snippet":"max-snippet:-1","max-image-preview":"max-image-preview:large","max-video-preview":"max-video-preview:-1"},"canonical":"https:\/\/mont-roig.cat\/es\/parque-lili-alvarez\/","og_locale":"es_ES","og_type":"article","og_title":"Parque Deportivo LILI\u0301 A\u0301LVAREZ - Ajuntament de Mont-roig del Camp","og_description":"[vc_row css=&#8221;.vc_custom_1611140209567{margin-right: 8% !important;}&#8221;][vc_column][vc_single_image image=&#8221;53756&#8243; img_size=&#8221;full&#8221; alignment=&#8221;center&#8221;][vc_column_text] \u201cEntendi\u0301 siempre el deporte, y en general todo lo fi\u0301sico, como base, como fundamento para una vida ma\u0301s rica y ma\u0301s llena en todos los sentidos\u201d (A\u0301lvarez, L. 1946. Plenitud. p.33. Epesa. Madrid, citada en Rian\u0303o, C. 2004). En el barrio de La Florida de Miami Platja, entre [&hellip;]","og_url":"https:\/\/mont-roig.cat\/es\/parque-lili-alvarez\/","og_site_name":"Ajuntament de Mont-roig del Camp","article_modified_time":"2021-04-28T10:38:40+00:00","og_image":[{"url":"https:\/\/mont-roig.cat\/wp-content\/uploads\/foto-05-500x332.jpg","type":"","width":"","height":""}],"twitter_card":"summary_large_image","twitter_misc":{"Tiempo de lectura":"6 minutos"},"schema":{"@context":"https:\/\/schema.org","@graph":[{"@type":"WebPage","@id":"https:\/\/mont-roig.cat\/es\/parque-lili-alvarez\/","url":"https:\/\/mont-roig.cat\/es\/parque-lili-alvarez\/","name":"Parque Deportivo LILI\u0301 A\u0301LVAREZ - Ajuntament de Mont-roig del Camp","isPartOf":{"@id":"https:\/\/mont-roig.cat\/es\/#website"},"primaryImageOfPage":{"@id":"https:\/\/mont-roig.cat\/es\/parque-lili-alvarez\/#primaryimage"},"image":{"@id":"https:\/\/mont-roig.cat\/es\/parque-lili-alvarez\/#primaryimage"},"thumbnailUrl":"https:\/\/mont-roig.cat\/wp-content\/uploads\/foto-05-500x332.jpg","datePublished":"2021-01-19T16:51:46+00:00","dateModified":"2021-04-28T10:38:40+00:00","breadcrumb":{"@id":"https:\/\/mont-roig.cat\/es\/parque-lili-alvarez\/#breadcrumb"},"inLanguage":"es","potentialAction":[{"@type":"ReadAction","target":["https:\/\/mont-roig.cat\/es\/parque-lili-alvarez\/"]}]},{"@type":"ImageObject","inLanguage":"es","@id":"https:\/\/mont-roig.cat\/es\/parque-lili-alvarez\/#primaryimage","url":"https:\/\/mont-roig.cat\/wp-content\/uploads\/foto-05-500x332.jpg","contentUrl":"https:\/\/mont-roig.cat\/wp-content\/uploads\/foto-05-500x332.jpg"},{"@type":"BreadcrumbList","@id":"https:\/\/mont-roig.cat\/es\/parque-lili-alvarez\/#breadcrumb","itemListElement":[{"@type":"ListItem","position":1,"name":"Inici","item":"https:\/\/mont-roig.cat\/es\/pagina-de-inicio\/"},{"@type":"ListItem","position":2,"name":"Parque Deportivo LILI\u0301 A\u0301LVAREZ"}]},{"@type":"WebSite","@id":"https:\/\/mont-roig.cat\/es\/#website","url":"https:\/\/mont-roig.cat\/es\/","name":"Ajuntament de Mont-roig del Camp","description":"Tota la informaci\u00f3 sobre la instituci\u00f3, els seus \u00f2rgans de govern, actualitat, serveis i molt m\u00e9s.","potentialAction":[{"@type":"SearchAction","target":{"@type":"EntryPoint","urlTemplate":"https:\/\/mont-roig.cat\/es\/?s={search_term_string}"},"query-input":{"@type":"PropertyValueSpecification","valueRequired":true,"valueName":"search_term_string"}}],"inLanguage":"es"}]}},"_links":{"self":[{"href":"https:\/\/mont-roig.cat\/es\/wp-json\/wp\/v2\/pages\/53249","targetHints":{"allow":["GET"]}}],"collection":[{"href":"https:\/\/mont-roig.cat\/es\/wp-json\/wp\/v2\/pages"}],"about":[{"href":"https:\/\/mont-roig.cat\/es\/wp-json\/wp\/v2\/types\/page"}],"author":[{"embeddable":true,"href":"https:\/\/mont-roig.cat\/es\/wp-json\/wp\/v2\/users\/4"}],"replies":[{"embeddable":true,"href":"https:\/\/mont-roig.cat\/es\/wp-json\/wp\/v2\/comments?post=53249"}],"version-history":[{"count":11,"href":"https:\/\/mont-roig.cat\/es\/wp-json\/wp\/v2\/pages\/53249\/revisions"}],"predecessor-version":[{"id":55173,"href":"https:\/\/mont-roig.cat\/es\/wp-json\/wp\/v2\/pages\/53249\/revisions\/55173"}],"wp:attachment":[{"href":"https:\/\/mont-roig.cat\/es\/wp-json\/wp\/v2\/media?parent=53249"}],"curies":[{"name":"wp","href":"https:\/\/api.w.org\/{rel}","templated":true}]}}