{"id":53819,"date":"2021-02-17T16:57:52","date_gmt":"2021-02-17T15:57:52","guid":{"rendered":"https:\/\/mont-roig.cat\/?page_id=53819"},"modified":"2021-04-28T13:15:06","modified_gmt":"2021-04-28T11:15:06","slug":"zona-tirolina","status":"publish","type":"page","link":"https:\/\/mont-roig.cat\/es\/parque-lili-alvarez\/zona-tirolina\/","title":{"rendered":"Zona de tirolina"},"content":{"rendered":"<div class=\"wpb-content-wrapper\">[vc_row css=&#8221;.vc_custom_1611140209567{margin-right: 8% !important;}&#8221;][vc_column][vc_single_image image=&#8221;53772&#8243; img_size=&#8221;full&#8221; alignment=&#8221;center&#8221;][vc_column_text]<a href=\"https:\/\/mont-roig.cat\/wp-content\/uploads\/foto-21.png\"><img loading=\"lazy\" decoding=\"async\" class=\"alignright wp-image-54850\" src=\"https:\/\/mont-roig.cat\/wp-content\/uploads\/foto-21-500x333.png\" alt=\"\" width=\"300\" height=\"200\" srcset=\"https:\/\/mont-roig.cat\/wp-content\/uploads\/foto-21-500x333.png 500w, https:\/\/mont-roig.cat\/wp-content\/uploads\/foto-21-1024x682.png 1024w, https:\/\/mont-roig.cat\/wp-content\/uploads\/foto-21-768x511.png 768w, https:\/\/mont-roig.cat\/wp-content\/uploads\/foto-21.png 1362w\" sizes=\"auto, (max-width: 300px) 100vw, 300px\" \/><\/a>Coge impulso y d\u00e9jate llevar por la velocidad de la tirolina. Este juego, aplicado en el entorno urbano y dise\u00f1ado para los\/as m\u00e1s valientes, consiste en deslizarse r\u00e1pidamente desde el punto m\u00e1s elevado de la estructura hasta el m\u00e1s bajo. El sistema de la tirolina del parque deportivo Lil\u00ed \u00c1lvarez funciona mediante una polea suspendida por un cable. El perfil de edad recomendado para esta actividad es a partir de 10 a\u00f1os.<\/p>\n<p>Gracias a la inclinaci\u00f3n, los\/as usuarios\/as pueden deslizarse por el recorrido del cable con la ayuda de un asiento circular. La actividad se inicia en la torre de salida donde se puede subir a trav\u00e9s de una rampa. La llegada est\u00e1 preparada con un sistema de freno amortiguador para suavizar el aterrizaje.<\/p>\n<p><strong><a href=\"https:\/\/mont-roig.cat\/wp-content\/uploads\/foto-30.png\"><img loading=\"lazy\" decoding=\"async\" class=\"alignright wp-image-55159\" src=\"https:\/\/mont-roig.cat\/wp-content\/uploads\/foto-30-331x500.png\" alt=\"\" width=\"250\" height=\"377\" srcset=\"https:\/\/mont-roig.cat\/wp-content\/uploads\/foto-30-331x500.png 331w, https:\/\/mont-roig.cat\/wp-content\/uploads\/foto-30.png 605w\" sizes=\"auto, (max-width: 250px) 100vw, 250px\" \/><\/a>Curiosidades para saber m\u00e1s<\/strong><\/p>\n<p>Para encontrar el origen de esta actividad, tenemos que viajar en el tiempo y en el espacio. Concretamente, en la regi\u00f3n alpina del Tirol. Hace siglos, el ej\u00e9rcito italiano utilizaba estos mecanismos en las tareas de rescate. De este modo, se pod\u00edan desplazar r\u00e1pidamente evitando las zonas m\u00e1s abruptas de las \u00e1reas monta\u00f1osas. Con el tiempo, la tirolina se introdujo en el ocio y la aventura y se fue optimizando la t\u00e9cnica y el dise\u00f1o con estructuras de varios modelos, tama\u00f1os y materiales.<\/p>\n<p><strong>Comportamiento responsable en la zona de aventura<\/strong><\/p>\n<p>El uso de este equipamiento con responsabilidad permitir\u00e1 minimizar los riesgos y disfrutar de una experiencia \u00fanica y segura a todos\/as los\/as usuarios\/as. Asimismo, cuidar de las instalaciones y del entorno permitir\u00e1 disponer de un equipamiento de calidad referente, abierto y de acceso libre todos los d\u00edas del a\u00f1o. Esta es la normativa que debes tener en cuenta a la hora de hacer uso de las instalaciones:<\/p>\n<ul>\n<li>Peso m\u00ednimo del usuario\/a: 30 kg<\/li>\n<li>Peso m\u00e1ximo del usuario\/a: 100 kg<\/li>\n<li>Altura m\u00ednima del usuario\/a: 1,15 m<\/li>\n<li>Edad m\u00ednima recomendada: a partir de 10 a\u00f1os<\/li>\n<li>Mant\u00e9n una distancia de seguridad con las instalaciones en uso.<\/li>\n<li>Espera tu turno y no interrumpas el juego.<\/li>\n<li>Observa tu alrededor antes de la ejecuci\u00f3n de cada ejercicio para evitar interferir con otros\/as usuarios\/as.<\/li>\n<li>Pon el asiento entre las dos piernas, toma impulso y suj\u00e9tate correctamente con las dos manos a la cuerda.<\/li>\n<li>Ten en cuenta tu aptitud f\u00edsica. Siempre que sea necesario, limita los esfuerzos para evitar lesiones.<\/li>\n<li>Respeta las instalaciones, el entorno y el descanso de los\/as vecinos\/as.<\/li>\n<li>Con menores de edad, el uso correcto de estas instalaciones queda bajo la responsabilidad de adultos acompa\u00f1antes.<\/li>\n<\/ul>\n[\/vc_column_text][\/vc_column][\/vc_row][vc_row][vc_column width=&#8221;5\/6&#8243;]<div class=\"porto-block \">[vc_row][vc_column][vc_message message_box_style=\"solid-icon\" style=\"square\" el_class=\"box-color-mrmp\"]\r\n<h4>Y recuerda...<\/h4>\r\n<ul>\r\n  <li>En caso de emergencia, llama al <strong>112<\/strong>.<\/li>\r\n  <li>Espacio sin humo.<\/li>\r\n  <li>No se permite introducir bebidas alcoh\u00f3licas en el recinto.<\/li>\r\n  <li>No tires residuos y recicla.<\/li>\r\n  <li>Los perros deben ir atados.<\/li>\r\n  <li>Respeta el recreo de otras personas.<\/li>\r\n  <li>Cuida las instalaciones.<\/li>\r\n  <li>Tel\u00e9fono de la polic\u00eda local: <strong>977 838 873<\/strong><\/li>\r\n  <li>Tel\u00e9fono de mantenimiento: <strong>977 837 005<\/strong><\/li>\r\n  <li><strong>Zona videovigilada<\/strong>: el incumplimiento de cualquier norma regulada en la ordenanza municipal de la v\u00eda p\u00fablica ser\u00e1 considerado infracci\u00f3n y estar\u00e1 sujeto a sanciones.<\/li>\r\n<\/ul>\r\n[\/vc_message][\/vc_column][\/vc_row]<\/div>[\/vc_column][vc_column width=&#8221;1\/6&#8243;][\/vc_column][\/vc_row]\n<\/div>","protected":false},"excerpt":{"rendered":"<p>[vc_row css=&#8221;.vc_custom_1611140209567{margin-right: 8% !important;}&#8221;][vc_column][vc_single_image image=&#8221;53772&#8243; img_size=&#8221;full&#8221; alignment=&#8221;center&#8221;][vc_column_text]Coge impulso y d\u00e9jate llevar por la velocidad de la tirolina. Este juego, aplicado en el entorno urbano y dise\u00f1ado para los\/as m\u00e1s valientes, consiste en deslizarse r\u00e1pidamente desde el punto m\u00e1s elevado de la estructura hasta el m\u00e1s bajo. El sistema de la tirolina del parque deportivo Lil\u00ed [&hellip;]<\/p>\n","protected":false},"author":4,"featured_media":0,"parent":53249,"menu_order":5,"comment_status":"closed","ping_status":"closed","template":"","meta":{"inline_featured_image":false,"_monsterinsights_skip_tracking":false,"_monsterinsights_sitenote_active":false,"_monsterinsights_sitenote_note":"","_monsterinsights_sitenote_category":0,"footnotes":""},"class_list":["post-53819","page","type-page","status-publish","hentry"],"yoast_head":"<!-- This site is optimized with the Yoast SEO plugin v27.4 - https:\/\/yoast.com\/product\/yoast-seo-wordpress\/ -->\n<title>Zona de tirolina - Ajuntament de Mont-roig del Camp<\/title>\n<meta name=\"robots\" content=\"index, follow, max-snippet:-1, max-image-preview:large, max-video-preview:-1\" \/>\n<link rel=\"canonical\" href=\"https:\/\/mont-roig.cat\/es\/parque-lili-alvarez\/zona-tirolina\/\" \/>\n<meta property=\"og:locale\" content=\"es_ES\" \/>\n<meta property=\"og:type\" content=\"article\" \/>\n<meta property=\"og:title\" content=\"Zona de tirolina - Ajuntament de Mont-roig del Camp\" \/>\n<meta property=\"og:description\" content=\"[vc_row css=&#8221;.vc_custom_1611140209567{margin-right: 8% !important;}&#8221;][vc_column][vc_single_image image=&#8221;53772&#8243; img_size=&#8221;full&#8221; alignment=&#8221;center&#8221;][vc_column_text]Coge impulso y d\u00e9jate llevar por la velocidad de la tirolina. Este juego, aplicado en el entorno urbano y dise\u00f1ado para los\/as m\u00e1s valientes, consiste en deslizarse r\u00e1pidamente desde el punto m\u00e1s elevado de la estructura hasta el m\u00e1s bajo. El sistema de la tirolina del parque deportivo Lil\u00ed [&hellip;]\" \/>\n<meta property=\"og:url\" content=\"https:\/\/mont-roig.cat\/es\/parque-lili-alvarez\/zona-tirolina\/\" \/>\n<meta property=\"og:site_name\" content=\"Ajuntament de Mont-roig del Camp\" \/>\n<meta property=\"article:modified_time\" content=\"2021-04-28T11:15:06+00:00\" \/>\n<meta property=\"og:image\" content=\"https:\/\/mont-roig.cat\/wp-content\/uploads\/foto-21-500x333.png\" \/>\n<meta name=\"twitter:card\" content=\"summary_large_image\" \/>\n<meta name=\"twitter:label1\" content=\"Tiempo de lectura\" \/>\n\t<meta name=\"twitter:data1\" content=\"3 minutos\" \/>\n<script type=\"application\/ld+json\" class=\"yoast-schema-graph\">{\"@context\":\"https:\\\/\\\/schema.org\",\"@graph\":[{\"@type\":\"WebPage\",\"@id\":\"https:\\\/\\\/mont-roig.cat\\\/es\\\/parque-lili-alvarez\\\/zona-tirolina\\\/\",\"url\":\"https:\\\/\\\/mont-roig.cat\\\/es\\\/parque-lili-alvarez\\\/zona-tirolina\\\/\",\"name\":\"Zona de tirolina - Ajuntament de Mont-roig del Camp\",\"isPartOf\":{\"@id\":\"https:\\\/\\\/mont-roig.cat\\\/es\\\/#website\"},\"primaryImageOfPage\":{\"@id\":\"https:\\\/\\\/mont-roig.cat\\\/es\\\/parque-lili-alvarez\\\/zona-tirolina\\\/#primaryimage\"},\"image\":{\"@id\":\"https:\\\/\\\/mont-roig.cat\\\/es\\\/parque-lili-alvarez\\\/zona-tirolina\\\/#primaryimage\"},\"thumbnailUrl\":\"https:\\\/\\\/mont-roig.cat\\\/wp-content\\\/uploads\\\/foto-21-500x333.png\",\"datePublished\":\"2021-02-17T15:57:52+00:00\",\"dateModified\":\"2021-04-28T11:15:06+00:00\",\"breadcrumb\":{\"@id\":\"https:\\\/\\\/mont-roig.cat\\\/es\\\/parque-lili-alvarez\\\/zona-tirolina\\\/#breadcrumb\"},\"inLanguage\":\"es\",\"potentialAction\":[{\"@type\":\"ReadAction\",\"target\":[\"https:\\\/\\\/mont-roig.cat\\\/es\\\/parque-lili-alvarez\\\/zona-tirolina\\\/\"]}]},{\"@type\":\"ImageObject\",\"inLanguage\":\"es\",\"@id\":\"https:\\\/\\\/mont-roig.cat\\\/es\\\/parque-lili-alvarez\\\/zona-tirolina\\\/#primaryimage\",\"url\":\"https:\\\/\\\/mont-roig.cat\\\/wp-content\\\/uploads\\\/foto-21-500x333.png\",\"contentUrl\":\"https:\\\/\\\/mont-roig.cat\\\/wp-content\\\/uploads\\\/foto-21-500x333.png\"},{\"@type\":\"BreadcrumbList\",\"@id\":\"https:\\\/\\\/mont-roig.cat\\\/es\\\/parque-lili-alvarez\\\/zona-tirolina\\\/#breadcrumb\",\"itemListElement\":[{\"@type\":\"ListItem\",\"position\":1,\"name\":\"Inici\",\"item\":\"https:\\\/\\\/mont-roig.cat\\\/es\\\/pagina-de-inicio\\\/\"},{\"@type\":\"ListItem\",\"position\":2,\"name\":\"Parque Deportivo LILI\u0301 A\u0301LVAREZ\",\"item\":\"https:\\\/\\\/mont-roig.cat\\\/es\\\/parque-lili-alvarez\\\/\"},{\"@type\":\"ListItem\",\"position\":3,\"name\":\"Zona de tirolina\"}]},{\"@type\":\"WebSite\",\"@id\":\"https:\\\/\\\/mont-roig.cat\\\/es\\\/#website\",\"url\":\"https:\\\/\\\/mont-roig.cat\\\/es\\\/\",\"name\":\"Ajuntament de Mont-roig del Camp\",\"description\":\"Tota la informaci\u00f3 sobre la instituci\u00f3, els seus \u00f2rgans de govern, actualitat, serveis i molt m\u00e9s.\",\"potentialAction\":[{\"@type\":\"SearchAction\",\"target\":{\"@type\":\"EntryPoint\",\"urlTemplate\":\"https:\\\/\\\/mont-roig.cat\\\/es\\\/?s={search_term_string}\"},\"query-input\":{\"@type\":\"PropertyValueSpecification\",\"valueRequired\":true,\"valueName\":\"search_term_string\"}}],\"inLanguage\":\"es\"}]}<\/script>\n<!-- \/ Yoast SEO plugin. -->","yoast_head_json":{"title":"Zona de tirolina - Ajuntament de Mont-roig del Camp","robots":{"index":"index","follow":"follow","max-snippet":"max-snippet:-1","max-image-preview":"max-image-preview:large","max-video-preview":"max-video-preview:-1"},"canonical":"https:\/\/mont-roig.cat\/es\/parque-lili-alvarez\/zona-tirolina\/","og_locale":"es_ES","og_type":"article","og_title":"Zona de tirolina - Ajuntament de Mont-roig del Camp","og_description":"[vc_row css=&#8221;.vc_custom_1611140209567{margin-right: 8% !important;}&#8221;][vc_column][vc_single_image image=&#8221;53772&#8243; img_size=&#8221;full&#8221; alignment=&#8221;center&#8221;][vc_column_text]Coge impulso y d\u00e9jate llevar por la velocidad de la tirolina. Este juego, aplicado en el entorno urbano y dise\u00f1ado para los\/as m\u00e1s valientes, consiste en deslizarse r\u00e1pidamente desde el punto m\u00e1s elevado de la estructura hasta el m\u00e1s bajo. El sistema de la tirolina del parque deportivo Lil\u00ed [&hellip;]","og_url":"https:\/\/mont-roig.cat\/es\/parque-lili-alvarez\/zona-tirolina\/","og_site_name":"Ajuntament de Mont-roig del Camp","article_modified_time":"2021-04-28T11:15:06+00:00","og_image":[{"url":"https:\/\/mont-roig.cat\/wp-content\/uploads\/foto-21-500x333.png","type":"","width":"","height":""}],"twitter_card":"summary_large_image","twitter_misc":{"Tiempo de lectura":"3 minutos"},"schema":{"@context":"https:\/\/schema.org","@graph":[{"@type":"WebPage","@id":"https:\/\/mont-roig.cat\/es\/parque-lili-alvarez\/zona-tirolina\/","url":"https:\/\/mont-roig.cat\/es\/parque-lili-alvarez\/zona-tirolina\/","name":"Zona de tirolina - Ajuntament de Mont-roig del Camp","isPartOf":{"@id":"https:\/\/mont-roig.cat\/es\/#website"},"primaryImageOfPage":{"@id":"https:\/\/mont-roig.cat\/es\/parque-lili-alvarez\/zona-tirolina\/#primaryimage"},"image":{"@id":"https:\/\/mont-roig.cat\/es\/parque-lili-alvarez\/zona-tirolina\/#primaryimage"},"thumbnailUrl":"https:\/\/mont-roig.cat\/wp-content\/uploads\/foto-21-500x333.png","datePublished":"2021-02-17T15:57:52+00:00","dateModified":"2021-04-28T11:15:06+00:00","breadcrumb":{"@id":"https:\/\/mont-roig.cat\/es\/parque-lili-alvarez\/zona-tirolina\/#breadcrumb"},"inLanguage":"es","potentialAction":[{"@type":"ReadAction","target":["https:\/\/mont-roig.cat\/es\/parque-lili-alvarez\/zona-tirolina\/"]}]},{"@type":"ImageObject","inLanguage":"es","@id":"https:\/\/mont-roig.cat\/es\/parque-lili-alvarez\/zona-tirolina\/#primaryimage","url":"https:\/\/mont-roig.cat\/wp-content\/uploads\/foto-21-500x333.png","contentUrl":"https:\/\/mont-roig.cat\/wp-content\/uploads\/foto-21-500x333.png"},{"@type":"BreadcrumbList","@id":"https:\/\/mont-roig.cat\/es\/parque-lili-alvarez\/zona-tirolina\/#breadcrumb","itemListElement":[{"@type":"ListItem","position":1,"name":"Inici","item":"https:\/\/mont-roig.cat\/es\/pagina-de-inicio\/"},{"@type":"ListItem","position":2,"name":"Parque Deportivo LILI\u0301 A\u0301LVAREZ","item":"https:\/\/mont-roig.cat\/es\/parque-lili-alvarez\/"},{"@type":"ListItem","position":3,"name":"Zona de tirolina"}]},{"@type":"WebSite","@id":"https:\/\/mont-roig.cat\/es\/#website","url":"https:\/\/mont-roig.cat\/es\/","name":"Ajuntament de Mont-roig del Camp","description":"Tota la informaci\u00f3 sobre la instituci\u00f3, els seus \u00f2rgans de govern, actualitat, serveis i molt m\u00e9s.","potentialAction":[{"@type":"SearchAction","target":{"@type":"EntryPoint","urlTemplate":"https:\/\/mont-roig.cat\/es\/?s={search_term_string}"},"query-input":{"@type":"PropertyValueSpecification","valueRequired":true,"valueName":"search_term_string"}}],"inLanguage":"es"}]}},"_links":{"self":[{"href":"https:\/\/mont-roig.cat\/es\/wp-json\/wp\/v2\/pages\/53819","targetHints":{"allow":["GET"]}}],"collection":[{"href":"https:\/\/mont-roig.cat\/es\/wp-json\/wp\/v2\/pages"}],"about":[{"href":"https:\/\/mont-roig.cat\/es\/wp-json\/wp\/v2\/types\/page"}],"author":[{"embeddable":true,"href":"https:\/\/mont-roig.cat\/es\/wp-json\/wp\/v2\/users\/4"}],"replies":[{"embeddable":true,"href":"https:\/\/mont-roig.cat\/es\/wp-json\/wp\/v2\/comments?post=53819"}],"version-history":[{"count":5,"href":"https:\/\/mont-roig.cat\/es\/wp-json\/wp\/v2\/pages\/53819\/revisions"}],"predecessor-version":[{"id":53864,"href":"https:\/\/mont-roig.cat\/es\/wp-json\/wp\/v2\/pages\/53819\/revisions\/53864"}],"up":[{"embeddable":true,"href":"https:\/\/mont-roig.cat\/es\/wp-json\/wp\/v2\/pages\/53249"}],"wp:attachment":[{"href":"https:\/\/mont-roig.cat\/es\/wp-json\/wp\/v2\/media?parent=53819"}],"curies":[{"name":"wp","href":"https:\/\/api.w.org\/{rel}","templated":true}]}}