{"id":57984,"date":"2021-10-07T11:37:15","date_gmt":"2021-10-07T09:37:15","guid":{"rendered":"https:\/\/mont-roig.cat\/?page_id=57984"},"modified":"2021-10-07T12:27:43","modified_gmt":"2021-10-07T10:27:43","slug":"portal-canal","status":"publish","type":"page","link":"https:\/\/mont-roig.cat\/es\/ayuntamiento\/areas\/cultura\/ruta-historica\/portal-canal\/","title":{"rendered":"Portal de la Canal"},"content":{"rendered":"<div class=\"wpb-content-wrapper\">[vc_row][vc_column][vc_single_image image=&#8221;57930&#8243; img_size=&#8221;full&#8221; alignment=&#8221;center&#8221;][vc_single_image image=&#8221;57989&#8243; img_size=&#8221;full&#8221; alignment=&#8221;center&#8221; label=&#8221;&#8221;][\/vc_column][\/vc_row][vc_row][vc_column width=&#8221;1\/2&#8243;][vc_column_text]<strong>8. PORTAL DE LA CANAL<\/strong><\/p>\n<p><em>Fotografia cedida per Rosa M\u00aa Pujol Llasera \u00a0al Centre d\u2019Estudis Mont-rogencs.<\/em><\/p>\n<p>Fotografia datada aproximadament de principis del segle XX que mostra la Portal de la Canal amb la seva torre.<\/p>\n<p>Aquest portal medieval est\u00e0 documentat des de l\u2019any 1426 a partir del pagament d\u2019un cens. El seu nom fa refer\u00e8ncia a la conducci\u00f3 d\u2019aigua, que procedent de la mina de l\u2019Horta, permetia regar els horts i el funcionament dels molins de la vila.<\/p>\n<p>Des d\u2019aquest portal es pot baixar en direcci\u00f3 a les Hortes i als rentadors p\u00fablics, i d\u2019all\u00ed resseguir alguns vestigis de l\u2019antic per\u00edmetre emmurallat pel carrer de la Murada o fer cap al cam\u00ed de Vilanova o Riudecanyes.<\/p>\n<p>Antigament els portals es tancaven a la nit i pr\u00e8viament es tocava el tambor del carrer d\u2019Amunt per avisar del tancament.[\/vc_column_text][\/vc_column][vc_column width=&#8221;1\/2&#8243;][vc_column_text]<strong>8. PORTAL DE LA CANAL<\/strong><\/p>\n<p><em>Fotograf\u00eda cedida por Rosa M\u00aa Pujol Llasera al Centre d\u2019Estudis Mont-rogencs.<\/em><\/p>\n<p>Fotograf\u00eda datada aproximadamente a principios del siglo XX que muestra el Portal de la Canal con su torre.<\/p>\n<p>Este portal medieval est\u00e1 documentado desde el a\u00f1o 1426 a partir del pago de un censo. Su nombre hace referencia a la conducci\u00f3n de agua, que procedente de la mina de la <em>Horta<\/em>, permit\u00eda regar los huertos y el funcionamiento de los molinos de la villa.<\/p>\n<p>Desde este portal se puede bajar en direcci\u00f3n a los huertos y a los lavaderos p\u00fablicos, y de all\u00ed reseguir algunos vestigios del antiguo per\u00edmetro amurallado por la calle de la Murada o ir hacia el camino de Vilanova o Riudecanyes.<\/p>\n<p>Antiguamente los portales se cerraban por la noche y previamente se tocaba el tambor de la calle <em>d\u2019Amunt <\/em>(significa de arriba) para avisar de su cierre.[\/vc_column_text][\/vc_column][\/vc_row][vc_row][vc_column]<div class=\"porto-block \">[vc_row][vc_column width=\"4\/12\"]<div class=\"aio-icon-component    style_1\"><div id=\"Info-box-wrap-6308\" class=\"aio-icon-box default-icon\" style=\"\"  ><div class=\"aio-icon-description ult-responsive\"  data-ultimate-target='#Info-box-wrap-6308 .aio-icon-description'  data-responsive-json-new='{\"font-size\":\"\",\"line-height\":\"\"}'  style=\"\"><img loading=\"lazy\" decoding=\"async\" class=\"aligncenter wp-image-57886 size-medium\" src=\"https:\/\/mont-roig.cat\/wp-content\/uploads\/fes-rh-500x396.png\" alt=\"\" width=\"500\" height=\"396\" srcset=\"https:\/\/mont-roig.cat\/wp-content\/uploads\/fes-rh-500x396.png 500w, https:\/\/mont-roig.cat\/wp-content\/uploads\/fes-rh-1024x811.png 1024w, https:\/\/mont-roig.cat\/wp-content\/uploads\/fes-rh-768x608.png 768w, https:\/\/mont-roig.cat\/wp-content\/uploads\/fes-rh.png 1289w\" sizes=\"auto, (max-width: 500px) 100vw, 500px\" \/><\/div> <!-- description --><\/div> <!-- aio-icon-box --><\/div> <!-- aio-icon-component -->[\/vc_column][vc_column width=\"4\/12\"][vc_single_image image=\"57910\" img_size=\"full\" onclick=\"link_image\" label=\"\"][\/vc_column][vc_column width=\"4\/12\"][vc_single_image image=\"57908\" img_size=\"full\" onclick=\"link_image\" label=\"\"][\/vc_column][\/vc_row]<\/div>[\/vc_column][\/vc_row]\n<\/div>","protected":false},"excerpt":{"rendered":"<p>[vc_row][vc_column][vc_single_image image=&#8221;57930&#8243; img_size=&#8221;full&#8221; alignment=&#8221;center&#8221;][vc_single_image image=&#8221;57989&#8243; img_size=&#8221;full&#8221; alignment=&#8221;center&#8221; label=&#8221;&#8221;][\/vc_column][\/vc_row][vc_row][vc_column width=&#8221;1\/2&#8243;][vc_column_text]8. PORTAL DE LA CANAL Fotografia cedida per Rosa M\u00aa Pujol Llasera \u00a0al Centre d\u2019Estudis Mont-rogencs. Fotografia datada aproximadament de principis del segle XX que mostra la Portal de la Canal amb la seva torre. Aquest portal medieval est\u00e0 documentat des de l\u2019any 1426 a partir del [&hellip;]<\/p>\n","protected":false},"author":4,"featured_media":0,"parent":58068,"menu_order":8,"comment_status":"closed","ping_status":"closed","template":"","meta":{"inline_featured_image":false,"_monsterinsights_skip_tracking":false,"_monsterinsights_sitenote_active":false,"_monsterinsights_sitenote_note":"","_monsterinsights_sitenote_category":0,"footnotes":""},"class_list":["post-57984","page","type-page","status-publish","hentry"],"yoast_head":"<!-- This site is optimized with the Yoast SEO plugin v27.4 - https:\/\/yoast.com\/product\/yoast-seo-wordpress\/ -->\n<title>Portal de la Canal - Ajuntament de Mont-roig del Camp<\/title>\n<meta name=\"robots\" content=\"index, follow, max-snippet:-1, max-image-preview:large, max-video-preview:-1\" \/>\n<link rel=\"canonical\" href=\"https:\/\/mont-roig.cat\/es\/ayuntamiento\/areas\/cultura\/ruta-historica\/portal-canal\/\" \/>\n<meta property=\"og:locale\" content=\"es_ES\" \/>\n<meta property=\"og:type\" content=\"article\" \/>\n<meta property=\"og:title\" content=\"Portal de la Canal - Ajuntament de Mont-roig del Camp\" \/>\n<meta property=\"og:description\" content=\"[vc_row][vc_column][vc_single_image image=&#8221;57930&#8243; img_size=&#8221;full&#8221; alignment=&#8221;center&#8221;][vc_single_image image=&#8221;57989&#8243; img_size=&#8221;full&#8221; alignment=&#8221;center&#8221; label=&#8221;&#8221;][\/vc_column][\/vc_row][vc_row][vc_column width=&#8221;1\/2&#8243;][vc_column_text]8. PORTAL DE LA CANAL Fotografia cedida per Rosa M\u00aa Pujol Llasera \u00a0al Centre d\u2019Estudis Mont-rogencs. Fotografia datada aproximadament de principis del segle XX que mostra la Portal de la Canal amb la seva torre. Aquest portal medieval est\u00e0 documentat des de l\u2019any 1426 a partir del [&hellip;]\" \/>\n<meta property=\"og:url\" content=\"https:\/\/mont-roig.cat\/es\/ayuntamiento\/areas\/cultura\/ruta-historica\/portal-canal\/\" \/>\n<meta property=\"og:site_name\" content=\"Ajuntament de Mont-roig del Camp\" \/>\n<meta property=\"article:modified_time\" content=\"2021-10-07T10:27:43+00:00\" \/>\n<meta property=\"og:image\" content=\"https:\/\/mont-roig.cat\/wp-content\/uploads\/aj-mont-roig-2.jpg\" \/>\n\t<meta property=\"og:image:width\" content=\"1200\" \/>\n\t<meta property=\"og:image:height\" content=\"600\" \/>\n\t<meta property=\"og:image:type\" content=\"image\/jpeg\" \/>\n<meta name=\"twitter:card\" content=\"summary_large_image\" \/>\n<meta name=\"twitter:label1\" content=\"Tiempo de lectura\" \/>\n\t<meta name=\"twitter:data1\" content=\"2 minutos\" \/>\n<script type=\"application\/ld+json\" class=\"yoast-schema-graph\">{\"@context\":\"https:\\\/\\\/schema.org\",\"@graph\":[{\"@type\":\"WebPage\",\"@id\":\"https:\\\/\\\/mont-roig.cat\\\/es\\\/ayuntamiento\\\/areas\\\/cultura\\\/ruta-historica\\\/portal-canal\\\/\",\"url\":\"https:\\\/\\\/mont-roig.cat\\\/es\\\/ayuntamiento\\\/areas\\\/cultura\\\/ruta-historica\\\/portal-canal\\\/\",\"name\":\"Portal de la Canal - Ajuntament de Mont-roig del Camp\",\"isPartOf\":{\"@id\":\"https:\\\/\\\/mont-roig.cat\\\/es\\\/#website\"},\"datePublished\":\"2021-10-07T09:37:15+00:00\",\"dateModified\":\"2021-10-07T10:27:43+00:00\",\"breadcrumb\":{\"@id\":\"https:\\\/\\\/mont-roig.cat\\\/es\\\/ayuntamiento\\\/areas\\\/cultura\\\/ruta-historica\\\/portal-canal\\\/#breadcrumb\"},\"inLanguage\":\"es\",\"potentialAction\":[{\"@type\":\"ReadAction\",\"target\":[\"https:\\\/\\\/mont-roig.cat\\\/es\\\/ayuntamiento\\\/areas\\\/cultura\\\/ruta-historica\\\/portal-canal\\\/\"]}]},{\"@type\":\"BreadcrumbList\",\"@id\":\"https:\\\/\\\/mont-roig.cat\\\/es\\\/ayuntamiento\\\/areas\\\/cultura\\\/ruta-historica\\\/portal-canal\\\/#breadcrumb\",\"itemListElement\":[{\"@type\":\"ListItem\",\"position\":1,\"name\":\"Inici\",\"item\":\"https:\\\/\\\/mont-roig.cat\\\/es\\\/pagina-de-inicio\\\/\"},{\"@type\":\"ListItem\",\"position\":2,\"name\":\"Ayuntamiento\",\"item\":\"https:\\\/\\\/mont-roig.cat\\\/es\\\/ayuntamiento\\\/\"},{\"@type\":\"ListItem\",\"position\":3,\"name\":\"\u00c1reas\",\"item\":\"https:\\\/\\\/mont-roig.cat\\\/es\\\/ayuntamiento\\\/areas\\\/\"},{\"@type\":\"ListItem\",\"position\":4,\"name\":\"Cultura\",\"item\":\"https:\\\/\\\/mont-roig.cat\\\/es\\\/ayuntamiento\\\/areas\\\/cultura\\\/\"},{\"@type\":\"ListItem\",\"position\":5,\"name\":\"Ruta hist\u00f3rica. Un paseo por la historia\",\"item\":\"https:\\\/\\\/mont-roig.cat\\\/es\\\/ayuntamiento\\\/areas\\\/cultura\\\/ruta-historica\\\/\"},{\"@type\":\"ListItem\",\"position\":6,\"name\":\"Portal de la Canal\"}]},{\"@type\":\"WebSite\",\"@id\":\"https:\\\/\\\/mont-roig.cat\\\/es\\\/#website\",\"url\":\"https:\\\/\\\/mont-roig.cat\\\/es\\\/\",\"name\":\"Ajuntament de Mont-roig del Camp\",\"description\":\"Tota la informaci\u00f3 sobre la instituci\u00f3, els seus \u00f2rgans de govern, actualitat, serveis i molt m\u00e9s.\",\"potentialAction\":[{\"@type\":\"SearchAction\",\"target\":{\"@type\":\"EntryPoint\",\"urlTemplate\":\"https:\\\/\\\/mont-roig.cat\\\/es\\\/?s={search_term_string}\"},\"query-input\":{\"@type\":\"PropertyValueSpecification\",\"valueRequired\":true,\"valueName\":\"search_term_string\"}}],\"inLanguage\":\"es\"}]}<\/script>\n<!-- \/ Yoast SEO plugin. -->","yoast_head_json":{"title":"Portal de la Canal - Ajuntament de Mont-roig del Camp","robots":{"index":"index","follow":"follow","max-snippet":"max-snippet:-1","max-image-preview":"max-image-preview:large","max-video-preview":"max-video-preview:-1"},"canonical":"https:\/\/mont-roig.cat\/es\/ayuntamiento\/areas\/cultura\/ruta-historica\/portal-canal\/","og_locale":"es_ES","og_type":"article","og_title":"Portal de la Canal - Ajuntament de Mont-roig del Camp","og_description":"[vc_row][vc_column][vc_single_image image=&#8221;57930&#8243; img_size=&#8221;full&#8221; alignment=&#8221;center&#8221;][vc_single_image image=&#8221;57989&#8243; img_size=&#8221;full&#8221; alignment=&#8221;center&#8221; label=&#8221;&#8221;][\/vc_column][\/vc_row][vc_row][vc_column width=&#8221;1\/2&#8243;][vc_column_text]8. PORTAL DE LA CANAL Fotografia cedida per Rosa M\u00aa Pujol Llasera \u00a0al Centre d\u2019Estudis Mont-rogencs. Fotografia datada aproximadament de principis del segle XX que mostra la Portal de la Canal amb la seva torre. Aquest portal medieval est\u00e0 documentat des de l\u2019any 1426 a partir del [&hellip;]","og_url":"https:\/\/mont-roig.cat\/es\/ayuntamiento\/areas\/cultura\/ruta-historica\/portal-canal\/","og_site_name":"Ajuntament de Mont-roig del Camp","article_modified_time":"2021-10-07T10:27:43+00:00","og_image":[{"width":1200,"height":600,"url":"https:\/\/mont-roig.cat\/wp-content\/uploads\/aj-mont-roig-2.jpg","type":"image\/jpeg"}],"twitter_card":"summary_large_image","twitter_misc":{"Tiempo de lectura":"2 minutos"},"schema":{"@context":"https:\/\/schema.org","@graph":[{"@type":"WebPage","@id":"https:\/\/mont-roig.cat\/es\/ayuntamiento\/areas\/cultura\/ruta-historica\/portal-canal\/","url":"https:\/\/mont-roig.cat\/es\/ayuntamiento\/areas\/cultura\/ruta-historica\/portal-canal\/","name":"Portal de la Canal - Ajuntament de Mont-roig del Camp","isPartOf":{"@id":"https:\/\/mont-roig.cat\/es\/#website"},"datePublished":"2021-10-07T09:37:15+00:00","dateModified":"2021-10-07T10:27:43+00:00","breadcrumb":{"@id":"https:\/\/mont-roig.cat\/es\/ayuntamiento\/areas\/cultura\/ruta-historica\/portal-canal\/#breadcrumb"},"inLanguage":"es","potentialAction":[{"@type":"ReadAction","target":["https:\/\/mont-roig.cat\/es\/ayuntamiento\/areas\/cultura\/ruta-historica\/portal-canal\/"]}]},{"@type":"BreadcrumbList","@id":"https:\/\/mont-roig.cat\/es\/ayuntamiento\/areas\/cultura\/ruta-historica\/portal-canal\/#breadcrumb","itemListElement":[{"@type":"ListItem","position":1,"name":"Inici","item":"https:\/\/mont-roig.cat\/es\/pagina-de-inicio\/"},{"@type":"ListItem","position":2,"name":"Ayuntamiento","item":"https:\/\/mont-roig.cat\/es\/ayuntamiento\/"},{"@type":"ListItem","position":3,"name":"\u00c1reas","item":"https:\/\/mont-roig.cat\/es\/ayuntamiento\/areas\/"},{"@type":"ListItem","position":4,"name":"Cultura","item":"https:\/\/mont-roig.cat\/es\/ayuntamiento\/areas\/cultura\/"},{"@type":"ListItem","position":5,"name":"Ruta hist\u00f3rica. Un paseo por la historia","item":"https:\/\/mont-roig.cat\/es\/ayuntamiento\/areas\/cultura\/ruta-historica\/"},{"@type":"ListItem","position":6,"name":"Portal de la Canal"}]},{"@type":"WebSite","@id":"https:\/\/mont-roig.cat\/es\/#website","url":"https:\/\/mont-roig.cat\/es\/","name":"Ajuntament de Mont-roig del Camp","description":"Tota la informaci\u00f3 sobre la instituci\u00f3, els seus \u00f2rgans de govern, actualitat, serveis i molt m\u00e9s.","potentialAction":[{"@type":"SearchAction","target":{"@type":"EntryPoint","urlTemplate":"https:\/\/mont-roig.cat\/es\/?s={search_term_string}"},"query-input":{"@type":"PropertyValueSpecification","valueRequired":true,"valueName":"search_term_string"}}],"inLanguage":"es"}]}},"_links":{"self":[{"href":"https:\/\/mont-roig.cat\/es\/wp-json\/wp\/v2\/pages\/57984","targetHints":{"allow":["GET"]}}],"collection":[{"href":"https:\/\/mont-roig.cat\/es\/wp-json\/wp\/v2\/pages"}],"about":[{"href":"https:\/\/mont-roig.cat\/es\/wp-json\/wp\/v2\/types\/page"}],"author":[{"embeddable":true,"href":"https:\/\/mont-roig.cat\/es\/wp-json\/wp\/v2\/users\/4"}],"replies":[{"embeddable":true,"href":"https:\/\/mont-roig.cat\/es\/wp-json\/wp\/v2\/comments?post=57984"}],"version-history":[{"count":1,"href":"https:\/\/mont-roig.cat\/es\/wp-json\/wp\/v2\/pages\/57984\/revisions"}],"predecessor-version":[{"id":58087,"href":"https:\/\/mont-roig.cat\/es\/wp-json\/wp\/v2\/pages\/57984\/revisions\/58087"}],"up":[{"embeddable":true,"href":"https:\/\/mont-roig.cat\/es\/wp-json\/wp\/v2\/pages\/58068"}],"wp:attachment":[{"href":"https:\/\/mont-roig.cat\/es\/wp-json\/wp\/v2\/media?parent=57984"}],"curies":[{"name":"wp","href":"https:\/\/api.w.org\/{rel}","templated":true}]}}