{"id":57999,"date":"2021-10-07T11:37:38","date_gmt":"2021-10-07T09:37:38","guid":{"rendered":"https:\/\/mont-roig.cat\/?page_id=57999"},"modified":"2021-10-07T12:29:16","modified_gmt":"2021-10-07T10:29:16","slug":"torreon-miami","status":"publish","type":"page","link":"https:\/\/mont-roig.cat\/es\/ayuntamiento\/areas\/cultura\/ruta-historica\/torreon-miami\/","title":{"rendered":"Torre\u00f3n de Miami Platja"},"content":{"rendered":"<div class=\"wpb-content-wrapper\">[vc_row][vc_column][vc_single_image image=&#8221;57930&#8243; img_size=&#8221;full&#8221; alignment=&#8221;center&#8221;][vc_single_image image=&#8221;58006&#8243; img_size=&#8221;full&#8221; alignment=&#8221;center&#8221; label=&#8221;&#8221;][\/vc_column][\/vc_row][vc_row][vc_column width=&#8221;1\/2&#8243;][vc_column_text]<strong>9. TORRE\u00d3 DE MIAMI <\/strong><\/p>\n<p><em>Fotografia cedida per N\u00faria Esquius S\u00e1nchez (Fons familiar de Marcel\u00b7l\u00ed Esquius Garc\u00eda).<\/em><\/p>\n<p>En la imatge es pot apreciar el Torre\u00f3 a la dreta i a l\u2019esquerra la construcci\u00f3 de l\u2019edifici que despr\u00e9s esdevindria l\u2019Hotel Calazul, actualment un bloc d\u2019apartaments, per\u00f2 que segurament fou el segon establiment hoteler de Miami Platja.<\/p>\n<p>El Torre\u00f3 \u00e9s la ins\u00edgnia de la costa de Miami, perqu\u00e8 va ser realitzada a inicis de la urbanitzaci\u00f3 de la zona. En concret el Torre\u00f3 evoca l\u2019antiga torre dels Penyals que va ser constru\u00efda el 1574 i volada a canonades per l\u2019armada anglesa el 17 de juny de 1813. Tamb\u00e9 va ser punt de vigia de la Gu\u00e0rdia Civil.<\/p>\n<p>La transformaci\u00f3 urban\u00edstica de la costa \u00e9s evident, per\u00f2 si ens acostem al peu del Torre\u00f3 podrem gaudir d\u2019una espl\u00e8ndida vista sobre les transparents aig\u00fces de les cales de Miami Platja i de tota la mar Mediterr\u00e0nia.[\/vc_column_text][\/vc_column][vc_column width=&#8221;1\/2&#8243;][vc_column_text]<strong>9. TORRE\u00d3N DE MIAMI<\/strong><\/p>\n<p><em>Fotograf\u00eda cedida por Nuria Esquivos S\u00e1nchez (Fondo familiar de Marcel\u00b7l\u00ed Esquius Garc\u00eda).<\/em><\/p>\n<p>En la imagen se puede apreciar el Torre\u00f3n a la derecha y a la izquierda la construcci\u00f3n del edificio que despu\u00e9s se convertir\u00eda en el Hotel Calazul, actualmente un bloque de apartamentos, pero que seguramente fue el segundo establecimiento hotelero de Miami Playa.<\/p>\n<p>El Torre\u00f3n es la insignia de la costa de Miami, porque fue realizada a inicios de la urbanizaci\u00f3n de la zona. En concreto el Torre\u00f3n evoca a una antigua torre que fue construida el 1574 y volada a ca\u00f1onazos por la armada inglesa el 17 de junio de 1813. Tambi\u00e9n fue punto de vig\u00eda de la Guardia Civil.<\/p>\n<p>La transformaci\u00f3n urban\u00edstica de la costa es evidente, pero si nos acercamos al pie del Torre\u00f3n podremos disfrutar de una espl\u00e9ndida vista sobre las transparentes aguas de las calas de Miami Playa y de todo el mar Mediterr\u00e1neo.[\/vc_column_text][\/vc_column][\/vc_row][vc_row][vc_column]<div class=\"porto-block \">[vc_row][vc_column width=\"4\/12\"]<div class=\"aio-icon-component    style_1\"><div id=\"Info-box-wrap-4143\" class=\"aio-icon-box default-icon\" style=\"\"  ><div class=\"aio-icon-description ult-responsive\"  data-ultimate-target='#Info-box-wrap-4143 .aio-icon-description'  data-responsive-json-new='{\"font-size\":\"\",\"line-height\":\"\"}'  style=\"\"><img loading=\"lazy\" decoding=\"async\" class=\"aligncenter wp-image-57886 size-medium\" src=\"https:\/\/mont-roig.cat\/wp-content\/uploads\/fes-rh-500x396.png\" alt=\"\" width=\"500\" height=\"396\" srcset=\"https:\/\/mont-roig.cat\/wp-content\/uploads\/fes-rh-500x396.png 500w, https:\/\/mont-roig.cat\/wp-content\/uploads\/fes-rh-1024x811.png 1024w, https:\/\/mont-roig.cat\/wp-content\/uploads\/fes-rh-768x608.png 768w, https:\/\/mont-roig.cat\/wp-content\/uploads\/fes-rh.png 1289w\" sizes=\"auto, (max-width: 500px) 100vw, 500px\" \/><\/div> <!-- description --><\/div> <!-- aio-icon-box --><\/div> <!-- aio-icon-component -->[\/vc_column][vc_column width=\"4\/12\"][vc_single_image image=\"57910\" img_size=\"full\" onclick=\"link_image\" label=\"\"][\/vc_column][vc_column width=\"4\/12\"][vc_single_image image=\"57908\" img_size=\"full\" onclick=\"link_image\" label=\"\"][\/vc_column][\/vc_row]<\/div>[\/vc_column][\/vc_row]\n<\/div>","protected":false},"excerpt":{"rendered":"<p>[vc_row][vc_column][vc_single_image image=&#8221;57930&#8243; img_size=&#8221;full&#8221; alignment=&#8221;center&#8221;][vc_single_image image=&#8221;58006&#8243; img_size=&#8221;full&#8221; alignment=&#8221;center&#8221; label=&#8221;&#8221;][\/vc_column][\/vc_row][vc_row][vc_column width=&#8221;1\/2&#8243;][vc_column_text]9. TORRE\u00d3 DE MIAMI Fotografia cedida per N\u00faria Esquius S\u00e1nchez (Fons familiar de Marcel\u00b7l\u00ed Esquius Garc\u00eda). En la imatge es pot apreciar el Torre\u00f3 a la dreta i a l\u2019esquerra la construcci\u00f3 de l\u2019edifici que despr\u00e9s esdevindria l\u2019Hotel Calazul, actualment un bloc d\u2019apartaments, per\u00f2 que segurament fou [&hellip;]<\/p>\n","protected":false},"author":4,"featured_media":0,"parent":58068,"menu_order":9,"comment_status":"closed","ping_status":"closed","template":"","meta":{"inline_featured_image":false,"_monsterinsights_skip_tracking":false,"_monsterinsights_sitenote_active":false,"_monsterinsights_sitenote_note":"","_monsterinsights_sitenote_category":0,"footnotes":""},"class_list":["post-57999","page","type-page","status-publish","hentry"],"yoast_head":"<!-- This site is optimized with the Yoast SEO plugin v27.4 - https:\/\/yoast.com\/product\/yoast-seo-wordpress\/ -->\n<title>Torre\u00f3n de Miami Platja - Ajuntament de Mont-roig del Camp<\/title>\n<meta name=\"robots\" content=\"index, follow, max-snippet:-1, max-image-preview:large, max-video-preview:-1\" \/>\n<link rel=\"canonical\" href=\"https:\/\/mont-roig.cat\/es\/ayuntamiento\/areas\/cultura\/ruta-historica\/torreon-miami\/\" \/>\n<meta property=\"og:locale\" content=\"es_ES\" \/>\n<meta property=\"og:type\" content=\"article\" \/>\n<meta property=\"og:title\" content=\"Torre\u00f3n de Miami Platja - Ajuntament de Mont-roig del Camp\" \/>\n<meta property=\"og:description\" content=\"[vc_row][vc_column][vc_single_image image=&#8221;57930&#8243; img_size=&#8221;full&#8221; alignment=&#8221;center&#8221;][vc_single_image image=&#8221;58006&#8243; img_size=&#8221;full&#8221; alignment=&#8221;center&#8221; label=&#8221;&#8221;][\/vc_column][\/vc_row][vc_row][vc_column width=&#8221;1\/2&#8243;][vc_column_text]9. TORRE\u00d3 DE MIAMI Fotografia cedida per N\u00faria Esquius S\u00e1nchez (Fons familiar de Marcel\u00b7l\u00ed Esquius Garc\u00eda). En la imatge es pot apreciar el Torre\u00f3 a la dreta i a l\u2019esquerra la construcci\u00f3 de l\u2019edifici que despr\u00e9s esdevindria l\u2019Hotel Calazul, actualment un bloc d\u2019apartaments, per\u00f2 que segurament fou [&hellip;]\" \/>\n<meta property=\"og:url\" content=\"https:\/\/mont-roig.cat\/es\/ayuntamiento\/areas\/cultura\/ruta-historica\/torreon-miami\/\" \/>\n<meta property=\"og:site_name\" content=\"Ajuntament de Mont-roig del Camp\" \/>\n<meta property=\"article:modified_time\" content=\"2021-10-07T10:29:16+00:00\" \/>\n<meta property=\"og:image\" content=\"https:\/\/mont-roig.cat\/wp-content\/uploads\/aj-mont-roig-2.jpg\" \/>\n\t<meta property=\"og:image:width\" content=\"1200\" \/>\n\t<meta property=\"og:image:height\" content=\"600\" \/>\n\t<meta property=\"og:image:type\" content=\"image\/jpeg\" \/>\n<meta name=\"twitter:card\" content=\"summary_large_image\" \/>\n<meta name=\"twitter:label1\" content=\"Tiempo de lectura\" \/>\n\t<meta name=\"twitter:data1\" content=\"2 minutos\" \/>\n<script type=\"application\/ld+json\" class=\"yoast-schema-graph\">{\"@context\":\"https:\\\/\\\/schema.org\",\"@graph\":[{\"@type\":\"WebPage\",\"@id\":\"https:\\\/\\\/mont-roig.cat\\\/es\\\/ayuntamiento\\\/areas\\\/cultura\\\/ruta-historica\\\/torreon-miami\\\/\",\"url\":\"https:\\\/\\\/mont-roig.cat\\\/es\\\/ayuntamiento\\\/areas\\\/cultura\\\/ruta-historica\\\/torreon-miami\\\/\",\"name\":\"Torre\u00f3n de Miami Platja - Ajuntament de Mont-roig del Camp\",\"isPartOf\":{\"@id\":\"https:\\\/\\\/mont-roig.cat\\\/es\\\/#website\"},\"datePublished\":\"2021-10-07T09:37:38+00:00\",\"dateModified\":\"2021-10-07T10:29:16+00:00\",\"breadcrumb\":{\"@id\":\"https:\\\/\\\/mont-roig.cat\\\/es\\\/ayuntamiento\\\/areas\\\/cultura\\\/ruta-historica\\\/torreon-miami\\\/#breadcrumb\"},\"inLanguage\":\"es\",\"potentialAction\":[{\"@type\":\"ReadAction\",\"target\":[\"https:\\\/\\\/mont-roig.cat\\\/es\\\/ayuntamiento\\\/areas\\\/cultura\\\/ruta-historica\\\/torreon-miami\\\/\"]}]},{\"@type\":\"BreadcrumbList\",\"@id\":\"https:\\\/\\\/mont-roig.cat\\\/es\\\/ayuntamiento\\\/areas\\\/cultura\\\/ruta-historica\\\/torreon-miami\\\/#breadcrumb\",\"itemListElement\":[{\"@type\":\"ListItem\",\"position\":1,\"name\":\"Inici\",\"item\":\"https:\\\/\\\/mont-roig.cat\\\/es\\\/pagina-de-inicio\\\/\"},{\"@type\":\"ListItem\",\"position\":2,\"name\":\"Ayuntamiento\",\"item\":\"https:\\\/\\\/mont-roig.cat\\\/es\\\/ayuntamiento\\\/\"},{\"@type\":\"ListItem\",\"position\":3,\"name\":\"\u00c1reas\",\"item\":\"https:\\\/\\\/mont-roig.cat\\\/es\\\/ayuntamiento\\\/areas\\\/\"},{\"@type\":\"ListItem\",\"position\":4,\"name\":\"Cultura\",\"item\":\"https:\\\/\\\/mont-roig.cat\\\/es\\\/ayuntamiento\\\/areas\\\/cultura\\\/\"},{\"@type\":\"ListItem\",\"position\":5,\"name\":\"Ruta hist\u00f3rica. Un paseo por la historia\",\"item\":\"https:\\\/\\\/mont-roig.cat\\\/es\\\/ayuntamiento\\\/areas\\\/cultura\\\/ruta-historica\\\/\"},{\"@type\":\"ListItem\",\"position\":6,\"name\":\"Torre\u00f3n de Miami Platja\"}]},{\"@type\":\"WebSite\",\"@id\":\"https:\\\/\\\/mont-roig.cat\\\/es\\\/#website\",\"url\":\"https:\\\/\\\/mont-roig.cat\\\/es\\\/\",\"name\":\"Ajuntament de Mont-roig del Camp\",\"description\":\"Tota la informaci\u00f3 sobre la instituci\u00f3, els seus \u00f2rgans de govern, actualitat, serveis i molt m\u00e9s.\",\"potentialAction\":[{\"@type\":\"SearchAction\",\"target\":{\"@type\":\"EntryPoint\",\"urlTemplate\":\"https:\\\/\\\/mont-roig.cat\\\/es\\\/?s={search_term_string}\"},\"query-input\":{\"@type\":\"PropertyValueSpecification\",\"valueRequired\":true,\"valueName\":\"search_term_string\"}}],\"inLanguage\":\"es\"}]}<\/script>\n<!-- \/ Yoast SEO plugin. -->","yoast_head_json":{"title":"Torre\u00f3n de Miami Platja - Ajuntament de Mont-roig del Camp","robots":{"index":"index","follow":"follow","max-snippet":"max-snippet:-1","max-image-preview":"max-image-preview:large","max-video-preview":"max-video-preview:-1"},"canonical":"https:\/\/mont-roig.cat\/es\/ayuntamiento\/areas\/cultura\/ruta-historica\/torreon-miami\/","og_locale":"es_ES","og_type":"article","og_title":"Torre\u00f3n de Miami Platja - Ajuntament de Mont-roig del Camp","og_description":"[vc_row][vc_column][vc_single_image image=&#8221;57930&#8243; img_size=&#8221;full&#8221; alignment=&#8221;center&#8221;][vc_single_image image=&#8221;58006&#8243; img_size=&#8221;full&#8221; alignment=&#8221;center&#8221; label=&#8221;&#8221;][\/vc_column][\/vc_row][vc_row][vc_column width=&#8221;1\/2&#8243;][vc_column_text]9. TORRE\u00d3 DE MIAMI Fotografia cedida per N\u00faria Esquius S\u00e1nchez (Fons familiar de Marcel\u00b7l\u00ed Esquius Garc\u00eda). En la imatge es pot apreciar el Torre\u00f3 a la dreta i a l\u2019esquerra la construcci\u00f3 de l\u2019edifici que despr\u00e9s esdevindria l\u2019Hotel Calazul, actualment un bloc d\u2019apartaments, per\u00f2 que segurament fou [&hellip;]","og_url":"https:\/\/mont-roig.cat\/es\/ayuntamiento\/areas\/cultura\/ruta-historica\/torreon-miami\/","og_site_name":"Ajuntament de Mont-roig del Camp","article_modified_time":"2021-10-07T10:29:16+00:00","og_image":[{"width":1200,"height":600,"url":"https:\/\/mont-roig.cat\/wp-content\/uploads\/aj-mont-roig-2.jpg","type":"image\/jpeg"}],"twitter_card":"summary_large_image","twitter_misc":{"Tiempo de lectura":"2 minutos"},"schema":{"@context":"https:\/\/schema.org","@graph":[{"@type":"WebPage","@id":"https:\/\/mont-roig.cat\/es\/ayuntamiento\/areas\/cultura\/ruta-historica\/torreon-miami\/","url":"https:\/\/mont-roig.cat\/es\/ayuntamiento\/areas\/cultura\/ruta-historica\/torreon-miami\/","name":"Torre\u00f3n de Miami Platja - Ajuntament de Mont-roig del Camp","isPartOf":{"@id":"https:\/\/mont-roig.cat\/es\/#website"},"datePublished":"2021-10-07T09:37:38+00:00","dateModified":"2021-10-07T10:29:16+00:00","breadcrumb":{"@id":"https:\/\/mont-roig.cat\/es\/ayuntamiento\/areas\/cultura\/ruta-historica\/torreon-miami\/#breadcrumb"},"inLanguage":"es","potentialAction":[{"@type":"ReadAction","target":["https:\/\/mont-roig.cat\/es\/ayuntamiento\/areas\/cultura\/ruta-historica\/torreon-miami\/"]}]},{"@type":"BreadcrumbList","@id":"https:\/\/mont-roig.cat\/es\/ayuntamiento\/areas\/cultura\/ruta-historica\/torreon-miami\/#breadcrumb","itemListElement":[{"@type":"ListItem","position":1,"name":"Inici","item":"https:\/\/mont-roig.cat\/es\/pagina-de-inicio\/"},{"@type":"ListItem","position":2,"name":"Ayuntamiento","item":"https:\/\/mont-roig.cat\/es\/ayuntamiento\/"},{"@type":"ListItem","position":3,"name":"\u00c1reas","item":"https:\/\/mont-roig.cat\/es\/ayuntamiento\/areas\/"},{"@type":"ListItem","position":4,"name":"Cultura","item":"https:\/\/mont-roig.cat\/es\/ayuntamiento\/areas\/cultura\/"},{"@type":"ListItem","position":5,"name":"Ruta hist\u00f3rica. Un paseo por la historia","item":"https:\/\/mont-roig.cat\/es\/ayuntamiento\/areas\/cultura\/ruta-historica\/"},{"@type":"ListItem","position":6,"name":"Torre\u00f3n de Miami Platja"}]},{"@type":"WebSite","@id":"https:\/\/mont-roig.cat\/es\/#website","url":"https:\/\/mont-roig.cat\/es\/","name":"Ajuntament de Mont-roig del Camp","description":"Tota la informaci\u00f3 sobre la instituci\u00f3, els seus \u00f2rgans de govern, actualitat, serveis i molt m\u00e9s.","potentialAction":[{"@type":"SearchAction","target":{"@type":"EntryPoint","urlTemplate":"https:\/\/mont-roig.cat\/es\/?s={search_term_string}"},"query-input":{"@type":"PropertyValueSpecification","valueRequired":true,"valueName":"search_term_string"}}],"inLanguage":"es"}]}},"_links":{"self":[{"href":"https:\/\/mont-roig.cat\/es\/wp-json\/wp\/v2\/pages\/57999","targetHints":{"allow":["GET"]}}],"collection":[{"href":"https:\/\/mont-roig.cat\/es\/wp-json\/wp\/v2\/pages"}],"about":[{"href":"https:\/\/mont-roig.cat\/es\/wp-json\/wp\/v2\/types\/page"}],"author":[{"embeddable":true,"href":"https:\/\/mont-roig.cat\/es\/wp-json\/wp\/v2\/users\/4"}],"replies":[{"embeddable":true,"href":"https:\/\/mont-roig.cat\/es\/wp-json\/wp\/v2\/comments?post=57999"}],"version-history":[{"count":3,"href":"https:\/\/mont-roig.cat\/es\/wp-json\/wp\/v2\/pages\/57999\/revisions"}],"predecessor-version":[{"id":58096,"href":"https:\/\/mont-roig.cat\/es\/wp-json\/wp\/v2\/pages\/57999\/revisions\/58096"}],"up":[{"embeddable":true,"href":"https:\/\/mont-roig.cat\/es\/wp-json\/wp\/v2\/pages\/58068"}],"wp:attachment":[{"href":"https:\/\/mont-roig.cat\/es\/wp-json\/wp\/v2\/media?parent=57999"}],"curies":[{"name":"wp","href":"https:\/\/api.w.org\/{rel}","templated":true}]}}