{"id":58030,"date":"2021-10-07T11:40:09","date_gmt":"2021-10-07T09:40:09","guid":{"rendered":"https:\/\/mont-roig.cat\/?page_id=58030"},"modified":"2021-10-07T12:28:01","modified_gmt":"2021-10-07T10:28:01","slug":"primeros-edificios","status":"publish","type":"page","link":"https:\/\/mont-roig.cat\/es\/ayuntamiento\/areas\/cultura\/ruta-historica\/primeros-edificios\/","title":{"rendered":"Primeros edificios de Miami Platja"},"content":{"rendered":"<div class=\"wpb-content-wrapper\">[vc_row][vc_column][vc_single_image image=&#8221;57930&#8243; img_size=&#8221;full&#8221; alignment=&#8221;center&#8221;][vc_single_image image=&#8221;58031&#8243; img_size=&#8221;full&#8221; alignment=&#8221;center&#8221; label=&#8221;&#8221;][\/vc_column][\/vc_row][vc_row][vc_column width=&#8221;1\/2&#8243;][vc_column_text]<strong>14. PRIMERS EDIFICIS DE MIAMI PLATJA<\/strong><\/p>\n<p><em>Fotografia cedida per N\u00faria Esquius S\u00e1nchez (Fons familiar de Marcel\u00b7l\u00ed Esquius Garc\u00eda).<\/em><\/p>\n<p>La imatge va ser feta el 1956. L\u2019embri\u00f3 de Miami Platja va ser l\u2019actual zona que ocupa la pla\u00e7a Tarragona. A costat i costat de la carretera Nacional 340 (actual avinguda Barcelona) s\u2019hi van construir els primers edificis. A la dreta hi podem observar l\u2019Hotel Miami i a l\u2019esquerra l\u2019oficina d\u2019informaci\u00f3 i venda de parcel\u00b7les on s\u2019atenia aquelles persones que volien adquirir una finca.[\/vc_column_text][\/vc_column][vc_column width=&#8221;1\/2&#8243;][vc_column_text]<strong>14. PRIMEROS EDIFICIOS DE MIAMI PLATJA<\/strong><\/p>\n<p><em>Fotograf\u00eda cedida por N\u00faria Esquius S\u00e1nchez (Fondo familiar de Marcel\u00b7l\u00ed Esquius Garc\u00eda).<\/em><\/p>\n<p>La imagen fue hecha en 1956. El embri\u00f3n de Miami Playa fue la actual zona que ocupa la plaza Tarragona. A lado y lado de la carretera Nacional 340 (actual avenida Barcelona) se construyeron los primeros edificios. A la derecha podemos observar el Hotel Miami y a la izquierda la oficina de informaci\u00f3n y venta de parcelas donde se atend\u00eda aquellas personas que quer\u00edan adquirir una finca.[\/vc_column_text][\/vc_column][\/vc_row][vc_row][vc_column]<div class=\"porto-block \">[vc_row][vc_column width=\"4\/12\"]<div class=\"aio-icon-component    style_1\"><div id=\"Info-box-wrap-9099\" class=\"aio-icon-box default-icon\" style=\"\"  ><div class=\"aio-icon-description ult-responsive\"  data-ultimate-target='#Info-box-wrap-9099 .aio-icon-description'  data-responsive-json-new='{\"font-size\":\"\",\"line-height\":\"\"}'  style=\"\"><img loading=\"lazy\" decoding=\"async\" class=\"aligncenter wp-image-57886 size-medium\" src=\"https:\/\/mont-roig.cat\/wp-content\/uploads\/fes-rh-500x396.png\" alt=\"\" width=\"500\" height=\"396\" srcset=\"https:\/\/mont-roig.cat\/wp-content\/uploads\/fes-rh-500x396.png 500w, https:\/\/mont-roig.cat\/wp-content\/uploads\/fes-rh-1024x811.png 1024w, https:\/\/mont-roig.cat\/wp-content\/uploads\/fes-rh-768x608.png 768w, https:\/\/mont-roig.cat\/wp-content\/uploads\/fes-rh.png 1289w\" sizes=\"auto, (max-width: 500px) 100vw, 500px\" \/><\/div> <!-- description --><\/div> <!-- aio-icon-box --><\/div> <!-- aio-icon-component -->[\/vc_column][vc_column width=\"4\/12\"][vc_single_image image=\"57910\" img_size=\"full\" onclick=\"link_image\" label=\"\"][\/vc_column][vc_column width=\"4\/12\"][vc_single_image image=\"57908\" img_size=\"full\" onclick=\"link_image\" label=\"\"][\/vc_column][\/vc_row]<\/div>[\/vc_column][\/vc_row]\n<\/div>","protected":false},"excerpt":{"rendered":"<p>[vc_row][vc_column][vc_single_image image=&#8221;57930&#8243; img_size=&#8221;full&#8221; alignment=&#8221;center&#8221;][vc_single_image image=&#8221;58031&#8243; img_size=&#8221;full&#8221; alignment=&#8221;center&#8221; label=&#8221;&#8221;][\/vc_column][\/vc_row][vc_row][vc_column width=&#8221;1\/2&#8243;][vc_column_text]14. PRIMERS EDIFICIS DE MIAMI PLATJA Fotografia cedida per N\u00faria Esquius S\u00e1nchez (Fons familiar de Marcel\u00b7l\u00ed Esquius Garc\u00eda). La imatge va ser feta el 1956. L\u2019embri\u00f3 de Miami Platja va ser l\u2019actual zona que ocupa la pla\u00e7a Tarragona. A costat i costat de la carretera Nacional 340 [&hellip;]<\/p>\n","protected":false},"author":4,"featured_media":0,"parent":58068,"menu_order":14,"comment_status":"closed","ping_status":"closed","template":"","meta":{"inline_featured_image":false,"_monsterinsights_skip_tracking":false,"_monsterinsights_sitenote_active":false,"_monsterinsights_sitenote_note":"","_monsterinsights_sitenote_category":0,"footnotes":""},"class_list":["post-58030","page","type-page","status-publish","hentry"],"yoast_head":"<!-- This site is optimized with the Yoast SEO plugin v27.4 - https:\/\/yoast.com\/product\/yoast-seo-wordpress\/ -->\n<title>Primeros edificios de Miami Platja - Ajuntament de Mont-roig del Camp<\/title>\n<meta name=\"robots\" content=\"index, follow, max-snippet:-1, max-image-preview:large, max-video-preview:-1\" \/>\n<link rel=\"canonical\" href=\"https:\/\/mont-roig.cat\/es\/ayuntamiento\/areas\/cultura\/ruta-historica\/primeros-edificios\/\" \/>\n<meta property=\"og:locale\" content=\"es_ES\" \/>\n<meta property=\"og:type\" content=\"article\" \/>\n<meta property=\"og:title\" content=\"Primeros edificios de Miami Platja - Ajuntament de Mont-roig del Camp\" \/>\n<meta property=\"og:description\" content=\"[vc_row][vc_column][vc_single_image image=&#8221;57930&#8243; img_size=&#8221;full&#8221; alignment=&#8221;center&#8221;][vc_single_image image=&#8221;58031&#8243; img_size=&#8221;full&#8221; alignment=&#8221;center&#8221; label=&#8221;&#8221;][\/vc_column][\/vc_row][vc_row][vc_column width=&#8221;1\/2&#8243;][vc_column_text]14. PRIMERS EDIFICIS DE MIAMI PLATJA Fotografia cedida per N\u00faria Esquius S\u00e1nchez (Fons familiar de Marcel\u00b7l\u00ed Esquius Garc\u00eda). La imatge va ser feta el 1956. L\u2019embri\u00f3 de Miami Platja va ser l\u2019actual zona que ocupa la pla\u00e7a Tarragona. A costat i costat de la carretera Nacional 340 [&hellip;]\" \/>\n<meta property=\"og:url\" content=\"https:\/\/mont-roig.cat\/es\/ayuntamiento\/areas\/cultura\/ruta-historica\/primeros-edificios\/\" \/>\n<meta property=\"og:site_name\" content=\"Ajuntament de Mont-roig del Camp\" \/>\n<meta property=\"article:modified_time\" content=\"2021-10-07T10:28:01+00:00\" \/>\n<meta property=\"og:image\" content=\"https:\/\/mont-roig.cat\/wp-content\/uploads\/aj-mont-roig-2.jpg\" \/>\n\t<meta property=\"og:image:width\" content=\"1200\" \/>\n\t<meta property=\"og:image:height\" content=\"600\" \/>\n\t<meta property=\"og:image:type\" content=\"image\/jpeg\" \/>\n<meta name=\"twitter:card\" content=\"summary_large_image\" \/>\n<meta name=\"twitter:label1\" content=\"Tiempo de lectura\" \/>\n\t<meta name=\"twitter:data1\" content=\"1 minuto\" \/>\n<script type=\"application\/ld+json\" class=\"yoast-schema-graph\">{\"@context\":\"https:\\\/\\\/schema.org\",\"@graph\":[{\"@type\":\"WebPage\",\"@id\":\"https:\\\/\\\/mont-roig.cat\\\/es\\\/ayuntamiento\\\/areas\\\/cultura\\\/ruta-historica\\\/primeros-edificios\\\/\",\"url\":\"https:\\\/\\\/mont-roig.cat\\\/es\\\/ayuntamiento\\\/areas\\\/cultura\\\/ruta-historica\\\/primeros-edificios\\\/\",\"name\":\"Primeros edificios de Miami Platja - Ajuntament de Mont-roig del Camp\",\"isPartOf\":{\"@id\":\"https:\\\/\\\/mont-roig.cat\\\/es\\\/#website\"},\"datePublished\":\"2021-10-07T09:40:09+00:00\",\"dateModified\":\"2021-10-07T10:28:01+00:00\",\"breadcrumb\":{\"@id\":\"https:\\\/\\\/mont-roig.cat\\\/es\\\/ayuntamiento\\\/areas\\\/cultura\\\/ruta-historica\\\/primeros-edificios\\\/#breadcrumb\"},\"inLanguage\":\"es\",\"potentialAction\":[{\"@type\":\"ReadAction\",\"target\":[\"https:\\\/\\\/mont-roig.cat\\\/es\\\/ayuntamiento\\\/areas\\\/cultura\\\/ruta-historica\\\/primeros-edificios\\\/\"]}]},{\"@type\":\"BreadcrumbList\",\"@id\":\"https:\\\/\\\/mont-roig.cat\\\/es\\\/ayuntamiento\\\/areas\\\/cultura\\\/ruta-historica\\\/primeros-edificios\\\/#breadcrumb\",\"itemListElement\":[{\"@type\":\"ListItem\",\"position\":1,\"name\":\"Inici\",\"item\":\"https:\\\/\\\/mont-roig.cat\\\/es\\\/pagina-de-inicio\\\/\"},{\"@type\":\"ListItem\",\"position\":2,\"name\":\"Ayuntamiento\",\"item\":\"https:\\\/\\\/mont-roig.cat\\\/es\\\/ayuntamiento\\\/\"},{\"@type\":\"ListItem\",\"position\":3,\"name\":\"\u00c1reas\",\"item\":\"https:\\\/\\\/mont-roig.cat\\\/es\\\/ayuntamiento\\\/areas\\\/\"},{\"@type\":\"ListItem\",\"position\":4,\"name\":\"Cultura\",\"item\":\"https:\\\/\\\/mont-roig.cat\\\/es\\\/ayuntamiento\\\/areas\\\/cultura\\\/\"},{\"@type\":\"ListItem\",\"position\":5,\"name\":\"Ruta hist\u00f3rica. Un paseo por la historia\",\"item\":\"https:\\\/\\\/mont-roig.cat\\\/es\\\/ayuntamiento\\\/areas\\\/cultura\\\/ruta-historica\\\/\"},{\"@type\":\"ListItem\",\"position\":6,\"name\":\"Primeros edificios de Miami Platja\"}]},{\"@type\":\"WebSite\",\"@id\":\"https:\\\/\\\/mont-roig.cat\\\/es\\\/#website\",\"url\":\"https:\\\/\\\/mont-roig.cat\\\/es\\\/\",\"name\":\"Ajuntament de Mont-roig del Camp\",\"description\":\"Tota la informaci\u00f3 sobre la instituci\u00f3, els seus \u00f2rgans de govern, actualitat, serveis i molt m\u00e9s.\",\"potentialAction\":[{\"@type\":\"SearchAction\",\"target\":{\"@type\":\"EntryPoint\",\"urlTemplate\":\"https:\\\/\\\/mont-roig.cat\\\/es\\\/?s={search_term_string}\"},\"query-input\":{\"@type\":\"PropertyValueSpecification\",\"valueRequired\":true,\"valueName\":\"search_term_string\"}}],\"inLanguage\":\"es\"}]}<\/script>\n<!-- \/ Yoast SEO plugin. -->","yoast_head_json":{"title":"Primeros edificios de Miami Platja - Ajuntament de Mont-roig del Camp","robots":{"index":"index","follow":"follow","max-snippet":"max-snippet:-1","max-image-preview":"max-image-preview:large","max-video-preview":"max-video-preview:-1"},"canonical":"https:\/\/mont-roig.cat\/es\/ayuntamiento\/areas\/cultura\/ruta-historica\/primeros-edificios\/","og_locale":"es_ES","og_type":"article","og_title":"Primeros edificios de Miami Platja - Ajuntament de Mont-roig del Camp","og_description":"[vc_row][vc_column][vc_single_image image=&#8221;57930&#8243; img_size=&#8221;full&#8221; alignment=&#8221;center&#8221;][vc_single_image image=&#8221;58031&#8243; img_size=&#8221;full&#8221; alignment=&#8221;center&#8221; label=&#8221;&#8221;][\/vc_column][\/vc_row][vc_row][vc_column width=&#8221;1\/2&#8243;][vc_column_text]14. PRIMERS EDIFICIS DE MIAMI PLATJA Fotografia cedida per N\u00faria Esquius S\u00e1nchez (Fons familiar de Marcel\u00b7l\u00ed Esquius Garc\u00eda). La imatge va ser feta el 1956. L\u2019embri\u00f3 de Miami Platja va ser l\u2019actual zona que ocupa la pla\u00e7a Tarragona. A costat i costat de la carretera Nacional 340 [&hellip;]","og_url":"https:\/\/mont-roig.cat\/es\/ayuntamiento\/areas\/cultura\/ruta-historica\/primeros-edificios\/","og_site_name":"Ajuntament de Mont-roig del Camp","article_modified_time":"2021-10-07T10:28:01+00:00","og_image":[{"width":1200,"height":600,"url":"https:\/\/mont-roig.cat\/wp-content\/uploads\/aj-mont-roig-2.jpg","type":"image\/jpeg"}],"twitter_card":"summary_large_image","twitter_misc":{"Tiempo de lectura":"1 minuto"},"schema":{"@context":"https:\/\/schema.org","@graph":[{"@type":"WebPage","@id":"https:\/\/mont-roig.cat\/es\/ayuntamiento\/areas\/cultura\/ruta-historica\/primeros-edificios\/","url":"https:\/\/mont-roig.cat\/es\/ayuntamiento\/areas\/cultura\/ruta-historica\/primeros-edificios\/","name":"Primeros edificios de Miami Platja - Ajuntament de Mont-roig del Camp","isPartOf":{"@id":"https:\/\/mont-roig.cat\/es\/#website"},"datePublished":"2021-10-07T09:40:09+00:00","dateModified":"2021-10-07T10:28:01+00:00","breadcrumb":{"@id":"https:\/\/mont-roig.cat\/es\/ayuntamiento\/areas\/cultura\/ruta-historica\/primeros-edificios\/#breadcrumb"},"inLanguage":"es","potentialAction":[{"@type":"ReadAction","target":["https:\/\/mont-roig.cat\/es\/ayuntamiento\/areas\/cultura\/ruta-historica\/primeros-edificios\/"]}]},{"@type":"BreadcrumbList","@id":"https:\/\/mont-roig.cat\/es\/ayuntamiento\/areas\/cultura\/ruta-historica\/primeros-edificios\/#breadcrumb","itemListElement":[{"@type":"ListItem","position":1,"name":"Inici","item":"https:\/\/mont-roig.cat\/es\/pagina-de-inicio\/"},{"@type":"ListItem","position":2,"name":"Ayuntamiento","item":"https:\/\/mont-roig.cat\/es\/ayuntamiento\/"},{"@type":"ListItem","position":3,"name":"\u00c1reas","item":"https:\/\/mont-roig.cat\/es\/ayuntamiento\/areas\/"},{"@type":"ListItem","position":4,"name":"Cultura","item":"https:\/\/mont-roig.cat\/es\/ayuntamiento\/areas\/cultura\/"},{"@type":"ListItem","position":5,"name":"Ruta hist\u00f3rica. Un paseo por la historia","item":"https:\/\/mont-roig.cat\/es\/ayuntamiento\/areas\/cultura\/ruta-historica\/"},{"@type":"ListItem","position":6,"name":"Primeros edificios de Miami Platja"}]},{"@type":"WebSite","@id":"https:\/\/mont-roig.cat\/es\/#website","url":"https:\/\/mont-roig.cat\/es\/","name":"Ajuntament de Mont-roig del Camp","description":"Tota la informaci\u00f3 sobre la instituci\u00f3, els seus \u00f2rgans de govern, actualitat, serveis i molt m\u00e9s.","potentialAction":[{"@type":"SearchAction","target":{"@type":"EntryPoint","urlTemplate":"https:\/\/mont-roig.cat\/es\/?s={search_term_string}"},"query-input":{"@type":"PropertyValueSpecification","valueRequired":true,"valueName":"search_term_string"}}],"inLanguage":"es"}]}},"_links":{"self":[{"href":"https:\/\/mont-roig.cat\/es\/wp-json\/wp\/v2\/pages\/58030","targetHints":{"allow":["GET"]}}],"collection":[{"href":"https:\/\/mont-roig.cat\/es\/wp-json\/wp\/v2\/pages"}],"about":[{"href":"https:\/\/mont-roig.cat\/es\/wp-json\/wp\/v2\/types\/page"}],"author":[{"embeddable":true,"href":"https:\/\/mont-roig.cat\/es\/wp-json\/wp\/v2\/users\/4"}],"replies":[{"embeddable":true,"href":"https:\/\/mont-roig.cat\/es\/wp-json\/wp\/v2\/comments?post=58030"}],"version-history":[{"count":3,"href":"https:\/\/mont-roig.cat\/es\/wp-json\/wp\/v2\/pages\/58030\/revisions"}],"predecessor-version":[{"id":58103,"href":"https:\/\/mont-roig.cat\/es\/wp-json\/wp\/v2\/pages\/58030\/revisions\/58103"}],"up":[{"embeddable":true,"href":"https:\/\/mont-roig.cat\/es\/wp-json\/wp\/v2\/pages\/58068"}],"wp:attachment":[{"href":"https:\/\/mont-roig.cat\/es\/wp-json\/wp\/v2\/media?parent=58030"}],"curies":[{"name":"wp","href":"https:\/\/api.w.org\/{rel}","templated":true}]}}