{"id":68855,"date":"2023-02-27T15:11:01","date_gmt":"2023-02-27T14:11:01","guid":{"rendered":"https:\/\/mont-roig.cat\/?page_id=68855"},"modified":"2026-03-04T16:56:34","modified_gmt":"2026-03-04T15:56:34","slug":"dona-nom","status":"publish","type":"page","link":"https:\/\/mont-roig.cat\/es\/govern-obert\/participacion-ciudadana\/procesos-participativos\/dona-nom\/","title":{"rendered":"Dona nom"},"content":{"rendered":"<div class=\"wpb-content-wrapper\">[vc_row][vc_column][vc_column_text css=&#8221;&#8221;]El <a href=\"https:\/\/mont-roig.cat\/wp-content\/uploads\/Dona-Nom.jpg\"><img loading=\"lazy\" decoding=\"async\" class=\"wp-image-68865 alignright\" src=\"https:\/\/mont-roig.cat\/wp-content\/uploads\/Dona-Nom-500x262.jpg\" alt=\"\" width=\"349\" height=\"183\" srcset=\"https:\/\/mont-roig.cat\/wp-content\/uploads\/Dona-Nom-500x262.jpg 500w, https:\/\/mont-roig.cat\/wp-content\/uploads\/Dona-Nom-1024x536.jpg 1024w, https:\/\/mont-roig.cat\/wp-content\/uploads\/Dona-Nom-768x402.jpg 768w, https:\/\/mont-roig.cat\/wp-content\/uploads\/Dona-Nom.jpg 1200w\" sizes=\"auto, (max-width: 349px) 100vw, 349px\" \/><\/a>Ayuntamiento ha puesto en marcha el <strong>Dona Nom<\/strong>, un proceso participativo para feminizar el nomencl\u00e1tor municipal. La finalidad de la campa\u00f1a es reivindicar y visibilizar la memoria de las mujeres del municipio, del entorno m\u00e1s cercano y del resto del mundo incrementando la presencia femenina en las calles del municipio. Tambi\u00e9n se pretende sobre todo que el 50% de la poblaci\u00f3n se sienta identificada, reconocida y con referentes. Con este proceso participativo, adem\u00e1s, el Ayuntamiento hace una nueva apuesta por la transparencia, participaci\u00f3n y colaboraci\u00f3n entre el consistorio y la ciudadan\u00eda.<\/p>\n<p>El proceso cuenta con 4 fases, dos de las cuales se abren a la participaci\u00f3n ciudadana en esta apuesta por la codecisi\u00f3n. En total se cambiar\u00e1 el nombre de 10 calles de forma progresiva en los pr\u00f3ximos 5 a\u00f1os.<\/p>\n<p>M\u00e1s informaci\u00f3n:<\/p>\n<ul>\n<li><a href=\"https:\/\/mont-roig.cat\/actualitat\/noticies\/aquest-diumenge-sinauguren-els-nous-carrers-resultants-del-proces-participatiu-dona-nom\/\" target=\"_blank\" rel=\"noopener\" data-wpel-link=\"internal\">Este domingo se inauguran las nuevas calles resultantes del proceso participativo &#8216;Dona nom&#8217;<\/a><\/li>\n<li><a href=\"https:\/\/mont-roig.cat\/acte\/inauguracio-carrers-proces-dona-nom\/\" target=\"_blank\" rel=\"noopener\" data-wpel-link=\"internal\">Inauguraci\u00f3n calles proceso \u2018Dona nom\u2019<\/a><\/li>\n<li><a href=\"https:\/\/mont-roig.cat\/actualitat\/noticies\/el-plenari-aprova-el-canvi-de-nom-del-nomenclator-municipal-que-va-sorgir-del-proces-participatiu-dona-nom\/\" target=\"_blank\" rel=\"noopener\" data-wpel-link=\"internal\">El plenario aprueba el cambio de nombre del nomencl\u00e1tor municipal que surgi\u00f3 del proceso participativo Dona Nom<\/a><\/li>\n<li><a href=\"https:\/\/mont-roig.cat\/actualitat\/noticies\/el-proces-participatiu-dona-nom-per-feminitzar-el-nomenclator-municipal-inclos-al-banc-de-bones-practiques\/\" target=\"_blank\" rel=\"noopener\" data-wpel-link=\"internal\">El proceso participativo Dona Nom para feminizar al nomencl\u00e1tor municipal, incluido en el Banco de Buenas Pr\u00e1cticas<\/a><\/li>\n<li><a href=\"https:\/\/mont-roig.cat\/actualitat\/noticies\/el-proces-participatiu-de-la-campanya-dona-nom-ja-ha-escollit-les-10-dones-els-noms-de-les-quals-safegiran-als-carrers-del-municipi\/\" target=\"_blank\" rel=\"noopener\" data-wpel-link=\"internal\">El proceso participativo de la campa\u00f1a Dona Nom ya ha escogido a las 10 mujeres, cuyos nombres se a\u00f1adir\u00e1n a las calles del municipio<\/a><\/li>\n<li><a href=\"https:\/\/mont-roig.cat\/wp-content\/uploads\/COMISSIO-DE-SEGUIMENT-informe-resultats-votacio.pdf\" target=\"_blank\" rel=\"noopener\">Resultados votaci\u00f3n<\/a><\/li>\n<li><a href=\"https:\/\/mont-roig.cat\/wp-content\/uploads\/Comissio-de-Seguiment-Dona-nom_Propostes-No-Validades.pdf\" target=\"_blank\" rel=\"noopener\" data-wpel-link=\"internal\">Propuestas no validadas por la Comisi\u00f3n de Seguimiento proceso participativo Dona Nom<\/a><\/li>\n<li><a href=\"https:\/\/mont-roig.cat\/wp-content\/uploads\/DONES-VALIDADES-DEFINITIU.pdf\" target=\"_blank\" rel=\"noopener\">Propuestas validadas por la Comisi\u00f3n de Seguimiento proceso participativo Dona Nom<\/a><\/li>\n<li><a href=\"https:\/\/mont-roig.cat\/es\/actualitat\/noticies\/mas-de-200-propuestas-de-nombres-de-mujer-recibidas-en-la-primera-parte-del-proceso-participativo-dona-no\/\" target=\"_blank\" rel=\"noopener\" data-wpel-link=\"internal\">M\u00e1s de 200 propuestas de nombres de mujer recibidas en la primera parte del proceso participativo<\/a><\/li>\n<li><a href=\"https:\/\/mont-roig.cat\/es\/actualitat\/noticies\/el-ayuntamiento-de-mont-roig-del-camp-impulsa-la-campana-donanom-un-proceso-participativo-para-feminizar-el-nomenclator-municipal\/\" target=\"_blank\" rel=\"noopener\" data-wpel-link=\"internal\">El Ayuntamiento de Mont-roig del Camp impulsa la campa\u00f1a #DonaNom, un proceso participativo para feminizar el nomencl\u00e1tor municipal<\/a><\/li>\n<\/ul>\n[\/vc_column_text][\/vc_column][\/vc_row]\n<\/div>","protected":false},"excerpt":{"rendered":"<p>[vc_row][vc_column][vc_column_text css=&#8221;&#8221;]El Ayuntamiento ha puesto en marcha el Dona Nom, un proceso participativo para feminizar el nomencl\u00e1tor municipal. La finalidad de la campa\u00f1a es reivindicar y visibilizar la memoria de las mujeres del municipio, del entorno m\u00e1s cercano y del resto del mundo incrementando la presencia femenina en las calles del municipio. Tambi\u00e9n se pretende [&hellip;]<\/p>\n","protected":false},"author":13,"featured_media":0,"parent":68844,"menu_order":0,"comment_status":"closed","ping_status":"closed","template":"","meta":{"inline_featured_image":false,"_monsterinsights_skip_tracking":false,"_monsterinsights_sitenote_active":false,"_monsterinsights_sitenote_note":"","_monsterinsights_sitenote_category":0,"footnotes":""},"class_list":["post-68855","page","type-page","status-publish","hentry"],"yoast_head":"<!-- This site is optimized with the Yoast SEO plugin v27.4 - https:\/\/yoast.com\/product\/yoast-seo-wordpress\/ -->\n<title>Dona nom - Ajuntament de Mont-roig del Camp<\/title>\n<meta name=\"robots\" content=\"index, follow, max-snippet:-1, max-image-preview:large, max-video-preview:-1\" \/>\n<link rel=\"canonical\" href=\"https:\/\/mont-roig.cat\/es\/govern-obert\/participacion-ciudadana\/procesos-participativos\/dona-nom\/\" \/>\n<meta property=\"og:locale\" content=\"es_ES\" \/>\n<meta property=\"og:type\" content=\"article\" \/>\n<meta property=\"og:title\" content=\"Dona nom - Ajuntament de Mont-roig del Camp\" \/>\n<meta property=\"og:description\" content=\"[vc_row][vc_column][vc_column_text css=&#8221;&#8221;]El Ayuntamiento ha puesto en marcha el Dona Nom, un proceso participativo para feminizar el nomencl\u00e1tor municipal. La finalidad de la campa\u00f1a es reivindicar y visibilizar la memoria de las mujeres del municipio, del entorno m\u00e1s cercano y del resto del mundo incrementando la presencia femenina en las calles del municipio. Tambi\u00e9n se pretende [&hellip;]\" \/>\n<meta property=\"og:url\" content=\"https:\/\/mont-roig.cat\/es\/govern-obert\/participacion-ciudadana\/procesos-participativos\/dona-nom\/\" \/>\n<meta property=\"og:site_name\" content=\"Ajuntament de Mont-roig del Camp\" \/>\n<meta property=\"article:modified_time\" content=\"2026-03-04T15:56:34+00:00\" \/>\n<meta property=\"og:image\" content=\"https:\/\/mont-roig.cat\/wp-content\/uploads\/Dona-Nom.jpg\" \/>\n\t<meta property=\"og:image:width\" content=\"1200\" \/>\n\t<meta property=\"og:image:height\" content=\"628\" \/>\n\t<meta property=\"og:image:type\" content=\"image\/jpeg\" \/>\n<meta name=\"twitter:card\" content=\"summary_large_image\" \/>\n<meta name=\"twitter:label1\" content=\"Tiempo de lectura\" \/>\n\t<meta name=\"twitter:data1\" content=\"2 minutos\" \/>\n<script type=\"application\/ld+json\" class=\"yoast-schema-graph\">{\"@context\":\"https:\\\/\\\/schema.org\",\"@graph\":[{\"@type\":\"WebPage\",\"@id\":\"https:\\\/\\\/mont-roig.cat\\\/es\\\/govern-obert\\\/participacion-ciudadana\\\/procesos-participativos\\\/dona-nom\\\/\",\"url\":\"https:\\\/\\\/mont-roig.cat\\\/es\\\/govern-obert\\\/participacion-ciudadana\\\/procesos-participativos\\\/dona-nom\\\/\",\"name\":\"Dona nom - Ajuntament de Mont-roig del Camp\",\"isPartOf\":{\"@id\":\"https:\\\/\\\/mont-roig.cat\\\/es\\\/#website\"},\"primaryImageOfPage\":{\"@id\":\"https:\\\/\\\/mont-roig.cat\\\/es\\\/govern-obert\\\/participacion-ciudadana\\\/procesos-participativos\\\/dona-nom\\\/#primaryimage\"},\"image\":{\"@id\":\"https:\\\/\\\/mont-roig.cat\\\/es\\\/govern-obert\\\/participacion-ciudadana\\\/procesos-participativos\\\/dona-nom\\\/#primaryimage\"},\"thumbnailUrl\":\"https:\\\/\\\/mont-roig.cat\\\/wp-content\\\/uploads\\\/Dona-Nom-500x262.jpg\",\"datePublished\":\"2023-02-27T14:11:01+00:00\",\"dateModified\":\"2026-03-04T15:56:34+00:00\",\"breadcrumb\":{\"@id\":\"https:\\\/\\\/mont-roig.cat\\\/es\\\/govern-obert\\\/participacion-ciudadana\\\/procesos-participativos\\\/dona-nom\\\/#breadcrumb\"},\"inLanguage\":\"es\",\"potentialAction\":[{\"@type\":\"ReadAction\",\"target\":[\"https:\\\/\\\/mont-roig.cat\\\/es\\\/govern-obert\\\/participacion-ciudadana\\\/procesos-participativos\\\/dona-nom\\\/\"]}]},{\"@type\":\"ImageObject\",\"inLanguage\":\"es\",\"@id\":\"https:\\\/\\\/mont-roig.cat\\\/es\\\/govern-obert\\\/participacion-ciudadana\\\/procesos-participativos\\\/dona-nom\\\/#primaryimage\",\"url\":\"https:\\\/\\\/mont-roig.cat\\\/wp-content\\\/uploads\\\/Dona-Nom-500x262.jpg\",\"contentUrl\":\"https:\\\/\\\/mont-roig.cat\\\/wp-content\\\/uploads\\\/Dona-Nom-500x262.jpg\"},{\"@type\":\"BreadcrumbList\",\"@id\":\"https:\\\/\\\/mont-roig.cat\\\/es\\\/govern-obert\\\/participacion-ciudadana\\\/procesos-participativos\\\/dona-nom\\\/#breadcrumb\",\"itemListElement\":[{\"@type\":\"ListItem\",\"position\":1,\"name\":\"Inici\",\"item\":\"https:\\\/\\\/mont-roig.cat\\\/es\\\/pagina-de-inicio\\\/\"},{\"@type\":\"ListItem\",\"position\":2,\"name\":\"Gobierno abierto\",\"item\":\"https:\\\/\\\/mont-roig.cat\\\/es\\\/govern-obert\\\/\"},{\"@type\":\"ListItem\",\"position\":3,\"name\":\"Participaci\u00f3n ciudadana\",\"item\":\"https:\\\/\\\/mont-roig.cat\\\/es\\\/govern-obert\\\/participacion-ciudadana\\\/\"},{\"@type\":\"ListItem\",\"position\":4,\"name\":\"Procesos participativos\",\"item\":\"https:\\\/\\\/mont-roig.cat\\\/es\\\/govern-obert\\\/participacion-ciudadana\\\/procesos-participativos\\\/\"},{\"@type\":\"ListItem\",\"position\":5,\"name\":\"Dona nom\"}]},{\"@type\":\"WebSite\",\"@id\":\"https:\\\/\\\/mont-roig.cat\\\/es\\\/#website\",\"url\":\"https:\\\/\\\/mont-roig.cat\\\/es\\\/\",\"name\":\"Ajuntament de Mont-roig del Camp\",\"description\":\"Tota la informaci\u00f3 sobre la instituci\u00f3, els seus \u00f2rgans de govern, actualitat, serveis i molt m\u00e9s.\",\"potentialAction\":[{\"@type\":\"SearchAction\",\"target\":{\"@type\":\"EntryPoint\",\"urlTemplate\":\"https:\\\/\\\/mont-roig.cat\\\/es\\\/?s={search_term_string}\"},\"query-input\":{\"@type\":\"PropertyValueSpecification\",\"valueRequired\":true,\"valueName\":\"search_term_string\"}}],\"inLanguage\":\"es\"}]}<\/script>\n<!-- \/ Yoast SEO plugin. -->","yoast_head_json":{"title":"Dona nom - Ajuntament de Mont-roig del Camp","robots":{"index":"index","follow":"follow","max-snippet":"max-snippet:-1","max-image-preview":"max-image-preview:large","max-video-preview":"max-video-preview:-1"},"canonical":"https:\/\/mont-roig.cat\/es\/govern-obert\/participacion-ciudadana\/procesos-participativos\/dona-nom\/","og_locale":"es_ES","og_type":"article","og_title":"Dona nom - Ajuntament de Mont-roig del Camp","og_description":"[vc_row][vc_column][vc_column_text css=&#8221;&#8221;]El Ayuntamiento ha puesto en marcha el Dona Nom, un proceso participativo para feminizar el nomencl\u00e1tor municipal. La finalidad de la campa\u00f1a es reivindicar y visibilizar la memoria de las mujeres del municipio, del entorno m\u00e1s cercano y del resto del mundo incrementando la presencia femenina en las calles del municipio. Tambi\u00e9n se pretende [&hellip;]","og_url":"https:\/\/mont-roig.cat\/es\/govern-obert\/participacion-ciudadana\/procesos-participativos\/dona-nom\/","og_site_name":"Ajuntament de Mont-roig del Camp","article_modified_time":"2026-03-04T15:56:34+00:00","og_image":[{"width":1200,"height":628,"url":"https:\/\/mont-roig.cat\/wp-content\/uploads\/Dona-Nom.jpg","type":"image\/jpeg"}],"twitter_card":"summary_large_image","twitter_misc":{"Tiempo de lectura":"2 minutos"},"schema":{"@context":"https:\/\/schema.org","@graph":[{"@type":"WebPage","@id":"https:\/\/mont-roig.cat\/es\/govern-obert\/participacion-ciudadana\/procesos-participativos\/dona-nom\/","url":"https:\/\/mont-roig.cat\/es\/govern-obert\/participacion-ciudadana\/procesos-participativos\/dona-nom\/","name":"Dona nom - Ajuntament de Mont-roig del Camp","isPartOf":{"@id":"https:\/\/mont-roig.cat\/es\/#website"},"primaryImageOfPage":{"@id":"https:\/\/mont-roig.cat\/es\/govern-obert\/participacion-ciudadana\/procesos-participativos\/dona-nom\/#primaryimage"},"image":{"@id":"https:\/\/mont-roig.cat\/es\/govern-obert\/participacion-ciudadana\/procesos-participativos\/dona-nom\/#primaryimage"},"thumbnailUrl":"https:\/\/mont-roig.cat\/wp-content\/uploads\/Dona-Nom-500x262.jpg","datePublished":"2023-02-27T14:11:01+00:00","dateModified":"2026-03-04T15:56:34+00:00","breadcrumb":{"@id":"https:\/\/mont-roig.cat\/es\/govern-obert\/participacion-ciudadana\/procesos-participativos\/dona-nom\/#breadcrumb"},"inLanguage":"es","potentialAction":[{"@type":"ReadAction","target":["https:\/\/mont-roig.cat\/es\/govern-obert\/participacion-ciudadana\/procesos-participativos\/dona-nom\/"]}]},{"@type":"ImageObject","inLanguage":"es","@id":"https:\/\/mont-roig.cat\/es\/govern-obert\/participacion-ciudadana\/procesos-participativos\/dona-nom\/#primaryimage","url":"https:\/\/mont-roig.cat\/wp-content\/uploads\/Dona-Nom-500x262.jpg","contentUrl":"https:\/\/mont-roig.cat\/wp-content\/uploads\/Dona-Nom-500x262.jpg"},{"@type":"BreadcrumbList","@id":"https:\/\/mont-roig.cat\/es\/govern-obert\/participacion-ciudadana\/procesos-participativos\/dona-nom\/#breadcrumb","itemListElement":[{"@type":"ListItem","position":1,"name":"Inici","item":"https:\/\/mont-roig.cat\/es\/pagina-de-inicio\/"},{"@type":"ListItem","position":2,"name":"Gobierno abierto","item":"https:\/\/mont-roig.cat\/es\/govern-obert\/"},{"@type":"ListItem","position":3,"name":"Participaci\u00f3n ciudadana","item":"https:\/\/mont-roig.cat\/es\/govern-obert\/participacion-ciudadana\/"},{"@type":"ListItem","position":4,"name":"Procesos participativos","item":"https:\/\/mont-roig.cat\/es\/govern-obert\/participacion-ciudadana\/procesos-participativos\/"},{"@type":"ListItem","position":5,"name":"Dona nom"}]},{"@type":"WebSite","@id":"https:\/\/mont-roig.cat\/es\/#website","url":"https:\/\/mont-roig.cat\/es\/","name":"Ajuntament de Mont-roig del Camp","description":"Tota la informaci\u00f3 sobre la instituci\u00f3, els seus \u00f2rgans de govern, actualitat, serveis i molt m\u00e9s.","potentialAction":[{"@type":"SearchAction","target":{"@type":"EntryPoint","urlTemplate":"https:\/\/mont-roig.cat\/es\/?s={search_term_string}"},"query-input":{"@type":"PropertyValueSpecification","valueRequired":true,"valueName":"search_term_string"}}],"inLanguage":"es"}]}},"_links":{"self":[{"href":"https:\/\/mont-roig.cat\/es\/wp-json\/wp\/v2\/pages\/68855","targetHints":{"allow":["GET"]}}],"collection":[{"href":"https:\/\/mont-roig.cat\/es\/wp-json\/wp\/v2\/pages"}],"about":[{"href":"https:\/\/mont-roig.cat\/es\/wp-json\/wp\/v2\/types\/page"}],"author":[{"embeddable":true,"href":"https:\/\/mont-roig.cat\/es\/wp-json\/wp\/v2\/users\/13"}],"replies":[{"embeddable":true,"href":"https:\/\/mont-roig.cat\/es\/wp-json\/wp\/v2\/comments?post=68855"}],"version-history":[{"count":6,"href":"https:\/\/mont-roig.cat\/es\/wp-json\/wp\/v2\/pages\/68855\/revisions"}],"predecessor-version":[{"id":89869,"href":"https:\/\/mont-roig.cat\/es\/wp-json\/wp\/v2\/pages\/68855\/revisions\/89869"}],"up":[{"embeddable":true,"href":"https:\/\/mont-roig.cat\/es\/wp-json\/wp\/v2\/pages\/68844"}],"wp:attachment":[{"href":"https:\/\/mont-roig.cat\/es\/wp-json\/wp\/v2\/media?parent=68855"}],"curies":[{"name":"wp","href":"https:\/\/api.w.org\/{rel}","templated":true}]}}