{"id":69532,"date":"2023-03-24T12:42:11","date_gmt":"2023-03-24T11:42:11","guid":{"rendered":"https:\/\/mont-roig.cat\/?page_id=69532"},"modified":"2025-11-19T14:59:15","modified_gmt":"2025-11-19T13:59:15","slug":"proyectos-municipales","status":"publish","type":"page","link":"https:\/\/mont-roig.cat\/es\/ayuntamiento\/areas\/urbanismo-y-territorio\/ordenacion-urbanistica-del-municipio\/documentos-en-tramite\/informacion-publica\/proyectos-municipales\/","title":{"rendered":"Proyectos municipales"},"content":{"rendered":"<div class=\"wpb-content-wrapper\">[vc_row][vc_column][vc_column_text css=&#8221;&#8221;]<strong>Proyectos municipales en exposici\u00f3n p\u00fablica<\/strong><\/p>\n<p>En este apartado puede consultar los anuncios en plazo de exposici\u00f3n p\u00fablica para que se puedan formular las alegaciones que se tengan por convenientes.<\/p>\n<ul>\n<li><strong>Proyecto de urbanitzaci\u00f3n de la zona l\u00fadica-deportiva de Mont-roig del Camp.<\/strong><\/li>\n<\/ul>\n<p>Documentos:<\/p>\n<ul>\n<li><a href=\"https:\/\/mont-roig.cat\/wp-content\/uploads\/20251113_D1_Memoria_v2_sg.pdf\" target=\"_blank\" rel=\"noopener\" data-wpel-link=\"internal\">D1 Memoria<\/a><\/li>\n<li><span id=\"page6R_mcid3\" class=\"markedContent\"><span dir=\"ltr\" role=\"presentation\"><a href=\"https:\/\/mont-roig.cat\/wp-content\/uploads\/20251113_D2_Planols_v2_sg.pdf\" target=\"_blank\" rel=\"noopener\" data-wpel-link=\"internal\">D2 Planos<\/a><\/span><\/span><\/li>\n<li><a href=\"https:\/\/mont-roig.cat\/wp-content\/uploads\/20251113_D3_PPTP_v2_sg.pdf\" target=\"_blank\" rel=\"noopener\" data-wpel-link=\"internal\">D3 Pliego de Prescripciones T\u00e9cnicas Particulares<\/a><\/li>\n<li><a href=\"https:\/\/mont-roig.cat\/wp-content\/uploads\/20251113_D4_Pressupost_v2_sg.pdf\" target=\"_blank\" rel=\"noopener\" data-wpel-link=\"internal\">D4 Presupuesto<\/a><\/li>\n<li><a href=\"https:\/\/mont-roig.cat\/wp-content\/uploads\/20251113_D5_ESS_v2_sg.pdf\" target=\"_blank\" rel=\"noopener\" data-wpel-link=\"internal\">D5 Estudio de Seguridad y Salud<\/a><\/li>\n<\/ul>\n<p>&nbsp;<\/p>\n<hr \/>\n<ul>\n<li><strong><span id=\"page6R_mcid4\" class=\"markedContent\"><span dir=\"ltr\" role=\"presentation\">Proyecto ejecutivo por las obras de ren<\/span><\/span><\/strong><strong><span id=\"page6R_mcid4\" class=\"markedContent\"><span dir=\"ltr\" role=\"presentation\">ovaci\u00f3n de los pavimentos y servicios de la fase III (A y B) de la av. Barcelona.<\/span><\/span><\/strong><\/li>\n<\/ul>\n<p>Documentos:<\/p>\n<ul>\n<li><a href=\"https:\/\/mont-roig.cat\/wp-content\/urbanisme\/Projecte_AvBCN_III\/00_Index_general_sg.pdf\" target=\"_blank\" rel=\"noopener\">\u00cdndice<\/a><\/li>\n<li><a href=\"https:\/\/mont-roig.cat\/wp-content\/urbanisme\/Projecte_AvBCN_III\/D1_Memoria_i_annexos_sg.pdf\" target=\"_blank\" rel=\"noopener\">Memoria y anexos<\/a><\/li>\n<li><a href=\"https:\/\/mont-roig.cat\/wp-content\/urbanisme\/Projecte_AvBCN_III\/D2_Planols_part1_sg.pdf\" target=\"_blank\" rel=\"noopener\">Planos parte 1<\/a><\/li>\n<li><a href=\"https:\/\/mont-roig.cat\/wp-content\/urbanisme\/Projecte_AvBCN_III\/D2_Planols_part2_sg.pdf\" target=\"_blank\" rel=\"noopener\">Planos parte 2<\/a><\/li>\n<li><a href=\"https:\/\/mont-roig.cat\/wp-content\/urbanisme\/Projecte_AvBCN_III\/D2_Planols_part3_sg.pdf\" target=\"_blank\" rel=\"noopener\">Planos parte 3<\/a><\/li>\n<li><a href=\"https:\/\/mont-roig.cat\/wp-content\/urbanisme\/Projecte_AvBCN_III\/D2_Planols_part4_sg.pdf\" target=\"_blank\" rel=\"noopener\">Planos parte 4<\/a><\/li>\n<li><a href=\"https:\/\/mont-roig.cat\/wp-content\/urbanisme\/Projecte_AvBCN_III\/D2_Planols_part5_sg.pdf\" target=\"_blank\" rel=\"noopener\">Planos parte 5<\/a><\/li>\n<li><a href=\"https:\/\/mont-roig.cat\/wp-content\/urbanisme\/Projecte_AvBCN_III\/D3_PPTP_sg.pdf\" target=\"_blank\" rel=\"noopener\">Pliegos de prescripciones t\u00e9cnicas particulares<\/a><\/li>\n<li><a href=\"https:\/\/mont-roig.cat\/wp-content\/urbanisme\/Projecte_AvBCN_III\/D4_PressupostTR_r_sg.pdf\" target=\"_blank\" rel=\"noopener\">Presupuesto<\/a><\/li>\n<li><a href=\"https:\/\/mont-roig.cat\/wp-content\/urbanisme\/Projecte_AvBCN_III\/D5_EstudiSiS_TR_sg.pdf\" target=\"_blank\" rel=\"noopener\">Estudio de Seguridad y Salud<\/a><\/li>\n<\/ul>\n[\/vc_column_text][\/vc_column][\/vc_row]\n<\/div>","protected":false},"excerpt":{"rendered":"<p>[vc_row][vc_column][vc_column_text css=&#8221;&#8221;]Proyectos municipales en exposici\u00f3n p\u00fablica En este apartado puede consultar los anuncios en plazo de exposici\u00f3n p\u00fablica para que se puedan formular las alegaciones que se tengan por convenientes. Proyecto de urbanitzaci\u00f3n de la zona l\u00fadica-deportiva de Mont-roig del Camp. Documentos: D1 Memoria D2 Planos D3 Pliego de Prescripciones T\u00e9cnicas Particulares D4 Presupuesto D5 [&hellip;]<\/p>\n","protected":false},"author":13,"featured_media":0,"parent":7646,"menu_order":0,"comment_status":"closed","ping_status":"closed","template":"","meta":{"inline_featured_image":false,"_monsterinsights_skip_tracking":false,"_monsterinsights_sitenote_active":false,"_monsterinsights_sitenote_note":"","_monsterinsights_sitenote_category":0,"footnotes":""},"class_list":["post-69532","page","type-page","status-publish","hentry"],"yoast_head":"<!-- This site is optimized with the Yoast SEO plugin v27.4 - https:\/\/yoast.com\/product\/yoast-seo-wordpress\/ -->\n<title>Proyectos municipales - Ajuntament de Mont-roig del Camp<\/title>\n<meta name=\"robots\" content=\"index, follow, max-snippet:-1, max-image-preview:large, max-video-preview:-1\" \/>\n<link rel=\"canonical\" href=\"https:\/\/mont-roig.cat\/es\/ayuntamiento\/areas\/urbanismo-y-territorio\/ordenacion-urbanistica-del-municipio\/documentos-en-tramite\/informacion-publica\/proyectos-municipales\/\" \/>\n<meta property=\"og:locale\" content=\"es_ES\" \/>\n<meta property=\"og:type\" content=\"article\" \/>\n<meta property=\"og:title\" content=\"Proyectos municipales - Ajuntament de Mont-roig del Camp\" \/>\n<meta property=\"og:description\" content=\"[vc_row][vc_column][vc_column_text css=&#8221;&#8221;]Proyectos municipales en exposici\u00f3n p\u00fablica En este apartado puede consultar los anuncios en plazo de exposici\u00f3n p\u00fablica para que se puedan formular las alegaciones que se tengan por convenientes. Proyecto de urbanitzaci\u00f3n de la zona l\u00fadica-deportiva de Mont-roig del Camp. Documentos: D1 Memoria D2 Planos D3 Pliego de Prescripciones T\u00e9cnicas Particulares D4 Presupuesto D5 [&hellip;]\" \/>\n<meta property=\"og:url\" content=\"https:\/\/mont-roig.cat\/es\/ayuntamiento\/areas\/urbanismo-y-territorio\/ordenacion-urbanistica-del-municipio\/documentos-en-tramite\/informacion-publica\/proyectos-municipales\/\" \/>\n<meta property=\"og:site_name\" content=\"Ajuntament de Mont-roig del Camp\" \/>\n<meta property=\"article:modified_time\" content=\"2025-11-19T13:59:15+00:00\" \/>\n<meta property=\"og:image\" content=\"https:\/\/mont-roig.cat\/wp-content\/uploads\/aj-mont-roig-2.jpg\" \/>\n\t<meta property=\"og:image:width\" content=\"1200\" \/>\n\t<meta property=\"og:image:height\" content=\"600\" \/>\n\t<meta property=\"og:image:type\" content=\"image\/jpeg\" \/>\n<meta name=\"twitter:card\" content=\"summary_large_image\" \/>\n<meta name=\"twitter:label1\" content=\"Tiempo de lectura\" \/>\n\t<meta name=\"twitter:data1\" content=\"1 minuto\" \/>\n<script type=\"application\/ld+json\" class=\"yoast-schema-graph\">{\"@context\":\"https:\\\/\\\/schema.org\",\"@graph\":[{\"@type\":\"WebPage\",\"@id\":\"https:\\\/\\\/mont-roig.cat\\\/es\\\/ayuntamiento\\\/areas\\\/urbanismo-y-territorio\\\/ordenacion-urbanistica-del-municipio\\\/documentos-en-tramite\\\/informacion-publica\\\/proyectos-municipales\\\/\",\"url\":\"https:\\\/\\\/mont-roig.cat\\\/es\\\/ayuntamiento\\\/areas\\\/urbanismo-y-territorio\\\/ordenacion-urbanistica-del-municipio\\\/documentos-en-tramite\\\/informacion-publica\\\/proyectos-municipales\\\/\",\"name\":\"Proyectos municipales - Ajuntament de Mont-roig del Camp\",\"isPartOf\":{\"@id\":\"https:\\\/\\\/mont-roig.cat\\\/es\\\/#website\"},\"datePublished\":\"2023-03-24T11:42:11+00:00\",\"dateModified\":\"2025-11-19T13:59:15+00:00\",\"breadcrumb\":{\"@id\":\"https:\\\/\\\/mont-roig.cat\\\/es\\\/ayuntamiento\\\/areas\\\/urbanismo-y-territorio\\\/ordenacion-urbanistica-del-municipio\\\/documentos-en-tramite\\\/informacion-publica\\\/proyectos-municipales\\\/#breadcrumb\"},\"inLanguage\":\"es\",\"potentialAction\":[{\"@type\":\"ReadAction\",\"target\":[\"https:\\\/\\\/mont-roig.cat\\\/es\\\/ayuntamiento\\\/areas\\\/urbanismo-y-territorio\\\/ordenacion-urbanistica-del-municipio\\\/documentos-en-tramite\\\/informacion-publica\\\/proyectos-municipales\\\/\"]}]},{\"@type\":\"BreadcrumbList\",\"@id\":\"https:\\\/\\\/mont-roig.cat\\\/es\\\/ayuntamiento\\\/areas\\\/urbanismo-y-territorio\\\/ordenacion-urbanistica-del-municipio\\\/documentos-en-tramite\\\/informacion-publica\\\/proyectos-municipales\\\/#breadcrumb\",\"itemListElement\":[{\"@type\":\"ListItem\",\"position\":1,\"name\":\"Inici\",\"item\":\"https:\\\/\\\/mont-roig.cat\\\/es\\\/pagina-de-inicio\\\/\"},{\"@type\":\"ListItem\",\"position\":2,\"name\":\"Ayuntamiento\",\"item\":\"https:\\\/\\\/mont-roig.cat\\\/es\\\/ayuntamiento\\\/\"},{\"@type\":\"ListItem\",\"position\":3,\"name\":\"\u00c1reas\",\"item\":\"https:\\\/\\\/mont-roig.cat\\\/es\\\/ayuntamiento\\\/areas\\\/\"},{\"@type\":\"ListItem\",\"position\":4,\"name\":\"Urbanismo y territorio\",\"item\":\"https:\\\/\\\/mont-roig.cat\\\/es\\\/ayuntamiento\\\/areas\\\/urbanismo-y-territorio\\\/\"},{\"@type\":\"ListItem\",\"position\":5,\"name\":\"Ordenaci\u00f3n urban\u00edstica del municipio\",\"item\":\"https:\\\/\\\/mont-roig.cat\\\/es\\\/ayuntamiento\\\/areas\\\/urbanismo-y-territorio\\\/ordenacion-urbanistica-del-municipio\\\/\"},{\"@type\":\"ListItem\",\"position\":6,\"name\":\"Documentos en tr\u00e1mite\",\"item\":\"https:\\\/\\\/mont-roig.cat\\\/es\\\/ayuntamiento\\\/areas\\\/urbanismo-y-territorio\\\/ordenacion-urbanistica-del-municipio\\\/documentos-en-tramite\\\/\"},{\"@type\":\"ListItem\",\"position\":7,\"name\":\"Informaci\u00f3n p\u00fablica\",\"item\":\"https:\\\/\\\/mont-roig.cat\\\/es\\\/ayuntamiento\\\/areas\\\/urbanismo-y-territorio\\\/ordenacion-urbanistica-del-municipio\\\/documentos-en-tramite\\\/informacion-publica\\\/\"},{\"@type\":\"ListItem\",\"position\":8,\"name\":\"Proyectos municipales\"}]},{\"@type\":\"WebSite\",\"@id\":\"https:\\\/\\\/mont-roig.cat\\\/es\\\/#website\",\"url\":\"https:\\\/\\\/mont-roig.cat\\\/es\\\/\",\"name\":\"Ajuntament de Mont-roig del Camp\",\"description\":\"Tota la informaci\u00f3 sobre la instituci\u00f3, els seus \u00f2rgans de govern, actualitat, serveis i molt m\u00e9s.\",\"potentialAction\":[{\"@type\":\"SearchAction\",\"target\":{\"@type\":\"EntryPoint\",\"urlTemplate\":\"https:\\\/\\\/mont-roig.cat\\\/es\\\/?s={search_term_string}\"},\"query-input\":{\"@type\":\"PropertyValueSpecification\",\"valueRequired\":true,\"valueName\":\"search_term_string\"}}],\"inLanguage\":\"es\"}]}<\/script>\n<!-- \/ Yoast SEO plugin. -->","yoast_head_json":{"title":"Proyectos municipales - Ajuntament de Mont-roig del Camp","robots":{"index":"index","follow":"follow","max-snippet":"max-snippet:-1","max-image-preview":"max-image-preview:large","max-video-preview":"max-video-preview:-1"},"canonical":"https:\/\/mont-roig.cat\/es\/ayuntamiento\/areas\/urbanismo-y-territorio\/ordenacion-urbanistica-del-municipio\/documentos-en-tramite\/informacion-publica\/proyectos-municipales\/","og_locale":"es_ES","og_type":"article","og_title":"Proyectos municipales - Ajuntament de Mont-roig del Camp","og_description":"[vc_row][vc_column][vc_column_text css=&#8221;&#8221;]Proyectos municipales en exposici\u00f3n p\u00fablica En este apartado puede consultar los anuncios en plazo de exposici\u00f3n p\u00fablica para que se puedan formular las alegaciones que se tengan por convenientes. Proyecto de urbanitzaci\u00f3n de la zona l\u00fadica-deportiva de Mont-roig del Camp. Documentos: D1 Memoria D2 Planos D3 Pliego de Prescripciones T\u00e9cnicas Particulares D4 Presupuesto D5 [&hellip;]","og_url":"https:\/\/mont-roig.cat\/es\/ayuntamiento\/areas\/urbanismo-y-territorio\/ordenacion-urbanistica-del-municipio\/documentos-en-tramite\/informacion-publica\/proyectos-municipales\/","og_site_name":"Ajuntament de Mont-roig del Camp","article_modified_time":"2025-11-19T13:59:15+00:00","og_image":[{"width":1200,"height":600,"url":"https:\/\/mont-roig.cat\/wp-content\/uploads\/aj-mont-roig-2.jpg","type":"image\/jpeg"}],"twitter_card":"summary_large_image","twitter_misc":{"Tiempo de lectura":"1 minuto"},"schema":{"@context":"https:\/\/schema.org","@graph":[{"@type":"WebPage","@id":"https:\/\/mont-roig.cat\/es\/ayuntamiento\/areas\/urbanismo-y-territorio\/ordenacion-urbanistica-del-municipio\/documentos-en-tramite\/informacion-publica\/proyectos-municipales\/","url":"https:\/\/mont-roig.cat\/es\/ayuntamiento\/areas\/urbanismo-y-territorio\/ordenacion-urbanistica-del-municipio\/documentos-en-tramite\/informacion-publica\/proyectos-municipales\/","name":"Proyectos municipales - Ajuntament de Mont-roig del Camp","isPartOf":{"@id":"https:\/\/mont-roig.cat\/es\/#website"},"datePublished":"2023-03-24T11:42:11+00:00","dateModified":"2025-11-19T13:59:15+00:00","breadcrumb":{"@id":"https:\/\/mont-roig.cat\/es\/ayuntamiento\/areas\/urbanismo-y-territorio\/ordenacion-urbanistica-del-municipio\/documentos-en-tramite\/informacion-publica\/proyectos-municipales\/#breadcrumb"},"inLanguage":"es","potentialAction":[{"@type":"ReadAction","target":["https:\/\/mont-roig.cat\/es\/ayuntamiento\/areas\/urbanismo-y-territorio\/ordenacion-urbanistica-del-municipio\/documentos-en-tramite\/informacion-publica\/proyectos-municipales\/"]}]},{"@type":"BreadcrumbList","@id":"https:\/\/mont-roig.cat\/es\/ayuntamiento\/areas\/urbanismo-y-territorio\/ordenacion-urbanistica-del-municipio\/documentos-en-tramite\/informacion-publica\/proyectos-municipales\/#breadcrumb","itemListElement":[{"@type":"ListItem","position":1,"name":"Inici","item":"https:\/\/mont-roig.cat\/es\/pagina-de-inicio\/"},{"@type":"ListItem","position":2,"name":"Ayuntamiento","item":"https:\/\/mont-roig.cat\/es\/ayuntamiento\/"},{"@type":"ListItem","position":3,"name":"\u00c1reas","item":"https:\/\/mont-roig.cat\/es\/ayuntamiento\/areas\/"},{"@type":"ListItem","position":4,"name":"Urbanismo y territorio","item":"https:\/\/mont-roig.cat\/es\/ayuntamiento\/areas\/urbanismo-y-territorio\/"},{"@type":"ListItem","position":5,"name":"Ordenaci\u00f3n urban\u00edstica del municipio","item":"https:\/\/mont-roig.cat\/es\/ayuntamiento\/areas\/urbanismo-y-territorio\/ordenacion-urbanistica-del-municipio\/"},{"@type":"ListItem","position":6,"name":"Documentos en tr\u00e1mite","item":"https:\/\/mont-roig.cat\/es\/ayuntamiento\/areas\/urbanismo-y-territorio\/ordenacion-urbanistica-del-municipio\/documentos-en-tramite\/"},{"@type":"ListItem","position":7,"name":"Informaci\u00f3n p\u00fablica","item":"https:\/\/mont-roig.cat\/es\/ayuntamiento\/areas\/urbanismo-y-territorio\/ordenacion-urbanistica-del-municipio\/documentos-en-tramite\/informacion-publica\/"},{"@type":"ListItem","position":8,"name":"Proyectos municipales"}]},{"@type":"WebSite","@id":"https:\/\/mont-roig.cat\/es\/#website","url":"https:\/\/mont-roig.cat\/es\/","name":"Ajuntament de Mont-roig del Camp","description":"Tota la informaci\u00f3 sobre la instituci\u00f3, els seus \u00f2rgans de govern, actualitat, serveis i molt m\u00e9s.","potentialAction":[{"@type":"SearchAction","target":{"@type":"EntryPoint","urlTemplate":"https:\/\/mont-roig.cat\/es\/?s={search_term_string}"},"query-input":{"@type":"PropertyValueSpecification","valueRequired":true,"valueName":"search_term_string"}}],"inLanguage":"es"}]}},"_links":{"self":[{"href":"https:\/\/mont-roig.cat\/es\/wp-json\/wp\/v2\/pages\/69532","targetHints":{"allow":["GET"]}}],"collection":[{"href":"https:\/\/mont-roig.cat\/es\/wp-json\/wp\/v2\/pages"}],"about":[{"href":"https:\/\/mont-roig.cat\/es\/wp-json\/wp\/v2\/types\/page"}],"author":[{"embeddable":true,"href":"https:\/\/mont-roig.cat\/es\/wp-json\/wp\/v2\/users\/13"}],"replies":[{"embeddable":true,"href":"https:\/\/mont-roig.cat\/es\/wp-json\/wp\/v2\/comments?post=69532"}],"version-history":[{"count":4,"href":"https:\/\/mont-roig.cat\/es\/wp-json\/wp\/v2\/pages\/69532\/revisions"}],"predecessor-version":[{"id":86777,"href":"https:\/\/mont-roig.cat\/es\/wp-json\/wp\/v2\/pages\/69532\/revisions\/86777"}],"up":[{"embeddable":true,"href":"https:\/\/mont-roig.cat\/es\/wp-json\/wp\/v2\/pages\/7646"}],"wp:attachment":[{"href":"https:\/\/mont-roig.cat\/es\/wp-json\/wp\/v2\/media?parent=69532"}],"curies":[{"name":"wp","href":"https:\/\/api.w.org\/{rel}","templated":true}]}}