{"id":7795,"date":"2015-05-05T15:19:32","date_gmt":"2015-05-05T15:19:32","guid":{"rendered":"http:\/\/mont-roig.cat\/es\/home-version-11\/"},"modified":"2025-11-11T08:28:58","modified_gmt":"2025-11-11T07:28:58","slug":"pagina-de-inicio","status":"publish","type":"page","link":"https:\/\/mont-roig.cat\/es\/","title":{"rendered":"P\u00e1gina de inicio"},"content":{"rendered":"<div class=\"wpb-content-wrapper\">[vc_row][vc_column]<div class=\"avt_masterslider_el \" >\n\t\t<!-- MasterSlider -->\n\t\t<div id=\"P_MS69f329b1d032a\" class=\"master-slider-parent ms-parent-id-19\"  >\n\n\t\t\t\n\t\t\t<!-- MasterSlider Main -->\n\t\t\t<div id=\"MS69f329b1d032a\" class=\"master-slider ms-skin-black-1\" >\n\t\t\t\t \t\t\t\t \n\n\t\t\t<div  class=\"ms-slide\" data-delay=\"3\" data-fill-mode=\"fill\"   >\n\t\t\t\t\t<img decoding=\"async\" src=\"https:\/\/mont-roig.cat\/wp-content\/plugins\/masterslider\/public\/assets\/css\/blank.gif\" alt=\"\" title=\"MMT_destapat_2026_SLIDER_AJUNTAMENT\" data-src=\"https:\/\/mont-roig.cat\/wp-content\/uploads\/MMT_destapat_2026_SLIDER_AJUNTAMENT-scaled.png\" \/>\n\t<a href=\"https:\/\/mont-roig.cat\/actualitat\/noticies\/mont-roig-del-camp-i-miami-platja-celebren-una-nova-edicio-de-la-ruta-gastronomica-destapat-amb-20-propostes-de-proximitat\/\" target=\"_blank\"    >MMT_destapat_2026_SLIDER_AJUNTAMENT<\/a>\n\n\n\t\t\t\t<\/div>\n\t\t\t<div  class=\"ms-slide\" data-delay=\"3\" data-fill-mode=\"fill\"   >\n\t\t\t\t\t<img decoding=\"async\" src=\"https:\/\/mont-roig.cat\/wp-content\/plugins\/masterslider\/public\/assets\/css\/blank.gif\" alt=\"\" title=\"MMCT_PUBILLA_HEREU26_SLIDER\" data-src=\"https:\/\/mont-roig.cat\/wp-content\/uploads\/MMCT_PUBILLA_HEREU26_SLIDER.jpg\" \/>\n\t<a href=\"https:\/\/mont-roig.cat\/actualitat\/noticies\/obert-oficialment-el-termini-per-presentar-les-candidatures-a-pubilla-i-hereu-de-mont-roig-del-camp-2026\/\" target=\"_blank\"    >MMCT_PUBILLA_HEREU26_SLIDER<\/a>\n\n\n\t\t\t\t<\/div>\n\t\t\t<div  class=\"ms-slide\" data-delay=\"3\" data-fill-mode=\"fill\"   >\n\t\t\t\t\t<img decoding=\"async\" src=\"https:\/\/mont-roig.cat\/wp-content\/plugins\/masterslider\/public\/assets\/css\/blank.gif\" alt=\"\" title=\"MM_casal_estiu_2026_SLIDER\" data-src=\"https:\/\/mont-roig.cat\/wp-content\/uploads\/MM_casal_estiu_2026_SLIDER-scaled.png\" \/>\n\t<a href=\"https:\/\/mont-roig.cat\/actualitat\/noticies\/mont-roig-del-camp-i-miami-platja-obren-les-preinscripcions-per-a-un-casal-destiu-2026-mes-inclusiu\/\" target=\"_blank\"    >MM_casal_estiu_2026_SLIDER<\/a>\n\n\n\t\t\t\t<\/div>\n\t\t\t<div  class=\"ms-slide\" data-delay=\"3\" data-fill-mode=\"fill\"   >\n\t\t\t\t\t<img decoding=\"async\" src=\"https:\/\/mont-roig.cat\/wp-content\/plugins\/masterslider\/public\/assets\/css\/blank.gif\" alt=\"\" title=\"Slider web - 1920 x 435\" data-src=\"https:\/\/mont-roig.cat\/wp-content\/uploads\/Slider-web-1920-x-435-scaled.jpg\" \/>\n\t<a href=\"https:\/\/mont-roig.cat\/actualitat\/noticies\/mont-roig-del-camp-presenta-el-cicle-expositiu-2026-de-lesglesia-vella-que-comenca-amb-una-retrospectiva-de-bigas-luna\/\" target=\"_blank\"    >Slider web - 1920 x 435<\/a>\n\n\n\t\t\t\t<\/div>\n\t\t\t<div  class=\"ms-slide\" data-delay=\"3\" data-fill-mode=\"fill\"   >\n\t\t\t\t\t<img decoding=\"async\" src=\"https:\/\/mont-roig.cat\/wp-content\/plugins\/masterslider\/public\/assets\/css\/blank.gif\" alt=\"\" title=\"MM_COMERC\u0327_formacions_Primavera26_SLIDER\" data-src=\"https:\/\/mont-roig.cat\/wp-content\/uploads\/MM_COMERC_formacions_Primavera26_SLIDER-scaled.png\" \/>\n\t<a href=\"https:\/\/mont-roig.cat\/actualitat\/noticies\/nous-cursos-de-formacio-professional-per-a-persones-treballadores-i-comerciants\/\" target=\"_blank\"    >MM_COMERC\u0327_formacions_Primavera26_SLIDER<\/a>\n\n\n\t\t\t\t<\/div>\n\t\t\t<div  class=\"ms-slide\" data-delay=\"3\" data-fill-mode=\"fill\"   >\n\t\t\t\t\t<img decoding=\"async\" src=\"https:\/\/mont-roig.cat\/wp-content\/plugins\/masterslider\/public\/assets\/css\/blank.gif\" alt=\"\" title=\"MMGG_progamacio\u0301_PRIMAVERA_26_slider\" data-src=\"https:\/\/mont-roig.cat\/wp-content\/uploads\/MMGG_progamacio_PRIMAVERA_26_slider.png\" \/>\n\t<a href=\"https:\/\/mont-roig.cat\/actualitat\/noticies\/avui-comenca-el-termini-de-preinscripcions-de-la-nova-programacio-primavera-estiu-per-a-la-gent-gran\/\" target=\"_blank\"    >MMGG_progamacio\u0301_PRIMAVERA_26_slider<\/a>\n\n\n\t\t\t\t<\/div>\n\t\t\t<div  class=\"ms-slide\" data-delay=\"3\" data-fill-mode=\"fill\"   >\n\t\t\t\t\t<img decoding=\"async\" src=\"https:\/\/mont-roig.cat\/wp-content\/plugins\/masterslider\/public\/assets\/css\/blank.gif\" alt=\"\" title=\"MMJ_ENGRESCAT_SLIDER\" data-src=\"https:\/\/mont-roig.cat\/wp-content\/uploads\/MMJ_ENGRESCAT_SLIDER-scaled.png\" \/>\n\t<a href=\"https:\/\/mont-roig.cat\/actualitat\/noticies\/lajuntament-de-mont-roig-del-camp-presenta-engrescat-el-programa-de-joventut-2026\/\" target=\"_blank\"    >MMJ_ENGRESCAT_SLIDER<\/a>\n\n\n\t\t\t\t<\/div>\n\t\t\t<div  class=\"ms-slide\" data-delay=\"3\" data-fill-mode=\"fill\"   >\n\t\t\t\t\t<img decoding=\"async\" src=\"https:\/\/mont-roig.cat\/wp-content\/plugins\/masterslider\/public\/assets\/css\/blank.gif\" alt=\"\" title=\"MM_slider_obresBCN26\" data-src=\"https:\/\/mont-roig.cat\/wp-content\/uploads\/MM_slider_obresBCN26.png\" \/>\n\t<a href=\"https:\/\/mont-roig.cat\/actualitat\/noticies\/habilitat-un-telefon-per-atendre-incidencies-de-les-obres-de-lavinguda-barcelona\/\" target=\"_blank\"    >MM_slider_obresBCN26<\/a>\n\n\n\t\t\t\t<\/div>\n\t\t\t<div  class=\"ms-slide\" data-delay=\"3\" data-fill-mode=\"fill\"   >\n\t\t\t\t\t<img decoding=\"async\" src=\"https:\/\/mont-roig.cat\/wp-content\/plugins\/masterslider\/public\/assets\/css\/blank.gif\" alt=\"\" title=\"MM_ESPORTS_TARDOR25_SLIDER_WEB\" data-src=\"https:\/\/mont-roig.cat\/wp-content\/uploads\/MM_ESPORTS_TARDOR25_SLIDER_WEB-scaled.png\" \/>\n\t<a href=\"https:\/\/mont-roig.cat\/actualitat\/noticies\/nova-temporada-dactivitats-esportives-2025-2026-a-partir-del-15-de-setembre\/\" target=\"_blank\"    >MM_ESPORTS_TARDOR25_SLIDER_WEB<\/a>\n\n\n\t\t\t\t<\/div>\n\t\t\t<div  class=\"ms-slide\" data-delay=\"3\" data-fill-mode=\"fill\"   >\n\t\t\t\t\t<img decoding=\"async\" src=\"https:\/\/mont-roig.cat\/wp-content\/plugins\/masterslider\/public\/assets\/css\/blank.gif\" alt=\"\" title=\"MMC_ECOESPAI25_SLIDER\" data-src=\"https:\/\/mont-roig.cat\/wp-content\/uploads\/MMC_ECOESPAI25_SLIDER-1.png\" \/>\n\t<a href=\"https:\/\/mont-roig.cat\/lajuntament\/arees\/impuls-economic-ocupacio\/ecoespai-allotjament-empresarial\/\" target=\"_blank\"    >MMC_ECOESPAI25_SLIDER<\/a>\n\n\n\t\t\t\t<\/div>\n\t\t\t<div  class=\"ms-slide\" data-delay=\"3\" data-fill-mode=\"fill\"   >\n\t\t\t\t\t<img decoding=\"async\" src=\"https:\/\/mont-roig.cat\/wp-content\/plugins\/masterslider\/public\/assets\/css\/blank.gif\" alt=\"\" title=\"1920 x 435px-100\" data-src=\"https:\/\/mont-roig.cat\/wp-content\/uploads\/1920-x-435px-100.jpg\" \/>\n\t<a href=\"https:\/\/mont-roig.cat\/actualitat\/noticies\/les-platges-del-municipi-se-sumen-al-projecte-platges-sense-fum-aquest-estiu\/\" target=\"_blank\"    >1920 x 435px-100<\/a>\n\n\n\t\t\t\t<\/div>\n\t\t\t<div  class=\"ms-slide\" data-delay=\"3\" data-fill-mode=\"fill\"   >\n\t\t\t\t\t<img decoding=\"async\" src=\"https:\/\/mont-roig.cat\/wp-content\/plugins\/masterslider\/public\/assets\/css\/blank.gif\" alt=\"\" title=\"MMR_TAXA_JUSTA_PAP_SLIDER\" data-src=\"https:\/\/mont-roig.cat\/wp-content\/uploads\/MMR_TAXA_JUSTA_PAP_SLIDER.png\" \/>\n\t<a href=\"https:\/\/mont-roig.cat\/actualitat\/noticies\/campanya-informativa-municipal-per-impulsar-el-reciclatge-porta-a-porta-i-donar-a-coneixer-la-taxa-justa\/\" target=\"_blank\"    >MMR_TAXA_JUSTA_PAP_SLIDER<\/a>\n\n\n\t\t\t\t<\/div>\n\t\t\t<div  class=\"ms-slide\" data-delay=\"3\" data-fill-mode=\"fill\"   >\n\t\t\t\t\t<img decoding=\"async\" src=\"https:\/\/mont-roig.cat\/wp-content\/plugins\/masterslider\/public\/assets\/css\/blank.gif\" alt=\"\" title=\"MM_IBI_PLAQUES_SLIDER\" data-src=\"https:\/\/mont-roig.cat\/wp-content\/uploads\/MM_IBI_PLAQUES_SLIDER.jpg\" \/>\n\t<a href=\"https:\/\/mont-roig.cat\/actualitat\/noticies\/ajornament-temporal-de-la-bonificacio-de-libi-per-installacio-de-plaques-solars-durant-el-2025\/\" target=\"_blank\"    >MM_IBI_PLAQUES_SLIDER<\/a>\n\n\n\t\t\t\t<\/div>\n\t\t\t<div  class=\"ms-slide\" data-delay=\"3\" data-fill-mode=\"fill\"   >\n\t\t\t\t\t<img decoding=\"async\" src=\"https:\/\/mont-roig.cat\/wp-content\/plugins\/masterslider\/public\/assets\/css\/blank.gif\" alt=\"\" title=\"mm_CORRESPONSABILITAT_slider\" data-src=\"https:\/\/mont-roig.cat\/wp-content\/uploads\/mm_CORRESPONSABILITAT_slider.png\" \/>\n\t<a href=\"https:\/\/www.youtube.com\/watch?v=PQ5PpY9g_Fw&#038;ab_channel=AjuntamentdeMont-roigdelCamp\" target=\"_blank\"    >mm_CORRESPONSABILITAT_slider<\/a>\n\n\n\t\t\t\t<\/div>\n\t\t\t<div  class=\"ms-slide\" data-delay=\"3\" data-fill-mode=\"fill\"   >\n\t\t\t\t\t<img decoding=\"async\" src=\"https:\/\/mont-roig.cat\/wp-content\/plugins\/masterslider\/public\/assets\/css\/blank.gif\" alt=\"\" title=\"MM_SLIDER_VI\u0301DEO\" data-src=\"https:\/\/mont-roig.cat\/wp-content\/uploads\/MM_SLIDER_VIDEO.png\" \/>\n\t<a href=\"https:\/\/www.youtube.com\/watch?v=5H-4DA1LyLI\" target=\"_blank\"    >MM_SLIDER_VI\u0301DEO<\/a>\n\n\n\t\t\t\t<\/div>\n\t\t\t<div  class=\"ms-slide\" data-delay=\"3\" data-fill-mode=\"fill\"   >\n\t\t\t\t\t<img decoding=\"async\" src=\"https:\/\/mont-roig.cat\/wp-content\/plugins\/masterslider\/public\/assets\/css\/blank.gif\" alt=\"\" title=\"Banner STD_ok\" data-src=\"https:\/\/mont-roig.cat\/wp-content\/uploads\/Banner-STD_ok.jpg\" \/>\n\t<a href=\"https:\/\/mont-roig.cat\/pstd\/\" target=\"_blank\"    >Banner STD_ok<\/a>\n\n\n\t\t\t\t<\/div>\n\t\t\t<div  class=\"ms-slide\" data-delay=\"3\" data-fill-mode=\"fill\"   >\n\t\t\t\t\t<img decoding=\"async\" src=\"https:\/\/mont-roig.cat\/wp-content\/plugins\/masterslider\/public\/assets\/css\/blank.gif\" alt=\"\" title=\"slider Pla de mandat\" data-src=\"https:\/\/mont-roig.cat\/wp-content\/uploads\/slider-Pla-de-mandat.png\" \/>\n\t<a href=\"https:\/\/plamandat.mont-roig.cat\/\" target=\"_blank\"    >slider Pla de mandat<\/a>\n\n\n\t\t\t\t<\/div>\n\t\t\t<div  class=\"ms-slide\" data-delay=\"3\" data-fill-mode=\"fill\"   >\n\t\t\t\t\t<img decoding=\"async\" src=\"https:\/\/mont-roig.cat\/wp-content\/plugins\/masterslider\/public\/assets\/css\/blank.gif\" alt=\"\" title=\"banercomunica_1920x435-01_1\" data-src=\"https:\/\/mont-roig.cat\/wp-content\/uploads\/BanerComunica_1920x435-01_1.jpg\" \/>\n\t<a href=\"http:\/\/mont-roig.cat\/actualitat\/butlleti-dinformacio-comunica\/\" target=\"_blank\"    >banercomunica_1920x435-01_1<\/a>\n\n\n\t\t\t\t<\/div>\n\t\t\t<div  class=\"ms-slide\" data-delay=\"3\" data-fill-mode=\"fill\"   >\n\t\t\t\t\t<img decoding=\"async\" src=\"https:\/\/mont-roig.cat\/wp-content\/plugins\/masterslider\/public\/assets\/css\/blank.gif\" alt=\"\" title=\"mm_lotte_banner_ext\" data-src=\"https:\/\/mont-roig.cat\/wp-content\/uploads\/mm_lotte_banner_ext.png\" \/>\n\t<a href=\"https:\/\/mont-roig.cat\/faqs-lotte\/\" target=\"_blank\"    >mm_lotte_banner_ext<\/a>\n\n\n\t\t\t\t<\/div>\n\t\t\t<div  class=\"ms-slide\" data-delay=\"3\" data-fill-mode=\"fill\"   >\n\t\t\t\t\t<img decoding=\"async\" src=\"https:\/\/mont-roig.cat\/wp-content\/plugins\/masterslider\/public\/assets\/css\/blank.gif\" alt=\"\" title=\"AULA MENTOR-slider\" data-src=\"https:\/\/mont-roig.cat\/wp-content\/uploads\/AULA-MENTOR-slider.jpg\" \/>\n\t<a href=\"https:\/\/mont-roig.cat\/lajuntament\/arees\/impuls-economic-ocupacio\/formacio\/\" target=\"_blank\"    >AULA MENTOR-slider<\/a>\n\n\n\t\t\t\t<\/div>\n\t\t\t<div  class=\"ms-slide\" data-delay=\"3\" data-fill-mode=\"fill\"   >\n\t\t\t\t\t<img decoding=\"async\" src=\"https:\/\/mont-roig.cat\/wp-content\/plugins\/masterslider\/public\/assets\/css\/blank.gif\" alt=\"\" title=\"DIRECTORI_WEB_slider_inscriute__\" data-src=\"https:\/\/mont-roig.cat\/wp-content\/uploads\/DIRECTORI_WEB_slider_inscriute__-1.png\" \/>\n\t<a href=\"https:\/\/mont-roig.cat\/empreses\/registre\/\" target=\"_blank\"    >DIRECTORI_WEB_slider_inscriute__<\/a>\n\n\n\t\t\t\t<\/div>\n\t\t\t<div  class=\"ms-slide\" data-delay=\"3\" data-fill-mode=\"fill\"   >\n\t\t\t\t\t<img decoding=\"async\" src=\"https:\/\/mont-roig.cat\/wp-content\/plugins\/masterslider\/public\/assets\/css\/blank.gif\" alt=\"\" title=\"BANNERS OAC 360 MONT-ROIG 02072021_BANNER SLIDER HOME CAT\" data-src=\"https:\/\/mont-roig.cat\/wp-content\/uploads\/BANNERS-OAC-360-MONT-ROIG-02072021_BANNER-SLIDER-HOME-CAT.png\" \/>\n\t<a href=\"https:\/\/mont-roig.cat\/servei-oac-360\/\" target=\"_blank\"    >BANNERS OAC 360 MONT-ROIG 02072021_BANNER SLIDER HOME CAT<\/a>\n\n\n\t\t\t\t<\/div>\n\t\t\t<div  class=\"ms-slide\" data-delay=\"3\" data-fill-mode=\"fill\"   >\n\t\t\t\t\t<img decoding=\"async\" src=\"https:\/\/mont-roig.cat\/wp-content\/plugins\/masterslider\/public\/assets\/css\/blank.gif\" alt=\"\" title=\"mm_slider_seuelectronica\" data-src=\"https:\/\/mont-roig.cat\/wp-content\/uploads\/mm_slider_seuelectronica.jpg\" \/>\n\t<a href=\"https:\/\/mont-roig.eadministracio.cat\/info.0\" target=\"_blank\"    >mm_slider_seuelectronica<\/a>\n\n\n\t\t\t\t<\/div>\n\t\t\t<div  class=\"ms-slide\" data-delay=\"3\" data-fill-mode=\"fill\"   >\n\t\t\t\t\t<img decoding=\"async\" src=\"https:\/\/mont-roig.cat\/wp-content\/plugins\/masterslider\/public\/assets\/css\/blank.gif\" alt=\"\" title=\"slider_OMAC_1920x435px\" data-src=\"https:\/\/mont-roig.cat\/wp-content\/uploads\/slider_OMAC_1920x435px.jpg\" \/>\n\t<a href=\"https:\/\/citaprevia.mont-roig.cat\/mont-roig\/#nbb\" target=\"_blank\"    >slider_OMAC_1920x435px<\/a>\n\n\n\t\t\t\t<\/div>\n\n\t\t\t<\/div>\n\t\t\t<!-- END MasterSlider Main -->\n\n\t\t\t \n\t\t<\/div>\n\t\t<!-- END MasterSlider -->\n\n\t\t<script>\n\t\t( window.MSReady = window.MSReady || [] ).push( function( $ ) {\n\n\t\t\t\"use strict\";\n\t\t\tvar masterslider_032a = new MasterSlider();\n\n\t\t\t\/\/ slider controls\n\t\t\tmasterslider_032a.control('arrows'     ,{ autohide:true, overVideo:true  });\n\t\t\tmasterslider_032a.control('bullets'    ,{ autohide:false, overVideo:true, dir:'h', align:'bottom', space:10 , margin:10  });\n\t\t\tmasterslider_032a.control('timebar'    ,{ autohide:false, overVideo:true, align:'bottom', color:'#FFFFFF'  , width:2 });\n\t\t\t\/\/ slider setup\n\t\t\tmasterslider_032a.setup(\"MS69f329b1d032a\", {\n\t\t\t\twidth           : 1000,\n\t\t\t\theight          : 435,\n\t\t\t\tminHeight       : 435,\n\t\t\t\tspace           : 0,\n\t\t\t\tstart           : 1,\n\t\t\t\tgrabCursor      : true,\n\t\t\t\tswipe           : true,\n\t\t\t\tmouse           : true,\n\t\t\t\tkeyboard        : false,\n\t\t\t\tlayout          : \"fullwidth\",\n\t\t\t\twheel           : false,\n\t\t\t\tautoplay        : true,\n                instantStartLayers:false,\n\t\t\t\tmobileBGVideo:false,\n\t\t\t\tloop            : true,\n\t\t\t\tshuffle         : false,\n\t\t\t\tpreload         : 0,\n\t\t\t\theightLimit     : true,\n\t\t\t\tautoHeight      : true,\n\t\t\t\tsmoothHeight    : true,\n\t\t\t\tendPause        : false,\n\t\t\t\toverPause       : true,\n\t\t\t\tfillMode        : \"fill\",\n\t\t\t\tcenterControls  : false,\n\t\t\t\tstartOnAppear   : false,\n\t\t\t\tlayersMode      : \"center\",\n\t\t\t\tautofillTarget  : \"\",\n\t\t\t\thideLayers      : false,\n\t\t\t\tfullscreenMargin: 0,\n\t\t\t\tspeed           : 7,\n\t\t\t\tdir             : \"h\",\n\t\t\t\tparallaxMode    : 'swipe',\n\t\t\t\tview            : \"fade\"\n\t\t\t});\n\n\t\t\t\n\t\t\twindow.masterslider_instances = window.masterslider_instances || [];\n\t\t\twindow.masterslider_instances.push( masterslider_032a );\n\t\t});\n\t\t<\/script>\n\n<\/div>[\/vc_column][\/vc_row][vc_row is_section=&#8221;yes&#8221; section_skin=&#8221;parallax&#8221; remove_margin_top=&#8221;yes&#8221; remove_margin_bottom=&#8221;yes&#8221; remove_padding_bottom=&#8221;yes&#8221;][vc_column]<div class=\"porto-container container \">[vc_row_inner][vc_column_inner width=&#8221;1\/3&#8243;][vc_btn title=&#8221;PORTAL DE TRANSPARENCIA&#8221; style=&#8221;custom&#8221; custom_background=&#8221;#95243c&#8221; custom_text=&#8221;#ffffff&#8221; size=&#8221;lg&#8221; align=&#8221;center&#8221; button_block=&#8221;true&#8221; link=&#8221;url:https%3A%2F%2Fwww.seu-e.cat%2Fweb%2Fmont-roigdelcamp%2Fgovern-obert-i-transparencia||target:%20_blank&#8221;][\/vc_column_inner][vc_column_inner width=&#8221;1\/3&#8243;][vc_btn title=&#8221;SEDE ELECTR\u00d3NICA&#8221; style=&#8221;custom&#8221; custom_background=&#8221;#95243c&#8221; custom_text=&#8221;#ffffff&#8221; size=&#8221;lg&#8221; align=&#8221;center&#8221; button_block=&#8221;true&#8221; link=&#8221;url:http%3A%2F%2Fmont-roig.eadministracio.cat|title:Sede%20Electr%C3%B3nica%20del%20Ayuntamiento%20de%20Mont-roig%20del%20Camp|target:%20_blank|&#8221;][\/vc_column_inner][vc_column_inner width=&#8221;1\/3&#8243;][vc_btn title=&#8221;EL AYUNTAMIENTO TE ESCUCHA&#8221; style=&#8221;custom&#8221; custom_background=&#8221;#95243c&#8221; custom_text=&#8221;#ffffff&#8221; size=&#8221;lg&#8221; align=&#8221;center&#8221; button_block=&#8221;true&#8221; link=&#8221;url:http%3A%2F%2Fmont-roig.cat%2Fes%2Fcontactar%2F||target:%20_blank&#8221;][\/vc_column_inner][\/vc_row_inner][vc_separator color=&#8221;custom&#8221; gap=&#8221;tall&#8221; gradient=&#8221;yes&#8221;]<\/div>[\/vc_column][\/vc_row][vc_row wrap_container=&#8221;yes&#8221;][vc_column width=&#8221;2\/3&#8243; el_class=&#8221;info-box-small-wrap&#8221;][vc_row_inner][vc_column_inner][vc_custom_heading text=&#8221;Not\u00edcias&#8221; use_theme_fonts=&#8221;yes&#8221;]<div class=\"porto-recent-posts wpb_content_element \">    <div class=\"row\">\r\n        <div class=\"post-carousel owl-carousel show-nav-title\" data-cols-lg=\"2\" data-cols-md=\"1\" data-cols-sm=\"2\">\r\n            <div class=\"post-slide\"><div class=\"post-item with-btn\">\n    <div class=\"post-date\">\n            <span class=\"day\">30<\/span>\n    <span class=\"month\">Abr<\/span>\n        <\/div>\n    <h4>\n        <a href=\"https:\/\/mont-roig.cat\/es\/actualitat\/noticies\/nostraigua-inicia-una-campana-preventiva-de-control-de-cucarachas-en-la-red-de-alcantarillado-municipal\/\">Nostraigua inicia una campa\u00f1a preventiva de control de cucarachas en la red de alcantarillado municipal<\/a>\n    <\/h4>\n            <div class=\"post-image thumbnail\" style=\"clear: both;float: left;width: 30%;margin: 0 10px 10px 0;\">\n            <div class=\"thumb-info\">\n                <a href=\"https:\/\/mont-roig.cat\/es\/actualitat\/noticies\/nostraigua-inicia-una-campana-preventiva-de-control-de-cucarachas-en-la-red-de-alcantarillado-municipal\/\">\n                    <img loading=\"lazy\" decoding=\"async\" class=\"img-responsive\" width=\"450\" height=\"231\" src=\"https:\/\/mont-roig.cat\/wp-content\/uploads\/Npostraigua-campanya2-450x231.jpeg\" alt=\"\" \/>\n                <\/a>\n                            <\/div>\n        <\/div>\n    \n    <div style=\"padding-top: 10px;\"><p class=\"post-excerpt\">\r\n\r\n \tEstas acciones preventivas se realizan con el objetivo de reducir la presencia de cucarachas durante los meses de [...]<\/p><\/div>\n    <\/div>\n<\/div><div class=\"post-slide\"><div class=\"post-item with-btn\">\n    <div class=\"post-date\">\n            <span class=\"day\">29<\/span>\n    <span class=\"month\">Abr<\/span>\n        <\/div>\n    <h4>\n        <a href=\"https:\/\/mont-roig.cat\/es\/actualitat\/noticies\/el-ayuntamiento-de-mont-roig-del-camp-impulsa-proyectos-de-mejora-en-la-zona-ranxos-y-en-sant-miquel\/\">El Ayuntamiento de Mont-roig del Camp impulsa proyectos de mejora en la zona Ranchos y en Sant Miquel<\/a>\n    <\/h4>\n            <div class=\"post-image thumbnail\" style=\"clear: both;float: left;width: 30%;margin: 0 10px 10px 0;\">\n            <div class=\"thumb-info\">\n                <a href=\"https:\/\/mont-roig.cat\/es\/actualitat\/noticies\/el-ayuntamiento-de-mont-roig-del-camp-impulsa-proyectos-de-mejora-en-la-zona-ranxos-y-en-sant-miquel\/\">\n                    <img loading=\"lazy\" decoding=\"async\" class=\"img-responsive\" width=\"450\" height=\"231\" src=\"https:\/\/mont-roig.cat\/wp-content\/uploads\/Ranxos-450x231.jpeg\" alt=\"\" \/>\n                <\/a>\n                            <\/div>\n        <\/div>\n    \n    <div style=\"padding-top: 10px;\"><p class=\"post-excerpt\">\r\n \t\r\n\r\n\r\n\r\nSe llevar\u00e1n a cabo intervenciones para garantizar la seguridad vial con actuaciones provisionales previstas antes del verano\r\n\r\nEl Ayuntamiento [...]<\/p><\/div>\n    <\/div>\n<\/div><div class=\"post-slide\"><div class=\"post-item with-btn\">\n    <div class=\"post-date\">\n            <span class=\"day\">29<\/span>\n    <span class=\"month\">Abr<\/span>\n        <\/div>\n    <h4>\n        <a href=\"https:\/\/mont-roig.cat\/es\/actualitat\/noticies\/el-passeig-de-les-cales-de-miami-platja-acollira-un-mercadet-aquest-estiu\/\">El paseo de las Calas de Miami Platja acoger\u00e1 un mercadillo este verano<\/a>\n    <\/h4>\n            <div class=\"post-image thumbnail\" style=\"clear: both;float: left;width: 30%;margin: 0 10px 10px 0;\">\n            <div class=\"thumb-info\">\n                <a href=\"https:\/\/mont-roig.cat\/es\/actualitat\/noticies\/el-passeig-de-les-cales-de-miami-platja-acollira-un-mercadet-aquest-estiu\/\">\n                    <img loading=\"lazy\" decoding=\"async\" class=\"img-responsive\" width=\"450\" height=\"231\" src=\"https:\/\/mont-roig.cat\/wp-content\/uploads\/Passeig-de-les-Cales-450x231.png\" alt=\"\" \/>\n                <\/a>\n                            <\/div>\n        <\/div>\n    \n    <div style=\"padding-top: 10px;\"><p class=\"post-excerpt\">\r\n\r\n\r\n\r\n\r\n\r\n\r\n\r\n\r\n\r\n \tEl pleno del Ayuntamiento ha aprobado por unanimidad el reglamento de esta nueva propuesta de dinamizaci\u00f3n econ\u00f3mica y [...]<\/p><\/div>\n    <\/div>\n<\/div><div class=\"post-slide\"><div class=\"post-item with-btn\">\n    <div class=\"post-date\">\n            <span class=\"day\">29<\/span>\n    <span class=\"month\">Abr<\/span>\n        <\/div>\n    <h4>\n        <a href=\"https:\/\/mont-roig.cat\/es\/actualitat\/noticies\/el-pleno-del-ayuntamiento-aprueba-una-modificacion-de-credito-de-45-millones-para-impulsar-inversiones-y-servicios\/\">El Pleno del Ayuntamiento aprueba una modificaci\u00f3n de cr\u00e9dito de 4,5 millones para impulsar inversiones y servicios<\/a>\n    <\/h4>\n            <div class=\"post-image thumbnail\" style=\"clear: both;float: left;width: 30%;margin: 0 10px 10px 0;\">\n            <div class=\"thumb-info\">\n                <a href=\"https:\/\/mont-roig.cat\/es\/actualitat\/noticies\/el-pleno-del-ayuntamiento-aprueba-una-modificacion-de-credito-de-45-millones-para-impulsar-inversiones-y-servicios\/\">\n                    <img loading=\"lazy\" decoding=\"async\" class=\"img-responsive\" width=\"450\" height=\"231\" src=\"https:\/\/mont-roig.cat\/wp-content\/uploads\/Ple-29-04-2026-450x231.jpeg\" alt=\"\" \/>\n                <\/a>\n                            <\/div>\n        <\/div>\n    \n    <div style=\"padding-top: 10px;\"><p class=\"post-excerpt\">\r\n\r\n \tLas actuaciones abarcan la mejora del espacio p\u00fablico, el desarrollo urban\u00edstico, los equipamientos municipales y la dinamizaci\u00f3n del [...]<\/p><\/div>\n    <\/div>\n<\/div><div class=\"post-slide\"><div class=\"post-item with-btn\">\n    <div class=\"post-date\">\n            <span class=\"day\">28<\/span>\n    <span class=\"month\">Abr<\/span>\n        <\/div>\n    <h4>\n        <a href=\"https:\/\/mont-roig.cat\/es\/actualitat\/noticies\/nostraigua-inicia-la-instalacion-de-1-904-contadores-de-tele-lectura-en-el-nucleo-de-mont-roig-del-camp-y-en-el-club-mont-roig\/\">Nostraigua inicia la instalaci\u00f3n de 1.904 contadores de tele lectura en el n\u00facleo de Mont-roig del Camp y en el Club Mont-roig<\/a>\n    <\/h4>\n            <div class=\"post-image thumbnail\" style=\"clear: both;float: left;width: 30%;margin: 0 10px 10px 0;\">\n            <div class=\"thumb-info\">\n                <a href=\"https:\/\/mont-roig.cat\/es\/actualitat\/noticies\/nostraigua-inicia-la-instalacion-de-1-904-contadores-de-tele-lectura-en-el-nucleo-de-mont-roig-del-camp-y-en-el-club-mont-roig\/\">\n                    <img loading=\"lazy\" decoding=\"async\" class=\"img-responsive\" width=\"450\" height=\"231\" src=\"https:\/\/mont-roig.cat\/wp-content\/uploads\/foto-comptador-450x231.jpg\" alt=\"\" \/>\n                <\/a>\n                            <\/div>\n        <\/div>\n    \n    <div style=\"padding-top: 10px;\"><p class=\"post-excerpt\">\r\n\r\n \tEsta actuaci\u00f3n se enmarca en el proyecto de modernizaci\u00f3n y digitalizaci\u00f3n de la red de abastecimiento de agua.\r\n\r\nNostraigua [...]<\/p><\/div>\n    <\/div>\n<\/div><div class=\"post-slide\"><div class=\"post-item with-btn\">\n    <div class=\"post-date\">\n            <span class=\"day\">24<\/span>\n    <span class=\"month\">Abr<\/span>\n        <\/div>\n    <h4>\n        <a href=\"https:\/\/mont-roig.cat\/es\/actualitat\/noticies\/mont-roig-del-camp-y-miami-platja-celebran-una-nueva-edicion-de-la-ruta-gastronomica-destapat-con-20-propuestas-de-proximidad\/\">Mont-roig del Camp y Miami Platja celebran una nueva edici\u00f3n de la ruta gastron\u00f3mica &#8220;Destapa\u2019t&#8221; con 20 propuestas de proximidad<\/a>\n    <\/h4>\n            <div class=\"post-image thumbnail\" style=\"clear: both;float: left;width: 30%;margin: 0 10px 10px 0;\">\n            <div class=\"thumb-info\">\n                <a href=\"https:\/\/mont-roig.cat\/es\/actualitat\/noticies\/mont-roig-del-camp-y-miami-platja-celebran-una-nueva-edicion-de-la-ruta-gastronomica-destapat-con-20-propuestas-de-proximidad\/\">\n                    <img loading=\"lazy\" decoding=\"async\" class=\"img-responsive\" width=\"450\" height=\"231\" src=\"https:\/\/mont-roig.cat\/wp-content\/uploads\/MMT_destapat_2026_cartell_A3_WEB-450x231.png\" alt=\"\" \/>\n                <\/a>\n                            <\/div>\n        <\/div>\n    \n    <div style=\"padding-top: 10px;\"><p class=\"post-excerpt\">\r\n \tDel 30 de abril al 17 de mayo, los participantes podr\u00e1n completar su \"Tapa Pass\" para ganar una [...]<\/p><\/div>\n    <\/div>\n<\/div><div class=\"post-slide\"><div class=\"post-item with-btn\">\n    <div class=\"post-date\">\n            <span class=\"day\">23<\/span>\n    <span class=\"month\">Abr<\/span>\n        <\/div>\n    <h4>\n        <a href=\"https:\/\/mont-roig.cat\/es\/actualitat\/noticies\/mont-roig-del-camp-impulsa-el-acceso-de-las-empresas-a-los-fondos-de-transicion-nuclear-2026\/\">Mont-roig del Camp impulsa el acceso de las empresas a los Fondos de Transici\u00f3n Nuclear 2026<\/a>\n    <\/h4>\n            <div class=\"post-image thumbnail\" style=\"clear: both;float: left;width: 30%;margin: 0 10px 10px 0;\">\n            <div class=\"thumb-info\">\n                <a href=\"https:\/\/mont-roig.cat\/es\/actualitat\/noticies\/mont-roig-del-camp-impulsa-el-acceso-de-las-empresas-a-los-fondos-de-transicion-nuclear-2026\/\">\n                    <img loading=\"lazy\" decoding=\"async\" class=\"img-responsive\" width=\"450\" height=\"231\" src=\"https:\/\/mont-roig.cat\/wp-content\/uploads\/Alcalde-Fran-Morancho-FTN-450x231.jpeg\" alt=\"\" \/>\n                <\/a>\n                            <\/div>\n        <\/div>\n    \n    <div style=\"padding-top: 10px;\"><p class=\"post-excerpt\">\r\n\r\n \tEl Ayuntamiento presenta la convocatoria al tejido empresarial y activa un servicio de acompa\u00f1amiento para maximizar la captaci\u00f3n [...]<\/p><\/div>\n    <\/div>\n<\/div><div class=\"post-slide\"><div class=\"post-item with-btn\">\n    <div class=\"post-date\">\n            <span class=\"day\">22<\/span>\n    <span class=\"month\">Abr<\/span>\n        <\/div>\n    <h4>\n        <a href=\"https:\/\/mont-roig.cat\/es\/actualitat\/noticies\/la-escuela-de-musica-baptista-nogues-abre-las-inscripciones-para-el-casal-de-musica-de-verano-2026\/\">La Escuela de M\u00fasica Baptista Nogu\u00e9s abre las inscripciones para el Casal de M\u00fasica de verano 2026<\/a>\n    <\/h4>\n            <div class=\"post-image thumbnail\" style=\"clear: both;float: left;width: 30%;margin: 0 10px 10px 0;\">\n            <div class=\"thumb-info\">\n                <a href=\"https:\/\/mont-roig.cat\/es\/actualitat\/noticies\/la-escuela-de-musica-baptista-nogues-abre-las-inscripciones-para-el-casal-de-musica-de-verano-2026\/\">\n                    <img loading=\"lazy\" decoding=\"async\" class=\"img-responsive\" width=\"450\" height=\"231\" src=\"https:\/\/mont-roig.cat\/wp-content\/uploads\/MM_ESCOLA_MUSICA_2026_META-450x231.png\" alt=\"\" \/>\n                <\/a>\n                            <\/div>\n        <\/div>\n    \n    <div style=\"padding-top: 10px;\"><p class=\"post-excerpt\">\r\n \tLas actividades se llevar\u00e1n a cabo en Mont-roig del Camp del 29 de junio al 10 de julio [...]<\/p><\/div>\n    <\/div>\n<\/div><div class=\"post-slide\"><div class=\"post-item with-btn\">\n    <div class=\"post-date\">\n            <span class=\"day\">22<\/span>\n    <span class=\"month\">Abr<\/span>\n        <\/div>\n    <h4>\n        <a href=\"https:\/\/mont-roig.cat\/es\/actualitat\/noticies\/el-vecindario-de-mont-roig-del-camp-y-miami-platja-recibira-un-mensaje-es-alert-por-un-simulacro-de-emergencia-nuclear\/\">El vecindario de Mont-roig del Camp y Miami Platja recibir\u00e1 un mensaje \u2018ES-Alert\u2019 por un simulacro de emergencia nuclear<\/a>\n    <\/h4>\n            <div class=\"post-image thumbnail\" style=\"clear: both;float: left;width: 30%;margin: 0 10px 10px 0;\">\n            <div class=\"thumb-info\">\n                <a href=\"https:\/\/mont-roig.cat\/es\/actualitat\/noticies\/el-vecindario-de-mont-roig-del-camp-y-miami-platja-recibira-un-mensaje-es-alert-por-un-simulacro-de-emergencia-nuclear\/\">\n                    <img loading=\"lazy\" decoding=\"async\" class=\"img-responsive\" width=\"450\" height=\"231\" src=\"https:\/\/mont-roig.cat\/wp-content\/uploads\/pexels-jeshoots-116157-450x231.jpg\" alt=\"\" \/>\n                <\/a>\n                            <\/div>\n        <\/div>\n    \n    <div style=\"padding-top: 10px;\"><p class=\"post-excerpt\">\r\n\r\n\r\n \tEl lunes 27 de abril, a las 11:00 h, los tel\u00e9fonos m\u00f3viles recibir\u00e1n una notificaci\u00f3n de prueba para [...]<\/p><\/div>\n    <\/div>\n<\/div><div class=\"post-slide\"><div class=\"post-item with-btn\">\n    <div class=\"post-date\">\n            <span class=\"day\">22<\/span>\n    <span class=\"month\">Abr<\/span>\n        <\/div>\n    <h4>\n        <a href=\"https:\/\/mont-roig.cat\/es\/actualitat\/noticies\/abierto-oficialmente-el-plazo-para-presentar-las-candidaturas-a-pubilla-y-hereu-de-mont-roig-del-camp-2026\/\">Abierto oficialmente el plazo para presentar las candidaturas a Pubilla y Hereu de Mont-roig del Camp 2026<\/a>\n    <\/h4>\n            <div class=\"post-image thumbnail\" style=\"clear: both;float: left;width: 30%;margin: 0 10px 10px 0;\">\n            <div class=\"thumb-info\">\n                <a href=\"https:\/\/mont-roig.cat\/es\/actualitat\/noticies\/abierto-oficialmente-el-plazo-para-presentar-las-candidaturas-a-pubilla-y-hereu-de-mont-roig-del-camp-2026\/\">\n                    <img loading=\"lazy\" decoding=\"async\" class=\"img-responsive\" width=\"450\" height=\"231\" src=\"https:\/\/mont-roig.cat\/wp-content\/uploads\/MMCT_PUBILLA_HEREU26_META-450x231.jpg\" alt=\"\" \/>\n                <\/a>\n                            <\/div>\n        <\/div>\n    \n    <div style=\"padding-top: 10px;\"><p class=\"post-excerpt\">\r\n\r\n \tLas entidades y personas interesadas pueden formalizar la inscripci\u00f3n a trav\u00e9s de la Sede Electr\u00f3nica hasta el pr\u00f3ximo [...]<\/p><\/div>\n    <\/div>\n<\/div>        <\/div>\r\n    <\/div>\r\n    <\/div>[\/vc_column_inner][\/vc_row_inner][\/vc_column][vc_column width=&#8221;1\/3&#8243;][vc_custom_heading text=&#8221;Destacamos&#8221; use_theme_fonts=&#8221;yes&#8221;][vc_row_inner el_class=&#8221;destaquem&#8221;][vc_column_inner][vc_images_carousel images=&#8221;37128,57815&#8243; img_size=&#8221;full&#8221; onclick=&#8221;custom_link&#8221; custom_links_target=&#8221;_blank&#8221; autoplay=&#8221;yes&#8221; hide_pagination_control=&#8221;yes&#8221; hide_prev_next_buttons=&#8221;yes&#8221; wrap=&#8221;yes&#8221; css=&#8221;.vc_custom_1732791480368{margin-top: 0px !important;margin-right: 0px !important;margin-bottom: 0px !important;margin-left: 0px !important;border-top-width: 0px !important;border-right-width: 0px !important;border-bottom-width: 0px !important;border-left-width: 0px !important;padding-bottom: 10px !important;}&#8221; custom_links=&#8221;#E-8_aHR0cHMlM0ElMkYlMkZtb250LXJvaWcuY2F0JTJGYm9yc2EtdHJlYmFsbCUyRiUyQ2h0dHBzJTNBJTJGJTJGbW9udC1yb2lnLmNhdCUyRmVtcHJlc2VzJTJGJTJDaHR0cCUzQSUyRiUyRmNlbnRpbmVsYS5sZWZlYnZyZS5lcyUyRnB1YmxpYyUyRmNvbmNlcHQlMkYxNzcxNDA5JTNGYWNjZXNzJTNEcmNRWTcyNGlOWXFCMyUyNTJmeVppMFJBTzF6aFdUTGpwRVJpc2R5RE55Z3F4NzQlMjUzZCUyQyUyQw==&#8221;][vc_images_carousel images=&#8221;56510,22839&#8243; img_size=&#8221;full&#8221; onclick=&#8221;custom_link&#8221; custom_links_target=&#8221;_blank&#8221; autoplay=&#8221;yes&#8221; hide_pagination_control=&#8221;yes&#8221; hide_prev_next_buttons=&#8221;yes&#8221; wrap=&#8221;yes&#8221; css=&#8221;.vc_custom_1676980642558{margin-top: 0px !important;margin-right: 0px !important;margin-bottom: 0px !important;margin-left: 0px !important;border-top-width: 0px !important;border-right-width: 0px !important;border-bottom-width: 0px !important;border-left-width: 0px !important;padding-bottom: 10px !important;}&#8221; custom_links=&#8221;#E-8_aHR0cHMlM0ElMkYlMkZtb250LXJvaWcuY2F0JTJGZXMlMkZzZXJ2aWNpby1vYWMtMzYwJTJGJTJDaHR0cHMlM0ElMkYlMkZjaXRhcHJldmlhLm1vbnQtcm9pZy5jYXQlMkZtb250LXJvaWclMkYlM0ZpZGlvbWElM0Rlc19FUyUyM25iYg==&#8221;][vc_images_carousel images=&#8221;83522,72498&#8243; img_size=&#8221;full&#8221; onclick=&#8221;custom_link&#8221; custom_links_target=&#8221;_blank&#8221; autoplay=&#8221;yes&#8221; hide_pagination_control=&#8221;yes&#8221; hide_prev_next_buttons=&#8221;yes&#8221; wrap=&#8221;yes&#8221; css=&#8221;.vc_custom_1748850903801{margin-top: 0px !important;margin-right: 0px !important;margin-bottom: 0px !important;margin-left: 0px !important;border-top-width: 0px !important;border-right-width: 0px !important;border-bottom-width: 0px !important;border-left-width: 0px !important;padding-bottom: 10px !important;}&#8221; custom_links=&#8221;#E-8_aHR0cHMlM0ElMkYlMkZtb250LXJvaWcuY2F0JTJGZXMlMkZhY3R1YWxpdGF0JTJGbm90aWNpZXMlMkZtb250LXJvaWctZGVsLWNhbXAtcmVjb25vY2lkby1jb21vLW11bmljaXBpby1saWRlci1lbi10cmFuc2Zvcm1hY2lvbi1kaWdpdGFsLXktZ29iaWVybm8tYWJpZXJ0byUyRiUyQ2h0dHBzJTNBJTJGJTJGbW9udC1yb2lnLmVhZG1pbmlzdHJhY2lvLmNhdCUyRmNvbXBsYWludHMtY2hhbm5lbC4wLjElMkM=&#8221;][\/vc_column_inner][\/vc_row_inner][\/vc_column][\/vc_row][vc_row wrap_container=&#8221;yes&#8221; bg_type=&#8221;image&#8221; parallax_style=&#8221;vcpb-vz-jquery&#8221; bg_image_new=&#8221;3832|http:\/\/mont-roig.cat\/wp-content\/uploads\/bottom_logo_m.gif&#8221; bg_image_repeat=&#8221;no-repeat&#8221; bg_image_size=&#8221;initial&#8221; css=&#8221;.vc_custom_1448046210857{border-top-width: 5px !important;border-right-width: 0px !important;border-bottom-width: 0px !important;border-left-width: 0px !important;padding-top: 35px !important;padding-bottom: 35px !important;background-color: #f0f0ed !important;background-position: 0 0 !important;background-repeat: no-repeat !important;border-left-color: #ecece8 !important;border-left-style: solid !important;border-right-color: #ecece8 !important;border-right-style: solid !important;border-top-color: #ecece8 !important;border-top-style: solid !important;border-bottom-color: #ecece8 !important;border-bottom-style: solid !important;}&#8221;][vc_column width=&#8221;2\/3&#8243; el_class=&#8221;unclic&#8221;][vc_custom_heading text=&#8221;A un clic&#8221; use_theme_fonts=&#8221;yes&#8221;][vc_row_inner][vc_column_inner width=&#8221;1\/2&#8243;]<div class=\"aio-icon-component    style_3\"><div id=\"Info-box-wrap-5122\" class=\"aio-icon-box left-icon\" style=\"\"  ><div class=\"aio-icon-left\"><div class=\"ult-just-icon-wrapper  \"><div class=\"align-icon\" style=\"text-align:center;\">\n<div class=\"aio-icon advanced \" data-animation=\"rollIn\" data-animation-delay=\"03\" style=\"color:#ffffff;background:#95243c;border-style:;border-color:#333333;border-width:1px;width:35px;height:35px;line-height:35px;border-radius:500px;font-size:14px;display:inline-block;\">\n\t<i class=\"Defaults-group\"><\/i>\n<\/div><\/div><\/div><\/div><div class=\"aio-ibd-block\"><div class=\"aio-icon-header\" ><a class=\"aio-icon-box-link\" href=\"http:\/\/mont-roig.cat\/es\/ayuntamiento\/organs-de-representacio\/pleno\/\" ><h3 class=\"aio-icon-title ult-responsive\"  data-ultimate-target='#Info-box-wrap-5122 .aio-icon-title'  data-responsive-json-new='{\"font-size\":\"\",\"line-height\":\"\"}'  style=\"color:#95243c;\">Pleno municipal<\/h3><\/a><\/div> <!-- header --><div class=\"aio-icon-description ult-responsive\"  data-ultimate-target='#Info-box-wrap-5122 .aio-icon-description'  data-responsive-json-new='{\"font-size\":\"\",\"line-height\":\"\"}'  style=\"\">Visualiza las convocatorias y las \u00faltimas sesiones plenarias del Ayuntamiento<\/div> <!-- description --><\/div> <!-- aio-ibd-block --><\/div> <!-- aio-icon-box --><\/div> <!-- aio-icon-component -->[\/vc_column_inner][vc_column_inner width=&#8221;1\/2&#8243;]<div class=\"aio-icon-component    style_3\"><div id=\"Info-box-wrap-8479\" class=\"aio-icon-box left-icon\" style=\"\"  ><div class=\"aio-icon-left\"><div class=\"ult-just-icon-wrapper  \"><div class=\"align-icon\" style=\"text-align:center;\">\n<div class=\"aio-icon advanced \" data-animation=\"rollIn\" data-animation-delay=\"03\" style=\"color:#ffffff;background:#95243c;border-style:;border-color:#333333;border-width:1px;width:35px;height:35px;line-height:35px;border-radius:500px;font-size:14px;display:inline-block;\">\n\t<i class=\"Defaults-th-list\"><\/i>\n<\/div><\/div><\/div><\/div><div class=\"aio-ibd-block\"><div class=\"aio-icon-header\" ><a class=\"aio-icon-box-link\" href=\"http:\/\/mont-roig.cat\/es\/ayuntamiento\/funcionament\/perfil-del-contratante\/\" ><h3 class=\"aio-icon-title ult-responsive\"  data-ultimate-target='#Info-box-wrap-8479 .aio-icon-title'  data-responsive-json-new='{\"font-size\":\"\",\"line-height\":\"\"}'  style=\"color:#95243c;\">Perfil del contratante<\/h3><\/a><\/div> <!-- header --><div class=\"aio-icon-description ult-responsive\"  data-ultimate-target='#Info-box-wrap-8479 .aio-icon-description'  data-responsive-json-new='{\"font-size\":\"\",\"line-height\":\"\"}'  style=\"\">Consulta la actividad contractual del Ayuntamiento<\/div> <!-- description --><\/div> <!-- aio-ibd-block --><\/div> <!-- aio-icon-box --><\/div> <!-- aio-icon-component -->[\/vc_column_inner][\/vc_row_inner][vc_row_inner][vc_column_inner width=&#8221;1\/2&#8243;]<div class=\"aio-icon-component    style_3\"><div id=\"Info-box-wrap-8110\" class=\"aio-icon-box left-icon\" style=\"\"  ><div class=\"aio-icon-left\"><div class=\"ult-just-icon-wrapper  \"><div class=\"align-icon\" style=\"text-align:center;\">\n<div class=\"aio-icon advanced \" data-animation=\"rotateIn\" data-animation-delay=\"03\" style=\"color:#ffffff;background:#95243c;border-style:;border-color:#333333;border-width:1px;width:35px;height:35px;line-height:35px;border-radius:500px;font-size:14px;display:inline-block;\">\n\t<i class=\"Defaults-whatsapp\"><\/i>\n<\/div><\/div><\/div><\/div><div class=\"aio-ibd-block\"><div class=\"aio-icon-header\" ><a class=\"aio-icon-box-link\" href=\"https:\/\/citaprevia.mont-roig.cat\/mont-roig\/?idioma=es_ES#nbb\" title=\"Pedir Cita Previa OMAC\" target=\"_blank\" rel=\"noopener\" ><h3 class=\"aio-icon-title ult-responsive\"  data-ultimate-target='#Info-box-wrap-8110 .aio-icon-title'  data-responsive-json-new='{\"font-size\":\"\",\"line-height\":\"\"}'  style=\"color:#95243c;\">Cita previa<\/h3><\/a><\/div> <!-- header --><div class=\"aio-icon-description ult-responsive\"  data-ultimate-target='#Info-box-wrap-8110 .aio-icon-description'  data-responsive-json-new='{\"font-size\":\"\",\"line-height\":\"\"}'  style=\"\">Pide cita previa para ser atendido\/a, sin colas ni esperas<\/div> <!-- description --><\/div> <!-- aio-ibd-block --><\/div> <!-- aio-icon-box --><\/div> <!-- aio-icon-component -->[\/vc_column_inner][vc_column_inner width=&#8221;1\/2&#8243;]<div class=\"aio-icon-component    style_3\"><div id=\"Info-box-wrap-9907\" class=\"aio-icon-box left-icon\" style=\"\"  ><div class=\"aio-icon-left\"><div class=\"ult-just-icon-wrapper  \"><div class=\"align-icon\" style=\"text-align:center;\">\n<div class=\"aio-icon advanced \" data-animation=\"rotateIn\" data-animation-delay=\"03\" style=\"color:#ffffff;background:#95243c;border-style:;border-color:#333333;border-width:1px;width:35px;height:35px;line-height:35px;border-radius:500px;font-size:14px;display:inline-block;\">\n\t<i class=\"Defaults-file-o\"><\/i>\n<\/div><\/div><\/div><\/div><div class=\"aio-ibd-block\"><div class=\"aio-icon-header\" ><a class=\"aio-icon-box-link\" href=\"https:\/\/mont-roig.eadministracio.cat\/catalog\/t\/d16a5861-e4b2-43fe-a167-6c83cc5d1a7c\" target=\"_blank\" rel=\"noopener\" ><h3 class=\"aio-icon-title ult-responsive\"  data-ultimate-target='#Info-box-wrap-9907 .aio-icon-title'  data-responsive-json-new='{\"font-size\":\"\",\"line-height\":\"\"}'  style=\"color:#95243c;\">Tr\u00e1mites e instancias<\/h3><\/a><\/div> <!-- header --><div class=\"aio-icon-description ult-responsive\"  data-ultimate-target='#Info-box-wrap-9907 .aio-icon-description'  data-responsive-json-new='{\"font-size\":\"\",\"line-height\":\"\"}'  style=\"\">Solicitud de acceso a la informaci\u00f3n p\u00fablica<\/div> <!-- description --><\/div> <!-- aio-ibd-block --><\/div> <!-- aio-icon-box --><\/div> <!-- aio-icon-component -->[\/vc_column_inner][\/vc_row_inner][vc_row_inner][vc_column_inner width=&#8221;1\/2&#8243;]<div class=\"aio-icon-component    style_3\"><div id=\"Info-box-wrap-9355\" class=\"aio-icon-box left-icon\" style=\"\"  ><div class=\"aio-icon-left\"><div class=\"ult-just-icon-wrapper  \"><div class=\"align-icon\" style=\"text-align:center;\">\n<div class=\"aio-icon advanced \" data-animation=\"rotateIn\" data-animation-delay=\"03\" style=\"color:#ffffff;background:#95243c;border-style:;border-color:#333333;border-width:1px;width:35px;height:35px;line-height:35px;border-radius:500px;font-size:14px;display:inline-block;\">\n\t<i class=\"Defaults-gavel legal\"><\/i>\n<\/div><\/div><\/div><\/div><div class=\"aio-ibd-block\"><div class=\"aio-icon-header\" ><a class=\"aio-icon-box-link\" href=\"http:\/\/mont-roig.cat\/es\/ayuntamiento\/funcionament\/normativa-municipal\/\" ><h3 class=\"aio-icon-title ult-responsive\"  data-ultimate-target='#Info-box-wrap-9355 .aio-icon-title'  data-responsive-json-new='{\"font-size\":\"\",\"line-height\":\"\"}'  style=\"color:#95243c;\">Normativa municipal<\/h3><\/a><\/div> <!-- header --><div class=\"aio-icon-description ult-responsive\"  data-ultimate-target='#Info-box-wrap-9355 .aio-icon-description'  data-responsive-json-new='{\"font-size\":\"\",\"line-height\":\"\"}'  style=\"\">Accede al calendario del contribuyente y a\u00a0las\u00a0ordenanzas y reglamentos municipales<\/div> <!-- description --><\/div> <!-- aio-ibd-block --><\/div> <!-- aio-icon-box --><\/div> <!-- aio-icon-component -->[\/vc_column_inner][vc_column_inner width=&#8221;1\/2&#8243;]<div class=\"aio-icon-component    style_3\"><div id=\"Info-box-wrap-8789\" class=\"aio-icon-box left-icon\" style=\"\"  ><div class=\"aio-icon-left\"><div class=\"ult-just-icon-wrapper  \"><div class=\"align-icon\" style=\"text-align:center;\">\n<div class=\"aio-icon advanced \" data-animation=\"rollIn\" data-animation-delay=\"03\" style=\"color:#ffffff;background:#95243c;border-style:;border-color:#333333;border-width:1px;width:35px;height:35px;line-height:35px;border-radius:500px;font-size:14px;display:inline-block;\">\n\t<i class=\"Defaults-user\"><\/i>\n<\/div><\/div><\/div><\/div><div class=\"aio-ibd-block\"><div class=\"aio-icon-header\" ><a class=\"aio-icon-box-link\" href=\"http:\/\/mont-roig.cat\/es\/ayuntamiento\/funcionament\/recursos-humanos\/convocatorias\/\" ><h3 class=\"aio-icon-title ult-responsive\"  data-ultimate-target='#Info-box-wrap-8789 .aio-icon-title'  data-responsive-json-new='{\"font-size\":\"\",\"line-height\":\"\"}'  style=\"color:#95243c;\">Procesos selectivos<\/h3><\/a><\/div> <!-- header --><div class=\"aio-icon-description ult-responsive\"  data-ultimate-target='#Info-box-wrap-8789 .aio-icon-description'  data-responsive-json-new='{\"font-size\":\"\",\"line-height\":\"\"}'  style=\"\">Informaci\u00f3n sobre los procesos selectivos en curso<\/div> <!-- description --><\/div> <!-- aio-ibd-block --><\/div> <!-- aio-icon-box --><\/div> <!-- aio-icon-component -->[\/vc_column_inner][\/vc_row_inner][vc_row_inner][vc_column_inner width=&#8221;1\/2&#8243;]<div class=\"aio-icon-component    style_3\"><div id=\"Info-box-wrap-6715\" class=\"aio-icon-box left-icon\" style=\"\"  ><div class=\"aio-icon-left\"><div class=\"ult-just-icon-wrapper  \"><div class=\"align-icon\" style=\"text-align:center;\">\n<div class=\"aio-icon advanced \" data-animation=\"rotateIn\" data-animation-delay=\"03\" style=\"color:#ffffff;background:#95243c;border-style:;border-color:#333333;border-width:1px;width:35px;height:35px;line-height:35px;border-radius:500px;font-size:14px;display:inline-block;\">\n\t<i class=\"Defaults-list-alt\"><\/i>\n<\/div><\/div><\/div><\/div><div class=\"aio-ibd-block\"><div class=\"aio-icon-header\" ><a class=\"aio-icon-box-link\" href=\"https:\/\/mont-roig.cat\/borsa-treball\/\" title=\"Borsa de treball\" target=\"_blank\" rel=\"noopener\" ><h3 class=\"aio-icon-title ult-responsive\"  data-ultimate-target='#Info-box-wrap-6715 .aio-icon-title'  data-responsive-json-new='{\"font-size\":\"\",\"line-height\":\"\"}'  style=\"color:#95243c;\">Bolsa de trabajo<\/h3><\/a><\/div> <!-- header --><div class=\"aio-icon-description ult-responsive\"  data-ultimate-target='#Info-box-wrap-6715 .aio-icon-description'  data-responsive-json-new='{\"font-size\":\"\",\"line-height\":\"\"}'  style=\"\">Si est\u00e1s en el paro o eres empresario y ofreces un puesto de trabajo este es tu espacio<\/div> <!-- description --><\/div> <!-- aio-ibd-block --><\/div> <!-- aio-icon-box --><\/div> <!-- aio-icon-component -->[\/vc_column_inner][vc_column_inner width=&#8221;1\/2&#8243;]<div class=\"aio-icon-component    style_3\"><div id=\"Info-box-wrap-7021\" class=\"aio-icon-box left-icon\" style=\"\"  ><div class=\"aio-icon-left\"><div class=\"ult-just-icon-wrapper  \"><div class=\"align-icon\" style=\"text-align:center;\">\n<div class=\"aio-icon advanced \" data-animation=\"rollIn\" data-animation-delay=\"03\" style=\"color:#ffffff;background:#95243c;border-style:;border-color:#333333;border-width:1px;width:35px;height:35px;line-height:35px;border-radius:500px;font-size:14px;display:inline-block;\">\n\t<i class=\"Defaults-book\"><\/i>\n<\/div><\/div><\/div><\/div><div class=\"aio-ibd-block\"><div class=\"aio-icon-header\" ><a class=\"aio-icon-box-link\" href=\"http:\/\/mont-roig.cat\/es\/ayuntamiento\/areas\/educacion\/\" ><h3 class=\"aio-icon-title ult-responsive\"  data-ultimate-target='#Info-box-wrap-7021 .aio-icon-title'  data-responsive-json-new='{\"font-size\":\"\",\"line-height\":\"\"}'  style=\"color:#95243c;\">Educaci\u00f3n<\/h3><\/a><\/div> <!-- header --><div class=\"aio-icon-description ult-responsive\"  data-ultimate-target='#Info-box-wrap-7021 .aio-icon-description'  data-responsive-json-new='{\"font-size\":\"\",\"line-height\":\"\"}'  style=\"\">Toda la informaci\u00f3n sobre inscripciones, transporte y comedor escolar<\/div> <!-- description --><\/div> <!-- aio-ibd-block --><\/div> <!-- aio-icon-box --><\/div> <!-- aio-icon-component -->[\/vc_column_inner][\/vc_row_inner][vc_row_inner][vc_column_inner width=&#8221;1\/2&#8243;]<div class=\"aio-icon-component    style_3\"><div id=\"Info-box-wrap-6566\" class=\"aio-icon-box left-icon\" style=\"\"  ><div class=\"aio-icon-left\"><div class=\"ult-just-icon-wrapper  \"><div class=\"align-icon\" style=\"text-align:center;\">\n<div class=\"aio-icon advanced \" data-animation=\"rotateIn\" data-animation-delay=\"03\" style=\"color:#ffffff;background:#95243c;border-style:;border-color:#333333;border-width:1px;width:35px;height:35px;line-height:35px;border-radius:500px;font-size:14px;display:inline-block;\">\n\t<i class=\"Defaults-bullhorn\"><\/i>\n<\/div><\/div><\/div><\/div><div class=\"aio-ibd-block\"><div class=\"aio-icon-header\" ><a class=\"aio-icon-box-link\" href=\"http:\/\/mont-roig.cat\/es\/ayuntamiento\/organs-de-representacio\/pleno\/grupos-municipales\/\" title=\"Grupos Municipales\" target=\"_blank\" rel=\"noopener\" ><h3 class=\"aio-icon-title ult-responsive\"  data-ultimate-target='#Info-box-wrap-6566 .aio-icon-title'  data-responsive-json-new='{\"font-size\":\"\",\"line-height\":\"\"}'  style=\"color:#95243c;\">Contacta con los Grupos Municipales<\/h3><\/a><\/div> <!-- header --><div class=\"aio-icon-description ult-responsive\"  data-ultimate-target='#Info-box-wrap-6566 .aio-icon-description'  data-responsive-json-new='{\"font-size\":\"\",\"line-height\":\"\"}'  style=\"\">Ponte en contacto con los regidores i conoce las \u00faltimas novedades de cada grupo<\/div> <!-- description --><\/div> <!-- aio-ibd-block --><\/div> <!-- aio-icon-box --><\/div> <!-- aio-icon-component -->[\/vc_column_inner][vc_column_inner width=&#8221;1\/2&#8243;]<div class=\"aio-icon-component    style_3\"><div id=\"Info-box-wrap-3271\" class=\"aio-icon-box left-icon\" style=\"\"  ><div class=\"aio-icon-left\"><div class=\"ult-just-icon-wrapper  \"><div class=\"align-icon\" style=\"text-align:center;\">\n<div class=\"aio-icon advanced \" data-animation=\"rollIn\" data-animation-delay=\"03\" style=\"color:#ffffff;background:#95243c;border-style:;border-color:#333333;border-width:1px;width:35px;height:35px;line-height:35px;border-radius:500px;font-size:14px;display:inline-block;\">\n\t<i class=\"Defaults-film\"><\/i>\n<\/div><\/div><\/div><\/div><div class=\"aio-ibd-block\"><div class=\"aio-icon-header\" ><a class=\"aio-icon-box-link\" href=\"http:\/\/mont-roig.cat\/es\/ayuntamiento\/areas\/juventud\/\" ><h3 class=\"aio-icon-title ult-responsive\"  data-ultimate-target='#Info-box-wrap-3271 .aio-icon-title'  data-responsive-json-new='{\"font-size\":\"\",\"line-height\":\"\"}'  style=\"color:#95243c;\">Juventud<\/h3><\/a><\/div> <!-- header --><div class=\"aio-icon-description ult-responsive\"  data-ultimate-target='#Info-box-wrap-3271 .aio-icon-description'  data-responsive-json-new='{\"font-size\":\"\",\"line-height\":\"\"}'  style=\"\">Consulta las propuestas de los programas de actividades para j\u00f3venes K.dat y Tokl&#8217;2<\/div> <!-- description --><\/div> <!-- aio-ibd-block --><\/div> <!-- aio-icon-box --><\/div> <!-- aio-icon-component -->[\/vc_column_inner][\/vc_row_inner][\/vc_column][vc_column width=&#8221;1\/3&#8243;][vc_custom_heading text=&#8221;Im\u00e1genes&#8221; use_theme_fonts=&#8221;yes&#8221; link=&#8221;url:https%3A%2F%2Fwww.flickr.com%2Fphotos%2Fajmont-roig||&#8221;][vc_column_text]<div id=\"flickr_recent_1708\"><div class=\"slickr-flickr-gallery sf-lightbox\"><ul><li class=\"active\"><a href=\"https:\/\/live.staticflickr.com\/65535\/55226053772_a248eb2fa7_b.jpg\"  ><img decoding=\"async\" src=\"https:\/\/live.staticflickr.com\/65535\/55226053772_a248eb2fa7_s.jpg\"   title=\"Sant Jordi Miami Platja\" \/><\/a><\/li><li><a href=\"https:\/\/live.staticflickr.com\/65535\/55226959961_a96666dcee_b.jpg\"  ><img decoding=\"async\" src=\"https:\/\/live.staticflickr.com\/65535\/55226959961_a96666dcee_s.jpg\"   title=\"Sant Jordi Miami Platja\" \/><\/a><\/li><li><a href=\"https:\/\/live.staticflickr.com\/65535\/55226053832_2d8ebe53b8_b.jpg\"  ><img decoding=\"async\" src=\"https:\/\/live.staticflickr.com\/65535\/55226053832_2d8ebe53b8_s.jpg\"   title=\"Sant Jordi Miami Platja\" \/><\/a><\/li><li><a href=\"https:\/\/live.staticflickr.com\/65535\/55227206584_bfda43b27f_b.jpg\"  ><img decoding=\"async\" src=\"https:\/\/live.staticflickr.com\/65535\/55227206584_bfda43b27f_s.jpg\"   title=\"Sant Jordi Miami Platja\" \/><\/a><\/li><li><a href=\"https:\/\/live.staticflickr.com\/65535\/55226959991_d0753ae8fb_b.jpg\"  ><img decoding=\"async\" src=\"https:\/\/live.staticflickr.com\/65535\/55226959991_d0753ae8fb_s.jpg\"   title=\"Sant Jordi Miami Platja\" \/><\/a><\/li><li><a href=\"https:\/\/live.staticflickr.com\/65535\/55227369395_ca07f9212a_b.jpg\"  ><img decoding=\"async\" src=\"https:\/\/live.staticflickr.com\/65535\/55227369395_ca07f9212a_s.jpg\"   title=\"Sant Jordi Miami Platja\" \/><\/a><\/li><li><a href=\"https:\/\/live.staticflickr.com\/65535\/55227123388_06215663f3_b.jpg\"  ><img decoding=\"async\" src=\"https:\/\/live.staticflickr.com\/65535\/55227123388_06215663f3_s.jpg\"   title=\"Sant Jordi Miami Platja\" \/><\/a><\/li><li><a href=\"https:\/\/live.staticflickr.com\/65535\/55227369425_345a089833_b.jpg\"  ><img decoding=\"async\" src=\"https:\/\/live.staticflickr.com\/65535\/55227369425_345a089833_s.jpg\"   title=\"Sant Jordi Miami Platja\" \/><\/a><\/li><li><a href=\"https:\/\/live.staticflickr.com\/65535\/55227123398_d6d3d00934_b.jpg\"  ><img decoding=\"async\" src=\"https:\/\/live.staticflickr.com\/65535\/55227123398_d6d3d00934_s.jpg\"   title=\"Sant Jordi Miami Platja\" \/><\/a><\/li><li><a href=\"https:\/\/live.staticflickr.com\/65535\/55227369420_c1d02047be_b.jpg\"  ><img decoding=\"async\" src=\"https:\/\/live.staticflickr.com\/65535\/55227369420_c1d02047be_s.jpg\"   title=\"Sant Jordi Miami Platja\" \/><\/a><\/li><li><a href=\"https:\/\/live.staticflickr.com\/65535\/55227206629_e5ba47a722_b.jpg\"  ><img decoding=\"async\" src=\"https:\/\/live.staticflickr.com\/65535\/55227206629_e5ba47a722_s.jpg\"   title=\"Sant Jordi Miami Platja\" \/><\/a><\/li><li><a href=\"https:\/\/live.staticflickr.com\/65535\/55226960046_0c82c56a81_b.jpg\"  ><img decoding=\"async\" src=\"https:\/\/live.staticflickr.com\/65535\/55226960046_0c82c56a81_s.jpg\"   title=\"Sant Jordi Miami Platja\" \/><\/a><\/li><li><a href=\"https:\/\/live.staticflickr.com\/65535\/55227206664_4168d910a6_b.jpg\"  ><img decoding=\"async\" src=\"https:\/\/live.staticflickr.com\/65535\/55227206664_4168d910a6_s.jpg\"   title=\"Sant Jordi Miami Platja\" \/><\/a><\/li><li><a href=\"https:\/\/live.staticflickr.com\/65535\/55226960036_a2054f6239_b.jpg\"  ><img decoding=\"async\" src=\"https:\/\/live.staticflickr.com\/65535\/55226960036_a2054f6239_s.jpg\"   title=\"Sant Jordi Miami Platja\" \/><\/a><\/li><li><a href=\"https:\/\/live.staticflickr.com\/65535\/55227206669_f3fac03856_b.jpg\"  ><img decoding=\"async\" src=\"https:\/\/live.staticflickr.com\/65535\/55227206669_f3fac03856_s.jpg\"   title=\"Sant Jordi Miami Platja\" \/><\/a><\/li><li><a href=\"https:\/\/live.staticflickr.com\/65535\/55226053897_f8465820f3_b.jpg\"  ><img decoding=\"async\" src=\"https:\/\/live.staticflickr.com\/65535\/55226053897_f8465820f3_s.jpg\"   title=\"Sant Jordi Miami Platja\" \/><\/a><\/li><li><a href=\"https:\/\/live.staticflickr.com\/65535\/55226960086_5a5f14c9c6_b.jpg\"  ><img decoding=\"async\" src=\"https:\/\/live.staticflickr.com\/65535\/55226960086_5a5f14c9c6_s.jpg\"   title=\"Sant Jordi Miami Platja\" \/><\/a><\/li><li><a href=\"https:\/\/live.staticflickr.com\/65535\/55226053902_a1d1c3ea94_b.jpg\"  ><img decoding=\"async\" src=\"https:\/\/live.staticflickr.com\/65535\/55226053902_a1d1c3ea94_s.jpg\"   title=\"Sant Jordi Miami Platja\" \/><\/a><\/li><li><a href=\"https:\/\/live.staticflickr.com\/65535\/55227206689_6bd4b9693b_b.jpg\"  ><img decoding=\"async\" src=\"https:\/\/live.staticflickr.com\/65535\/55227206689_6bd4b9693b_s.jpg\"   title=\"Sant Jordi Miami Platja\" \/><\/a><\/li><li><a href=\"https:\/\/live.staticflickr.com\/65535\/55227369455_2a9a31fc46_b.jpg\"  ><img decoding=\"async\" src=\"https:\/\/live.staticflickr.com\/65535\/55227369455_2a9a31fc46_s.jpg\"   title=\"Sant Jordi Miami Platja\" \/><\/a><\/li><\/ul><\/div><script type=\"text\/javascript\">jQuery(\"#flickr_recent_1708\").data(\"options\",{\"caption\":true,\"desc\":false,\"auto\":true,\"pause\":5000,\"speed\":500,\"mode\":\"fade\",\"dynamic\":true,\"dynamicEl\":[{\"thumb\":\"https:\\\/\\\/live.staticflickr.com\\\/65535\\\/55226053772_a248eb2fa7_s.jpg\",\"src\":\"https:\\\/\\\/live.staticflickr.com\\\/65535\\\/55226053772_a248eb2fa7_b.jpg\",\"caption\":\"Sant Jordi Miami Platja\"},{\"thumb\":\"https:\\\/\\\/live.staticflickr.com\\\/65535\\\/55226959961_a96666dcee_s.jpg\",\"src\":\"https:\\\/\\\/live.staticflickr.com\\\/65535\\\/55226959961_a96666dcee_b.jpg\",\"caption\":\"Sant Jordi Miami Platja\"},{\"thumb\":\"https:\\\/\\\/live.staticflickr.com\\\/65535\\\/55226053832_2d8ebe53b8_s.jpg\",\"src\":\"https:\\\/\\\/live.staticflickr.com\\\/65535\\\/55226053832_2d8ebe53b8_b.jpg\",\"caption\":\"Sant Jordi Miami Platja\"},{\"thumb\":\"https:\\\/\\\/live.staticflickr.com\\\/65535\\\/55227206584_bfda43b27f_s.jpg\",\"src\":\"https:\\\/\\\/live.staticflickr.com\\\/65535\\\/55227206584_bfda43b27f_b.jpg\",\"caption\":\"Sant Jordi Miami Platja\"},{\"thumb\":\"https:\\\/\\\/live.staticflickr.com\\\/65535\\\/55226959991_d0753ae8fb_s.jpg\",\"src\":\"https:\\\/\\\/live.staticflickr.com\\\/65535\\\/55226959991_d0753ae8fb_b.jpg\",\"caption\":\"Sant Jordi Miami Platja\"},{\"thumb\":\"https:\\\/\\\/live.staticflickr.com\\\/65535\\\/55227369395_ca07f9212a_s.jpg\",\"src\":\"https:\\\/\\\/live.staticflickr.com\\\/65535\\\/55227369395_ca07f9212a_b.jpg\",\"caption\":\"Sant Jordi Miami Platja\"},{\"thumb\":\"https:\\\/\\\/live.staticflickr.com\\\/65535\\\/55227123388_06215663f3_s.jpg\",\"src\":\"https:\\\/\\\/live.staticflickr.com\\\/65535\\\/55227123388_06215663f3_b.jpg\",\"caption\":\"Sant Jordi Miami Platja\"},{\"thumb\":\"https:\\\/\\\/live.staticflickr.com\\\/65535\\\/55227369425_345a089833_s.jpg\",\"src\":\"https:\\\/\\\/live.staticflickr.com\\\/65535\\\/55227369425_345a089833_b.jpg\",\"caption\":\"Sant Jordi Miami Platja\"},{\"thumb\":\"https:\\\/\\\/live.staticflickr.com\\\/65535\\\/55227123398_d6d3d00934_s.jpg\",\"src\":\"https:\\\/\\\/live.staticflickr.com\\\/65535\\\/55227123398_d6d3d00934_b.jpg\",\"caption\":\"Sant Jordi Miami Platja\"},{\"thumb\":\"https:\\\/\\\/live.staticflickr.com\\\/65535\\\/55227369420_c1d02047be_s.jpg\",\"src\":\"https:\\\/\\\/live.staticflickr.com\\\/65535\\\/55227369420_c1d02047be_b.jpg\",\"caption\":\"Sant Jordi Miami Platja\"},{\"thumb\":\"https:\\\/\\\/live.staticflickr.com\\\/65535\\\/55227206629_e5ba47a722_s.jpg\",\"src\":\"https:\\\/\\\/live.staticflickr.com\\\/65535\\\/55227206629_e5ba47a722_b.jpg\",\"caption\":\"Sant Jordi Miami Platja\"},{\"thumb\":\"https:\\\/\\\/live.staticflickr.com\\\/65535\\\/55226960046_0c82c56a81_s.jpg\",\"src\":\"https:\\\/\\\/live.staticflickr.com\\\/65535\\\/55226960046_0c82c56a81_b.jpg\",\"caption\":\"Sant Jordi Miami Platja\"},{\"thumb\":\"https:\\\/\\\/live.staticflickr.com\\\/65535\\\/55227206664_4168d910a6_s.jpg\",\"src\":\"https:\\\/\\\/live.staticflickr.com\\\/65535\\\/55227206664_4168d910a6_b.jpg\",\"caption\":\"Sant Jordi Miami Platja\"},{\"thumb\":\"https:\\\/\\\/live.staticflickr.com\\\/65535\\\/55226960036_a2054f6239_s.jpg\",\"src\":\"https:\\\/\\\/live.staticflickr.com\\\/65535\\\/55226960036_a2054f6239_b.jpg\",\"caption\":\"Sant Jordi Miami Platja\"},{\"thumb\":\"https:\\\/\\\/live.staticflickr.com\\\/65535\\\/55227206669_f3fac03856_s.jpg\",\"src\":\"https:\\\/\\\/live.staticflickr.com\\\/65535\\\/55227206669_f3fac03856_b.jpg\",\"caption\":\"Sant Jordi Miami Platja\"},{\"thumb\":\"https:\\\/\\\/live.staticflickr.com\\\/65535\\\/55226053897_f8465820f3_s.jpg\",\"src\":\"https:\\\/\\\/live.staticflickr.com\\\/65535\\\/55226053897_f8465820f3_b.jpg\",\"caption\":\"Sant Jordi Miami Platja\"},{\"thumb\":\"https:\\\/\\\/live.staticflickr.com\\\/65535\\\/55226960086_5a5f14c9c6_s.jpg\",\"src\":\"https:\\\/\\\/live.staticflickr.com\\\/65535\\\/55226960086_5a5f14c9c6_b.jpg\",\"caption\":\"Sant Jordi Miami Platja\"},{\"thumb\":\"https:\\\/\\\/live.staticflickr.com\\\/65535\\\/55226053902_a1d1c3ea94_s.jpg\",\"src\":\"https:\\\/\\\/live.staticflickr.com\\\/65535\\\/55226053902_a1d1c3ea94_b.jpg\",\"caption\":\"Sant Jordi Miami Platja\"},{\"thumb\":\"https:\\\/\\\/live.staticflickr.com\\\/65535\\\/55227206689_6bd4b9693b_s.jpg\",\"src\":\"https:\\\/\\\/live.staticflickr.com\\\/65535\\\/55227206689_6bd4b9693b_b.jpg\",\"caption\":\"Sant Jordi Miami Platja\"},{\"thumb\":\"https:\\\/\\\/live.staticflickr.com\\\/65535\\\/55227369455_2a9a31fc46_s.jpg\",\"src\":\"https:\\\/\\\/live.staticflickr.com\\\/65535\\\/55227369455_2a9a31fc46_b.jpg\",\"caption\":\"Sant Jordi Miami Platja\"}]});<\/script><div style=\"clear:both\"><\/div><\/div>\n<p style=\"text-align: center;\"><a href=\"https:\/\/www.flickr.com\/photos\/59337209@N06\" target=\"_blank\" rel=\"noopener\">Ver todas las fotos en Flickr<\/a><\/p>\n[\/vc_column_text][\/vc_column][\/vc_row]\n<\/div>","protected":false},"excerpt":{"rendered":"<p>[vc_row][vc_column][\/vc_column][\/vc_row][vc_row is_section=&#8221;yes&#8221; section_skin=&#8221;parallax&#8221; remove_margin_top=&#8221;yes&#8221; remove_margin_bottom=&#8221;yes&#8221; remove_padding_bottom=&#8221;yes&#8221;][vc_column][\/vc_column][\/vc_row][vc_row wrap_container=&#8221;yes&#8221;][vc_column width=&#8221;2\/3&#8243; el_class=&#8221;info-box-small-wrap&#8221;][vc_row_inner][vc_column_inner][vc_custom_heading text=&#8221;Not\u00edcias&#8221; use_theme_fonts=&#8221;yes&#8221;][\/vc_column_inner][\/vc_row_inner][\/vc_column][vc_column width=&#8221;1\/3&#8243;][vc_custom_heading text=&#8221;Destacamos&#8221; use_theme_fonts=&#8221;yes&#8221;][vc_row_inner el_class=&#8221;destaquem&#8221;][vc_column_inner][vc_images_carousel images=&#8221;37128,57815&#8243; img_size=&#8221;full&#8221; onclick=&#8221;custom_link&#8221; custom_links_target=&#8221;_blank&#8221; autoplay=&#8221;yes&#8221; hide_pagination_control=&#8221;yes&#8221; hide_prev_next_buttons=&#8221;yes&#8221; wrap=&#8221;yes&#8221; css=&#8221;.vc_custom_1732791480368{margin-top: 0px !important;margin-right: 0px !important;margin-bottom: 0px !important;margin-left: 0px !important;border-top-width: 0px !important;border-right-width: 0px !important;border-bottom-width: 0px !important;border-left-width: 0px !important;padding-bottom: 10px !important;}&#8221; custom_links=&#8221;#E-8_aHR0cHMlM0ElMkYlMkZtb250LXJvaWcuY2F0JTJGYm9yc2EtdHJlYmFsbCUyRiUyQ2h0dHBzJTNBJTJGJTJGbW9udC1yb2lnLmNhdCUyRmVtcHJlc2VzJTJGJTJDaHR0cCUzQSUyRiUyRmNlbnRpbmVsYS5sZWZlYnZyZS5lcyUyRnB1YmxpYyUyRmNvbmNlcHQlMkYxNzcxNDA5JTNGYWNjZXNzJTNEcmNRWTcyNGlOWXFCMyUyNTJmeVppMFJBTzF6aFdUTGpwRVJpc2R5RE55Z3F4NzQlMjUzZCUyQyUyQw==&#8221;][vc_images_carousel images=&#8221;56510,22839&#8243; img_size=&#8221;full&#8221; onclick=&#8221;custom_link&#8221; custom_links_target=&#8221;_blank&#8221; autoplay=&#8221;yes&#8221; hide_pagination_control=&#8221;yes&#8221; hide_prev_next_buttons=&#8221;yes&#8221; wrap=&#8221;yes&#8221; css=&#8221;.vc_custom_1676980642558{margin-top: 0px !important;margin-right: 0px [&hellip;]<\/p>\n","protected":false},"author":4,"featured_media":0,"parent":0,"menu_order":0,"comment_status":"closed","ping_status":"closed","template":"","meta":{"inline_featured_image":false,"_monsterinsights_skip_tracking":false,"_monsterinsights_sitenote_active":false,"_monsterinsights_sitenote_note":"","_monsterinsights_sitenote_category":0,"footnotes":""},"class_list":["post-7795","page","type-page","status-publish","hentry"],"yoast_head":"<!-- This site is optimized with the Yoast SEO plugin v27.4 - https:\/\/yoast.com\/product\/yoast-seo-wordpress\/ -->\n<title>P\u00e1gina de Inicio - Ayuntamiento de Mont-roig del Camp<\/title>\n<meta name=\"robots\" content=\"index, follow, max-snippet:-1, max-image-preview:large, max-video-preview:-1\" \/>\n<link rel=\"canonical\" href=\"https:\/\/mont-roig.cat\/es\/\" \/>\n<meta property=\"og:locale\" content=\"es_ES\" \/>\n<meta property=\"og:type\" content=\"article\" \/>\n<meta property=\"og:title\" content=\"P\u00e1gina de Inicio - Ayuntamiento de Mont-roig del Camp\" \/>\n<meta property=\"og:description\" content=\"[vc_row][vc_column][\/vc_column][\/vc_row][vc_row is_section=&#8221;yes&#8221; section_skin=&#8221;parallax&#8221; remove_margin_top=&#8221;yes&#8221; remove_margin_bottom=&#8221;yes&#8221; remove_padding_bottom=&#8221;yes&#8221;][vc_column][\/vc_column][\/vc_row][vc_row wrap_container=&#8221;yes&#8221;][vc_column width=&#8221;2\/3&#8243; el_class=&#8221;info-box-small-wrap&#8221;][vc_row_inner][vc_column_inner][vc_custom_heading text=&#8221;Not\u00edcias&#8221; use_theme_fonts=&#8221;yes&#8221;][\/vc_column_inner][\/vc_row_inner][\/vc_column][vc_column width=&#8221;1\/3&#8243;][vc_custom_heading text=&#8221;Destacamos&#8221; use_theme_fonts=&#8221;yes&#8221;][vc_row_inner el_class=&#8221;destaquem&#8221;][vc_column_inner][vc_images_carousel images=&#8221;37128,57815&#8243; img_size=&#8221;full&#8221; onclick=&#8221;custom_link&#8221; custom_links_target=&#8221;_blank&#8221; autoplay=&#8221;yes&#8221; hide_pagination_control=&#8221;yes&#8221; hide_prev_next_buttons=&#8221;yes&#8221; wrap=&#8221;yes&#8221; css=&#8221;.vc_custom_1732791480368{margin-top: 0px !important;margin-right: 0px !important;margin-bottom: 0px !important;margin-left: 0px !important;border-top-width: 0px !important;border-right-width: 0px !important;border-bottom-width: 0px !important;border-left-width: 0px !important;padding-bottom: 10px !important;}&#8221; custom_links=&#8221;#E-8_aHR0cHMlM0ElMkYlMkZtb250LXJvaWcuY2F0JTJGYm9yc2EtdHJlYmFsbCUyRiUyQ2h0dHBzJTNBJTJGJTJGbW9udC1yb2lnLmNhdCUyRmVtcHJlc2VzJTJGJTJDaHR0cCUzQSUyRiUyRmNlbnRpbmVsYS5sZWZlYnZyZS5lcyUyRnB1YmxpYyUyRmNvbmNlcHQlMkYxNzcxNDA5JTNGYWNjZXNzJTNEcmNRWTcyNGlOWXFCMyUyNTJmeVppMFJBTzF6aFdUTGpwRVJpc2R5RE55Z3F4NzQlMjUzZCUyQyUyQw==&#8221;][vc_images_carousel images=&#8221;56510,22839&#8243; img_size=&#8221;full&#8221; onclick=&#8221;custom_link&#8221; custom_links_target=&#8221;_blank&#8221; autoplay=&#8221;yes&#8221; hide_pagination_control=&#8221;yes&#8221; hide_prev_next_buttons=&#8221;yes&#8221; wrap=&#8221;yes&#8221; css=&#8221;.vc_custom_1676980642558{margin-top: 0px !important;margin-right: 0px [&hellip;]\" \/>\n<meta property=\"og:url\" content=\"https:\/\/mont-roig.cat\/es\/\" \/>\n<meta property=\"og:site_name\" content=\"Ajuntament de Mont-roig del Camp\" \/>\n<meta property=\"article:modified_time\" content=\"2025-11-11T07:28:58+00:00\" \/>\n<meta property=\"og:image\" content=\"https:\/\/mont-roig.cat\/wp-content\/uploads\/aj-mont-roig-2.jpg\" \/>\n\t<meta property=\"og:image:width\" content=\"1200\" \/>\n\t<meta property=\"og:image:height\" content=\"600\" \/>\n\t<meta property=\"og:image:type\" content=\"image\/jpeg\" \/>\n<meta name=\"twitter:card\" content=\"summary_large_image\" \/>\n<meta name=\"twitter:label1\" content=\"Tiempo de lectura\" \/>\n\t<meta name=\"twitter:data1\" content=\"4 minutos\" \/>\n<script type=\"application\/ld+json\" class=\"yoast-schema-graph\">{\"@context\":\"https:\\\/\\\/schema.org\",\"@graph\":[{\"@type\":\"WebPage\",\"@id\":\"https:\\\/\\\/mont-roig.cat\\\/es\\\/\",\"url\":\"https:\\\/\\\/mont-roig.cat\\\/es\\\/\",\"name\":\"P\u00e1gina de Inicio - Ayuntamiento de Mont-roig del Camp\",\"isPartOf\":{\"@id\":\"https:\\\/\\\/mont-roig.cat\\\/es\\\/#website\"},\"datePublished\":\"2015-05-05T15:19:32+00:00\",\"dateModified\":\"2025-11-11T07:28:58+00:00\",\"breadcrumb\":{\"@id\":\"https:\\\/\\\/mont-roig.cat\\\/es\\\/#breadcrumb\"},\"inLanguage\":\"es\",\"potentialAction\":[{\"@type\":\"ReadAction\",\"target\":[\"https:\\\/\\\/mont-roig.cat\\\/es\\\/\"]}]},{\"@type\":\"BreadcrumbList\",\"@id\":\"https:\\\/\\\/mont-roig.cat\\\/es\\\/#breadcrumb\",\"itemListElement\":[{\"@type\":\"ListItem\",\"position\":1,\"name\":\"Inici\",\"item\":\"https:\\\/\\\/mont-roig.cat\\\/es\\\/pagina-de-inicio\\\/\"},{\"@type\":\"ListItem\",\"position\":2,\"name\":\"P\u00e1gina de inicio\"}]},{\"@type\":\"WebSite\",\"@id\":\"https:\\\/\\\/mont-roig.cat\\\/es\\\/#website\",\"url\":\"https:\\\/\\\/mont-roig.cat\\\/es\\\/\",\"name\":\"Ajuntament de Mont-roig del Camp\",\"description\":\"Tota la informaci\u00f3 sobre la instituci\u00f3, els seus \u00f2rgans de govern, actualitat, serveis i molt m\u00e9s.\",\"potentialAction\":[{\"@type\":\"SearchAction\",\"target\":{\"@type\":\"EntryPoint\",\"urlTemplate\":\"https:\\\/\\\/mont-roig.cat\\\/es\\\/?s={search_term_string}\"},\"query-input\":{\"@type\":\"PropertyValueSpecification\",\"valueRequired\":true,\"valueName\":\"search_term_string\"}}],\"inLanguage\":\"es\"}]}<\/script>\n<!-- \/ Yoast SEO plugin. -->","yoast_head_json":{"title":"P\u00e1gina de Inicio - Ayuntamiento de Mont-roig del Camp","robots":{"index":"index","follow":"follow","max-snippet":"max-snippet:-1","max-image-preview":"max-image-preview:large","max-video-preview":"max-video-preview:-1"},"canonical":"https:\/\/mont-roig.cat\/es\/","og_locale":"es_ES","og_type":"article","og_title":"P\u00e1gina de Inicio - Ayuntamiento de Mont-roig del Camp","og_description":"[vc_row][vc_column][\/vc_column][\/vc_row][vc_row is_section=&#8221;yes&#8221; section_skin=&#8221;parallax&#8221; remove_margin_top=&#8221;yes&#8221; remove_margin_bottom=&#8221;yes&#8221; remove_padding_bottom=&#8221;yes&#8221;][vc_column][\/vc_column][\/vc_row][vc_row wrap_container=&#8221;yes&#8221;][vc_column width=&#8221;2\/3&#8243; el_class=&#8221;info-box-small-wrap&#8221;][vc_row_inner][vc_column_inner][vc_custom_heading text=&#8221;Not\u00edcias&#8221; use_theme_fonts=&#8221;yes&#8221;][\/vc_column_inner][\/vc_row_inner][\/vc_column][vc_column width=&#8221;1\/3&#8243;][vc_custom_heading text=&#8221;Destacamos&#8221; use_theme_fonts=&#8221;yes&#8221;][vc_row_inner el_class=&#8221;destaquem&#8221;][vc_column_inner][vc_images_carousel images=&#8221;37128,57815&#8243; img_size=&#8221;full&#8221; onclick=&#8221;custom_link&#8221; custom_links_target=&#8221;_blank&#8221; autoplay=&#8221;yes&#8221; hide_pagination_control=&#8221;yes&#8221; hide_prev_next_buttons=&#8221;yes&#8221; wrap=&#8221;yes&#8221; css=&#8221;.vc_custom_1732791480368{margin-top: 0px !important;margin-right: 0px !important;margin-bottom: 0px !important;margin-left: 0px !important;border-top-width: 0px !important;border-right-width: 0px !important;border-bottom-width: 0px !important;border-left-width: 0px !important;padding-bottom: 10px !important;}&#8221; custom_links=&#8221;#E-8_aHR0cHMlM0ElMkYlMkZtb250LXJvaWcuY2F0JTJGYm9yc2EtdHJlYmFsbCUyRiUyQ2h0dHBzJTNBJTJGJTJGbW9udC1yb2lnLmNhdCUyRmVtcHJlc2VzJTJGJTJDaHR0cCUzQSUyRiUyRmNlbnRpbmVsYS5sZWZlYnZyZS5lcyUyRnB1YmxpYyUyRmNvbmNlcHQlMkYxNzcxNDA5JTNGYWNjZXNzJTNEcmNRWTcyNGlOWXFCMyUyNTJmeVppMFJBTzF6aFdUTGpwRVJpc2R5RE55Z3F4NzQlMjUzZCUyQyUyQw==&#8221;][vc_images_carousel images=&#8221;56510,22839&#8243; img_size=&#8221;full&#8221; onclick=&#8221;custom_link&#8221; custom_links_target=&#8221;_blank&#8221; autoplay=&#8221;yes&#8221; hide_pagination_control=&#8221;yes&#8221; hide_prev_next_buttons=&#8221;yes&#8221; wrap=&#8221;yes&#8221; css=&#8221;.vc_custom_1676980642558{margin-top: 0px !important;margin-right: 0px [&hellip;]","og_url":"https:\/\/mont-roig.cat\/es\/","og_site_name":"Ajuntament de Mont-roig del Camp","article_modified_time":"2025-11-11T07:28:58+00:00","og_image":[{"width":1200,"height":600,"url":"https:\/\/mont-roig.cat\/wp-content\/uploads\/aj-mont-roig-2.jpg","type":"image\/jpeg"}],"twitter_card":"summary_large_image","twitter_misc":{"Tiempo de lectura":"4 minutos"},"schema":{"@context":"https:\/\/schema.org","@graph":[{"@type":"WebPage","@id":"https:\/\/mont-roig.cat\/es\/","url":"https:\/\/mont-roig.cat\/es\/","name":"P\u00e1gina de Inicio - Ayuntamiento de Mont-roig del Camp","isPartOf":{"@id":"https:\/\/mont-roig.cat\/es\/#website"},"datePublished":"2015-05-05T15:19:32+00:00","dateModified":"2025-11-11T07:28:58+00:00","breadcrumb":{"@id":"https:\/\/mont-roig.cat\/es\/#breadcrumb"},"inLanguage":"es","potentialAction":[{"@type":"ReadAction","target":["https:\/\/mont-roig.cat\/es\/"]}]},{"@type":"BreadcrumbList","@id":"https:\/\/mont-roig.cat\/es\/#breadcrumb","itemListElement":[{"@type":"ListItem","position":1,"name":"Inici","item":"https:\/\/mont-roig.cat\/es\/pagina-de-inicio\/"},{"@type":"ListItem","position":2,"name":"P\u00e1gina de inicio"}]},{"@type":"WebSite","@id":"https:\/\/mont-roig.cat\/es\/#website","url":"https:\/\/mont-roig.cat\/es\/","name":"Ajuntament de Mont-roig del Camp","description":"Tota la informaci\u00f3 sobre la instituci\u00f3, els seus \u00f2rgans de govern, actualitat, serveis i molt m\u00e9s.","potentialAction":[{"@type":"SearchAction","target":{"@type":"EntryPoint","urlTemplate":"https:\/\/mont-roig.cat\/es\/?s={search_term_string}"},"query-input":{"@type":"PropertyValueSpecification","valueRequired":true,"valueName":"search_term_string"}}],"inLanguage":"es"}]}},"_links":{"self":[{"href":"https:\/\/mont-roig.cat\/es\/wp-json\/wp\/v2\/pages\/7795","targetHints":{"allow":["GET"]}}],"collection":[{"href":"https:\/\/mont-roig.cat\/es\/wp-json\/wp\/v2\/pages"}],"about":[{"href":"https:\/\/mont-roig.cat\/es\/wp-json\/wp\/v2\/types\/page"}],"author":[{"embeddable":true,"href":"https:\/\/mont-roig.cat\/es\/wp-json\/wp\/v2\/users\/4"}],"replies":[{"embeddable":true,"href":"https:\/\/mont-roig.cat\/es\/wp-json\/wp\/v2\/comments?post=7795"}],"version-history":[{"count":97,"href":"https:\/\/mont-roig.cat\/es\/wp-json\/wp\/v2\/pages\/7795\/revisions"}],"predecessor-version":[{"id":86640,"href":"https:\/\/mont-roig.cat\/es\/wp-json\/wp\/v2\/pages\/7795\/revisions\/86640"}],"wp:attachment":[{"href":"https:\/\/mont-roig.cat\/es\/wp-json\/wp\/v2\/media?parent=7795"}],"curies":[{"name":"wp","href":"https:\/\/api.w.org\/{rel}","templated":true}]}}