{"id":8055,"date":"2015-12-17T22:21:04","date_gmt":"2015-12-17T21:21:04","guid":{"rendered":"http:\/\/mont-roig.cat\/es\/mapa-web-2\/"},"modified":"2016-02-27T21:26:58","modified_gmt":"2016-02-27T20:26:58","slug":"mapa-web-ayuntamiento","status":"publish","type":"page","link":"https:\/\/mont-roig.cat\/es\/mapa-web-ayuntamiento\/","title":{"rendered":"Mapa web"},"content":{"rendered":"<div class=\"wpb-content-wrapper\">[vc_row el_id=&#8221;sitemap&#8221;][vc_column width=&#8221;1\/4&#8243;][vc_column_text]\n<h3><a href=\"https:\/\/mont-roig.cat\/es\/ayuntamiento\/\">Ayuntamiento<\/a><\/h3>\n<div class=\"widget_custom_menu_wizard shortcode_custom_menu_wizard\"><div class=\"menu-menu-ajuntament-ca-spanish-container\"><ul id=\"menu-menu-ajuntament-ca-spanish\" class=\"menu-widget  \" data-cmwv=\"3.3.1\" data-cmws='{&quot;menu&quot;:117,&quot;branch&quot;:9115,&quot;start_at&quot;:&quot;+1&quot;,&quot;title_from&quot;:&quot;current-1&quot;,&quot;title_linked&quot;:1}'><li id=\"menu-item-9419\" class=\"menu-item menu-item-type-post_type menu-item-object-page menu-item-has-children cmw-level-1 cmw-has-submenu cmw-menu-item-had-children menu-item-9419\"><a href=\"https:\/\/mont-roig.cat\/es\/ayuntamiento\/organs-de-representacio\/\">\u00d3rganos de representaci\u00f3n<\/a>\n<ul class=\"sub-menu\">\n\t<li id=\"menu-item-9116\" class=\"menu-item menu-item-type-post_type menu-item-object-page menu-item-has-children cmw-level-2 cmw-has-submenu cmw-menu-item-had-children menu-item-9116\"><a href=\"https:\/\/mont-roig.cat\/es\/ayuntamiento\/organs-de-representacio\/alcalde\/\">Alcalde<\/a>\n\t<ul class=\"sub-menu\">\n\t\t<li id=\"menu-item-51337\" class=\"menu-item menu-item-type-post_type menu-item-object-page cmw-level-3 menu-item-51337\"><a href=\"https:\/\/mont-roig.cat\/es\/ayuntamiento\/organs-de-representacio\/alcalde\/pedir-cita\/\">Pedir cita con el alcalde<\/a><\/li>\n\t\t<li id=\"menu-item-24794\" class=\"menu-item menu-item-type-custom menu-item-object-custom cmw-level-3 menu-item-24794\"><a href=\"http:\/\/mont-roig.cat\/agenda-alcalde\">Agenda del alcalde<\/a><\/li>\n\t<\/ul>\n<\/li>\n\t<li id=\"menu-item-9117\" class=\"menu-item menu-item-type-post_type menu-item-object-page menu-item-has-children cmw-level-2 cmw-has-submenu cmw-menu-item-had-children menu-item-9117\"><a href=\"https:\/\/mont-roig.cat\/es\/ayuntamiento\/organs-de-representacio\/organigrama\/\">Gobierno<\/a>\n\t<ul class=\"sub-menu\">\n\t\t<li id=\"menu-item-15775\" class=\"menu-item menu-item-type-post_type menu-item-object-page cmw-level-3 menu-item-15775\"><a href=\"https:\/\/mont-roig.cat\/es\/ayuntamiento\/organs-de-representacio\/organigrama\/decretos\/\">Decretos<\/a><\/li>\n\t<\/ul>\n<\/li>\n\t<li id=\"menu-item-9118\" class=\"menu-item menu-item-type-post_type menu-item-object-page menu-item-has-children cmw-level-2 cmw-has-submenu cmw-menu-item-had-children menu-item-9118\"><a href=\"https:\/\/mont-roig.cat\/es\/ayuntamiento\/organs-de-representacio\/pleno\/\">Pleno<\/a>\n\t<ul class=\"sub-menu\">\n\t\t<li id=\"menu-item-10691\" class=\"menu-item menu-item-type-post_type menu-item-object-page cmw-level-3 menu-item-10691\"><a href=\"https:\/\/mont-roig.cat\/es\/ayuntamiento\/organs-de-representacio\/pleno\/composicion-del-pleno\/\">Composici\u00f3n del Pleno<\/a><\/li>\n\t\t<li id=\"menu-item-10692\" class=\"menu-item menu-item-type-post_type menu-item-object-page cmw-level-3 menu-item-10692\"><a href=\"https:\/\/mont-roig.cat\/es\/ayuntamiento\/organs-de-representacio\/pleno\/convocatorias-los-plenos\/\">Convocatorias de los Plenos<\/a><\/li>\n\t\t<li id=\"menu-item-10693\" class=\"menu-item menu-item-type-post_type menu-item-object-page cmw-level-3 menu-item-10693\"><a href=\"https:\/\/mont-roig.cat\/es\/ayuntamiento\/organs-de-representacio\/pleno\/actas-los-plenos\/\">Actas de los Plenos<\/a><\/li>\n\t<\/ul>\n<\/li>\n\t<li id=\"menu-item-9119\" class=\"menu-item menu-item-type-post_type menu-item-object-page menu-item-has-children cmw-level-2 cmw-has-submenu cmw-menu-item-had-children menu-item-9119\"><a href=\"https:\/\/mont-roig.cat\/es\/ayuntamiento\/organs-de-representacio\/junta-de-gobierno-local\/\">Junta de Gobierno Local<\/a>\n\t<ul class=\"sub-menu\">\n\t\t<li id=\"menu-item-10243\" class=\"menu-item menu-item-type-post_type menu-item-object-page cmw-level-3 menu-item-10243\"><a href=\"https:\/\/mont-roig.cat\/es\/ayuntamiento\/organs-de-representacio\/junta-de-gobierno-local\/actas-juntas-gobierno-local\/\">Actas Juntas de Gobierno Local<\/a><\/li>\n\t<\/ul>\n<\/li>\n\t<li id=\"menu-item-9420\" class=\"menu-item menu-item-type-post_type menu-item-object-page cmw-level-2 menu-item-9420\"><a href=\"https:\/\/mont-roig.cat\/es\/ayuntamiento\/organs-de-representacio\/comissions-informatives-2\/\">Comisiones Informativas<\/a><\/li>\n\t<li id=\"menu-item-9421\" class=\"menu-item menu-item-type-post_type menu-item-object-page cmw-level-2 menu-item-9421\"><a href=\"https:\/\/mont-roig.cat\/es\/ayuntamiento\/organs-de-representacio\/informacio-carrecs-electes\/\">Informaci\u00f3n cargos electos<\/a><\/li>\n\t<li id=\"menu-item-89905\" class=\"menu-item menu-item-type-post_type menu-item-object-page cmw-level-2 menu-item-89905\"><a href=\"https:\/\/mont-roig.cat\/es\/ayuntamiento\/organs-de-representacio\/grupos-municipales\/\">Grupos municipales<\/a><\/li>\n<\/ul>\n<\/li>\n<li id=\"menu-item-9120\" class=\"menu-item menu-item-type-post_type menu-item-object-page menu-item-has-children cmw-level-1 cmw-has-submenu cmw-menu-item-had-children menu-item-9120\"><a href=\"https:\/\/mont-roig.cat\/es\/ayuntamiento\/areas\/\">\u00c1reas<\/a>\n<ul class=\"sub-menu\">\n\t<li id=\"menu-item-33848\" class=\"menu-item menu-item-type-post_type menu-item-object-page cmw-level-2 menu-item-33848\"><a href=\"https:\/\/mont-roig.cat\/es\/comunicacion-y-prensa\/\">Comunicaci\u00f3n y Prensa<\/a><\/li>\n\t<li id=\"menu-item-9138\" class=\"menu-item menu-item-type-post_type menu-item-object-page menu-item-has-children cmw-level-2 cmw-has-submenu cmw-menu-item-had-children menu-item-9138\"><a href=\"https:\/\/mont-roig.cat\/es\/ayuntamiento\/areas\/cultura\/\">Cultura<\/a>\n\t<ul class=\"sub-menu\">\n\t\t<li id=\"menu-item-9139\" class=\"menu-item menu-item-type-post_type menu-item-object-page cmw-level-3 menu-item-9139\"><a href=\"https:\/\/mont-roig.cat\/es\/ayuntamiento\/areas\/cultura\/actividades-culturales\/\">Actividades culturales<\/a><\/li>\n\t\t<li id=\"menu-item-9140\" class=\"menu-item menu-item-type-post_type menu-item-object-page cmw-level-3 menu-item-9140\"><a href=\"https:\/\/mont-roig.cat\/es\/ayuntamiento\/areas\/cultura\/biblioteca\/\">Biblioteca<\/a><\/li>\n\t\t<li id=\"menu-item-9142\" class=\"menu-item menu-item-type-post_type menu-item-object-page cmw-level-3 menu-item-9142\"><a href=\"https:\/\/mont-roig.cat\/es\/ayuntamiento\/areas\/cultura\/casa-de-cultura\/\">Casa de Cultura<\/a><\/li>\n\t\t<li id=\"menu-item-9144\" class=\"menu-item menu-item-type-post_type menu-item-object-page cmw-level-3 menu-item-9144\"><a href=\"https:\/\/mont-roig.cat\/es\/ayuntamiento\/areas\/cultura\/centro-polivalente-sant-jaume\/\">Centro polivalente Sant Jaume<\/a><\/li>\n\t\t<li id=\"menu-item-58104\" class=\"menu-item menu-item-type-post_type menu-item-object-page menu-item-has-children cmw-level-3 cmw-has-submenu cmw-menu-item-had-children menu-item-58104\"><a href=\"https:\/\/mont-roig.cat\/es\/ayuntamiento\/areas\/cultura\/ruta-historica\/\">Ruta hist\u00f3rica. Un paseo por la historia<\/a>\n\t\t<ul class=\"sub-menu\">\n\t\t\t<li id=\"menu-item-58137\" class=\"menu-item menu-item-type-post_type menu-item-object-page cmw-level-4 menu-item-58137\"><a href=\"https:\/\/mont-roig.cat\/es\/ayuntamiento\/areas\/cultura\/ruta-historica\/barranc-pont\/\">Primer puente y barranco del primer puente<\/a><\/li>\n\t\t\t<li id=\"menu-item-58136\" class=\"menu-item menu-item-type-post_type menu-item-object-page cmw-level-4 menu-item-58136\"><a href=\"https:\/\/mont-roig.cat\/es\/ayuntamiento\/areas\/cultura\/ruta-historica\/fuente-sabatera\/\">Fuente de la Sabatera<\/a><\/li>\n\t\t\t<li id=\"menu-item-58134\" class=\"menu-item menu-item-type-post_type menu-item-object-page cmw-level-4 menu-item-58134\"><a href=\"https:\/\/mont-roig.cat\/es\/ayuntamiento\/areas\/cultura\/ruta-historica\/plaza-miramar\/\">Plaza de Miramar<\/a><\/li>\n\t\t\t<li id=\"menu-item-58133\" class=\"menu-item menu-item-type-post_type menu-item-object-page cmw-level-4 menu-item-58133\"><a href=\"https:\/\/mont-roig.cat\/es\/ayuntamiento\/areas\/cultura\/ruta-historica\/casa-cultura\/\">Casa de Cultura Agust\u00ed Sard\u00e0<\/a><\/li>\n\t\t\t<li id=\"menu-item-58132\" class=\"menu-item menu-item-type-post_type menu-item-object-page cmw-level-4 menu-item-58132\"><a href=\"https:\/\/mont-roig.cat\/es\/ayuntamiento\/areas\/cultura\/ruta-historica\/plaza-miro\/\">Plaza de Joan Mir\u00f3<\/a><\/li>\n\t\t\t<li id=\"menu-item-58131\" class=\"menu-item menu-item-type-post_type menu-item-object-page cmw-level-4 menu-item-58131\"><a href=\"https:\/\/mont-roig.cat\/es\/ayuntamiento\/areas\/cultura\/ruta-historica\/plaza-mossen\/\">Plaza de Moss\u00e8n Gaiet\u00e0 Ivern<\/a><\/li>\n\t\t\t<li id=\"menu-item-58130\" class=\"menu-item menu-item-type-post_type menu-item-object-page cmw-level-4 menu-item-58130\"><a href=\"https:\/\/mont-roig.cat\/es\/ayuntamiento\/areas\/cultura\/ruta-historica\/calle-pica\/\">Parte posterior de la Iglesia Nueva en la calle de la Pica<\/a><\/li>\n\t\t\t<li id=\"menu-item-58129\" class=\"menu-item menu-item-type-post_type menu-item-object-page cmw-level-4 menu-item-58129\"><a href=\"https:\/\/mont-roig.cat\/es\/ayuntamiento\/areas\/cultura\/ruta-historica\/portal-canal\/\">Portal de la Canal<\/a><\/li>\n\t\t\t<li id=\"menu-item-58128\" class=\"menu-item menu-item-type-post_type menu-item-object-page cmw-level-4 menu-item-58128\"><a href=\"https:\/\/mont-roig.cat\/es\/ayuntamiento\/areas\/cultura\/ruta-historica\/torreon-miami\/\">Torre\u00f3n de Miami Platja<\/a><\/li>\n\t\t\t<li id=\"menu-item-58127\" class=\"menu-item menu-item-type-post_type menu-item-object-page cmw-level-4 menu-item-58127\"><a href=\"https:\/\/mont-roig.cat\/es\/ayuntamiento\/areas\/cultura\/ruta-historica\/n340\/\">Carretera Nacional 340<\/a><\/li>\n\t\t\t<li id=\"menu-item-58126\" class=\"menu-item menu-item-type-post_type menu-item-object-page cmw-level-4 menu-item-58126\"><a href=\"https:\/\/mont-roig.cat\/es\/ayuntamiento\/areas\/cultura\/ruta-historica\/vista-miami\/\">Fotografia a\u00e9rea de Miami Platja<\/a><\/li>\n\t\t\t<li id=\"menu-item-58125\" class=\"menu-item menu-item-type-post_type menu-item-object-page cmw-level-4 menu-item-58125\"><a href=\"https:\/\/mont-roig.cat\/es\/ayuntamiento\/areas\/cultura\/ruta-historica\/plaza-tarragona\/\">Plaza de Tarragona<\/a><\/li>\n\t\t\t<li id=\"menu-item-58135\" class=\"menu-item menu-item-type-post_type menu-item-object-page cmw-level-4 menu-item-58135\"><a href=\"https:\/\/mont-roig.cat\/es\/ayuntamiento\/areas\/cultura\/ruta-historica\/hotel-miami\/\">Hotel Miami Platja<\/a><\/li>\n\t\t\t<li id=\"menu-item-58124\" class=\"menu-item menu-item-type-post_type menu-item-object-page cmw-level-4 menu-item-58124\"><a href=\"https:\/\/mont-roig.cat\/es\/ayuntamiento\/areas\/cultura\/ruta-historica\/primeros-edificios\/\">Primeros edificios de Miami Platja<\/a><\/li>\n\t\t<\/ul>\n<\/li>\n\t<\/ul>\n<\/li>\n\t<li id=\"menu-item-9145\" class=\"menu-item menu-item-type-post_type menu-item-object-page menu-item-has-children cmw-level-2 cmw-has-submenu cmw-menu-item-had-children menu-item-9145\"><a href=\"https:\/\/mont-roig.cat\/es\/ayuntamiento\/areas\/educacion\/\">Educaci\u00f3n<\/a>\n\t<ul class=\"sub-menu\">\n\t\t<li id=\"menu-item-75258\" class=\"menu-item menu-item-type-post_type menu-item-object-page cmw-level-3 menu-item-75258\"><a href=\"https:\/\/mont-roig.cat\/es\/ayuntamiento\/areas\/educacion\/ome\/\">OME (Oficina Municipal de Escolarizaci\u00f3n)<\/a><\/li>\n\t\t<li id=\"menu-item-9146\" class=\"menu-item menu-item-type-post_type menu-item-object-page menu-item-has-children cmw-level-3 cmw-has-submenu cmw-menu-item-had-children menu-item-9146\"><a href=\"https:\/\/mont-roig.cat\/es\/ayuntamiento\/areas\/educacion\/centros-educativos\/\">Centros educativos<\/a>\n\t\t<ul class=\"sub-menu\">\n\t\t\t<li id=\"menu-item-9147\" class=\"menu-item menu-item-type-post_type menu-item-object-page cmw-level-4 menu-item-9147\"><a href=\"https:\/\/mont-roig.cat\/es\/ayuntamiento\/areas\/educacion\/centros-educativos\/guarderias-infantiles\/\">Guarder\u00edas infantiles<\/a><\/li>\n\t\t\t<li id=\"menu-item-9148\" class=\"menu-item menu-item-type-post_type menu-item-object-page menu-item-has-children cmw-level-4 cmw-has-submenu cmw-menu-item-had-children menu-item-9148\"><a href=\"https:\/\/mont-roig.cat\/es\/ayuntamiento\/areas\/educacion\/centros-educativos\/escuelas\/\">Escuelas<\/a>\n\t\t\t<ul class=\"sub-menu\">\n\t\t\t\t<li id=\"menu-item-9151\" class=\"menu-item menu-item-type-post_type menu-item-object-page cmw-level-5 menu-item-9151\"><a href=\"https:\/\/mont-roig.cat\/es\/ayuntamiento\/areas\/educacion\/servicio-de-acogida-matinal\/\">Servicio de acogida matinal<\/a><\/li>\n\t\t\t\t<li id=\"menu-item-9152\" class=\"menu-item menu-item-type-post_type menu-item-object-page cmw-level-5 menu-item-9152\"><a href=\"https:\/\/mont-roig.cat\/es\/ayuntamiento\/areas\/educacion\/servicio-de-comedor-escolar\/\">Servicio de comedor escolar<\/a><\/li>\n\t\t\t<\/ul>\n<\/li>\n\t\t\t<li id=\"menu-item-9149\" class=\"menu-item menu-item-type-post_type menu-item-object-page cmw-level-4 menu-item-9149\"><a href=\"https:\/\/mont-roig.cat\/es\/ayuntamiento\/areas\/educacion\/centros-educativos\/instituto\/\">Institutos<\/a><\/li>\n\t\t\t<li id=\"menu-item-9141\" class=\"menu-item menu-item-type-post_type menu-item-object-page cmw-level-4 menu-item-9141\"><a href=\"https:\/\/mont-roig.cat\/es\/ayuntamiento\/areas\/educacion\/escuela-de-musica\/\">Escuela de m\u00fasica<\/a><\/li>\n\t\t<\/ul>\n<\/li>\n\t\t<li id=\"menu-item-9150\" class=\"menu-item menu-item-type-post_type menu-item-object-page cmw-level-3 menu-item-9150\"><a href=\"https:\/\/mont-roig.cat\/es\/ayuntamiento\/areas\/educacion\/servicio-de-transporte-escolar\/\">Servicio de transporte escolar<\/a><\/li>\n\t\t<li id=\"menu-item-32752\" class=\"menu-item menu-item-type-post_type menu-item-object-page cmw-level-3 menu-item-32752\"><a href=\"https:\/\/mont-roig.cat\/es\/ayuntamiento\/areas\/educacion\/plan-educativo-de-entorno\/\">Plan Educativo de Entorno<\/a><\/li>\n\t<\/ul>\n<\/li>\n\t<li id=\"menu-item-9156\" class=\"menu-item menu-item-type-post_type menu-item-object-page menu-item-has-children cmw-level-2 cmw-has-submenu cmw-menu-item-had-children menu-item-9156\"><a href=\"https:\/\/mont-roig.cat\/es\/ayuntamiento\/areas\/deportes\/\">Deportes<\/a>\n\t<ul class=\"sub-menu\">\n\t\t<li id=\"menu-item-9157\" class=\"menu-item menu-item-type-post_type menu-item-object-page cmw-level-3 menu-item-9157\"><a href=\"https:\/\/mont-roig.cat\/es\/ayuntamiento\/areas\/deportes\/actividades-dirigidas-adultos\/\">Actividades dirigidas adultos y mayores de 65 a\u00f1os<\/a><\/li>\n\t\t<li id=\"menu-item-9158\" class=\"menu-item menu-item-type-post_type menu-item-object-page cmw-level-3 menu-item-9158\"><a href=\"https:\/\/mont-roig.cat\/es\/ayuntamiento\/areas\/deportes\/deportes-para-ninos\/\">Deportes para ni\u00f1os<\/a><\/li>\n\t\t<li id=\"menu-item-9159\" class=\"menu-item menu-item-type-post_type menu-item-object-page cmw-level-3 menu-item-9159\"><a href=\"https:\/\/mont-roig.cat\/es\/ayuntamiento\/areas\/deportes\/actividades-deportivas-verano\/\">Actividades deportivas verano<\/a><\/li>\n\t\t<li id=\"menu-item-53842\" class=\"menu-item menu-item-type-post_type menu-item-object-page cmw-level-3 menu-item-53842\"><a href=\"https:\/\/mont-roig.cat\/es\/parque-lili-alvarez\/\">Parque Deportivo Lil\u00ed \u00c1lvarez<\/a><\/li>\n\t<\/ul>\n<\/li>\n\t<li id=\"menu-item-9121\" class=\"menu-item menu-item-type-post_type menu-item-object-page menu-item-has-children cmw-level-2 cmw-has-submenu cmw-menu-item-had-children menu-item-9121\"><a href=\"https:\/\/mont-roig.cat\/es\/ayuntamiento\/areas\/fiestas\/\">Fiestas<\/a>\n\t<ul class=\"sub-menu\">\n\t\t<li id=\"menu-item-9122\" class=\"menu-item menu-item-type-post_type menu-item-object-page cmw-level-3 menu-item-9122\"><a href=\"https:\/\/mont-roig.cat\/es\/ayuntamiento\/areas\/fiestas\/carnaval\/\">Carnaval<\/a><\/li>\n\t\t<li id=\"menu-item-9123\" class=\"menu-item menu-item-type-post_type menu-item-object-page cmw-level-3 menu-item-9123\"><a href=\"https:\/\/mont-roig.cat\/es\/ayuntamiento\/areas\/fiestas\/san-jose\/\">San Josep<\/a><\/li>\n\t\t<li id=\"menu-item-9124\" class=\"menu-item menu-item-type-post_type menu-item-object-page cmw-level-3 menu-item-9124\"><a href=\"https:\/\/mont-roig.cat\/es\/ayuntamiento\/areas\/fiestas\/semana-santa\/\">Semana Santa<\/a><\/li>\n\t\t<li id=\"menu-item-9125\" class=\"menu-item menu-item-type-post_type menu-item-object-page cmw-level-3 menu-item-9125\"><a href=\"https:\/\/mont-roig.cat\/es\/ayuntamiento\/areas\/fiestas\/homenaje-la-vejez\/\">Homenaje a la vejez<\/a><\/li>\n\t\t<li id=\"menu-item-9126\" class=\"menu-item menu-item-type-post_type menu-item-object-page cmw-level-3 menu-item-9126\"><a href=\"https:\/\/mont-roig.cat\/es\/ayuntamiento\/areas\/fiestas\/sant-jordi\/\">Sant Jordi<\/a><\/li>\n\t\t<li id=\"menu-item-9127\" class=\"menu-item menu-item-type-post_type menu-item-object-page cmw-level-3 menu-item-9127\"><a href=\"https:\/\/mont-roig.cat\/es\/ayuntamiento\/areas\/fiestas\/eleccion-de-la-pubilla\/\">Elecci\u00f3n de la Pubilla y el Hereu<\/a><\/li>\n\t\t<li id=\"menu-item-9128\" class=\"menu-item menu-item-type-post_type menu-item-object-page cmw-level-3 menu-item-9128\"><a href=\"https:\/\/mont-roig.cat\/es\/ayuntamiento\/areas\/fiestas\/verbena-de-san-juan\/\">Verbena de San Juan<\/a><\/li>\n\t\t<li id=\"menu-item-9129\" class=\"menu-item menu-item-type-post_type menu-item-object-page cmw-level-3 menu-item-9129\"><a href=\"https:\/\/mont-roig.cat\/es\/ayuntamiento\/areas\/fiestas\/sant-jaume\/\">Sant Jaume<\/a><\/li>\n\t\t<li id=\"menu-item-9130\" class=\"menu-item menu-item-type-post_type menu-item-object-page cmw-level-3 menu-item-9130\"><a href=\"https:\/\/mont-roig.cat\/es\/ayuntamiento\/areas\/fiestas\/fira-mont-roig-del-camp\/\">Fira Mont-roig del Camp<\/a><\/li>\n\t\t<li id=\"menu-item-9131\" class=\"menu-item menu-item-type-post_type menu-item-object-page cmw-level-3 menu-item-9131\"><a href=\"https:\/\/mont-roig.cat\/es\/ayuntamiento\/areas\/fiestas\/fiestas-de-barrios\/\">Fiestas de Barrios<\/a><\/li>\n\t\t<li id=\"menu-item-9132\" class=\"menu-item menu-item-type-post_type menu-item-object-page cmw-level-3 menu-item-9132\"><a href=\"https:\/\/mont-roig.cat\/es\/ayuntamiento\/areas\/fiestas\/festa-de-les-pobles\/\">Festa de les Pobles<\/a><\/li>\n\t\t<li id=\"menu-item-9133\" class=\"menu-item menu-item-type-post_type menu-item-object-page cmw-level-3 menu-item-9133\"><a href=\"https:\/\/mont-roig.cat\/es\/ayuntamiento\/areas\/fiestas\/fiesta-pirata\/\">Fiesta Pirata<\/a><\/li>\n\t\t<li id=\"menu-item-9134\" class=\"menu-item menu-item-type-post_type menu-item-object-page cmw-level-3 menu-item-9134\"><a href=\"https:\/\/mont-roig.cat\/es\/ayuntamiento\/areas\/fiestas\/mare-de-deu-de-la-roca\/\">Mare de D\u00e9u de la Roca<\/a><\/li>\n\t\t<li id=\"menu-item-9135\" class=\"menu-item menu-item-type-post_type menu-item-object-page cmw-level-3 menu-item-9135\"><a href=\"https:\/\/mont-roig.cat\/es\/ayuntamiento\/areas\/fiestas\/diada-de-catalunya\/\">Diada de Catalunya<\/a><\/li>\n\t\t<li id=\"menu-item-9136\" class=\"menu-item menu-item-type-post_type menu-item-object-page cmw-level-3 menu-item-9136\"><a href=\"https:\/\/mont-roig.cat\/es\/ayuntamiento\/areas\/fiestas\/sant-miquel\/\">Sant Miquel<\/a><\/li>\n\t\t<li id=\"menu-item-9137\" class=\"menu-item menu-item-type-post_type menu-item-object-page cmw-level-3 menu-item-9137\"><a href=\"https:\/\/mont-roig.cat\/es\/ayuntamiento\/areas\/fiestas\/navidad\/\">Navidad<\/a><\/li>\n\t<\/ul>\n<\/li>\n\t<li id=\"menu-item-9170\" class=\"menu-item menu-item-type-post_type menu-item-object-page menu-item-has-children cmw-level-2 cmw-has-submenu cmw-menu-item-had-children menu-item-9170\"><a href=\"https:\/\/mont-roig.cat\/es\/ayuntamiento\/areas\/impulso-economico-y-ocupacion\/\">Impulso Econ\u00f3mico y Ocupaci\u00f3n<\/a>\n\t<ul class=\"sub-menu\">\n\t\t<li id=\"menu-item-9171\" class=\"menu-item menu-item-type-post_type menu-item-object-page cmw-level-3 menu-item-9171\"><a href=\"https:\/\/mont-roig.cat\/es\/ayuntamiento\/areas\/impulso-economico-y-ocupacion\/bolsa-de-trabajo\/\">Bolsa de trabajo<\/a><\/li>\n\t\t<li id=\"menu-item-83172\" class=\"menu-item menu-item-type-post_type menu-item-object-page cmw-level-3 menu-item-83172\"><a href=\"https:\/\/mont-roig.cat\/es\/ayuntamiento\/areas\/impulso-economico-y-ocupacion\/ecoespai-alojamiento-empresarial\/\">Ecoespai \u2013 Alojamiento empresarial<\/a><\/li>\n\t\t<li id=\"menu-item-9172\" class=\"menu-item menu-item-type-post_type menu-item-object-page cmw-level-3 menu-item-9172\"><a href=\"https:\/\/mont-roig.cat\/es\/ayuntamiento\/areas\/impulso-economico-y-ocupacion\/formacion\/\">Formaci\u00f3n<\/a><\/li>\n\t\t<li id=\"menu-item-9175\" class=\"menu-item menu-item-type-post_type menu-item-object-page cmw-level-3 menu-item-9175\"><a href=\"https:\/\/mont-roig.cat\/es\/ayuntamiento\/areas\/impulso-economico-y-ocupacion\/ayudas-y-subvenciones\/\">Ayudas y Subvenciones<\/a><\/li>\n\t\t<li id=\"menu-item-57765\" class=\"menu-item menu-item-type-custom menu-item-object-custom cmw-level-3 menu-item-57765\"><a href=\"\/empreses\/\">Directorio empresarial municipal<\/a><\/li>\n\t\t<li id=\"menu-item-9176\" class=\"menu-item menu-item-type-post_type menu-item-object-page cmw-level-3 menu-item-9176\"><a href=\"https:\/\/mont-roig.cat\/es\/ayuntamiento\/areas\/impulso-economico-y-ocupacion\/poligonos\/\">Pol\u00edgonos<\/a><\/li>\n\t\t<li id=\"menu-item-9177\" class=\"menu-item menu-item-type-post_type menu-item-object-page cmw-level-3 menu-item-9177\"><a href=\"https:\/\/mont-roig.cat\/es\/ayuntamiento\/areas\/impulso-economico-y-ocupacion\/empresarios-y-comerciantes\/\">Empresarios y comerciantes<\/a><\/li>\n\t\t<li id=\"menu-item-9173\" class=\"menu-item menu-item-type-post_type menu-item-object-page cmw-level-3 menu-item-9173\"><a href=\"https:\/\/mont-roig.cat\/es\/ayuntamiento\/areas\/impulso-economico-y-ocupacion\/feria-de-mont-roig-del-camp\/\">Feria de Mont-roig del Camp<\/a><\/li>\n\t\t<li id=\"menu-item-28206\" class=\"menu-item menu-item-type-post_type menu-item-object-page cmw-level-3 menu-item-28206\"><a href=\"https:\/\/mont-roig.cat\/es\/ayuntamiento\/areas\/impulso-economico-y-ocupacion\/atencion-al-consumidor\/\">Atenci\u00f3n al consumidor<\/a><\/li>\n\t\t<li id=\"menu-item-9174\" class=\"menu-item menu-item-type-post_type menu-item-object-page cmw-level-3 menu-item-9174\"><a href=\"https:\/\/mont-roig.cat\/es\/ayuntamiento\/areas\/impulso-economico-y-ocupacion\/programa-incorpora\/\">Programa Incorpora<\/a><\/li>\n\t\t<li id=\"menu-item-56793\" class=\"menu-item menu-item-type-post_type menu-item-object-page cmw-level-3 menu-item-56793\"><a href=\"https:\/\/mont-roig.cat\/es\/ayuntamiento\/areas\/impulso-economico-y-ocupacion\/punto-de-asesoramiento-personas-emprendedoras\/\">Punto de asesoramiento personas emprendedoras<\/a><\/li>\n\t<\/ul>\n<\/li>\n\t<li id=\"menu-item-9160\" class=\"menu-item menu-item-type-post_type menu-item-object-page menu-item-has-children cmw-level-2 cmw-has-submenu cmw-menu-item-had-children menu-item-9160\"><a href=\"https:\/\/mont-roig.cat\/es\/ayuntamiento\/areas\/juventud\/\">Juventud<\/a>\n\t<ul class=\"sub-menu\">\n\t\t<li id=\"menu-item-9161\" class=\"menu-item menu-item-type-post_type menu-item-object-page cmw-level-3 menu-item-9161\"><a href=\"https:\/\/mont-roig.cat\/es\/ayuntamiento\/areas\/juventud\/donde-estamos\/\">\u00bfD\u00f3nde estamos?<\/a><\/li>\n\t\t<li id=\"menu-item-9162\" class=\"menu-item menu-item-type-post_type menu-item-object-page cmw-level-3 menu-item-9162\"><a href=\"https:\/\/mont-roig.cat\/es\/ayuntamiento\/areas\/juventud\/k-dat\/\">K. dat<\/a><\/li>\n\t\t<li id=\"menu-item-9163\" class=\"menu-item menu-item-type-post_type menu-item-object-page cmw-level-3 menu-item-9163\"><a href=\"https:\/\/mont-roig.cat\/es\/ayuntamiento\/areas\/juventud\/tokl2\/\">Tok\u2019l2<\/a><\/li>\n\t\t<li id=\"menu-item-9164\" class=\"menu-item menu-item-type-post_type menu-item-object-page cmw-level-3 menu-item-9164\"><a href=\"https:\/\/mont-roig.cat\/es\/ayuntamiento\/areas\/juventud\/saludjoven\/\">Salud Joven<\/a><\/li>\n\t<\/ul>\n<\/li>\n\t<li id=\"menu-item-9165\" class=\"menu-item menu-item-type-post_type menu-item-object-page menu-item-has-children cmw-level-2 cmw-has-submenu cmw-menu-item-had-children menu-item-9165\"><a href=\"https:\/\/mont-roig.cat\/es\/ayuntamiento\/areas\/medio-ambiente-y-la-salud-publica\/\">Medio ambiente y la salud p\u00fablica<\/a>\n\t<ul class=\"sub-menu\">\n\t\t<li id=\"menu-item-9166\" class=\"menu-item menu-item-type-post_type menu-item-object-page cmw-level-3 menu-item-9166\"><a href=\"https:\/\/mont-roig.cat\/es\/ayuntamiento\/areas\/medio-ambiente-y-la-salud-publica\/animales-y-plagas\/\">Animales y plagas<\/a><\/li>\n\t\t<li id=\"menu-item-24996\" class=\"menu-item menu-item-type-post_type menu-item-object-page cmw-level-3 menu-item-24996\"><a href=\"https:\/\/mont-roig.cat\/es\/ayuntamiento\/areas\/medio-ambiente-y-la-salud-publica\/desfibriladores\/\">Desfibriladores<\/a><\/li>\n\t<\/ul>\n<\/li>\n\t<li id=\"menu-item-9167\" class=\"menu-item menu-item-type-post_type menu-item-object-page cmw-level-2 menu-item-9167\"><a href=\"https:\/\/mont-roig.cat\/es\/ayuntamiento\/areas\/movilidad-y-transporte\/\">Movilidad y transporte<\/a><\/li>\n\t<li id=\"menu-item-9168\" class=\"menu-item menu-item-type-post_type menu-item-object-page cmw-level-2 menu-item-9168\"><a href=\"https:\/\/mont-roig.cat\/es\/ayuntamiento\/areas\/limpieza-y-residuos\/\">Limpieza y residuos<\/a><\/li>\n\t<li id=\"menu-item-9169\" class=\"menu-item menu-item-type-custom menu-item-object-custom cmw-level-2 menu-item-9169\"><a href=\"http:\/\/www.pladebarrisdelaflorida.cat\/\">Plan de barrios<\/a><\/li>\n\t<li id=\"menu-item-9179\" class=\"menu-item menu-item-type-post_type menu-item-object-page menu-item-has-children cmw-level-2 cmw-has-submenu cmw-menu-item-had-children menu-item-9179\"><a href=\"https:\/\/mont-roig.cat\/es\/ayuntamiento\/areas\/servicios-sociales\/\">Servicios sociales<\/a>\n\t<ul class=\"sub-menu\">\n\t\t<li id=\"menu-item-9180\" class=\"menu-item menu-item-type-post_type menu-item-object-page cmw-level-3 menu-item-9180\"><a href=\"https:\/\/mont-roig.cat\/es\/ayuntamiento\/areas\/servicios-sociales\/acogida-refugiados\/\">Acogida refugiados<\/a><\/li>\n\t<\/ul>\n<\/li>\n\t<li id=\"menu-item-9181\" class=\"menu-item menu-item-type-custom menu-item-object-custom cmw-level-2 menu-item-9181\"><a href=\"http:\/\/www.mont-roigmiami.cat\/\">Turismo<\/a><\/li>\n\t<li id=\"menu-item-9182\" class=\"menu-item menu-item-type-post_type menu-item-object-page menu-item-has-children cmw-level-2 cmw-has-submenu cmw-menu-item-had-children menu-item-9182\"><a href=\"https:\/\/mont-roig.cat\/es\/ayuntamiento\/areas\/urbanismo-y-territorio\/\">Urbanismo y territorio<\/a>\n\t<ul class=\"sub-menu\">\n\t\t<li id=\"menu-item-75338\" class=\"menu-item menu-item-type-post_type menu-item-object-page cmw-level-3 menu-item-75338\"><a href=\"https:\/\/mont-roig.cat\/es\/ayuntamiento\/areas\/urbanismo-y-territorio\/normativa-facil\/\">Normativa f\u00e1cil<\/a><\/li>\n\t\t<li id=\"menu-item-10150\" class=\"menu-item menu-item-type-post_type menu-item-object-page menu-item-has-children cmw-level-3 cmw-has-submenu cmw-menu-item-had-children menu-item-10150\"><a href=\"https:\/\/mont-roig.cat\/es\/ayuntamiento\/areas\/urbanismo-y-territorio\/ordenacion-urbanistica-del-municipio\/documentos-en-tramite\/informacion-publica\/\">Informaci\u00f3n p\u00fablica<\/a>\n\t\t<ul class=\"sub-menu\">\n\t\t\t<li id=\"menu-item-69535\" class=\"menu-item menu-item-type-post_type menu-item-object-page cmw-level-4 menu-item-69535\"><a href=\"https:\/\/mont-roig.cat\/es\/ayuntamiento\/areas\/urbanismo-y-territorio\/ordenacion-urbanistica-del-municipio\/documentos-en-tramite\/informacion-publica\/proyectos-municipales\/\">Proyectos municipales<\/a><\/li>\n\t\t\t<li id=\"menu-item-10151\" class=\"menu-item menu-item-type-post_type menu-item-object-page cmw-level-4 menu-item-10151\"><a href=\"https:\/\/mont-roig.cat\/es\/ayuntamiento\/areas\/urbanismo-y-territorio\/ordenacion-urbanistica-del-municipio\/documentos-en-tramite\/informacion-publica\/planeamiento-urbanistico\/\">Planeamiento urban\u00edstico<\/a><\/li>\n\t\t\t<li id=\"menu-item-75397\" class=\"menu-item menu-item-type-post_type menu-item-object-page cmw-level-4 menu-item-75397\"><a href=\"https:\/\/mont-roig.cat\/es\/ayuntamiento\/areas\/urbanismo-y-territorio\/ordenacion-urbanistica-del-municipio\/documentos-en-tramite\/informacion-publica\/gestion-urbanistica\/\">Gesti\u00f3n urban\u00edstica<\/a><\/li>\n\t\t<\/ul>\n<\/li>\n\t\t<li id=\"menu-item-9183\" class=\"menu-item menu-item-type-post_type menu-item-object-page cmw-level-3 menu-item-9183\"><a href=\"https:\/\/mont-roig.cat\/es\/ayuntamiento\/areas\/urbanismo-y-territorio\/acceso-al-registro-de-urbanismo\/\">Acceso al registro de urbanismo<\/a><\/li>\n\t\t<li id=\"menu-item-9184\" class=\"menu-item menu-item-type-post_type menu-item-object-page menu-item-has-children cmw-level-3 cmw-has-submenu cmw-menu-item-had-children menu-item-9184\"><a href=\"https:\/\/mont-roig.cat\/es\/ayuntamiento\/areas\/urbanismo-y-territorio\/ordenacion-urbanistica-del-municipio\/\">Planeamiento municipal<\/a>\n\t\t<ul class=\"sub-menu\">\n\t\t\t<li id=\"menu-item-9185\" class=\"menu-item menu-item-type-post_type menu-item-object-page menu-item-has-children cmw-level-4 cmw-has-submenu cmw-menu-item-had-children menu-item-9185\"><a href=\"https:\/\/mont-roig.cat\/es\/ayuntamiento\/areas\/urbanismo-y-territorio\/ordenacion-urbanistica-del-municipio\/documentos-vigentes\/\">Documentos vigentes<\/a>\n\t\t\t<ul class=\"sub-menu\">\n\t\t\t\t<li id=\"menu-item-9186\" class=\"menu-item menu-item-type-post_type menu-item-object-page menu-item-has-children cmw-level-5 cmw-has-submenu cmw-menu-item-had-children menu-item-9186\"><a href=\"https:\/\/mont-roig.cat\/es\/ayuntamiento\/areas\/urbanismo-y-territorio\/ordenacion-urbanistica-del-municipio\/documentos-vigentes\/poum\/\">POUM<\/a>\n\t\t\t\t<ul class=\"sub-menu\">\n\t\t\t\t\t<li id=\"menu-item-9187\" class=\"menu-item menu-item-type-post_type menu-item-object-page cmw-level-6 menu-item-9187\"><a href=\"https:\/\/mont-roig.cat\/es\/ayuntamiento\/areas\/urbanismo-y-territorio\/ordenacion-urbanistica-del-municipio\/documentos-vigentes\/poum\/introduccion\/\">Introducci\u00f3n<\/a><\/li>\n\t\t\t\t\t<li id=\"menu-item-9188\" class=\"menu-item menu-item-type-post_type menu-item-object-page cmw-level-6 menu-item-9188\"><a href=\"https:\/\/mont-roig.cat\/es\/ayuntamiento\/areas\/urbanismo-y-territorio\/ordenacion-urbanistica-del-municipio\/documentos-vigentes\/poum\/planos-informativos\/\">Planos informativos<\/a><\/li>\n\t\t\t\t\t<li id=\"menu-item-9189\" class=\"menu-item menu-item-type-post_type menu-item-object-page cmw-level-6 menu-item-9189\"><a href=\"https:\/\/mont-roig.cat\/es\/ayuntamiento\/areas\/urbanismo-y-territorio\/ordenacion-urbanistica-del-municipio\/documentos-vigentes\/poum\/planos-de-ordenacion\/\">Planos de ordenaci\u00f3n<\/a><\/li>\n\t\t\t\t\t<li id=\"menu-item-9190\" class=\"menu-item menu-item-type-post_type menu-item-object-page cmw-level-6 menu-item-9190\"><a href=\"https:\/\/mont-roig.cat\/es\/ayuntamiento\/areas\/urbanismo-y-territorio\/ordenacion-urbanistica-del-municipio\/documentos-vigentes\/poum\/volumenes\/\">Vol\u00famenes<\/a><\/li>\n\t\t\t\t\t<li id=\"menu-item-9191\" class=\"menu-item menu-item-type-post_type menu-item-object-page cmw-level-6 menu-item-9191\"><a href=\"https:\/\/mont-roig.cat\/es\/ayuntamiento\/areas\/urbanismo-y-territorio\/ordenacion-urbanistica-del-municipio\/documentos-vigentes\/poum\/clasificacion-urbanistica-del-suelo\/\">Clasificaci\u00f3n urban\u00edstica del suelo<\/a><\/li>\n\t\t\t\t<\/ul>\n<\/li>\n\t\t\t\t<li id=\"menu-item-9192\" class=\"menu-item menu-item-type-post_type menu-item-object-page cmw-level-5 menu-item-9192\"><a href=\"https:\/\/mont-roig.cat\/es\/ayuntamiento\/areas\/urbanismo-y-territorio\/ordenacion-urbanistica-del-municipio\/documentos-vigentes\/modificaciones-del-poum\/\">Modificaciones del POUM<\/a><\/li>\n\t\t\t\t<li id=\"menu-item-9193\" class=\"menu-item menu-item-type-post_type menu-item-object-page cmw-level-5 menu-item-9193\"><a href=\"https:\/\/mont-roig.cat\/es\/ayuntamiento\/areas\/urbanismo-y-territorio\/ordenacion-urbanistica-del-municipio\/documentos-vigentes\/planeamiento-derivado\/\">Planeamiento derivado<\/a><\/li>\n\t\t\t\t<li id=\"menu-item-10152\" class=\"menu-item menu-item-type-post_type menu-item-object-page cmw-level-5 menu-item-10152\"><a href=\"https:\/\/mont-roig.cat\/es\/ayuntamiento\/areas\/urbanismo-y-territorio\/ordenacion-urbanistica-del-municipio\/documentos-vigentes\/gestion-urbanistica\/\">Gesti\u00f3n urban\u00edstica vigente<\/a><\/li>\n\t\t\t\t<li id=\"menu-item-9194\" class=\"menu-item menu-item-type-post_type menu-item-object-page cmw-level-5 menu-item-9194\"><a href=\"https:\/\/mont-roig.cat\/es\/ayuntamiento\/areas\/urbanismo-y-territorio\/ordenacion-urbanistica-del-municipio\/documentos-vigentes\/trama-urbana-consolidada\/\">Trama urbana consolidada<\/a><\/li>\n\t\t\t<\/ul>\n<\/li>\n\t\t\t<li id=\"menu-item-9195\" class=\"menu-item menu-item-type-post_type menu-item-object-page menu-item-has-children cmw-level-4 cmw-has-submenu cmw-menu-item-had-children menu-item-9195\"><a href=\"https:\/\/mont-roig.cat\/es\/ayuntamiento\/areas\/urbanismo-y-territorio\/ordenacion-urbanistica-del-municipio\/documentos-en-tramite\/\">Documentos en tr\u00e1mite<\/a>\n\t\t\t<ul class=\"sub-menu\">\n\t\t\t\t<li id=\"menu-item-10153\" class=\"menu-item menu-item-type-post_type menu-item-object-page cmw-level-5 menu-item-10153\"><a href=\"https:\/\/mont-roig.cat\/es\/ayuntamiento\/areas\/urbanismo-y-territorio\/ordenacion-urbanistica-del-municipio\/documentos-en-tramite\/en-proceso-de-tramite\/\">En proceso de tr\u00e1mite<\/a><\/li>\n\t\t\t<\/ul>\n<\/li>\n\t\t<\/ul>\n<\/li>\n\t\t<li id=\"menu-item-9196\" class=\"menu-item menu-item-type-post_type menu-item-object-page cmw-level-3 menu-item-9196\"><a href=\"https:\/\/mont-roig.cat\/es\/ayuntamiento\/areas\/urbanismo-y-territorio\/catastro\/\">Catastro<\/a><\/li>\n\t\t<li id=\"menu-item-9197\" class=\"menu-item menu-item-type-post_type menu-item-object-page cmw-level-3 menu-item-9197\"><a href=\"https:\/\/mont-roig.cat\/es\/ayuntamiento\/areas\/urbanismo-y-territorio\/licencias-de-obras\/\">Licencias de obras<\/a><\/li>\n\t<\/ul>\n<\/li>\n<\/ul>\n<\/li>\n<li id=\"menu-item-9198\" class=\"menu-item menu-item-type-post_type menu-item-object-page menu-item-has-children cmw-level-1 cmw-has-submenu cmw-menu-item-had-children menu-item-9198\"><a href=\"https:\/\/mont-roig.cat\/es\/ayuntamiento\/funcionament\/\">Funcionamento<\/a>\n<ul class=\"sub-menu\">\n\t<li id=\"menu-item-9199\" class=\"menu-item menu-item-type-post_type menu-item-object-page menu-item-has-children cmw-level-2 cmw-has-submenu cmw-menu-item-had-children menu-item-9199\"><a href=\"https:\/\/mont-roig.cat\/es\/ayuntamiento\/funcionament\/normativa-municipal\/\">Normativa municipal<\/a>\n\t<ul class=\"sub-menu\">\n\t\t<li id=\"menu-item-9200\" class=\"menu-item menu-item-type-post_type menu-item-object-page cmw-level-3 menu-item-9200\"><a href=\"https:\/\/mont-roig.cat\/es\/ayuntamiento\/funcionament\/normativa-municipal\/calendario-del-contribuyente\/\">Calendario del contribuyente<\/a><\/li>\n\t\t<li id=\"menu-item-9201\" class=\"menu-item menu-item-type-post_type menu-item-object-page cmw-level-3 menu-item-9201\"><a href=\"https:\/\/mont-roig.cat\/es\/ayuntamiento\/funcionament\/normativa-municipal\/ordenanzas-fiscales\/\">Ordenanzas fiscales<\/a><\/li>\n\t<\/ul>\n<\/li>\n\t<li id=\"menu-item-9202\" class=\"menu-item menu-item-type-post_type menu-item-object-page cmw-level-2 menu-item-9202\"><a href=\"https:\/\/mont-roig.cat\/es\/ayuntamiento\/funcionament\/presupuesto-municipal\/\">Presupuesto municipal<\/a><\/li>\n\t<li id=\"menu-item-9203\" class=\"menu-item menu-item-type-post_type menu-item-object-page menu-item-has-children cmw-level-2 cmw-has-submenu cmw-menu-item-had-children menu-item-9203\"><a href=\"https:\/\/mont-roig.cat\/es\/ayuntamiento\/funcionament\/perfil-del-contratante\/\">Perfil del contratante<\/a>\n\t<ul class=\"sub-menu\">\n\t\t<li id=\"menu-item-9204\" class=\"menu-item menu-item-type-post_type menu-item-object-page cmw-level-3 menu-item-9204\"><a href=\"https:\/\/mont-roig.cat\/es\/ayuntamiento\/funcionament\/perfil-del-contratante\/contratos\/\">Contratos<\/a><\/li>\n\t<\/ul>\n<\/li>\n\t<li id=\"menu-item-9205\" class=\"menu-item menu-item-type-post_type menu-item-object-page menu-item-has-children cmw-level-2 cmw-has-submenu cmw-menu-item-had-children menu-item-9205\"><a href=\"https:\/\/mont-roig.cat\/es\/ayuntamiento\/funcionament\/recursos-humanos\/\">Recursos humanos<\/a>\n\t<ul class=\"sub-menu\">\n\t\t<li id=\"menu-item-9206\" class=\"menu-item menu-item-type-post_type menu-item-object-page menu-item-has-children cmw-level-3 cmw-has-submenu cmw-menu-item-had-children menu-item-9206\"><a href=\"https:\/\/mont-roig.cat\/es\/ayuntamiento\/funcionament\/recursos-humanos\/convocatorias\/\">Convocatorias<\/a>\n\t\t<ul class=\"sub-menu\">\n\t\t\t<li id=\"menu-item-48890\" class=\"menu-item menu-item-type-post_type menu-item-object-page cmw-level-4 menu-item-48890\"><a href=\"https:\/\/mont-roig.cat\/es\/ayuntamiento\/funcionament\/recursos-humanos\/convocatorias\/procesos-selectivos-del-ayuntamiento\/\">Procesos selectivos del Ayuntamiento<\/a><\/li>\n\t\t\t<li id=\"menu-item-48891\" class=\"menu-item menu-item-type-post_type menu-item-object-page cmw-level-4 menu-item-48891\"><a href=\"https:\/\/mont-roig.cat\/es\/ayuntamiento\/funcionament\/recursos-humanos\/convocatorias\/procesos-selectivos-de-nostreserveis\/\">Procesos selectivos de Nostreserveis<\/a><\/li>\n\t\t\t<li id=\"menu-item-48892\" class=\"menu-item menu-item-type-post_type menu-item-object-page cmw-level-4 menu-item-48892\"><a href=\"https:\/\/mont-roig.cat\/es\/ayuntamiento\/funcionament\/recursos-humanos\/convocatorias\/procesos-selectivos-de-nostraigua\/\">Procesos selectivos de Nostraigua<\/a><\/li>\n\t\t<\/ul>\n<\/li>\n\t\t<li id=\"menu-item-9207\" class=\"menu-item menu-item-type-post_type menu-item-object-page cmw-level-3 menu-item-9207\"><a href=\"https:\/\/mont-roig.cat\/es\/ayuntamiento\/funcionament\/recursos-humanos\/oferta-publica-de-empleo\/\">Oferta p\u00fablica de empleo<\/a><\/li>\n\t\t<li id=\"menu-item-9208\" class=\"menu-item menu-item-type-post_type menu-item-object-page cmw-level-3 menu-item-9208\"><a href=\"https:\/\/mont-roig.cat\/es\/ayuntamiento\/funcionament\/recursos-humanos\/plantilla-de-personal\/\">Plantilla de personal y RLT<\/a><\/li>\n\t\t<li id=\"menu-item-9519\" class=\"menu-item menu-item-type-post_type menu-item-object-page cmw-level-3 menu-item-9519\"><a href=\"https:\/\/mont-roig.cat\/es\/ayuntamiento\/funcionament\/recursos-humanos\/retribuciones-de-personal\/\">Retribuciones de personal<\/a><\/li>\n\t\t<li id=\"menu-item-9520\" class=\"menu-item menu-item-type-post_type menu-item-object-page cmw-level-3 menu-item-9520\"><a href=\"https:\/\/mont-roig.cat\/es\/ayuntamiento\/funcionament\/recursos-humanos\/convenios-colectivos-y-organos-sindicales\/\">Convenios colectivos y \u00f3rganos sindicales<\/a><\/li>\n\t<\/ul>\n<\/li>\n\t<li id=\"menu-item-9209\" class=\"menu-item menu-item-type-post_type menu-item-object-page menu-item-has-children cmw-level-2 cmw-has-submenu cmw-menu-item-had-children menu-item-9209\"><a href=\"https:\/\/mont-roig.cat\/es\/ayuntamiento\/funcionament\/entidades-municipales\/\">Entidades municipales<\/a>\n\t<ul class=\"sub-menu\">\n\t\t<li id=\"menu-item-9212\" class=\"menu-item menu-item-type-post_type menu-item-object-page cmw-level-3 menu-item-9212\"><a href=\"https:\/\/mont-roig.cat\/es\/ayuntamiento\/funcionament\/entidades-municipales\/nostraigua\/\">Nostraigua<\/a><\/li>\n\t\t<li id=\"menu-item-15769\" class=\"menu-item menu-item-type-post_type menu-item-object-page cmw-level-3 menu-item-15769\"><a href=\"https:\/\/mont-roig.cat\/es\/ayuntamiento\/funcionament\/entidades-municipales\/nostreserveis\/\">Nostreserveis<\/a><\/li>\n\t<\/ul>\n<\/li>\n<\/ul>\n<\/li>\n<li id=\"menu-item-9521\" class=\"menu-item menu-item-type-post_type menu-item-object-page menu-item-has-children cmw-level-1 cmw-has-submenu cmw-menu-item-had-children menu-item-9521\"><a href=\"https:\/\/mont-roig.cat\/es\/ayuntamiento\/atencion-ciudadana\/\">Atenci\u00f3n ciudadana<\/a>\n<ul class=\"sub-menu\">\n\t<li id=\"menu-item-24997\" class=\"menu-item menu-item-type-post_type menu-item-object-page menu-item-has-children cmw-level-2 cmw-has-submenu cmw-menu-item-had-children menu-item-24997\"><a href=\"https:\/\/mont-roig.cat\/es\/ayuntamiento\/atencion-ciudadana\/omac\/\">OMAC<\/a>\n\t<ul class=\"sub-menu\">\n\t\t<li id=\"menu-item-68006\" class=\"menu-item menu-item-type-post_type menu-item-object-page cmw-level-3 menu-item-68006\"><a href=\"https:\/\/mont-roig.cat\/es\/certificado-digital\/\">Certificado digital<\/a><\/li>\n\t\t<li id=\"menu-item-56794\" class=\"menu-item menu-item-type-post_type menu-item-object-page cmw-level-3 menu-item-56794\"><a href=\"https:\/\/mont-roig.cat\/es\/servicio-oac-360\/\">Servicio OAC 360\u00ba<\/a><\/li>\n\t\t<li id=\"menu-item-82325\" class=\"menu-item menu-item-type-post_type menu-item-object-page cmw-level-3 menu-item-82325\"><a href=\"https:\/\/mont-roig.cat\/es\/ayuntamiento\/atencion-ciudadana\/omac\/expedicion-dni-y-pasaporte\/\">Expedici\u00f3n DNI y pasaporte<\/a><\/li>\n\t<\/ul>\n<\/li>\n\t<li id=\"menu-item-9214\" class=\"menu-item menu-item-type-post_type menu-item-object-page menu-item-has-children cmw-level-2 cmw-has-submenu cmw-menu-item-had-children menu-item-9214\"><a href=\"https:\/\/mont-roig.cat\/es\/ayuntamiento\/atencion-ciudadana\/policia-local\/\">Polic\u00eda local<\/a>\n\t<ul class=\"sub-menu\">\n\t\t<li id=\"menu-item-9215\" class=\"menu-item menu-item-type-post_type menu-item-object-page cmw-level-3 menu-item-9215\"><a href=\"https:\/\/mont-roig.cat\/es\/ayuntamiento\/atencion-ciudadana\/policia-local\/competencias\/\">Competencias<\/a><\/li>\n\t\t<li id=\"menu-item-9216\" class=\"menu-item menu-item-type-post_type menu-item-object-page cmw-level-3 menu-item-9216\"><a href=\"https:\/\/mont-roig.cat\/es\/ayuntamiento\/atencion-ciudadana\/policia-local\/denuncias-online\/\">Denuncias online<\/a><\/li>\n\t<\/ul>\n<\/li>\n\t<li id=\"menu-item-9522\" class=\"menu-item menu-item-type-post_type menu-item-object-page menu-item-has-children cmw-level-2 cmw-has-submenu cmw-menu-item-had-children menu-item-9522\"><a href=\"https:\/\/mont-roig.cat\/es\/ayuntamiento\/atencion-ciudadana\/servicios-municipales\/\">Servicios municipales<\/a>\n\t<ul class=\"sub-menu\">\n\t\t<li id=\"menu-item-89741\" class=\"menu-item menu-item-type-post_type menu-item-object-page cmw-level-3 menu-item-89741\"><a href=\"https:\/\/mont-roig.cat\/es\/ayuntamiento\/atencion-ciudadana\/servicios-municipales\/cartas-de-servicios\/\">Cartas de servicios<\/a><\/li>\n\t<\/ul>\n<\/li>\n\t<li id=\"menu-item-9217\" class=\"menu-item menu-item-type-post_type menu-item-object-page cmw-level-2 menu-item-9217\"><a href=\"https:\/\/mont-roig.cat\/es\/ayuntamiento\/atencion-ciudadana\/tramites-e-instancias\/\">Tr\u00e1mites e instancias<\/a><\/li>\n\t<li id=\"menu-item-9219\" class=\"menu-item menu-item-type-post_type menu-item-object-page menu-item-has-children cmw-level-2 cmw-has-submenu cmw-menu-item-had-children menu-item-9219\"><a href=\"https:\/\/mont-roig.cat\/es\/ayuntamiento\/atencion-ciudadana\/archivo-municipal\/\">Archivo municipal<\/a>\n\t<ul class=\"sub-menu\">\n\t\t<li id=\"menu-item-9220\" class=\"menu-item menu-item-type-post_type menu-item-object-page cmw-level-3 menu-item-9220\"><a href=\"https:\/\/mont-roig.cat\/es\/ayuntamiento\/atencion-ciudadana\/archivo-municipal\/fondo-documental\/\">Fondo documental<\/a><\/li>\n\t\t<li id=\"menu-item-80786\" class=\"menu-item menu-item-type-post_type menu-item-object-page cmw-level-3 menu-item-80786\"><a href=\"https:\/\/mont-roig.cat\/es\/ayuntamiento\/atencion-ciudadana\/archivo-municipal\/instrumentos-archivisticos\/\">Instrumentos archiv\u00edsticos<\/a><\/li>\n\t\t<li id=\"menu-item-80795\" class=\"menu-item menu-item-type-post_type menu-item-object-page cmw-level-3 menu-item-80795\"><a href=\"https:\/\/mont-roig.cat\/es\/ayuntamiento\/atencion-ciudadana\/archivo-municipal\/normativa\/\">Normativa<\/a><\/li>\n\t<\/ul>\n<\/li>\n\t<li id=\"menu-item-9523\" class=\"menu-item menu-item-type-post_type menu-item-object-page cmw-level-2 menu-item-9523\"><a href=\"https:\/\/mont-roig.cat\/es\/ayuntamiento\/atencion-ciudadana\/bolsa-de-trabajo-municipal\/\">Bolsa de trabajo municipal<\/a><\/li>\n<\/ul>\n<\/li>\n<\/ul><\/div><\/div>[\/vc_column_text][\/vc_column][vc_column width=\"1\/4\"][vc_column_text]\n<h3><a href=\"https:\/\/mont-roig.cat\/es\/govern-obert\/\">Gobierno abierto<\/a><\/h3>\n<div class=\"widget_custom_menu_wizard shortcode_custom_menu_wizard\"><div class=\"menu-menu-ajuntament-ca-spanish-container\"><ul id=\"menu-menu-ajuntament-ca-spanish-1\" class=\"menu-widget  \" data-cmwv=\"3.3.1\" data-cmws='{&quot;menu&quot;:117,&quot;branch&quot;:9422,&quot;start_at&quot;:&quot;+1&quot;,&quot;title_from&quot;:&quot;current-1&quot;,&quot;title_linked&quot;:1}'><li id=\"menu-item-9221\" class=\"menu-item menu-item-type-post_type menu-item-object-page menu-item-has-children cmw-level-1 cmw-has-submenu cmw-menu-item-had-children menu-item-9221\"><a href=\"https:\/\/mont-roig.cat\/es\/govern-obert\/transparencia\/\">Transparencia<\/a>\n<ul class=\"sub-menu\">\n\t<li id=\"menu-item-69268\" class=\"menu-item menu-item-type-post_type menu-item-object-page cmw-level-2 menu-item-69268\"><a href=\"https:\/\/mont-roig.cat\/es\/govern-obert\/transparencia\/constitucion-y-organizacion-ayuntamiento\/\">Constituci\u00f3n y organizaci\u00f3n Ayuntamiento<\/a><\/li>\n\t<li id=\"menu-item-9423\" class=\"menu-item menu-item-type-post_type menu-item-object-page menu-item-has-children cmw-level-2 cmw-has-submenu cmw-menu-item-had-children menu-item-9423\"><a href=\"https:\/\/mont-roig.cat\/es\/govern-obert\/transparencia\/informacio-economica\/\">Informaci\u00f3n Econ\u00f3mica<\/a>\n\t<ul class=\"sub-menu\">\n\t\t<li id=\"menu-item-9424\" class=\"menu-item menu-item-type-post_type menu-item-object-page cmw-level-3 menu-item-9424\"><a href=\"https:\/\/mont-roig.cat\/es\/govern-obert\/transparencia\/informacio-economica\/gestio-economica\/\">Gesti\u00f3n econ\u00f3mica<\/a><\/li>\n\t\t<li id=\"menu-item-9425\" class=\"menu-item menu-item-type-post_type menu-item-object-page cmw-level-3 menu-item-9425\"><a href=\"https:\/\/mont-roig.cat\/es\/govern-obert\/transparencia\/informacio-economica\/tributos-municipales\/\">Tributos municipales<\/a><\/li>\n\t\t<li id=\"menu-item-9426\" class=\"menu-item menu-item-type-post_type menu-item-object-page cmw-level-3 menu-item-9426\"><a href=\"https:\/\/mont-roig.cat\/es\/govern-obert\/transparencia\/informacio-economica\/retribucions-carrecs-electes\/\">Retribuciones cargos electos<\/a><\/li>\n\t\t<li id=\"menu-item-9427\" class=\"menu-item menu-item-type-post_type menu-item-object-page cmw-level-3 menu-item-9427\"><a href=\"https:\/\/mont-roig.cat\/es\/govern-obert\/transparencia\/informacio-economica\/cost-efectiu-dels-serveis\/\">Coste efectivo de los servicios<\/a><\/li>\n\t\t<li id=\"menu-item-11152\" class=\"menu-item menu-item-type-post_type menu-item-object-page cmw-level-3 menu-item-11152\"><a href=\"https:\/\/mont-roig.cat\/es\/govern-obert\/transparencia\/informacio-economica\/factura-electronica\/\">Factura electr\u00f3nica<\/a><\/li>\n\t\t<li id=\"menu-item-11153\" class=\"menu-item menu-item-type-post_type menu-item-object-page cmw-level-3 menu-item-11153\"><a href=\"https:\/\/mont-roig.cat\/es\/govern-obert\/transparencia\/informacio-economica\/periodo-medio-pago-proveedores\/\">Per\u00edodo medio pago proveedores<\/a><\/li>\n\t<\/ul>\n<\/li>\n\t<li id=\"menu-item-9428\" class=\"menu-item menu-item-type-post_type menu-item-object-page cmw-level-2 menu-item-9428\"><a href=\"https:\/\/mont-roig.cat\/es\/govern-obert\/transparencia\/contractacio-publica\/\">Contrataci\u00f3n p\u00fablica<\/a><\/li>\n\t<li id=\"menu-item-12388\" class=\"menu-item menu-item-type-post_type menu-item-object-page cmw-level-2 menu-item-12388\"><a href=\"https:\/\/mont-roig.cat\/es\/govern-obert\/transparencia\/convenios-colaboracion-y-cooperacion\/\">Convenios de colaboraci\u00f3n y cooperaci\u00f3n<\/a><\/li>\n\t<li id=\"menu-item-9429\" class=\"menu-item menu-item-type-post_type menu-item-object-page menu-item-has-children cmw-level-2 cmw-has-submenu cmw-menu-item-had-children menu-item-9429\"><a href=\"https:\/\/mont-roig.cat\/es\/govern-obert\/transparencia\/convocatorias-de-subvenciones-y-ayudas\/\">Convocatorias de subvenciones y ayudas<\/a>\n\t<ul class=\"sub-menu\">\n\t\t<li id=\"menu-item-9222\" class=\"menu-item menu-item-type-post_type menu-item-object-page cmw-level-3 menu-item-9222\"><a href=\"https:\/\/mont-roig.cat\/es\/govern-obert\/transparencia\/convocatorias-de-subvenciones-y-ayudas\/subvencions-concedides\/\">Subvenciones concedidas<\/a><\/li>\n\t\t<li id=\"menu-item-9223\" class=\"menu-item menu-item-type-post_type menu-item-object-page cmw-level-3 menu-item-9223\"><a href=\"https:\/\/mont-roig.cat\/es\/govern-obert\/transparencia\/convocatorias-de-subvenciones-y-ayudas\/subvenciones-recibidas\/\">Subvenciones recibidas<\/a><\/li>\n\t<\/ul>\n<\/li>\n\t<li id=\"menu-item-9430\" class=\"menu-item menu-item-type-post_type menu-item-object-page cmw-level-2 menu-item-9430\"><a href=\"https:\/\/mont-roig.cat\/es\/govern-obert\/transparencia\/patrimoni-municipal\/\">Patrimonio municipal<\/a><\/li>\n\t<li id=\"menu-item-33797\" class=\"menu-item menu-item-type-post_type menu-item-object-page cmw-level-2 menu-item-33797\"><a href=\"https:\/\/mont-roig.cat\/es\/govern-obert\/transparencia\/entidades-ciudadanas\/\">Entidades ciudadanas<\/a><\/li>\n\t<li id=\"menu-item-31853\" class=\"menu-item menu-item-type-post_type menu-item-object-page cmw-level-2 menu-item-31853\"><a href=\"https:\/\/mont-roig.cat\/es\/govern-obert\/transparencia\/registro-de-grupos-de-interes\/\">Registro de grupos de inter\u00e9s<\/a><\/li>\n\t<li id=\"menu-item-36180\" class=\"menu-item menu-item-type-post_type menu-item-object-page cmw-level-2 menu-item-36180\"><a href=\"https:\/\/mont-roig.cat\/es\/govern-obert\/transparencia\/reconocimientos\/\">Reconocimientos<\/a><\/li>\n\t<li id=\"menu-item-88238\" class=\"menu-item menu-item-type-post_type menu-item-object-page cmw-level-2 menu-item-88238\"><a href=\"https:\/\/mont-roig.cat\/es\/govern-obert\/transparencia\/integridad-institucional\/\">Integridad Institucional<\/a><\/li>\n<\/ul>\n<\/li>\n<li id=\"menu-item-9431\" class=\"menu-item menu-item-type-post_type menu-item-object-page menu-item-has-children cmw-level-1 cmw-has-submenu cmw-menu-item-had-children menu-item-9431\"><a href=\"https:\/\/mont-roig.cat\/es\/govern-obert\/participacion-ciudadana\/\">Participaci\u00f3n ciudadana<\/a>\n<ul class=\"sub-menu\">\n\t<li id=\"menu-item-61934\" class=\"menu-item menu-item-type-post_type menu-item-object-page cmw-level-2 menu-item-61934\"><a href=\"https:\/\/mont-roig.cat\/es\/govern-obert\/participacion-ciudadana\/reglamento-de-participacion-ciudadana\/\">Reglamento de Participaci\u00f3n Ciudadana<\/a><\/li>\n\t<li id=\"menu-item-68907\" class=\"menu-item menu-item-type-post_type menu-item-object-page menu-item-has-children cmw-level-2 cmw-has-submenu cmw-menu-item-had-children menu-item-68907\"><a href=\"https:\/\/mont-roig.cat\/es\/govern-obert\/participacion-ciudadana\/procesos-participativos\/\">Procesos participativos<\/a>\n\t<ul class=\"sub-menu\">\n\t\t<li id=\"menu-item-68905\" class=\"menu-item menu-item-type-post_type menu-item-object-page cmw-level-3 menu-item-68905\"><a href=\"https:\/\/mont-roig.cat\/es\/govern-obert\/participacion-ciudadana\/procesos-participativos\/dona-nom\/\">Dona nom<\/a><\/li>\n\t\t<li id=\"menu-item-68906\" class=\"menu-item menu-item-type-post_type menu-item-object-page menu-item-has-children cmw-level-3 cmw-has-submenu cmw-menu-item-had-children menu-item-68906\"><a href=\"https:\/\/mont-roig.cat\/es\/govern-obert\/participacion-ciudadana\/procesos-participativos\/presupuestos-participativos\/\">Presupuestos participativos<\/a>\n\t\t<ul class=\"sub-menu\">\n\t\t\t<li id=\"menu-item-68908\" class=\"menu-item menu-item-type-post_type menu-item-object-page cmw-level-4 menu-item-68908\"><a href=\"https:\/\/mont-roig.cat\/es\/govern-obert\/participacion-ciudadana\/procesos-participativos\/presupuestos-participativos\/propuestas-presentadas\/\">Propuestas presentadas<\/a><\/li>\n\t\t<\/ul>\n<\/li>\n\t<\/ul>\n<\/li>\n\t<li id=\"menu-item-31567\" class=\"menu-item menu-item-type-post_type menu-item-object-page cmw-level-2 menu-item-31567\"><a href=\"https:\/\/mont-roig.cat\/es\/govern-obert\/participacion-ciudadana\/consejo-escolar\/\">Consejo Escolar<\/a><\/li>\n<\/ul>\n<\/li>\n<\/ul><\/div><\/div>[\/vc_column_text][\/vc_column][vc_column width=\"1\/4\"][vc_column_text]\n<h3><a href=\"https:\/\/mont-roig.cat\/es\/actualidad\/\">Actualidad<\/a><\/h3>\n<div class=\"widget_custom_menu_wizard shortcode_custom_menu_wizard\"><div class=\"menu-menu-ajuntament-ca-spanish-container\"><ul id=\"menu-menu-ajuntament-ca-spanish-2\" class=\"menu-widget  \" data-cmwv=\"3.3.1\" data-cmws='{&quot;menu&quot;:117,&quot;branch&quot;:9224,&quot;start_at&quot;:&quot;+1&quot;,&quot;title_from&quot;:&quot;current-1&quot;,&quot;title_linked&quot;:1}'><li id=\"menu-item-9225\" class=\"menu-item menu-item-type-post_type menu-item-object-page current_page_parent cmw-level-1 menu-item-9225\"><a href=\"https:\/\/mont-roig.cat\/es\/actualidad\/noticias\/\">Not\u00edcias<\/a><\/li>\n<li id=\"menu-item-15776\" class=\"menu-item menu-item-type-post_type menu-item-object-page cmw-level-1 menu-item-15776\"><a href=\"https:\/\/mont-roig.cat\/es\/actualidad\/boletin-informacion-comunica\/\">Bolet\u00edn de informaci\u00f3n Comunica<\/a><\/li>\n<li id=\"menu-item-9226\" class=\"menu-item menu-item-type-post_type menu-item-object-page cmw-level-1 menu-item-9226\"><a href=\"https:\/\/mont-roig.cat\/es\/actualidad\/tauler-danuncis\/\">Tabl\u00f3n de anuncios<\/a><\/li>\n<li id=\"menu-item-60117\" class=\"menu-item menu-item-type-custom menu-item-object-custom cmw-level-1 menu-item-60117\"><a href=\"\/agenda\">Agenda<\/a><\/li>\n<li id=\"menu-item-11255\" class=\"menu-item menu-item-type-post_type menu-item-object-page cmw-level-1 menu-item-11255\"><a href=\"https:\/\/mont-roig.cat\/es\/actualidad\/agenda-entidades\/\">Agenda entidades<\/a><\/li>\n<li id=\"menu-item-11256\" class=\"menu-item menu-item-type-post_type menu-item-object-page cmw-level-1 menu-item-11256\"><a href=\"https:\/\/mont-roig.cat\/es\/actualidad\/videos\/\">Videos<\/a><\/li>\n<li id=\"menu-item-48142\" class=\"menu-item menu-item-type-post_type menu-item-object-page cmw-level-1 menu-item-48142\"><a href=\"https:\/\/mont-roig.cat\/es\/coronavirus\/\">Coronavirus<\/a><\/li>\n<\/ul><\/div><\/div>[\/vc_column_text][\/vc_column][vc_column width=\"1\/4\"][vc_column_text]\n<h3><a href=\"https:\/\/mont-roig.cat\/es\/municipio\/\">Municipio<\/a><\/h3>\n<div class=\"widget_custom_menu_wizard shortcode_custom_menu_wizard\"><div class=\"menu-menu-ajuntament-ca-spanish-container\"><ul id=\"menu-menu-ajuntament-ca-spanish-3\" class=\"menu-widget  \" data-cmwv=\"3.3.1\" data-cmws='{&quot;menu&quot;:117,&quot;branch&quot;:9227,&quot;start_at&quot;:&quot;+1&quot;,&quot;title_from&quot;:&quot;current-1&quot;,&quot;title_linked&quot;:1}'><li id=\"menu-item-9228\" class=\"menu-item menu-item-type-post_type menu-item-object-page cmw-level-1 menu-item-9228\"><a href=\"https:\/\/mont-roig.cat\/es\/municipio\/presentacion\/\">Presentaci\u00f3n<\/a><\/li>\n<li id=\"menu-item-9229\" class=\"menu-item menu-item-type-post_type menu-item-object-page cmw-level-1 menu-item-9229\"><a href=\"https:\/\/mont-roig.cat\/es\/municipio\/breve-historia\/\">Breve historia<\/a><\/li>\n<li id=\"menu-item-9230\" class=\"menu-item menu-item-type-post_type menu-item-object-page cmw-level-1 menu-item-9230\"><a href=\"https:\/\/mont-roig.cat\/es\/municipio\/informacion-util\/\">Informaci\u00f3n \u00fatil<\/a><\/li>\n<li id=\"menu-item-9231\" class=\"menu-item menu-item-type-post_type menu-item-object-page cmw-level-1 menu-item-9231\"><a href=\"https:\/\/mont-roig.cat\/es\/municipio\/callejero\/\">Callejero<\/a><\/li>\n<\/ul><\/div><\/div>[\/vc_column_text][vc_separator][vc_column_text]\n<h3><a href=\"https:\/\/mont-roig.cat\/es\/pam\/\">PAM<\/a><\/h3>\n[\/vc_column_text][\/vc_column][\/vc_row]\n<\/div>","protected":false},"excerpt":{"rendered":"<p>[vc_row el_id=&#8221;sitemap&#8221;][vc_column width=&#8221;1\/4&#8243;][vc_column_text] Ayuntamiento [\/vc_column_text][\/vc_column][vc_column width=&#8221;1\/4&#8243;][vc_column_text] Gobierno abierto [\/vc_column_text][\/vc_column][vc_column width=&#8221;1\/4&#8243;][vc_column_text] Actualidad [\/vc_column_text][\/vc_column][vc_column width=&#8221;1\/4&#8243;][vc_column_text] Municipio [\/vc_column_text][vc_separator][vc_column_text] PAM [\/vc_column_text][\/vc_column][\/vc_row]<\/p>\n","protected":false},"author":4,"featured_media":0,"parent":0,"menu_order":0,"comment_status":"closed","ping_status":"closed","template":"","meta":{"inline_featured_image":false,"_monsterinsights_skip_tracking":false,"_monsterinsights_sitenote_active":false,"_monsterinsights_sitenote_note":"","_monsterinsights_sitenote_category":0,"footnotes":""},"class_list":["post-8055","page","type-page","status-publish","hentry"],"yoast_head":"<!-- This site is optimized with the Yoast SEO plugin v27.4 - https:\/\/yoast.com\/product\/yoast-seo-wordpress\/ -->\n<title>Mapa web - Ajuntament de Mont-roig del Camp<\/title>\n<meta name=\"robots\" content=\"index, follow, max-snippet:-1, max-image-preview:large, max-video-preview:-1\" \/>\n<link rel=\"canonical\" href=\"https:\/\/mont-roig.cat\/es\/mapa-web-ayuntamiento\/\" \/>\n<meta property=\"og:locale\" content=\"es_ES\" \/>\n<meta property=\"og:type\" content=\"article\" \/>\n<meta property=\"og:title\" content=\"Mapa web - Ajuntament de Mont-roig del Camp\" \/>\n<meta property=\"og:description\" content=\"[vc_row el_id=&#8221;sitemap&#8221;][vc_column width=&#8221;1\/4&#8243;][vc_column_text] Ayuntamiento [\/vc_column_text][\/vc_column][vc_column width=&#8221;1\/4&#8243;][vc_column_text] Gobierno abierto [\/vc_column_text][\/vc_column][vc_column width=&#8221;1\/4&#8243;][vc_column_text] Actualidad [\/vc_column_text][\/vc_column][vc_column width=&#8221;1\/4&#8243;][vc_column_text] Municipio [\/vc_column_text][vc_separator][vc_column_text] PAM [\/vc_column_text][\/vc_column][\/vc_row]\" \/>\n<meta property=\"og:url\" content=\"https:\/\/mont-roig.cat\/es\/mapa-web-ayuntamiento\/\" \/>\n<meta property=\"og:site_name\" content=\"Ajuntament de Mont-roig del Camp\" \/>\n<meta property=\"article:modified_time\" content=\"2016-02-27T20:26:58+00:00\" \/>\n<meta property=\"og:image\" content=\"https:\/\/mont-roig.cat\/wp-content\/uploads\/aj-mont-roig-2.jpg\" \/>\n\t<meta property=\"og:image:width\" content=\"1200\" \/>\n\t<meta property=\"og:image:height\" content=\"600\" \/>\n\t<meta property=\"og:image:type\" content=\"image\/jpeg\" \/>\n<meta name=\"twitter:card\" content=\"summary_large_image\" \/>\n<meta name=\"twitter:label1\" content=\"Tiempo de lectura\" \/>\n\t<meta name=\"twitter:data1\" content=\"1 minuto\" \/>\n<script type=\"application\/ld+json\" class=\"yoast-schema-graph\">{\"@context\":\"https:\\\/\\\/schema.org\",\"@graph\":[{\"@type\":\"WebPage\",\"@id\":\"https:\\\/\\\/mont-roig.cat\\\/es\\\/mapa-web-ayuntamiento\\\/\",\"url\":\"https:\\\/\\\/mont-roig.cat\\\/es\\\/mapa-web-ayuntamiento\\\/\",\"name\":\"Mapa web - Ajuntament de Mont-roig del Camp\",\"isPartOf\":{\"@id\":\"https:\\\/\\\/mont-roig.cat\\\/es\\\/#website\"},\"datePublished\":\"2015-12-17T21:21:04+00:00\",\"dateModified\":\"2016-02-27T20:26:58+00:00\",\"breadcrumb\":{\"@id\":\"https:\\\/\\\/mont-roig.cat\\\/es\\\/mapa-web-ayuntamiento\\\/#breadcrumb\"},\"inLanguage\":\"es\",\"potentialAction\":[{\"@type\":\"ReadAction\",\"target\":[\"https:\\\/\\\/mont-roig.cat\\\/es\\\/mapa-web-ayuntamiento\\\/\"]}]},{\"@type\":\"BreadcrumbList\",\"@id\":\"https:\\\/\\\/mont-roig.cat\\\/es\\\/mapa-web-ayuntamiento\\\/#breadcrumb\",\"itemListElement\":[{\"@type\":\"ListItem\",\"position\":1,\"name\":\"Inici\",\"item\":\"https:\\\/\\\/mont-roig.cat\\\/es\\\/pagina-de-inicio\\\/\"},{\"@type\":\"ListItem\",\"position\":2,\"name\":\"Mapa web\"}]},{\"@type\":\"WebSite\",\"@id\":\"https:\\\/\\\/mont-roig.cat\\\/es\\\/#website\",\"url\":\"https:\\\/\\\/mont-roig.cat\\\/es\\\/\",\"name\":\"Ajuntament de Mont-roig del Camp\",\"description\":\"Tota la informaci\u00f3 sobre la instituci\u00f3, els seus \u00f2rgans de govern, actualitat, serveis i molt m\u00e9s.\",\"potentialAction\":[{\"@type\":\"SearchAction\",\"target\":{\"@type\":\"EntryPoint\",\"urlTemplate\":\"https:\\\/\\\/mont-roig.cat\\\/es\\\/?s={search_term_string}\"},\"query-input\":{\"@type\":\"PropertyValueSpecification\",\"valueRequired\":true,\"valueName\":\"search_term_string\"}}],\"inLanguage\":\"es\"}]}<\/script>\n<!-- \/ Yoast SEO plugin. -->","yoast_head_json":{"title":"Mapa web - Ajuntament de Mont-roig del Camp","robots":{"index":"index","follow":"follow","max-snippet":"max-snippet:-1","max-image-preview":"max-image-preview:large","max-video-preview":"max-video-preview:-1"},"canonical":"https:\/\/mont-roig.cat\/es\/mapa-web-ayuntamiento\/","og_locale":"es_ES","og_type":"article","og_title":"Mapa web - Ajuntament de Mont-roig del Camp","og_description":"[vc_row el_id=&#8221;sitemap&#8221;][vc_column width=&#8221;1\/4&#8243;][vc_column_text] Ayuntamiento [\/vc_column_text][\/vc_column][vc_column width=&#8221;1\/4&#8243;][vc_column_text] Gobierno abierto [\/vc_column_text][\/vc_column][vc_column width=&#8221;1\/4&#8243;][vc_column_text] Actualidad [\/vc_column_text][\/vc_column][vc_column width=&#8221;1\/4&#8243;][vc_column_text] Municipio [\/vc_column_text][vc_separator][vc_column_text] PAM [\/vc_column_text][\/vc_column][\/vc_row]","og_url":"https:\/\/mont-roig.cat\/es\/mapa-web-ayuntamiento\/","og_site_name":"Ajuntament de Mont-roig del Camp","article_modified_time":"2016-02-27T20:26:58+00:00","og_image":[{"width":1200,"height":600,"url":"https:\/\/mont-roig.cat\/wp-content\/uploads\/aj-mont-roig-2.jpg","type":"image\/jpeg"}],"twitter_card":"summary_large_image","twitter_misc":{"Tiempo de lectura":"1 minuto"},"schema":{"@context":"https:\/\/schema.org","@graph":[{"@type":"WebPage","@id":"https:\/\/mont-roig.cat\/es\/mapa-web-ayuntamiento\/","url":"https:\/\/mont-roig.cat\/es\/mapa-web-ayuntamiento\/","name":"Mapa web - Ajuntament de Mont-roig del Camp","isPartOf":{"@id":"https:\/\/mont-roig.cat\/es\/#website"},"datePublished":"2015-12-17T21:21:04+00:00","dateModified":"2016-02-27T20:26:58+00:00","breadcrumb":{"@id":"https:\/\/mont-roig.cat\/es\/mapa-web-ayuntamiento\/#breadcrumb"},"inLanguage":"es","potentialAction":[{"@type":"ReadAction","target":["https:\/\/mont-roig.cat\/es\/mapa-web-ayuntamiento\/"]}]},{"@type":"BreadcrumbList","@id":"https:\/\/mont-roig.cat\/es\/mapa-web-ayuntamiento\/#breadcrumb","itemListElement":[{"@type":"ListItem","position":1,"name":"Inici","item":"https:\/\/mont-roig.cat\/es\/pagina-de-inicio\/"},{"@type":"ListItem","position":2,"name":"Mapa web"}]},{"@type":"WebSite","@id":"https:\/\/mont-roig.cat\/es\/#website","url":"https:\/\/mont-roig.cat\/es\/","name":"Ajuntament de Mont-roig del Camp","description":"Tota la informaci\u00f3 sobre la instituci\u00f3, els seus \u00f2rgans de govern, actualitat, serveis i molt m\u00e9s.","potentialAction":[{"@type":"SearchAction","target":{"@type":"EntryPoint","urlTemplate":"https:\/\/mont-roig.cat\/es\/?s={search_term_string}"},"query-input":{"@type":"PropertyValueSpecification","valueRequired":true,"valueName":"search_term_string"}}],"inLanguage":"es"}]}},"_links":{"self":[{"href":"https:\/\/mont-roig.cat\/es\/wp-json\/wp\/v2\/pages\/8055","targetHints":{"allow":["GET"]}}],"collection":[{"href":"https:\/\/mont-roig.cat\/es\/wp-json\/wp\/v2\/pages"}],"about":[{"href":"https:\/\/mont-roig.cat\/es\/wp-json\/wp\/v2\/types\/page"}],"author":[{"embeddable":true,"href":"https:\/\/mont-roig.cat\/es\/wp-json\/wp\/v2\/users\/4"}],"replies":[{"embeddable":true,"href":"https:\/\/mont-roig.cat\/es\/wp-json\/wp\/v2\/comments?post=8055"}],"version-history":[{"count":0,"href":"https:\/\/mont-roig.cat\/es\/wp-json\/wp\/v2\/pages\/8055\/revisions"}],"wp:attachment":[{"href":"https:\/\/mont-roig.cat\/es\/wp-json\/wp\/v2\/media?parent=8055"}],"curies":[{"name":"wp","href":"https:\/\/api.w.org\/{rel}","templated":true}]}}