{"id":9461,"date":"2016-02-18T10:48:56","date_gmt":"2016-02-18T09:48:56","guid":{"rendered":"http:\/\/mont-roig.cat\/es\/irene-aragones-gracia\/"},"modified":"2026-03-03T10:07:52","modified_gmt":"2026-03-03T09:07:52","slug":"irene-aragones-gracia","status":"publish","type":"page","link":"https:\/\/mont-roig.cat\/es\/irene-aragones-gracia\/","title":{"rendered":"Irene Aragon\u00e8s Gr\u00e0cia"},"content":{"rendered":"<div class=\"wpb-content-wrapper\">[vc_row][vc_column][vc_column_text css=&#8221;&#8221;]<a href=\"https:\/\/mont-roig.cat\/wp-content\/uploads\/Irene-Aragones.jpg\"><img loading=\"lazy\" decoding=\"async\" class=\"alignright wp-image-70925\" src=\"https:\/\/mont-roig.cat\/wp-content\/uploads\/Irene-Aragones-500x500.jpg\" alt=\"\" width=\"250\" height=\"250\" \/><\/a><\/p>\n<p style=\"text-align: justify;\">Irene Aragon\u00e8s Gr\u00e0cia naci\u00f3 en Mont-roig del Camp el 30 de mayo de 1972, es Licenciada en Filosof\u00eda y Ciencias de la Educaci\u00f3n por la Universitat Rovira i Virgili y trabaja como profesora de un Programa de Formaci\u00f3n e Inserci\u00f3n dentro del Plan de transici\u00f3n al Trabajo, en Cambrils. Pertenece a diversas entidades de Mont-roig, es socia de ACNUR, de Plataforma per la Llengua, de \u00d2mnium Cultural, y de la Assemblea Nacional Catalana, y es miembro activo de la ANC Territorial en Mont-roig del Camp. Militante de Esquerra Republicana de Catalunya desde 2003, ha formado parte de la secci\u00f3n local de ERC en Mont-roig desde su creaci\u00f3n en 2004 como presidenta, cargo que ha ocupado hasta el 2008. Desde entonces hasta octubre de 2015 ha sido vocal, y ahora mismo, es la portavoz municipal y ocupa la secretar\u00eda de organizaci\u00f3n. Hab\u00eda formado parte de varias ejecutivas comarcales, hasta que en febrero de 2011 fue elegida presidenta y reelegida en 2015. Desde 2011 es consejera nacional de ERC en representaci\u00f3n de la comarca. A partir de 2015 fue concejala en la oposici\u00f3n y portavoz del grupo municipal de Esquerra Republicana de Catalunya \u2013 Acuerdo Municipal y Consejera en el Consejo Comarcal de El Baix Camp, en representaci\u00f3n en las comisiones del Plan de Actuaciones Comarcal (PAC) y del Reglamento de R\u00e9gimen Interno (RRI), y posteriormente, en el mandato 2019-2023, por el grupo municipal Esquerra Republicana de Catalunya \u2013 Movimiento de Izquierdas \u2013 Acuerdo Municipal. Actualmente, es concejala de la oposici\u00f3n por el grupo municipal Esquerra Republicana de Catalunya \u2013 Acuerdo Municipal.<\/p>\n<p>&nbsp;<\/p>\n<p>Pod\u00e9is consultar el documento de declaraci\u00f3n de Actividades y Bienes de Irene Aragon\u00e8s Gr\u00e0cia en este enlace:<\/p>\n<p><a href=\"https:\/\/mont-roig.cat\/wp-content\/uploads\/Declaracio-dActivitats-i-Bens-Irene-Aragones.pdf\" target=\"_blank\" rel=\"noopener\">Declaraci\u00f3n de Actividades y Bienes-Irene Aragon\u00e9s<\/a><\/p>\n<p>Teniendo en cuenta que el sueldo es por asistencias (<a href=\"https:\/\/mont-roig.cat\/es\/govern-obert\/transparencia\/informacio-economica\/retribucions-carrecs-electes\/\" target=\"_blank\" rel=\"noopener\" data-wpel-link=\"internal\">enlace<\/a>) la valoraci\u00f3n anual de la retribuci\u00f3n es 9.500 \u20ac para la legislatura 2023-2027.[\/vc_column_text][\/vc_column][\/vc_row]\n<\/div>","protected":false},"excerpt":{"rendered":"<p>[vc_row][vc_column][vc_column_text css=&#8221;&#8221;] Irene Aragon\u00e8s Gr\u00e0cia naci\u00f3 en Mont-roig del Camp el 30 de mayo de 1972, es Licenciada en Filosof\u00eda y Ciencias de la Educaci\u00f3n por la Universitat Rovira i Virgili y trabaja como profesora de un Programa de Formaci\u00f3n e Inserci\u00f3n dentro del Plan de transici\u00f3n al Trabajo, en Cambrils. Pertenece a diversas entidades [&hellip;]<\/p>\n","protected":false},"author":4,"featured_media":0,"parent":0,"menu_order":0,"comment_status":"closed","ping_status":"closed","template":"","meta":{"inline_featured_image":false,"_monsterinsights_skip_tracking":false,"_monsterinsights_sitenote_active":false,"_monsterinsights_sitenote_note":"","_monsterinsights_sitenote_category":0,"footnotes":""},"class_list":["post-9461","page","type-page","status-publish","hentry"],"yoast_head":"<!-- This site is optimized with the Yoast SEO plugin v27.4 - https:\/\/yoast.com\/product\/yoast-seo-wordpress\/ -->\n<title>Irene Aragon\u00e8s Gr\u00e0cia - Ajuntament de Mont-roig del Camp<\/title>\n<meta name=\"robots\" content=\"index, follow, max-snippet:-1, max-image-preview:large, max-video-preview:-1\" \/>\n<link rel=\"canonical\" href=\"https:\/\/mont-roig.cat\/es\/irene-aragones-gracia\/\" \/>\n<meta property=\"og:locale\" content=\"es_ES\" \/>\n<meta property=\"og:type\" content=\"article\" \/>\n<meta property=\"og:title\" content=\"Irene Aragon\u00e8s Gr\u00e0cia - Ajuntament de Mont-roig del Camp\" \/>\n<meta property=\"og:description\" content=\"[vc_row][vc_column][vc_column_text css=&#8221;&#8221;] Irene Aragon\u00e8s Gr\u00e0cia naci\u00f3 en Mont-roig del Camp el 30 de mayo de 1972, es Licenciada en Filosof\u00eda y Ciencias de la Educaci\u00f3n por la Universitat Rovira i Virgili y trabaja como profesora de un Programa de Formaci\u00f3n e Inserci\u00f3n dentro del Plan de transici\u00f3n al Trabajo, en Cambrils. Pertenece a diversas entidades [&hellip;]\" \/>\n<meta property=\"og:url\" content=\"https:\/\/mont-roig.cat\/es\/irene-aragones-gracia\/\" \/>\n<meta property=\"og:site_name\" content=\"Ajuntament de Mont-roig del Camp\" \/>\n<meta property=\"article:modified_time\" content=\"2026-03-03T09:07:52+00:00\" \/>\n<meta property=\"og:image\" content=\"https:\/\/mont-roig.cat\/wp-content\/uploads\/aj-mont-roig-2.jpg\" \/>\n\t<meta property=\"og:image:width\" content=\"1200\" \/>\n\t<meta property=\"og:image:height\" content=\"600\" \/>\n\t<meta property=\"og:image:type\" content=\"image\/jpeg\" \/>\n<meta name=\"twitter:card\" content=\"summary_large_image\" \/>\n<meta name=\"twitter:label1\" content=\"Tiempo de lectura\" \/>\n\t<meta name=\"twitter:data1\" content=\"2 minutos\" \/>\n<script type=\"application\/ld+json\" class=\"yoast-schema-graph\">{\"@context\":\"https:\\\/\\\/schema.org\",\"@graph\":[{\"@type\":\"WebPage\",\"@id\":\"https:\\\/\\\/mont-roig.cat\\\/es\\\/irene-aragones-gracia\\\/\",\"url\":\"https:\\\/\\\/mont-roig.cat\\\/es\\\/irene-aragones-gracia\\\/\",\"name\":\"Irene Aragon\u00e8s Gr\u00e0cia - Ajuntament de Mont-roig del Camp\",\"isPartOf\":{\"@id\":\"https:\\\/\\\/mont-roig.cat\\\/es\\\/#website\"},\"primaryImageOfPage\":{\"@id\":\"https:\\\/\\\/mont-roig.cat\\\/es\\\/irene-aragones-gracia\\\/#primaryimage\"},\"image\":{\"@id\":\"https:\\\/\\\/mont-roig.cat\\\/es\\\/irene-aragones-gracia\\\/#primaryimage\"},\"thumbnailUrl\":\"https:\\\/\\\/mont-roig.cat\\\/wp-content\\\/uploads\\\/Irene-Aragones-500x500.jpg\",\"datePublished\":\"2016-02-18T09:48:56+00:00\",\"dateModified\":\"2026-03-03T09:07:52+00:00\",\"breadcrumb\":{\"@id\":\"https:\\\/\\\/mont-roig.cat\\\/es\\\/irene-aragones-gracia\\\/#breadcrumb\"},\"inLanguage\":\"es\",\"potentialAction\":[{\"@type\":\"ReadAction\",\"target\":[\"https:\\\/\\\/mont-roig.cat\\\/es\\\/irene-aragones-gracia\\\/\"]}]},{\"@type\":\"ImageObject\",\"inLanguage\":\"es\",\"@id\":\"https:\\\/\\\/mont-roig.cat\\\/es\\\/irene-aragones-gracia\\\/#primaryimage\",\"url\":\"https:\\\/\\\/mont-roig.cat\\\/wp-content\\\/uploads\\\/Irene-Aragones-500x500.jpg\",\"contentUrl\":\"https:\\\/\\\/mont-roig.cat\\\/wp-content\\\/uploads\\\/Irene-Aragones-500x500.jpg\"},{\"@type\":\"BreadcrumbList\",\"@id\":\"https:\\\/\\\/mont-roig.cat\\\/es\\\/irene-aragones-gracia\\\/#breadcrumb\",\"itemListElement\":[{\"@type\":\"ListItem\",\"position\":1,\"name\":\"Inici\",\"item\":\"https:\\\/\\\/mont-roig.cat\\\/es\\\/pagina-de-inicio\\\/\"},{\"@type\":\"ListItem\",\"position\":2,\"name\":\"Irene Aragon\u00e8s Gr\u00e0cia\"}]},{\"@type\":\"WebSite\",\"@id\":\"https:\\\/\\\/mont-roig.cat\\\/es\\\/#website\",\"url\":\"https:\\\/\\\/mont-roig.cat\\\/es\\\/\",\"name\":\"Ajuntament de Mont-roig del Camp\",\"description\":\"Tota la informaci\u00f3 sobre la instituci\u00f3, els seus \u00f2rgans de govern, actualitat, serveis i molt m\u00e9s.\",\"potentialAction\":[{\"@type\":\"SearchAction\",\"target\":{\"@type\":\"EntryPoint\",\"urlTemplate\":\"https:\\\/\\\/mont-roig.cat\\\/es\\\/?s={search_term_string}\"},\"query-input\":{\"@type\":\"PropertyValueSpecification\",\"valueRequired\":true,\"valueName\":\"search_term_string\"}}],\"inLanguage\":\"es\"}]}<\/script>\n<!-- \/ Yoast SEO plugin. -->","yoast_head_json":{"title":"Irene Aragon\u00e8s Gr\u00e0cia - Ajuntament de Mont-roig del Camp","robots":{"index":"index","follow":"follow","max-snippet":"max-snippet:-1","max-image-preview":"max-image-preview:large","max-video-preview":"max-video-preview:-1"},"canonical":"https:\/\/mont-roig.cat\/es\/irene-aragones-gracia\/","og_locale":"es_ES","og_type":"article","og_title":"Irene Aragon\u00e8s Gr\u00e0cia - Ajuntament de Mont-roig del Camp","og_description":"[vc_row][vc_column][vc_column_text css=&#8221;&#8221;] Irene Aragon\u00e8s Gr\u00e0cia naci\u00f3 en Mont-roig del Camp el 30 de mayo de 1972, es Licenciada en Filosof\u00eda y Ciencias de la Educaci\u00f3n por la Universitat Rovira i Virgili y trabaja como profesora de un Programa de Formaci\u00f3n e Inserci\u00f3n dentro del Plan de transici\u00f3n al Trabajo, en Cambrils. Pertenece a diversas entidades [&hellip;]","og_url":"https:\/\/mont-roig.cat\/es\/irene-aragones-gracia\/","og_site_name":"Ajuntament de Mont-roig del Camp","article_modified_time":"2026-03-03T09:07:52+00:00","og_image":[{"width":1200,"height":600,"url":"https:\/\/mont-roig.cat\/wp-content\/uploads\/aj-mont-roig-2.jpg","type":"image\/jpeg"}],"twitter_card":"summary_large_image","twitter_misc":{"Tiempo de lectura":"2 minutos"},"schema":{"@context":"https:\/\/schema.org","@graph":[{"@type":"WebPage","@id":"https:\/\/mont-roig.cat\/es\/irene-aragones-gracia\/","url":"https:\/\/mont-roig.cat\/es\/irene-aragones-gracia\/","name":"Irene Aragon\u00e8s Gr\u00e0cia - Ajuntament de Mont-roig del Camp","isPartOf":{"@id":"https:\/\/mont-roig.cat\/es\/#website"},"primaryImageOfPage":{"@id":"https:\/\/mont-roig.cat\/es\/irene-aragones-gracia\/#primaryimage"},"image":{"@id":"https:\/\/mont-roig.cat\/es\/irene-aragones-gracia\/#primaryimage"},"thumbnailUrl":"https:\/\/mont-roig.cat\/wp-content\/uploads\/Irene-Aragones-500x500.jpg","datePublished":"2016-02-18T09:48:56+00:00","dateModified":"2026-03-03T09:07:52+00:00","breadcrumb":{"@id":"https:\/\/mont-roig.cat\/es\/irene-aragones-gracia\/#breadcrumb"},"inLanguage":"es","potentialAction":[{"@type":"ReadAction","target":["https:\/\/mont-roig.cat\/es\/irene-aragones-gracia\/"]}]},{"@type":"ImageObject","inLanguage":"es","@id":"https:\/\/mont-roig.cat\/es\/irene-aragones-gracia\/#primaryimage","url":"https:\/\/mont-roig.cat\/wp-content\/uploads\/Irene-Aragones-500x500.jpg","contentUrl":"https:\/\/mont-roig.cat\/wp-content\/uploads\/Irene-Aragones-500x500.jpg"},{"@type":"BreadcrumbList","@id":"https:\/\/mont-roig.cat\/es\/irene-aragones-gracia\/#breadcrumb","itemListElement":[{"@type":"ListItem","position":1,"name":"Inici","item":"https:\/\/mont-roig.cat\/es\/pagina-de-inicio\/"},{"@type":"ListItem","position":2,"name":"Irene Aragon\u00e8s Gr\u00e0cia"}]},{"@type":"WebSite","@id":"https:\/\/mont-roig.cat\/es\/#website","url":"https:\/\/mont-roig.cat\/es\/","name":"Ajuntament de Mont-roig del Camp","description":"Tota la informaci\u00f3 sobre la instituci\u00f3, els seus \u00f2rgans de govern, actualitat, serveis i molt m\u00e9s.","potentialAction":[{"@type":"SearchAction","target":{"@type":"EntryPoint","urlTemplate":"https:\/\/mont-roig.cat\/es\/?s={search_term_string}"},"query-input":{"@type":"PropertyValueSpecification","valueRequired":true,"valueName":"search_term_string"}}],"inLanguage":"es"}]}},"_links":{"self":[{"href":"https:\/\/mont-roig.cat\/es\/wp-json\/wp\/v2\/pages\/9461","targetHints":{"allow":["GET"]}}],"collection":[{"href":"https:\/\/mont-roig.cat\/es\/wp-json\/wp\/v2\/pages"}],"about":[{"href":"https:\/\/mont-roig.cat\/es\/wp-json\/wp\/v2\/types\/page"}],"author":[{"embeddable":true,"href":"https:\/\/mont-roig.cat\/es\/wp-json\/wp\/v2\/users\/4"}],"replies":[{"embeddable":true,"href":"https:\/\/mont-roig.cat\/es\/wp-json\/wp\/v2\/comments?post=9461"}],"version-history":[{"count":13,"href":"https:\/\/mont-roig.cat\/es\/wp-json\/wp\/v2\/pages\/9461\/revisions"}],"predecessor-version":[{"id":89721,"href":"https:\/\/mont-roig.cat\/es\/wp-json\/wp\/v2\/pages\/9461\/revisions\/89721"}],"wp:attachment":[{"href":"https:\/\/mont-roig.cat\/es\/wp-json\/wp\/v2\/media?parent=9461"}],"curies":[{"name":"wp","href":"https:\/\/api.w.org\/{rel}","templated":true}]}}