{"id":9486,"date":"2016-02-18T10:28:43","date_gmt":"2016-02-18T09:28:43","guid":{"rendered":"http:\/\/mont-roig.cat\/es\/yolanda-perez-diaz\/"},"modified":"2026-03-03T10:10:33","modified_gmt":"2026-03-03T09:10:33","slug":"yolanda-perez-diaz","status":"publish","type":"page","link":"https:\/\/mont-roig.cat\/es\/yolanda-perez-diaz\/","title":{"rendered":"Yolanda P\u00e9rez D\u00edaz"},"content":{"rendered":"<div class=\"wpb-content-wrapper\">[vc_row][vc_column][vc_column_text css=&#8221;&#8221;]<a href=\"https:\/\/mont-roig.cat\/wp-content\/uploads\/Yolanda-Perez.jpg\"><img loading=\"lazy\" decoding=\"async\" class=\"alignright wp-image-70907\" src=\"https:\/\/mont-roig.cat\/wp-content\/uploads\/Yolanda-Perez-500x500.jpg\" alt=\"\" width=\"250\" height=\"250\" \/><\/a><\/p>\n<p style=\"text-align: justify;\">Yolanda P\u00e9rez D\u00edaz naci\u00f3 el 27 de agosto de 1981. Hija de Miami Platja, se define como amante del deporte y de la naturaleza. Estudi\u00f3 el grado de Relaciones P\u00fablicas en Reus. En el \u00e1mbito laboral, comenz\u00f3 como gu\u00eda tur\u00edstica en la oficina de Turismo de Reus. En 2002, desarroll\u00f3 tareas de recepcionista en el Camping Mont-roig, y desde el a\u00f1o 2006 hasta ahora, trabaja como aut\u00f3noma en una agencia inmobiliaria que se dedica como actividad principal al alquiler tur\u00edstico. Con la intenci\u00f3n de mejorar el pueblo, comenz\u00f3 a implicarse en los asuntos del municipio y fue presidenta de la asociaci\u00f3n de comerciantes y empresarios de Miami Platja. Todo esto finalmente la llev\u00f3 a adentrarse en el mundo de la pol\u00edtica y entr\u00f3 en el Partido Socialista el a\u00f1o 2010. De 2011 a 2015 fue concejala del Ayuntamiento en la oposici\u00f3n, y en el mandato 2015-2019 fue concejala de Impulso Econ\u00f3mico, Ocupaci\u00f3n, Turismo, Comercio e Industria. En la siguiente legislatura 2019-2023 y de nuevo, en el presente mandato, ha sido primera teniente de alcalde y concejala de las \u00e1reas de Turismo, Playas, Impulso Econ\u00f3mico y Actividades.<\/p>\n<p>&nbsp;<\/p>\n<p>Pod\u00e9is consultar el documento de declaraci\u00f3n de Actividades y Bienes de Yolanda P\u00e9rez D\u00edaz en este enlace:<\/p>\n<p><a href=\"https:\/\/mont-roig.cat\/wp-content\/uploads\/Declaracio-dActivitats-i-Bens-Yolanda-Perez.pdf\" target=\"_blank\" rel=\"noopener\">Declaraci\u00f3n de Actividades y Bienes-Yolanda P\u00e9rez<\/a><\/p>\n<p>Retribuci\u00f3n anual: 37.000 \u20ac (dedicaci\u00f3n 100%) para la legislatura 2023-2027.[\/vc_column_text][\/vc_column][\/vc_row]\n<\/div>","protected":false},"excerpt":{"rendered":"<p>[vc_row][vc_column][vc_column_text css=&#8221;&#8221;] Yolanda P\u00e9rez D\u00edaz naci\u00f3 el 27 de agosto de 1981. Hija de Miami Platja, se define como amante del deporte y de la naturaleza. Estudi\u00f3 el grado de Relaciones P\u00fablicas en Reus. En el \u00e1mbito laboral, comenz\u00f3 como gu\u00eda tur\u00edstica en la oficina de Turismo de Reus. En 2002, desarroll\u00f3 tareas de recepcionista [&hellip;]<\/p>\n","protected":false},"author":4,"featured_media":0,"parent":0,"menu_order":0,"comment_status":"closed","ping_status":"closed","template":"","meta":{"inline_featured_image":false,"_monsterinsights_skip_tracking":false,"_monsterinsights_sitenote_active":false,"_monsterinsights_sitenote_note":"","_monsterinsights_sitenote_category":0,"footnotes":""},"class_list":["post-9486","page","type-page","status-publish","hentry"],"yoast_head":"<!-- This site is optimized with the Yoast SEO plugin v27.4 - https:\/\/yoast.com\/product\/yoast-seo-wordpress\/ -->\n<title>Yolanda P\u00e9rez D\u00edaz - Ajuntament de Mont-roig del Camp<\/title>\n<meta name=\"robots\" content=\"index, follow, max-snippet:-1, max-image-preview:large, max-video-preview:-1\" \/>\n<link rel=\"canonical\" href=\"https:\/\/mont-roig.cat\/es\/yolanda-perez-diaz\/\" \/>\n<meta property=\"og:locale\" content=\"es_ES\" \/>\n<meta property=\"og:type\" content=\"article\" \/>\n<meta property=\"og:title\" content=\"Yolanda P\u00e9rez D\u00edaz - Ajuntament de Mont-roig del Camp\" \/>\n<meta property=\"og:description\" content=\"[vc_row][vc_column][vc_column_text css=&#8221;&#8221;] Yolanda P\u00e9rez D\u00edaz naci\u00f3 el 27 de agosto de 1981. Hija de Miami Platja, se define como amante del deporte y de la naturaleza. Estudi\u00f3 el grado de Relaciones P\u00fablicas en Reus. En el \u00e1mbito laboral, comenz\u00f3 como gu\u00eda tur\u00edstica en la oficina de Turismo de Reus. En 2002, desarroll\u00f3 tareas de recepcionista [&hellip;]\" \/>\n<meta property=\"og:url\" content=\"https:\/\/mont-roig.cat\/es\/yolanda-perez-diaz\/\" \/>\n<meta property=\"og:site_name\" content=\"Ajuntament de Mont-roig del Camp\" \/>\n<meta property=\"article:modified_time\" content=\"2026-03-03T09:10:33+00:00\" \/>\n<meta property=\"og:image\" content=\"https:\/\/mont-roig.cat\/wp-content\/uploads\/aj-mont-roig-2.jpg\" \/>\n\t<meta property=\"og:image:width\" content=\"1200\" \/>\n\t<meta property=\"og:image:height\" content=\"600\" \/>\n\t<meta property=\"og:image:type\" content=\"image\/jpeg\" \/>\n<meta name=\"twitter:card\" content=\"summary_large_image\" \/>\n<meta name=\"twitter:label1\" content=\"Tiempo de lectura\" \/>\n\t<meta name=\"twitter:data1\" content=\"2 minutos\" \/>\n<script type=\"application\/ld+json\" class=\"yoast-schema-graph\">{\"@context\":\"https:\\\/\\\/schema.org\",\"@graph\":[{\"@type\":\"WebPage\",\"@id\":\"https:\\\/\\\/mont-roig.cat\\\/es\\\/yolanda-perez-diaz\\\/\",\"url\":\"https:\\\/\\\/mont-roig.cat\\\/es\\\/yolanda-perez-diaz\\\/\",\"name\":\"Yolanda P\u00e9rez D\u00edaz - Ajuntament de Mont-roig del Camp\",\"isPartOf\":{\"@id\":\"https:\\\/\\\/mont-roig.cat\\\/es\\\/#website\"},\"primaryImageOfPage\":{\"@id\":\"https:\\\/\\\/mont-roig.cat\\\/es\\\/yolanda-perez-diaz\\\/#primaryimage\"},\"image\":{\"@id\":\"https:\\\/\\\/mont-roig.cat\\\/es\\\/yolanda-perez-diaz\\\/#primaryimage\"},\"thumbnailUrl\":\"https:\\\/\\\/mont-roig.cat\\\/wp-content\\\/uploads\\\/Yolanda-Perez-500x500.jpg\",\"datePublished\":\"2016-02-18T09:28:43+00:00\",\"dateModified\":\"2026-03-03T09:10:33+00:00\",\"breadcrumb\":{\"@id\":\"https:\\\/\\\/mont-roig.cat\\\/es\\\/yolanda-perez-diaz\\\/#breadcrumb\"},\"inLanguage\":\"es\",\"potentialAction\":[{\"@type\":\"ReadAction\",\"target\":[\"https:\\\/\\\/mont-roig.cat\\\/es\\\/yolanda-perez-diaz\\\/\"]}]},{\"@type\":\"ImageObject\",\"inLanguage\":\"es\",\"@id\":\"https:\\\/\\\/mont-roig.cat\\\/es\\\/yolanda-perez-diaz\\\/#primaryimage\",\"url\":\"https:\\\/\\\/mont-roig.cat\\\/wp-content\\\/uploads\\\/Yolanda-Perez-500x500.jpg\",\"contentUrl\":\"https:\\\/\\\/mont-roig.cat\\\/wp-content\\\/uploads\\\/Yolanda-Perez-500x500.jpg\"},{\"@type\":\"BreadcrumbList\",\"@id\":\"https:\\\/\\\/mont-roig.cat\\\/es\\\/yolanda-perez-diaz\\\/#breadcrumb\",\"itemListElement\":[{\"@type\":\"ListItem\",\"position\":1,\"name\":\"Inici\",\"item\":\"https:\\\/\\\/mont-roig.cat\\\/es\\\/pagina-de-inicio\\\/\"},{\"@type\":\"ListItem\",\"position\":2,\"name\":\"Yolanda P\u00e9rez D\u00edaz\"}]},{\"@type\":\"WebSite\",\"@id\":\"https:\\\/\\\/mont-roig.cat\\\/es\\\/#website\",\"url\":\"https:\\\/\\\/mont-roig.cat\\\/es\\\/\",\"name\":\"Ajuntament de Mont-roig del Camp\",\"description\":\"Tota la informaci\u00f3 sobre la instituci\u00f3, els seus \u00f2rgans de govern, actualitat, serveis i molt m\u00e9s.\",\"potentialAction\":[{\"@type\":\"SearchAction\",\"target\":{\"@type\":\"EntryPoint\",\"urlTemplate\":\"https:\\\/\\\/mont-roig.cat\\\/es\\\/?s={search_term_string}\"},\"query-input\":{\"@type\":\"PropertyValueSpecification\",\"valueRequired\":true,\"valueName\":\"search_term_string\"}}],\"inLanguage\":\"es\"}]}<\/script>\n<!-- \/ Yoast SEO plugin. -->","yoast_head_json":{"title":"Yolanda P\u00e9rez D\u00edaz - Ajuntament de Mont-roig del Camp","robots":{"index":"index","follow":"follow","max-snippet":"max-snippet:-1","max-image-preview":"max-image-preview:large","max-video-preview":"max-video-preview:-1"},"canonical":"https:\/\/mont-roig.cat\/es\/yolanda-perez-diaz\/","og_locale":"es_ES","og_type":"article","og_title":"Yolanda P\u00e9rez D\u00edaz - Ajuntament de Mont-roig del Camp","og_description":"[vc_row][vc_column][vc_column_text css=&#8221;&#8221;] Yolanda P\u00e9rez D\u00edaz naci\u00f3 el 27 de agosto de 1981. Hija de Miami Platja, se define como amante del deporte y de la naturaleza. Estudi\u00f3 el grado de Relaciones P\u00fablicas en Reus. En el \u00e1mbito laboral, comenz\u00f3 como gu\u00eda tur\u00edstica en la oficina de Turismo de Reus. En 2002, desarroll\u00f3 tareas de recepcionista [&hellip;]","og_url":"https:\/\/mont-roig.cat\/es\/yolanda-perez-diaz\/","og_site_name":"Ajuntament de Mont-roig del Camp","article_modified_time":"2026-03-03T09:10:33+00:00","og_image":[{"width":1200,"height":600,"url":"https:\/\/mont-roig.cat\/wp-content\/uploads\/aj-mont-roig-2.jpg","type":"image\/jpeg"}],"twitter_card":"summary_large_image","twitter_misc":{"Tiempo de lectura":"2 minutos"},"schema":{"@context":"https:\/\/schema.org","@graph":[{"@type":"WebPage","@id":"https:\/\/mont-roig.cat\/es\/yolanda-perez-diaz\/","url":"https:\/\/mont-roig.cat\/es\/yolanda-perez-diaz\/","name":"Yolanda P\u00e9rez D\u00edaz - Ajuntament de Mont-roig del Camp","isPartOf":{"@id":"https:\/\/mont-roig.cat\/es\/#website"},"primaryImageOfPage":{"@id":"https:\/\/mont-roig.cat\/es\/yolanda-perez-diaz\/#primaryimage"},"image":{"@id":"https:\/\/mont-roig.cat\/es\/yolanda-perez-diaz\/#primaryimage"},"thumbnailUrl":"https:\/\/mont-roig.cat\/wp-content\/uploads\/Yolanda-Perez-500x500.jpg","datePublished":"2016-02-18T09:28:43+00:00","dateModified":"2026-03-03T09:10:33+00:00","breadcrumb":{"@id":"https:\/\/mont-roig.cat\/es\/yolanda-perez-diaz\/#breadcrumb"},"inLanguage":"es","potentialAction":[{"@type":"ReadAction","target":["https:\/\/mont-roig.cat\/es\/yolanda-perez-diaz\/"]}]},{"@type":"ImageObject","inLanguage":"es","@id":"https:\/\/mont-roig.cat\/es\/yolanda-perez-diaz\/#primaryimage","url":"https:\/\/mont-roig.cat\/wp-content\/uploads\/Yolanda-Perez-500x500.jpg","contentUrl":"https:\/\/mont-roig.cat\/wp-content\/uploads\/Yolanda-Perez-500x500.jpg"},{"@type":"BreadcrumbList","@id":"https:\/\/mont-roig.cat\/es\/yolanda-perez-diaz\/#breadcrumb","itemListElement":[{"@type":"ListItem","position":1,"name":"Inici","item":"https:\/\/mont-roig.cat\/es\/pagina-de-inicio\/"},{"@type":"ListItem","position":2,"name":"Yolanda P\u00e9rez D\u00edaz"}]},{"@type":"WebSite","@id":"https:\/\/mont-roig.cat\/es\/#website","url":"https:\/\/mont-roig.cat\/es\/","name":"Ajuntament de Mont-roig del Camp","description":"Tota la informaci\u00f3 sobre la instituci\u00f3, els seus \u00f2rgans de govern, actualitat, serveis i molt m\u00e9s.","potentialAction":[{"@type":"SearchAction","target":{"@type":"EntryPoint","urlTemplate":"https:\/\/mont-roig.cat\/es\/?s={search_term_string}"},"query-input":{"@type":"PropertyValueSpecification","valueRequired":true,"valueName":"search_term_string"}}],"inLanguage":"es"}]}},"_links":{"self":[{"href":"https:\/\/mont-roig.cat\/es\/wp-json\/wp\/v2\/pages\/9486","targetHints":{"allow":["GET"]}}],"collection":[{"href":"https:\/\/mont-roig.cat\/es\/wp-json\/wp\/v2\/pages"}],"about":[{"href":"https:\/\/mont-roig.cat\/es\/wp-json\/wp\/v2\/types\/page"}],"author":[{"embeddable":true,"href":"https:\/\/mont-roig.cat\/es\/wp-json\/wp\/v2\/users\/4"}],"replies":[{"embeddable":true,"href":"https:\/\/mont-roig.cat\/es\/wp-json\/wp\/v2\/comments?post=9486"}],"version-history":[{"count":14,"href":"https:\/\/mont-roig.cat\/es\/wp-json\/wp\/v2\/pages\/9486\/revisions"}],"predecessor-version":[{"id":89726,"href":"https:\/\/mont-roig.cat\/es\/wp-json\/wp\/v2\/pages\/9486\/revisions\/89726"}],"wp:attachment":[{"href":"https:\/\/mont-roig.cat\/es\/wp-json\/wp\/v2\/media?parent=9486"}],"curies":[{"name":"wp","href":"https:\/\/api.w.org\/{rel}","templated":true}]}}