{"id":94761,"date":"2026-08-25T09:27:11","date_gmt":"2026-08-25T07:27:11","guid":{"rendered":"https:\/\/mont-roig.cat\/?post_type=tribe_events&#038;p=94761"},"modified":"2026-08-25T09:27:11","modified_gmt":"2026-08-25T07:27:11","slug":"teixint-memoria","status":"publish","type":"tribe_events","link":"https:\/\/mont-roig.cat\/es\/acte\/teixint-memoria\/","title":{"rendered":"\u201cTeixint Mem\u00f2ria\u201d"},"content":{"rendered":"<p><strong>Mont-roig del Camp<\/strong><\/p>\n<hr \/>\n<p data-pm-slice=\"1 1 []\">Inauguraci\u00f3 de l&#8217;exposici\u00f3 &#8220;Teixint Mem\u00f2ria&#8221; de l&#8217;artista <strong>Mariona Roig\u00e9<\/strong>, on amb la corda, el tap\u00eds i el macram\u00e9 crea els seus sobreteixim: una manera de pintar l&#8217;espai amb mat\u00e8ria t\u00e8xtil.<\/p>\n<ul>\n<li>L\u2019exposici\u00f3 es podr\u00e0 visitar al\u00a0Centre Cultural Esgl\u00e9sia Vella del 10 al 27 de setembre<a href=\"https:\/\/mont-roig.cat\/wp-content\/uploads\/BANNER-Mariona-Roige.png\"><img loading=\"lazy\" decoding=\"async\" class=\"alignright size-medium wp-image-94762\" src=\"https:\/\/mont-roig.cat\/wp-content\/uploads\/BANNER-Mariona-Roige-500x185.png\" alt=\"\" width=\"500\" height=\"185\" srcset=\"https:\/\/mont-roig.cat\/wp-content\/uploads\/BANNER-Mariona-Roige-500x185.png 500w, https:\/\/mont-roig.cat\/wp-content\/uploads\/BANNER-Mariona-Roige-768x284.png 768w, https:\/\/mont-roig.cat\/wp-content\/uploads\/BANNER-Mariona-Roige.png 851w\" sizes=\"auto, (max-width: 500px) 100vw, 500px\" \/><\/a><\/li>\n<\/ul>\n","protected":false},"excerpt":{"rendered":"<p>Mont-roig del Camp Inauguraci\u00f3 de l&#8217;exposici\u00f3 &#8220;Teixint Mem\u00f2ria&#8221; de l&#8217;artista Mariona Roig\u00e9, on amb la corda, el tap\u00eds i el macram\u00e9 crea els seus sobreteixim: una manera de pintar l&#8217;espai amb mat\u00e8ria t\u00e8xtil. L\u2019exposici\u00f3 es podr\u00e0 visitar al\u00a0Centre Cultural Esgl\u00e9sia Vella del 10 al 27 de setembre<\/p>\n","protected":false},"author":13,"featured_media":94762,"comment_status":"closed","ping_status":"closed","template":"","meta":{"inline_featured_image":false,"_monsterinsights_skip_tracking":false,"footnotes":""},"tags":[],"tribe_events_cat":[136,139],"class_list":["post-94761","tribe_events","type-tribe_events","status-publish","has-post-thumbnail","hentry","tribe_events_cat-ajuntament-es","tribe_events_cat-cultura-es","cat_ajuntament-es","cat_cultura-es"],"yoast_head":"<!-- This site is optimized with the Yoast SEO plugin v28.2 - https:\/\/yoast.com\/product\/yoast-seo-wordpress\/ -->\n<title>\u201cTeixint Mem\u00f2ria\u201d - Ajuntament de Mont-roig del Camp<\/title>\n<meta name=\"robots\" content=\"index, follow, max-snippet:-1, max-image-preview:large, max-video-preview:-1\" \/>\n<link rel=\"canonical\" href=\"https:\/\/mont-roig.cat\/es\/acte\/teixint-memoria\/\" \/>\n<meta property=\"og:locale\" content=\"es_ES\" \/>\n<meta property=\"og:type\" content=\"article\" \/>\n<meta property=\"og:title\" content=\"\u201cTeixint Mem\u00f2ria\u201d - Ajuntament de Mont-roig del Camp\" \/>\n<meta property=\"og:description\" content=\"Mont-roig del Camp Inauguraci\u00f3 de l&#8217;exposici\u00f3 &#8220;Teixint Mem\u00f2ria&#8221; de l&#8217;artista Mariona Roig\u00e9, on amb la corda, el tap\u00eds i el macram\u00e9 crea els seus sobreteixim: una manera de pintar l&#8217;espai amb mat\u00e8ria t\u00e8xtil. L\u2019exposici\u00f3 es podr\u00e0 visitar al\u00a0Centre Cultural Esgl\u00e9sia Vella del 10 al 27 de setembre\" \/>\n<meta property=\"og:url\" content=\"https:\/\/mont-roig.cat\/es\/acte\/teixint-memoria\/\" \/>\n<meta property=\"og:site_name\" content=\"Ajuntament de Mont-roig del Camp\" \/>\n<meta property=\"og:image\" content=\"https:\/\/mont-roig.cat\/wp-content\/uploads\/BANNER-Mariona-Roige.png\" \/>\n\t<meta property=\"og:image:width\" content=\"851\" \/>\n\t<meta property=\"og:image:height\" content=\"315\" \/>\n\t<meta property=\"og:image:type\" content=\"image\/png\" \/>\n<meta name=\"twitter:card\" content=\"summary_large_image\" \/>\n<meta name=\"twitter:label1\" content=\"Tiempo de lectura\" \/>\n\t<meta name=\"twitter:data1\" content=\"1 minuto\" \/>\n<script type=\"application\/ld+json\" class=\"yoast-schema-graph\">{\"@context\":\"https:\\\/\\\/schema.org\",\"@graph\":[{\"@type\":\"WebPage\",\"@id\":\"https:\\\/\\\/mont-roig.cat\\\/es\\\/acte\\\/teixint-memoria\\\/\",\"url\":\"https:\\\/\\\/mont-roig.cat\\\/es\\\/acte\\\/teixint-memoria\\\/\",\"name\":\"\u201cTeixint Mem\u00f2ria\u201d - Ajuntament de Mont-roig del Camp\",\"isPartOf\":{\"@id\":\"https:\\\/\\\/mont-roig.cat\\\/es\\\/#website\"},\"primaryImageOfPage\":{\"@id\":\"https:\\\/\\\/mont-roig.cat\\\/es\\\/acte\\\/teixint-memoria\\\/#primaryimage\"},\"image\":{\"@id\":\"https:\\\/\\\/mont-roig.cat\\\/es\\\/acte\\\/teixint-memoria\\\/#primaryimage\"},\"thumbnailUrl\":\"https:\\\/\\\/mont-roig.cat\\\/wp-content\\\/uploads\\\/BANNER-Mariona-Roige.png\",\"datePublished\":\"2026-08-25T07:27:11+00:00\",\"breadcrumb\":{\"@id\":\"https:\\\/\\\/mont-roig.cat\\\/es\\\/acte\\\/teixint-memoria\\\/#breadcrumb\"},\"inLanguage\":\"es\",\"potentialAction\":[{\"@type\":\"ReadAction\",\"target\":[\"https:\\\/\\\/mont-roig.cat\\\/es\\\/acte\\\/teixint-memoria\\\/\"]}]},{\"@type\":\"ImageObject\",\"inLanguage\":\"es\",\"@id\":\"https:\\\/\\\/mont-roig.cat\\\/es\\\/acte\\\/teixint-memoria\\\/#primaryimage\",\"url\":\"https:\\\/\\\/mont-roig.cat\\\/wp-content\\\/uploads\\\/BANNER-Mariona-Roige.png\",\"contentUrl\":\"https:\\\/\\\/mont-roig.cat\\\/wp-content\\\/uploads\\\/BANNER-Mariona-Roige.png\",\"width\":851,\"height\":315},{\"@type\":\"BreadcrumbList\",\"@id\":\"https:\\\/\\\/mont-roig.cat\\\/es\\\/acte\\\/teixint-memoria\\\/#breadcrumb\",\"itemListElement\":[{\"@type\":\"ListItem\",\"position\":1,\"name\":\"Inici\",\"item\":\"https:\\\/\\\/mont-roig.cat\\\/es\\\/pagina-de-inicio\\\/\"},{\"@type\":\"ListItem\",\"position\":2,\"name\":\"Eventos\",\"item\":\"https:\\\/\\\/mont-roig.cat\\\/es\\\/agenda\\\/\"},{\"@type\":\"ListItem\",\"position\":3,\"name\":\"\u201cTeixint Mem\u00f2ria\u201d\"}]},{\"@type\":\"WebSite\",\"@id\":\"https:\\\/\\\/mont-roig.cat\\\/es\\\/#website\",\"url\":\"https:\\\/\\\/mont-roig.cat\\\/es\\\/\",\"name\":\"Ajuntament de Mont-roig del Camp\",\"description\":\"Tota la informaci\u00f3 sobre la instituci\u00f3, els seus \u00f2rgans de govern, actualitat, serveis i molt m\u00e9s.\",\"potentialAction\":[{\"@type\":\"SearchAction\",\"target\":{\"@type\":\"EntryPoint\",\"urlTemplate\":\"https:\\\/\\\/mont-roig.cat\\\/es\\\/?s={search_term_string}\"},\"query-input\":{\"@type\":\"PropertyValueSpecification\",\"valueRequired\":true,\"valueName\":\"search_term_string\"}}],\"inLanguage\":\"es\"}]}<\/script>\n<!-- \/ Yoast SEO plugin. -->","yoast_head_json":{"title":"\u201cTeixint Mem\u00f2ria\u201d - Ajuntament de Mont-roig del Camp","robots":{"index":"index","follow":"follow","max-snippet":"max-snippet:-1","max-image-preview":"max-image-preview:large","max-video-preview":"max-video-preview:-1"},"canonical":"https:\/\/mont-roig.cat\/es\/acte\/teixint-memoria\/","og_locale":"es_ES","og_type":"article","og_title":"\u201cTeixint Mem\u00f2ria\u201d - Ajuntament de Mont-roig del Camp","og_description":"Mont-roig del Camp Inauguraci\u00f3 de l&#8217;exposici\u00f3 &#8220;Teixint Mem\u00f2ria&#8221; de l&#8217;artista Mariona Roig\u00e9, on amb la corda, el tap\u00eds i el macram\u00e9 crea els seus sobreteixim: una manera de pintar l&#8217;espai amb mat\u00e8ria t\u00e8xtil. L\u2019exposici\u00f3 es podr\u00e0 visitar al\u00a0Centre Cultural Esgl\u00e9sia Vella del 10 al 27 de setembre","og_url":"https:\/\/mont-roig.cat\/es\/acte\/teixint-memoria\/","og_site_name":"Ajuntament de Mont-roig del Camp","og_image":[{"width":851,"height":315,"url":"https:\/\/mont-roig.cat\/wp-content\/uploads\/BANNER-Mariona-Roige.png","type":"image\/png"}],"twitter_card":"summary_large_image","twitter_misc":{"Tiempo de lectura":"1 minuto"},"schema":{"@context":"https:\/\/schema.org","@graph":[{"@type":"WebPage","@id":"https:\/\/mont-roig.cat\/es\/acte\/teixint-memoria\/","url":"https:\/\/mont-roig.cat\/es\/acte\/teixint-memoria\/","name":"\u201cTeixint Mem\u00f2ria\u201d - Ajuntament de Mont-roig del Camp","isPartOf":{"@id":"https:\/\/mont-roig.cat\/es\/#website"},"primaryImageOfPage":{"@id":"https:\/\/mont-roig.cat\/es\/acte\/teixint-memoria\/#primaryimage"},"image":{"@id":"https:\/\/mont-roig.cat\/es\/acte\/teixint-memoria\/#primaryimage"},"thumbnailUrl":"https:\/\/mont-roig.cat\/wp-content\/uploads\/BANNER-Mariona-Roige.png","datePublished":"2026-08-25T07:27:11+00:00","breadcrumb":{"@id":"https:\/\/mont-roig.cat\/es\/acte\/teixint-memoria\/#breadcrumb"},"inLanguage":"es","potentialAction":[{"@type":"ReadAction","target":["https:\/\/mont-roig.cat\/es\/acte\/teixint-memoria\/"]}]},{"@type":"ImageObject","inLanguage":"es","@id":"https:\/\/mont-roig.cat\/es\/acte\/teixint-memoria\/#primaryimage","url":"https:\/\/mont-roig.cat\/wp-content\/uploads\/BANNER-Mariona-Roige.png","contentUrl":"https:\/\/mont-roig.cat\/wp-content\/uploads\/BANNER-Mariona-Roige.png","width":851,"height":315},{"@type":"BreadcrumbList","@id":"https:\/\/mont-roig.cat\/es\/acte\/teixint-memoria\/#breadcrumb","itemListElement":[{"@type":"ListItem","position":1,"name":"Inici","item":"https:\/\/mont-roig.cat\/es\/pagina-de-inicio\/"},{"@type":"ListItem","position":2,"name":"Eventos","item":"https:\/\/mont-roig.cat\/es\/agenda\/"},{"@type":"ListItem","position":3,"name":"\u201cTeixint Mem\u00f2ria\u201d"}]},{"@type":"WebSite","@id":"https:\/\/mont-roig.cat\/es\/#website","url":"https:\/\/mont-roig.cat\/es\/","name":"Ajuntament de Mont-roig del Camp","description":"Tota la informaci\u00f3 sobre la instituci\u00f3, els seus \u00f2rgans de govern, actualitat, serveis i molt m\u00e9s.","potentialAction":[{"@type":"SearchAction","target":{"@type":"EntryPoint","urlTemplate":"https:\/\/mont-roig.cat\/es\/?s={search_term_string}"},"query-input":{"@type":"PropertyValueSpecification","valueRequired":true,"valueName":"search_term_string"}}],"inLanguage":"es"}]}},"_links":{"self":[{"href":"https:\/\/mont-roig.cat\/es\/wp-json\/wp\/v2\/tribe_events\/94761","targetHints":{"allow":["GET"]}}],"collection":[{"href":"https:\/\/mont-roig.cat\/es\/wp-json\/wp\/v2\/tribe_events"}],"about":[{"href":"https:\/\/mont-roig.cat\/es\/wp-json\/wp\/v2\/types\/tribe_events"}],"author":[{"embeddable":true,"href":"https:\/\/mont-roig.cat\/es\/wp-json\/wp\/v2\/users\/13"}],"replies":[{"embeddable":true,"href":"https:\/\/mont-roig.cat\/es\/wp-json\/wp\/v2\/comments?post=94761"}],"version-history":[{"count":1,"href":"https:\/\/mont-roig.cat\/es\/wp-json\/wp\/v2\/tribe_events\/94761\/revisions"}],"predecessor-version":[{"id":94763,"href":"https:\/\/mont-roig.cat\/es\/wp-json\/wp\/v2\/tribe_events\/94761\/revisions\/94763"}],"wp:featuredmedia":[{"embeddable":true,"href":"https:\/\/mont-roig.cat\/es\/wp-json\/wp\/v2\/media\/94762"}],"wp:attachment":[{"href":"https:\/\/mont-roig.cat\/es\/wp-json\/wp\/v2\/media?parent=94761"}],"wp:term":[{"taxonomy":"post_tag","embeddable":true,"href":"https:\/\/mont-roig.cat\/es\/wp-json\/wp\/v2\/tags?post=94761"},{"taxonomy":"tribe_events_cat","embeddable":true,"href":"https:\/\/mont-roig.cat\/es\/wp-json\/wp\/v2\/tribe_events_cat?post=94761"}],"curies":[{"name":"wp","href":"https:\/\/api.w.org\/{rel}","templated":true}]}}